{"id":104893,"date":"2025-09-01T16:44:29","date_gmt":"2025-09-01T14:44:29","guid":{"rendered":"https:\/\/diselva.com\/?page_id=104893"},"modified":"2025-11-17T09:26:35","modified_gmt":"2025-11-17T08:26:35","slug":"digitale-transformation-strategie","status":"publish","type":"page","link":"https:\/\/diselva.com\/de\/leistungen-beratung\/digitale-transformation-strategie\/","title":{"rendered":"Digitale Transformation Strategie"},"content":{"rendered":"\n<div class=\"wp-block-group alignwide hero__subpages has-palette-color-7-background-color has-background is-layout-constrained wp-block-group-is-layout-constrained\" style=\"padding-bottom:var(--wp--preset--spacing--70)\">\n<h1 class=\"wp-block-heading alignwide\">Digitale Transformation <br>Strategie<\/h1>\n\n\n\n<div class=\"wp-block-group alignwide is-content-justification-left is-layout-constrained wp-container-core-group-is-layout-12dd3699 wp-block-group-is-layout-constrained\">\n<p class=\"has-palette-color-1-color has-text-color has-link-color has-x-large-font-size wp-elements-1 wp-block-paragraph\">Wir schaffen den <strong>\u00dcberblick<\/strong> \u00fcber alle relevanten digitalen Themen inkl. Abh\u00e4ngigkeiten &amp; und bieten damit eine <strong>exzellente Basis<\/strong> f\u00fcr die anstehenden Entscheidungen in der schrittweisen digitalen Transformation.<\/p>\n\n\n\n<p class=\"has-palette-color-1-color has-text-color has-link-color wp-elements-2 wp-block-paragraph\">Mit unserer bew\u00e4hrten Methodik in der Digitalen Transformation Strategie entwickeln wir ein auf<strong> Ihre Situation<\/strong> passendes, massgeschneidertes Vorgehen. Beginnend mit der <strong>Integration der bereits bestehenden Vorarbeiten<\/strong>, schaffen wir ein Projekt Set-up  welches zu ihrer Organisation passt und der Komplexit\u00e4t der Aufgabenstellung Rechnung tr\u00e4gt. Dabei legen wir den <strong>Fokus auf priorisierte Bereiche<\/strong> und <strong>Zielsetzungen<\/strong> um innerhalb des definierten Budgets umsetzbare und werthaltige Resultate zu erarbeiten.<\/p>\n\n\n\n<div class=\"wp-block-buttons is-layout-flex wp-block-buttons-is-layout-flex\">\n<div class=\"wp-block-button\"><a class=\"wp-block-button__link wp-element-button\" href=\"https:\/\/diselva.com\/de\/kontakt\/\">Kontakt aufnehmen<\/a><\/div>\n<\/div>\n<\/div>\n<\/div>\n\n\n\n<div class=\"wp-block-group alignfull accordion__horizontal has-palette-color-3-background-color has-background is-layout-constrained wp-container-core-group-is-layout-639b5052 wp-block-group-is-layout-constrained\" style=\"padding-top:0;padding-right:0;padding-bottom:0;padding-left:0\">\n<div class=\"wp-block-essential-blocks-accordion alignwide  root-eb-accordion-e74al\"><div class=\"eb-parent-wrapper eb-parent-eb-accordion-e74al \"><div class=\"eb-accordion-container eb-accordion-e74al eb-accordion-type-horizontal eb-accordion-bottom-top\" data-accordion-type=\"horizontal\" data-tab-icon=\"fas fa-plus\" data-expanded-icon=\"fas fa-minus\" data-transition-duration=\"500\"><div class=\"eb-accordion-inner\">\n<div class=\"wp-block-essential-blocks-accordion-item eb-accordion-item-2e8vx eb-accordion-wrapper\" data-clickable=\"true\"><div class=\"eb-accordion-title-wrapper eb-accordion-title-wrapper-eb-accordion-e74al eb-accordion-horizontal-enable\" tabindex=\"0\"><span class=\"eb-accordion-icon-wrapper eb-accordion-icon-wrapper-eb-accordion-e74al\"><span class=\"fas fa-plus eb-accordion-icon\"><\/span><\/span><div class=\"eb-accordion-title-content-wrap title-content-eb-accordion-e74al\"><p class=\"eb-accordion-title\">Pragmatisch<\/p><\/div><\/div><div class=\"eb-accordion-content-wrapper eb-accordion-content-wrapper-eb-accordion-e74al\"><div class=\"eb-accordion-content\">\n<h2 class=\"wp-block-heading\" style=\"margin-top:var(--wp--preset--spacing--60)\">diselva erarbeitet pragmatische &amp; umsetzbare Strategien<\/h2>\n\n\n\n<div class=\"wp-block-group is-layout-constrained wp-container-core-group-is-layout-367b13f8 wp-block-group-is-layout-constrained\" style=\"padding-top:var(--wp--preset--spacing--60);padding-right:0;padding-left:0\">\n<p class=\"has-palette-color-1-color has-text-color has-link-color wp-elements-3 wp-block-paragraph\">Nichts ist schlimmer, als ein n\u00e4chstes Strategie-Papier, welches in der Schublade verschwindet. Wir machen es anders:<\/p>\n\n\n\n<ul class=\"wp-block-list\">\n<li class=\"has-palette-color-1-color has-text-color has-link-color wp-elements-4\">Pragmatisches Digital Maturity Assessment<\/li>\n\n\n\n<li class=\"has-palette-color-1-color has-text-color has-link-color wp-elements-5\">Fokussierte Digitale Transformation Strategie<\/li>\n\n\n\n<li class=\"has-palette-color-1-color has-text-color has-link-color wp-elements-6\">Operationalisierung der zentralen Strategie-Artefakte<\/li>\n<\/ul>\n<\/div>\n<\/div><\/div><\/div>\n\n\n\n<div class=\"wp-block-essential-blocks-accordion-item eb-accordion-item-a6dmj eb-accordion-wrapper\" data-clickable=\"false\"><div class=\"eb-accordion-title-wrapper eb-accordion-title-wrapper-eb-accordion-e74al eb-accordion-horizontal-enable\" tabindex=\"0\"><span class=\"eb-accordion-icon-wrapper eb-accordion-icon-wrapper-eb-accordion-e74al\"><span class=\"fas fa-plus eb-accordion-icon\"><\/span><\/span><div class=\"eb-accordion-title-content-wrap title-content-eb-accordion-e74al\"><p class=\"eb-accordion-title\">Assessment<\/p><\/div><\/div><div class=\"eb-accordion-content-wrapper eb-accordion-content-wrapper-eb-accordion-e74al\"><div class=\"eb-accordion-content\">\n<h2 class=\"wp-block-heading\" style=\"margin-top:var(--wp--preset--spacing--60)\">Pragmatisches Digital Maturity Assessment<\/h2>\n\n\n\n<div class=\"wp-block-group is-layout-constrained wp-container-core-group-is-layout-367b13f8 wp-block-group-is-layout-constrained\" style=\"padding-top:var(--wp--preset--spacing--60);padding-right:0;padding-left:0\">\n<p class=\"has-palette-color-1-color has-text-color has-link-color wp-elements-7 wp-block-paragraph\">Wo steht Ihr Unternehmen im digitalen Transformationsprozess?<\/p>\n\n\n\n<p class=\"has-palette-color-1-color has-text-color has-link-color wp-elements-8 wp-block-paragraph\">Die <strong>Bestimmung des aktuellen Reifegrades<\/strong> (Maturit\u00e4t) Ihres Unternehmens und der digitalen Kompetenzen Ihrer Organisation und Ihrer Mitarbeitenden ist ein entscheidender erster Schritt in Richtung Erfolg.<\/p>\n\n\n\n<p class=\"has-palette-color-1-color has-text-color has-link-color wp-elements-9 wp-block-paragraph\"><strong>Zugeschnitten auf die spezifischen Bed\u00fcrfnisse<\/strong> und Herausforderungen Ihres Unternehmens <strong>schaffen wir Transparenz<\/strong> \u00fcber relevante Dimensionen der Digitalen Transformation in Ihrem Unternehmen, <strong>definieren Fokusthemen<\/strong> mit dem gr\u00f6ssten Potential (hinsichtlich Effizienz &amp; Innovation) und <strong>leiten konkrete Massnahmen<\/strong> ab.<\/p>\n<\/div>\n<\/div><\/div><\/div>\n\n\n\n<div class=\"wp-block-essential-blocks-accordion-item eb-accordion-item-1gbny eb-accordion-wrapper\" data-clickable=\"false\"><div class=\"eb-accordion-title-wrapper eb-accordion-title-wrapper-eb-accordion-e74al eb-accordion-horizontal-enable\" tabindex=\"0\"><span class=\"eb-accordion-icon-wrapper eb-accordion-icon-wrapper-eb-accordion-e74al\"><span class=\"fas fa-plus eb-accordion-icon\"><\/span><\/span><div class=\"eb-accordion-title-content-wrap title-content-eb-accordion-e74al\"><p class=\"eb-accordion-title\">Strategie<\/p><\/div><\/div><div class=\"eb-accordion-content-wrapper eb-accordion-content-wrapper-eb-accordion-e74al\"><div class=\"eb-accordion-content\">\n<h2 class=\"wp-block-heading\" style=\"margin-top:var(--wp--preset--spacing--60)\">Digitale Transformationsstrategie<\/h2>\n\n\n\n<div class=\"wp-block-group is-layout-constrained wp-container-core-group-is-layout-367b13f8 wp-block-group-is-layout-constrained\" style=\"padding-top:var(--wp--preset--spacing--60);padding-right:0;padding-left:0\">\n<p class=\"has-palette-color-1-color has-text-color has-link-color wp-elements-10 wp-block-paragraph\">Im Zentrum unserer bew\u00e4hrten Transformationsstrategie steht das <strong>Zielbild<\/strong>: Hier soll Ihr Unternehmen in drei bis f\u00fcnf Jahren stehen &#8211; <strong>aus einer Business-Perspektive<\/strong> (Kunden, Sweet-Spot, Prozesse) <strong>und Technologie-Perspektive <\/strong>(Architektur, Systeme &amp; L\u00f6sungen, Daten &amp; AI) &#8211; siehe dazu die Grafik unten.<\/p>\n\n\n\n<p class=\"has-palette-color-1-color has-text-color has-link-color wp-elements-11 wp-block-paragraph\"><br>Die Grundlage bildet eine <strong>umfassende Analyse<\/strong> der aktuellen Situation aus verschieden Perspektiven. Daraus entwickeln wir gemeinsam das <strong>Zielbild und leiten eine konkrete Roadmap ab<\/strong> \u2013 mit klar definierten <strong>Massnahmen und Projekten<\/strong>, inklusive <strong>Budgetrahmen<\/strong> und <strong>organisatorischen<\/strong> <strong>Anpassungen<\/strong>, um die digitale Transformation wirksam und schrittweise zu realisieren.<\/p>\n<\/div>\n<\/div><\/div><\/div>\n\n\n\n<div class=\"wp-block-essential-blocks-accordion-item eb-accordion-item-4dule eb-accordion-wrapper\" data-clickable=\"false\"><div class=\"eb-accordion-title-wrapper eb-accordion-title-wrapper-eb-accordion-e74al eb-accordion-horizontal-enable\" tabindex=\"0\"><span class=\"eb-accordion-icon-wrapper eb-accordion-icon-wrapper-eb-accordion-e74al\"><span class=\"fas fa-plus eb-accordion-icon\"><\/span><\/span><div class=\"eb-accordion-title-content-wrap title-content-eb-accordion-e74al\"><p class=\"eb-accordion-title\">Umsetzung<\/p><\/div><\/div><div class=\"eb-accordion-content-wrapper eb-accordion-content-wrapper-eb-accordion-e74al\"><div class=\"eb-accordion-content\">\n<h2 class=\"wp-block-heading\" style=\"margin-top:var(--wp--preset--spacing--60)\">Operationalisierung Strategie-Artefakte<\/h2>\n\n\n\n<div class=\"wp-block-group is-layout-constrained wp-container-core-group-is-layout-367b13f8 wp-block-group-is-layout-constrained\" style=\"padding-top:var(--wp--preset--spacing--60);padding-right:0;padding-left:0\">\n<p class=\"has-palette-color-1-color has-text-color has-link-color wp-elements-12 wp-block-paragraph\">Strategien entfalten nur dann Wirkung, wenn sie in <strong>konkrete Massnahmen<\/strong> \u00fcbersetzt werden. <strong>Der Haken<\/strong>: Viele Strategien bleiben reine Textdokumente \u2013 schwer greifbar und meist nur f\u00fcr Eingeweihte verst\u00e4ndlich. <br><br>Wirklich <strong>gute Strategien<\/strong> dagegen basieren auf <strong>klaren Artefakten<\/strong>, an denen sich alle Beteiligten auch in der Umsetzung <strong>orientieren<\/strong> k\u00f6nnen.<br>Genau hier liegt unsere <strong>St\u00e4rke<\/strong>: Wir operationalisieren Strategien konsequent. Top-down geben wir die <strong>Leitplanken und Priorit\u00e4ten<\/strong> vor, gleichzeitig stellen wir sicher, dass bottom-up alle Projektergebnisse integriert werden. <br><br>So entsteht eine Transformation, die nicht nur geplant, sondern <strong>tats\u00e4chlich umgesetzt<\/strong> wird.<\/p>\n<\/div>\n<\/div><\/div><\/div>\n<\/div><\/div><\/div><\/div>\n<\/div>\n\n\n\n<div class=\"wp-block-group alignwide image-centered is-layout-constrained wp-container-core-group-is-layout-b2c023a8 wp-block-group-is-layout-constrained\" style=\"min-height:0px;margin-top:0;margin-bottom:0;padding-top:var(--wp--preset--spacing--40);padding-right:0;padding-bottom:var(--wp--preset--spacing--40);padding-left:0\">\n<figure class=\"wp-block-image alignwide size-full\" style=\"margin-top:var(--wp--preset--spacing--50);margin-right:var(--wp--preset--spacing--50);margin-bottom:var(--wp--preset--spacing--50);margin-left:var(--wp--preset--spacing--50)\"><img data-recalc-dims=\"1\" loading=\"lazy\" decoding=\"async\" width=\"1360\" height=\"467\" src=\"https:\/\/i0.wp.com\/diselva.com\/wp-content\/uploads\/2025\/09\/digitale-transformations-strategie-highlight-e1757500649601.png?resize=1360%2C467&#038;quality=78&#038;ssl=1\" alt=\"Digitale Transformation Strategie\" class=\"wp-image-111419\" srcset=\"https:\/\/i0.wp.com\/diselva.com\/wp-content\/uploads\/2025\/09\/digitale-transformations-strategie-highlight-e1757500649601.png?w=2048&amp;quality=78&amp;ssl=1 2048w, https:\/\/i0.wp.com\/diselva.com\/wp-content\/uploads\/2025\/09\/digitale-transformations-strategie-highlight-e1757500649601.png?resize=1024%2C352&amp;quality=78&amp;ssl=1 1024w, https:\/\/i0.wp.com\/diselva.com\/wp-content\/uploads\/2025\/09\/digitale-transformations-strategie-highlight-e1757500649601.png?resize=400%2C137&amp;quality=78&amp;ssl=1 400w, https:\/\/i0.wp.com\/diselva.com\/wp-content\/uploads\/2025\/09\/digitale-transformations-strategie-highlight-e1757500649601.png?resize=768%2C264&amp;quality=78&amp;ssl=1 768w, https:\/\/i0.wp.com\/diselva.com\/wp-content\/uploads\/2025\/09\/digitale-transformations-strategie-highlight-e1757500649601.png?resize=1536%2C527&amp;quality=78&amp;ssl=1 1536w, https:\/\/i0.wp.com\/diselva.com\/wp-content\/uploads\/2025\/09\/digitale-transformations-strategie-highlight-e1757500649601.png?resize=1200%2C412&amp;quality=78&amp;ssl=1 1200w\" sizes=\"auto, (max-width: 1360px) 100vw, 1360px\" \/><\/figure>\n<\/div>\n\n\n\n<div class=\"wp-block-group alignfull section__highlight--white has-palette-color-7-background-color has-background is-layout-constrained wp-block-group-is-layout-constrained\" style=\"padding-top:var(--wp--preset--spacing--80);padding-bottom:0\">\n<div class=\"wp-block-group is-layout-constrained wp-block-group-is-layout-constrained\">\n<h2 class=\"wp-block-heading\">Projekterfahrungen<\/h2>\n<\/div>\n<\/div>\n\n\n\n<div class=\"wp-block-group alignfull is-layout-constrained wp-block-group-is-layout-constrained\" style=\"padding-top:var(--wp--preset--spacing--40);padding-bottom:var(--wp--preset--spacing--40)\">\n<div data-id=\"f474cd36\" style=\"border-radius:0px;\" class=\"wp-block-blocksy-query alignwide carousel__experience\"><div class=\"ct-query-template is-layout-slider\"><div class=\"flexy-container\" data-flexy=\"no\"><div class=\"flexy\"><div class=\"flexy-view\" data-flexy-view=\"boxed\"><div class=\"flexy-items\"><div class=\"flexy-item\"><article class=\"wp-block-post is-layout-flow post-107521 case-study type-case-study status-publish has-post-thumbnail hentry category-business-prozesse-hebel-governance category-digitale-transformation-strategie category-digitalisierung-kmu category-enterprise-architect-solution-architect category-lead-consultant-digitale-transformation category-solution-software-architecture category-standard-case category-standortbestimmung-digitale-transformation branche-b2b-manufacturing-industries\">\n<a style=\"margin-bottom:5px\" class=\"ct-dynamic-media wp-elements-17\" aria-label=\"Lista Office\" href=\"https:\/\/diselva.com\/de\/case\/lista-office\/\"><img loading=\"lazy\" decoding=\"async\" width=\"400\" height=\"267\" src=\"https:\/\/i0.wp.com\/diselva.com\/wp-content\/uploads\/2025\/09\/lista-office-hero-teaser.jpg?fit=400%2C267&amp;quality=83&amp;ssl=1\" class=\"attachment-thumbnail size-thumbnail\" alt=\"Lista Office - Hero Image\" style=\"width:100%;height:100%;object-fit: cover;aspect-ratio: 4\/3;border-radius:0px;\" srcset=\"https:\/\/i0.wp.com\/diselva.com\/wp-content\/uploads\/2025\/09\/lista-office-hero-teaser.jpg?w=1200&amp;quality=83&amp;ssl=1 1200w, https:\/\/i0.wp.com\/diselva.com\/wp-content\/uploads\/2025\/09\/lista-office-hero-teaser.jpg?resize=1024%2C683&amp;quality=83&amp;ssl=1 1024w, https:\/\/i0.wp.com\/diselva.com\/wp-content\/uploads\/2025\/09\/lista-office-hero-teaser.jpg?resize=400%2C267&amp;quality=83&amp;ssl=1 400w, https:\/\/i0.wp.com\/diselva.com\/wp-content\/uploads\/2025\/09\/lista-office-hero-teaser.jpg?resize=768%2C512&amp;quality=83&amp;ssl=1 768w\" sizes=\"auto, (max-width: 400px) 100vw, 400px\" \/><\/a>\n\n<h3 style=\"margin-top:var(--wp--preset--spacing--30);margin-bottom:var(--wp--preset--spacing--30)\" class=\"ct-dynamic-data wp-elements-18 wp-elements-19 has-small-font-size\"><a href=\"https:\/\/diselva.com\/de\/case\/lista-office\/\">Lista Office<\/a><\/h3>\n\n<p style=\"line-height:1.1;margin-bottom:0;margin-top:0\" class=\"ct-dynamic-data has-large-font-size\">Digitale Transformation mit Fokus eCommerce<\/p>\n<\/article><\/div><div class=\"flexy-item\"><article class=\"wp-block-post is-layout-flow post-107189 case-study type-case-study status-publish has-post-thumbnail hentry category-data-driven-customer-centricity category-digitale-transformation-strategie category-enterprise-architect-solution-architect category-enterprise-architecture category-evaluationen-und-ausschreibungen category-standard-case branche-retail-fachhandel\">\n<a style=\"margin-bottom:5px\" class=\"ct-dynamic-media wp-elements-20\" aria-label=\"Migros Fachmarkt AG\" href=\"https:\/\/diselva.com\/de\/case\/migros-fachmarkt-ag\/\"><img loading=\"lazy\" decoding=\"async\" width=\"400\" height=\"267\" src=\"https:\/\/i0.wp.com\/diselva.com\/wp-content\/uploads\/2025\/09\/mfm-hero-teaser.jpg?fit=400%2C267&amp;quality=83&amp;ssl=1\" class=\"attachment-thumbnail size-thumbnail\" alt=\"Migros Fachmarkt - Hero Image\" style=\"width:100%;height:100%;object-fit: cover;aspect-ratio: 4\/3;border-radius:0px;\" srcset=\"https:\/\/i0.wp.com\/diselva.com\/wp-content\/uploads\/2025\/09\/mfm-hero-teaser.jpg?w=1200&amp;quality=83&amp;ssl=1 1200w, https:\/\/i0.wp.com\/diselva.com\/wp-content\/uploads\/2025\/09\/mfm-hero-teaser.jpg?resize=1024%2C683&amp;quality=83&amp;ssl=1 1024w, https:\/\/i0.wp.com\/diselva.com\/wp-content\/uploads\/2025\/09\/mfm-hero-teaser.jpg?resize=640%2C427&amp;quality=83&amp;ssl=1 640w, https:\/\/i0.wp.com\/diselva.com\/wp-content\/uploads\/2025\/09\/mfm-hero-teaser.jpg?resize=768%2C512&amp;quality=83&amp;ssl=1 768w\" sizes=\"auto, (max-width: 400px) 100vw, 400px\" \/><\/a>\n\n<h3 style=\"margin-top:var(--wp--preset--spacing--30);margin-bottom:var(--wp--preset--spacing--30)\" class=\"ct-dynamic-data wp-elements-21 wp-elements-22 has-small-font-size\"><a href=\"https:\/\/diselva.com\/de\/case\/migros-fachmarkt-ag\/\">Migros Fachmarkt AG<\/a><\/h3>\n\n<p style=\"line-height:1.1;margin-bottom:0;margin-top:0\" class=\"ct-dynamic-data has-large-font-size\">Radikale Schlankheitskur in Architekturen bei den Migros Fachm\u00e4rkten<\/p>\n<\/article><\/div><div class=\"flexy-item\"><article class=\"wp-block-post is-layout-flow post-107162 case-study type-case-study status-publish has-post-thumbnail hentry category-digitale-transformation-strategie category-digitalisierung-kmu category-gl-vr-sparring-partner category-it-strategie category-standard-case branche-b2b-manufacturing-industries\">\n<a style=\"margin-bottom:5px\" class=\"ct-dynamic-media wp-elements-23\" aria-label=\"Safran Vectronix\" href=\"https:\/\/diselva.com\/de\/case\/safran-vectronix\/\"><img loading=\"lazy\" decoding=\"async\" width=\"400\" height=\"267\" src=\"https:\/\/i0.wp.com\/diselva.com\/wp-content\/uploads\/2025\/09\/safran-hero-teaser.jpg?fit=400%2C267&amp;quality=83&amp;ssl=1\" class=\"attachment-thumbnail size-thumbnail\" alt=\"Safran Vectronix AG - Hero Image\" style=\"width:100%;height:100%;object-fit: cover;aspect-ratio: 4\/3;border-radius:0px;\" srcset=\"https:\/\/i0.wp.com\/diselva.com\/wp-content\/uploads\/2025\/09\/safran-hero-teaser.jpg?w=1200&amp;quality=83&amp;ssl=1 1200w, https:\/\/i0.wp.com\/diselva.com\/wp-content\/uploads\/2025\/09\/safran-hero-teaser.jpg?resize=1024%2C683&amp;quality=83&amp;ssl=1 1024w, https:\/\/i0.wp.com\/diselva.com\/wp-content\/uploads\/2025\/09\/safran-hero-teaser.jpg?resize=640%2C427&amp;quality=83&amp;ssl=1 640w, https:\/\/i0.wp.com\/diselva.com\/wp-content\/uploads\/2025\/09\/safran-hero-teaser.jpg?resize=768%2C512&amp;quality=83&amp;ssl=1 768w\" sizes=\"auto, (max-width: 400px) 100vw, 400px\" \/><\/a>\n\n<h3 style=\"margin-top:var(--wp--preset--spacing--30);margin-bottom:var(--wp--preset--spacing--30)\" class=\"ct-dynamic-data wp-elements-24 wp-elements-25 has-small-font-size\"><a href=\"https:\/\/diselva.com\/de\/case\/safran-vectronix\/\">Safran Vectronix<\/a><\/h3>\n\n<p style=\"line-height:1.1;margin-bottom:0;margin-top:0\" class=\"ct-dynamic-data has-large-font-size\">IT-Strategie mit Tiefgang<\/p>\n<\/article><\/div><div class=\"flexy-item\"><article class=\"wp-block-post is-layout-flow post-107146 case-study type-case-study status-publish has-post-thumbnail hentry category-architektur-review category-begleitung-in-der-umsetzung-der-projekte category-digitale-transformation-strategie category-digitalisierung-kmu category-enterprise-architect-solution-architect category-evaluationen-und-ausschreibungen category-gl-vr-sparring-partner category-it-strategie category-standard-case category-standortbestimmung-digitale-transformation branche-tourism-hospitality-sports-entertainment\">\n<a style=\"margin-bottom:5px\" class=\"ct-dynamic-media wp-elements-26\" aria-label=\"Olma Messen St.Gallen\" href=\"https:\/\/diselva.com\/de\/case\/olma-messen\/\"><img loading=\"lazy\" decoding=\"async\" width=\"400\" height=\"267\" src=\"https:\/\/i0.wp.com\/diselva.com\/wp-content\/uploads\/2025\/09\/olma-hero-teaser.jpg?fit=400%2C267&amp;quality=83&amp;ssl=1\" class=\"attachment-thumbnail size-thumbnail\" alt=\"Olma Messen St. Gallen - SGKB Halle - Hero Image\" style=\"width:100%;height:100%;object-fit: cover;aspect-ratio: 4\/3;border-radius:0px;\" srcset=\"https:\/\/i0.wp.com\/diselva.com\/wp-content\/uploads\/2025\/09\/olma-hero-teaser.jpg?w=1200&amp;quality=83&amp;ssl=1 1200w, https:\/\/i0.wp.com\/diselva.com\/wp-content\/uploads\/2025\/09\/olma-hero-teaser.jpg?resize=1024%2C683&amp;quality=83&amp;ssl=1 1024w, https:\/\/i0.wp.com\/diselva.com\/wp-content\/uploads\/2025\/09\/olma-hero-teaser.jpg?resize=640%2C427&amp;quality=83&amp;ssl=1 640w, https:\/\/i0.wp.com\/diselva.com\/wp-content\/uploads\/2025\/09\/olma-hero-teaser.jpg?resize=768%2C512&amp;quality=83&amp;ssl=1 768w\" sizes=\"auto, (max-width: 400px) 100vw, 400px\" \/><\/a>\n\n<h3 style=\"margin-top:var(--wp--preset--spacing--30);margin-bottom:var(--wp--preset--spacing--30)\" class=\"ct-dynamic-data wp-elements-27 wp-elements-28 has-small-font-size\"><a href=\"https:\/\/diselva.com\/de\/case\/olma-messen\/\">Olma Messen St.Gallen<\/a><\/h3>\n\n<p style=\"line-height:1.1;margin-bottom:0;margin-top:0\" class=\"ct-dynamic-data has-large-font-size\">Evaluation Event Platform &#038; Begleitung Implementierungsprojekt<\/p>\n<\/article><\/div><div class=\"flexy-item\"><article class=\"wp-block-post is-layout-flow post-107017 case-study type-case-study status-publish has-post-thumbnail hentry category-begleitung-in-der-umsetzung-der-projekte category-business-prozesse-hebel-governance category-digitale-transformation-strategie category-digitalisierung-kmu category-evaluationen-und-ausschreibungen category-gl-vr-sparring-partner category-lead-consultant-digitale-transformation category-standard-case branche-public-sector-education-health\">\n<a style=\"margin-bottom:5px\" class=\"ct-dynamic-media wp-elements-29\" aria-label=\"Swidro\" href=\"https:\/\/diselva.com\/de\/case\/swidro\/\"><img loading=\"lazy\" decoding=\"async\" width=\"400\" height=\"267\" src=\"https:\/\/i0.wp.com\/diselva.com\/wp-content\/uploads\/2025\/09\/swidro-hero-teaser.jpg?fit=400%2C267&amp;quality=83&amp;ssl=1\" class=\"attachment-thumbnail size-thumbnail\" alt=\"Swidro - Hero Image\" style=\"width:100%;height:100%;object-fit: cover;aspect-ratio: 4\/3;border-radius:0px;\" srcset=\"https:\/\/i0.wp.com\/diselva.com\/wp-content\/uploads\/2025\/09\/swidro-hero-teaser.jpg?w=1200&amp;quality=83&amp;ssl=1 1200w, https:\/\/i0.wp.com\/diselva.com\/wp-content\/uploads\/2025\/09\/swidro-hero-teaser.jpg?resize=1024%2C683&amp;quality=83&amp;ssl=1 1024w, https:\/\/i0.wp.com\/diselva.com\/wp-content\/uploads\/2025\/09\/swidro-hero-teaser.jpg?resize=640%2C427&amp;quality=83&amp;ssl=1 640w, https:\/\/i0.wp.com\/diselva.com\/wp-content\/uploads\/2025\/09\/swidro-hero-teaser.jpg?resize=768%2C512&amp;quality=83&amp;ssl=1 768w\" sizes=\"auto, (max-width: 400px) 100vw, 400px\" \/><\/a>\n\n<h3 style=\"margin-top:var(--wp--preset--spacing--30);margin-bottom:var(--wp--preset--spacing--30)\" class=\"ct-dynamic-data wp-elements-30 wp-elements-31 has-small-font-size\"><a href=\"https:\/\/diselva.com\/de\/case\/swidro\/\">Swidro<\/a><\/h3>\n\n<p style=\"line-height:1.1;margin-bottom:0;margin-top:0\" class=\"ct-dynamic-data has-large-font-size\">Evaluation von eCommerce Software und Dienstleister f\u00fcr ein komplexes Multi-Shop-Setup<\/p>\n<\/article><\/div><div class=\"flexy-item\"><article class=\"wp-block-post is-layout-flow post-106979 case-study type-case-study status-publish has-post-thumbnail hentry category-digitale-transformation-strategie category-digitalisierung-kmu category-gl-vr-sparring-partner category-it-strategie category-standard-case category-standortbestimmung-digitale-transformation branche-b2b-manufacturing-industries branche-real-estate-construction\">\n<a style=\"margin-bottom:5px\" class=\"ct-dynamic-media wp-elements-32\" aria-label=\"Pl\u00e4ttli Ganz\" href=\"https:\/\/diselva.com\/de\/case\/ganz-gruppe\/\"><img loading=\"lazy\" decoding=\"async\" width=\"400\" height=\"267\" src=\"https:\/\/i0.wp.com\/diselva.com\/wp-content\/uploads\/2025\/09\/plaettli-ganz-hero-2-teaser.jpg?fit=400%2C267&amp;quality=83&amp;ssl=1\" class=\"attachment-thumbnail size-thumbnail\" alt=\"Pl\u00e4ttli Ganz - Hero Image\" style=\"width:100%;height:100%;object-fit: cover;aspect-ratio: 4\/3;border-radius:0px;\" srcset=\"https:\/\/i0.wp.com\/diselva.com\/wp-content\/uploads\/2025\/09\/plaettli-ganz-hero-2-teaser.jpg?w=1200&amp;quality=83&amp;ssl=1 1200w, https:\/\/i0.wp.com\/diselva.com\/wp-content\/uploads\/2025\/09\/plaettli-ganz-hero-2-teaser.jpg?resize=1024%2C683&amp;quality=83&amp;ssl=1 1024w, https:\/\/i0.wp.com\/diselva.com\/wp-content\/uploads\/2025\/09\/plaettli-ganz-hero-2-teaser.jpg?resize=400%2C267&amp;quality=83&amp;ssl=1 400w, https:\/\/i0.wp.com\/diselva.com\/wp-content\/uploads\/2025\/09\/plaettli-ganz-hero-2-teaser.jpg?resize=768%2C512&amp;quality=83&amp;ssl=1 768w\" sizes=\"auto, (max-width: 400px) 100vw, 400px\" \/><\/a>\n\n<h3 style=\"margin-top:var(--wp--preset--spacing--30);margin-bottom:var(--wp--preset--spacing--30)\" class=\"ct-dynamic-data wp-elements-33 wp-elements-34 has-small-font-size\"><a href=\"https:\/\/diselva.com\/de\/case\/ganz-gruppe\/\">Pl\u00e4ttli Ganz<\/a><\/h3>\n\n<p style=\"line-height:1.1;margin-bottom:0;margin-top:0\" class=\"ct-dynamic-data has-large-font-size\">Digitale Transformation mit Fokus eCommerce<\/p>\n<\/article><\/div><div class=\"flexy-item\"><article class=\"wp-block-post is-layout-flow post-105043 case-study type-case-study status-publish has-post-thumbnail hentry category-architektur-review category-aufbau-nearshore category-begleitung-in-der-umsetzung-der-projekte category-business-prozesse-hebel-governance category-data-driven-customer-centricity category-digitale-organisation category-digitale-transformation-strategie category-digitalisierung-kmu category-enterprise-architect-solution-architect category-evaluationen-und-ausschreibungen category-gl-vr-sparring-partner category-hero-case category-project-manager-program-manager category-software-data-architect-technology-lead category-solution-software-architecture category-standortbestimmung-digitale-transformation branche-digital-business-innovation-services branche-public-sector-education-health\">\n<a style=\"margin-bottom:5px\" class=\"ct-dynamic-media wp-elements-35\" aria-label=\"flawa iQ AG\" href=\"https:\/\/diselva.com\/de\/case\/flawa-iq\/\"><img loading=\"lazy\" decoding=\"async\" width=\"400\" height=\"267\" src=\"https:\/\/i0.wp.com\/diselva.com\/wp-content\/uploads\/2025\/09\/flawaiq-hero-teaser.jpg?fit=400%2C267&amp;quality=83&amp;ssl=1\" class=\"attachment-thumbnail size-thumbnail\" alt=\"flawa iQ - Hero Image\" style=\"width:100%;height:100%;object-fit: cover;aspect-ratio: 4\/3;border-radius:0px;\" srcset=\"https:\/\/i0.wp.com\/diselva.com\/wp-content\/uploads\/2025\/09\/flawaiq-hero-teaser.jpg?w=1200&amp;quality=83&amp;ssl=1 1200w, https:\/\/i0.wp.com\/diselva.com\/wp-content\/uploads\/2025\/09\/flawaiq-hero-teaser.jpg?resize=1024%2C683&amp;quality=83&amp;ssl=1 1024w, https:\/\/i0.wp.com\/diselva.com\/wp-content\/uploads\/2025\/09\/flawaiq-hero-teaser.jpg?resize=640%2C427&amp;quality=83&amp;ssl=1 640w, https:\/\/i0.wp.com\/diselva.com\/wp-content\/uploads\/2025\/09\/flawaiq-hero-teaser.jpg?resize=768%2C512&amp;quality=83&amp;ssl=1 768w\" sizes=\"auto, (max-width: 400px) 100vw, 400px\" \/><\/a>\n\n<h3 style=\"margin-top:var(--wp--preset--spacing--30);margin-bottom:var(--wp--preset--spacing--30)\" class=\"ct-dynamic-data wp-elements-36 wp-elements-37 has-small-font-size\"><a href=\"https:\/\/diselva.com\/de\/case\/flawa-iq\/\">flawa iQ AG<\/a><\/h3>\n\n<p style=\"line-height:1.1;margin-bottom:0;margin-top:0\" class=\"ct-dynamic-data has-large-font-size\">flawa iQ boostet digitales Gesch\u00e4ft mit diselva<\/p>\n<\/article><\/div><div class=\"flexy-item\"><article class=\"wp-block-post is-layout-flow post-104856 case-study type-case-study status-publish has-post-thumbnail hentry category-business-prozesse-hebel-governance category-digitale-organisation category-digitale-transformation-strategie category-enterprise-architect-solution-architect category-gl-vr-sparring-partner category-hero-case category-lead-consultant-digitale-transformation category-standortbestimmung-digitale-transformation branche-mobility-transportation\">\n<a style=\"margin-bottom:5px\" class=\"ct-dynamic-media wp-elements-38\" aria-label=\"S\u00fcdostbahn\" href=\"https:\/\/diselva.com\/de\/case\/sob\/\"><img loading=\"lazy\" decoding=\"async\" width=\"400\" height=\"267\" src=\"https:\/\/i0.wp.com\/diselva.com\/wp-content\/uploads\/2025\/09\/sob-hero-teaser.jpg?fit=400%2C267&amp;quality=83&amp;ssl=1\" class=\"attachment-thumbnail size-thumbnail\" alt=\"SOB S\u00fcdostbahn - Hero Image\" style=\"width:100%;height:100%;object-fit: cover;aspect-ratio: 4\/3;border-radius:0px;\" srcset=\"https:\/\/i0.wp.com\/diselva.com\/wp-content\/uploads\/2025\/09\/sob-hero-teaser.jpg?w=1200&amp;quality=83&amp;ssl=1 1200w, https:\/\/i0.wp.com\/diselva.com\/wp-content\/uploads\/2025\/09\/sob-hero-teaser.jpg?resize=1024%2C683&amp;quality=83&amp;ssl=1 1024w, https:\/\/i0.wp.com\/diselva.com\/wp-content\/uploads\/2025\/09\/sob-hero-teaser.jpg?resize=640%2C427&amp;quality=83&amp;ssl=1 640w, https:\/\/i0.wp.com\/diselva.com\/wp-content\/uploads\/2025\/09\/sob-hero-teaser.jpg?resize=768%2C512&amp;quality=83&amp;ssl=1 768w\" sizes=\"auto, (max-width: 400px) 100vw, 400px\" \/><\/a>\n\n<h3 style=\"margin-top:var(--wp--preset--spacing--30);margin-bottom:var(--wp--preset--spacing--30)\" class=\"ct-dynamic-data wp-elements-39 wp-elements-40 has-small-font-size\"><a href=\"https:\/\/diselva.com\/de\/case\/sob\/\">S\u00fcdostbahn<\/a><\/h3>\n\n<p style=\"line-height:1.1;margin-bottom:0;margin-top:0\" class=\"ct-dynamic-data has-large-font-size\">Zug um Zug zur digitalen Transformation<\/p>\n<\/article><\/div><\/div><\/div><span class=\"flexy-arrow-prev\" data-position=\"outside\"><svg width=\"16\" height=\"10\" fill=\"currentColor\" viewBox=\"0 0 16 10\"><path d=\"M15.3 4.3h-13l2.8-3c.3-.3.3-.7 0-1-.3-.3-.6-.3-.9 0l-4 4.2-.2.2v.6c0 .1.1.2.2.2l4 4.2c.3.4.6.4.9 0 .3-.3.3-.7 0-1l-2.8-3h13c.2 0 .4-.1.5-.2s.2-.3.2-.5-.1-.4-.2-.5c-.1-.1-.3-.2-.5-.2z\"><\/path><\/svg><\/span>\n\t\t\t\t\t\t\t\t<span class=\"flexy-arrow-next\" data-position=\"outside\"><svg width=\"16\" height=\"10\" fill=\"currentColor\" viewBox=\"0 0 16 10\"><path d=\"M.2 4.5c-.1.1-.2.3-.2.5s.1.4.2.5c.1.1.3.2.5.2h13l-2.8 3c-.3.3-.3.7 0 1 .3.3.6.3.9 0l4-4.2.2-.2V5v-.3c0-.1-.1-.2-.2-.2l-4-4.2c-.3-.4-.6-.4-.9 0-.3.3-.3.7 0 1l2.8 3H.7c-.2 0-.4.1-.5.2z\"><\/path><\/svg><\/span><\/div><\/div><\/div><style>[data-id='f474cd36'] {--grid-columns-gap:var(--wp--preset--spacing--60);--grid-columns-width:25%;} [data-id='f474cd36'] [data-flexy*=\"no\"] .flexy-item:nth-child(n + 5) {height:1px;}@media (max-width: 999.98px) {[data-id='f474cd36'] {--grid-columns-width:50%;} [data-id='f474cd36'] [data-flexy*=\"no\"] .flexy-item:nth-child(n + 3) {height:1px;}}@media (max-width: 689.98px) {[data-id='f474cd36'] {--grid-columns-width:100%;} [data-id='f474cd36'] [data-flexy*=\"no\"] .flexy-item:nth-child(n + 2) {height:1px;}}<\/style><\/div>\n<\/div>\n\n\n\n<div class=\"wp-block-group alignfull section__highlight--white has-palette-color-7-background-color has-background is-layout-constrained wp-block-group-is-layout-constrained\" style=\"padding-top:var(--wp--preset--spacing--80);padding-bottom:0\">\n<div class=\"wp-block-group is-layout-constrained wp-block-group-is-layout-constrained\">\n<h2 class=\"wp-block-heading\">Expertenartikel und Einblicke<\/h2>\n<\/div>\n<\/div>\n\n\n\n<div class=\"wp-block-group alignwide is-layout-constrained wp-block-group-is-layout-constrained\" style=\"padding-bottom:var(--wp--preset--spacing--80)\">\n<div data-id=\"85abaec1\" class=\"wp-block-blocksy-query alignwide carousel__expert-articles\" style=\"border-radius:0px;padding-right:0;padding-bottom:var(--wp--preset--spacing--80);padding-left:0\"><div class=\"ct-query-template is-layout-slider\"><div class=\"flexy-container\" data-flexy=\"no\"><div class=\"flexy\"><div class=\"flexy-view\" data-flexy-view=\"boxed\"><div class=\"flexy-items\"><div class=\"flexy-item\"><article class=\"wp-block-post is-layout-flow post-116751 post type-post status-publish format-standard has-post-thumbnail hentry category-digitale-transformation-strategie category-news\">\n\n<div class=\"wp-block-group carousel__expert-articles--tile has-border-color has-palette-color-8-border-color is-content-justification-left is-layout-constrained wp-container-core-group-is-layout-2de34087 wp-block-group-is-layout-constrained\" style=\"border-width:1px;min-height:100%;padding-top:var(--wp--preset--spacing--40);padding-right:var(--wp--preset--spacing--40);padding-bottom:var(--wp--preset--spacing--40);padding-left:var(--wp--preset--spacing--40)\"><div style=\"margin-bottom:5px;border-radius:0px\" class=\"ct-dynamic-data wp-elements-48 wp-elements-49 has-small-font-size\"><a href=\"https:\/\/diselva.com\/de\/blog\/author\/\">Remo Lehmann<\/a><\/div>\n\n<h3 style=\"margin-top:var(--wp--preset--spacing--30);margin-bottom:var(--wp--preset--spacing--30)\" class=\"ct-dynamic-data wp-elements-50 wp-elements-51 has-large-font-size\"><a href=\"https:\/\/diselva.com\/de\/blog\/strategische-partnerschaft-diselva-ag-begleitet-die-saentis-schwebebahn-ag-in-die-digitale-zukunft\/\">Strategische Partnerschaft: Diselva AG begleitet die S\u00e4ntis-Schwebebahn AG in die digitale Zukunft<\/a><\/h3>\n\n<p style=\"line-height:1.1;margin-bottom:var(--wp--preset--spacing--40);margin-top:var(--wp--preset--spacing--30)\" class=\"ct-dynamic-data has-medium-font-size\">Die Diselva AG \u00fcbernimmt ab sofort die Rolle des strategischen Transformationspartners f\u00fcr die S\u00e4ntis-Schwebebahn AG (SSB AG).<\/p>\n\n<a class=\"wp-elements-52 wp-block-read-more has-text-color has-palette-color-1-color has-small-font-size\" href=\"https:\/\/diselva.com\/de\/blog\/strategische-partnerschaft-diselva-ag-begleitet-die-saentis-schwebebahn-ag-in-die-digitale-zukunft\/\" target=\"_self\">lesen<span class=\"screen-reader-text\">: Strategische Partnerschaft: Diselva AG begleitet die S\u00e4ntis-Schwebebahn AG in die digitale Zukunft<\/span><\/a><\/div>\n\n<\/article><\/div><div class=\"flexy-item\"><article class=\"wp-block-post is-layout-flow post-114795 post type-post status-publish format-standard has-post-thumbnail hentry category-digitale-transformation-strategie category-expertenartikel category-it-strategie category-leading-with-ai category-news\">\n\n<div class=\"wp-block-group carousel__expert-articles--tile has-border-color has-palette-color-8-border-color is-content-justification-left is-layout-constrained wp-container-core-group-is-layout-2de34087 wp-block-group-is-layout-constrained\" style=\"border-width:1px;min-height:100%;padding-top:var(--wp--preset--spacing--40);padding-right:var(--wp--preset--spacing--40);padding-bottom:var(--wp--preset--spacing--40);padding-left:var(--wp--preset--spacing--40)\"><div style=\"margin-bottom:5px;border-radius:0px\" class=\"ct-dynamic-data wp-elements-53 wp-elements-54 has-small-font-size\"><a href=\"https:\/\/diselva.com\/de\/blog\/author\/\">Markus Heer<\/a><\/div>\n\n<h3 style=\"margin-top:var(--wp--preset--spacing--30);margin-bottom:var(--wp--preset--spacing--30)\" class=\"ct-dynamic-data wp-elements-55 wp-elements-56 has-large-font-size\"><a href=\"https:\/\/diselva.com\/de\/blog\/leading-with-ai-wirksam-umsetzen\/\">Leading with AI &#8211; wirksam umsetzen<\/a><\/h3>\n\n<p style=\"line-height:1.1;margin-bottom:var(--wp--preset--spacing--40);margin-top:var(--wp--preset--spacing--30)\" class=\"ct-dynamic-data has-medium-font-size\">Im ersten Teil der Blog-Serie \u00abLeading with AI &#8211; strategisch denken, wirksam umsetzen\u00bb haben wir das diselva AI Excellence Framework\u2026<\/p>\n\n<a class=\"wp-elements-57 wp-block-read-more has-text-color has-palette-color-1-color has-small-font-size\" href=\"https:\/\/diselva.com\/de\/blog\/leading-with-ai-wirksam-umsetzen\/\" target=\"_self\">lesen<span class=\"screen-reader-text\">: Leading with AI &#8211; wirksam umsetzen<\/span><\/a><\/div>\n\n<\/article><\/div><div class=\"flexy-item\"><article class=\"wp-block-post is-layout-flow post-114789 post type-post status-publish format-standard has-post-thumbnail hentry category-digitale-transformation-strategie category-expertenartikel category-it-strategie category-leading-with-ai category-news\">\n\n<div class=\"wp-block-group carousel__expert-articles--tile has-border-color has-palette-color-8-border-color is-content-justification-left is-layout-constrained wp-container-core-group-is-layout-2de34087 wp-block-group-is-layout-constrained\" style=\"border-width:1px;min-height:100%;padding-top:var(--wp--preset--spacing--40);padding-right:var(--wp--preset--spacing--40);padding-bottom:var(--wp--preset--spacing--40);padding-left:var(--wp--preset--spacing--40)\"><div style=\"margin-bottom:5px;border-radius:0px\" class=\"ct-dynamic-data wp-elements-58 wp-elements-59 has-small-font-size\"><a href=\"https:\/\/diselva.com\/de\/blog\/author\/\">Markus Heer<\/a><\/div>\n\n<h3 style=\"margin-top:var(--wp--preset--spacing--30);margin-bottom:var(--wp--preset--spacing--30)\" class=\"ct-dynamic-data wp-elements-60 wp-elements-61 has-large-font-size\"><a href=\"https:\/\/diselva.com\/de\/blog\/leading-with-ai-strategisch-denken\/\">Leading with AI &#8211; strategisch denken<\/a><\/h3>\n\n<p style=\"line-height:1.1;margin-bottom:var(--wp--preset--spacing--40);margin-top:var(--wp--preset--spacing--30)\" class=\"ct-dynamic-data has-medium-font-size\">K\u00fcnstliche Intelligenz respektive Artificial Intelligence (AI) ist eines der aktuell wichtigsten Themen im Rahmen der digitalen Transformation. Der erfolgreiche Einsatz\u2026<\/p>\n\n<a class=\"wp-elements-62 wp-block-read-more has-text-color has-palette-color-1-color has-small-font-size\" href=\"https:\/\/diselva.com\/de\/blog\/leading-with-ai-strategisch-denken\/\" target=\"_self\">lesen<span class=\"screen-reader-text\">: Leading with AI &#8211; strategisch denken<\/span><\/a><\/div>\n\n<\/article><\/div><div class=\"flexy-item\"><article class=\"wp-block-post is-layout-flow post-114619 post type-post status-publish format-standard has-post-thumbnail hentry category-digitale-transformation-strategie category-enterprise-architect-solution-architect category-enterprise-architecture category-expertenartikel category-software-data-architect-technology-lead thema-enterprise-solution-architektur\">\n\n<div class=\"wp-block-group carousel__expert-articles--tile has-border-color has-palette-color-8-border-color is-content-justification-left is-layout-constrained wp-container-core-group-is-layout-2de34087 wp-block-group-is-layout-constrained\" style=\"border-width:1px;min-height:100%;padding-top:var(--wp--preset--spacing--40);padding-right:var(--wp--preset--spacing--40);padding-bottom:var(--wp--preset--spacing--40);padding-left:var(--wp--preset--spacing--40)\"><div style=\"margin-bottom:5px;border-radius:0px\" class=\"ct-dynamic-data wp-elements-63 wp-elements-64 has-small-font-size\"><a href=\"https:\/\/diselva.com\/de\/blog\/author\/\">Bernd Jansen<\/a><\/div>\n\n<h3 style=\"margin-top:var(--wp--preset--spacing--30);margin-bottom:var(--wp--preset--spacing--30)\" class=\"ct-dynamic-data wp-elements-65 wp-elements-66 has-large-font-size\"><a href=\"https:\/\/diselva.com\/de\/blog\/fractional-enterprise-architects-architekturkompetenz-nach-bedarf\/\">Fractional Enterprise Architects \u2013 Architekturkompetenz nach Bedarf<\/a><\/h3>\n\n<p style=\"line-height:1.1;margin-bottom:var(--wp--preset--spacing--40);margin-top:var(--wp--preset--spacing--30)\" class=\"ct-dynamic-data has-medium-font-size\">Die digitale Transformation stellt Unternehmen heute vor enorme Herausforderungen. Strategische Architekturentscheidungen sind oft komplex, kostenintensiv und wirken sich langfristig auf\u2026<\/p>\n\n<a class=\"wp-elements-67 wp-block-read-more has-text-color has-palette-color-1-color has-small-font-size\" href=\"https:\/\/diselva.com\/de\/blog\/fractional-enterprise-architects-architekturkompetenz-nach-bedarf\/\" target=\"_self\">lesen<span class=\"screen-reader-text\">: Fractional Enterprise Architects \u2013 Architekturkompetenz nach Bedarf<\/span><\/a><\/div>\n\n<\/article><\/div><div class=\"flexy-item\"><article class=\"wp-block-post is-layout-flow post-111426 post type-post status-publish format-standard has-post-thumbnail hentry category-digitale-transformation-strategie category-digitalisierung-kmu category-expertenartikel category-leader-2025 thema-digitale-transformation\">\n\n<div class=\"wp-block-group carousel__expert-articles--tile has-border-color has-palette-color-8-border-color is-content-justification-left is-layout-constrained wp-container-core-group-is-layout-2de34087 wp-block-group-is-layout-constrained\" style=\"border-width:1px;min-height:100%;padding-top:var(--wp--preset--spacing--40);padding-right:var(--wp--preset--spacing--40);padding-bottom:var(--wp--preset--spacing--40);padding-left:var(--wp--preset--spacing--40)\"><div style=\"margin-bottom:5px;border-radius:0px\" class=\"ct-dynamic-data wp-elements-68 wp-elements-69 has-small-font-size\"><a href=\"https:\/\/diselva.com\/de\/blog\/author\/\">J\u00f6rg Brunschwiler<\/a><\/div>\n\n<h3 style=\"margin-top:var(--wp--preset--spacing--30);margin-bottom:var(--wp--preset--spacing--30)\" class=\"ct-dynamic-data wp-elements-70 wp-elements-71 has-large-font-size\"><a href=\"https:\/\/diselva.com\/de\/blog\/faktoren-die-ihre-digitale-transformation-ausbremsen\/\">Faktoren, die Ihre Digitale Transformation ausbremsen<\/a><\/h3>\n\n<p style=\"line-height:1.1;margin-bottom:var(--wp--preset--spacing--40);margin-top:var(--wp--preset--spacing--30)\" class=\"ct-dynamic-data has-medium-font-size\">Eine erfolgreiche digitale Transformation wird in Unternehmen oftmals durch folgende Faktoren gebremst oder auch teilweise verhindert.<\/p>\n\n<a class=\"wp-elements-72 wp-block-read-more has-text-color has-palette-color-1-color has-small-font-size\" href=\"https:\/\/diselva.com\/de\/blog\/faktoren-die-ihre-digitale-transformation-ausbremsen\/\" target=\"_self\">lesen<span class=\"screen-reader-text\">: Faktoren, die Ihre Digitale Transformation ausbremsen<\/span><\/a><\/div>\n\n<\/article><\/div><div class=\"flexy-item\"><article class=\"wp-block-post is-layout-flow post-111415 post type-post status-publish format-standard has-post-thumbnail hentry category-digitale-transformation-strategie category-digitalisierung-kmu category-expertenartikel thema-digitale-transformation\">\n\n<div class=\"wp-block-group carousel__expert-articles--tile has-border-color has-palette-color-8-border-color is-content-justification-left is-layout-constrained wp-container-core-group-is-layout-2de34087 wp-block-group-is-layout-constrained\" style=\"border-width:1px;min-height:100%;padding-top:var(--wp--preset--spacing--40);padding-right:var(--wp--preset--spacing--40);padding-bottom:var(--wp--preset--spacing--40);padding-left:var(--wp--preset--spacing--40)\"><div style=\"margin-bottom:5px;border-radius:0px\" class=\"ct-dynamic-data wp-elements-73 wp-elements-74 has-small-font-size\"><a href=\"https:\/\/diselva.com\/de\/blog\/author\/\">J\u00f6rg Brunschwiler<\/a><\/div>\n\n<h3 style=\"margin-top:var(--wp--preset--spacing--30);margin-bottom:var(--wp--preset--spacing--30)\" class=\"ct-dynamic-data wp-elements-75 wp-elements-76 has-large-font-size\"><a href=\"https:\/\/diselva.com\/de\/blog\/bewaehrtes-vorgehen-digitale-transformation-strategie\/\">Bew\u00e4hrtes Vorgehen Digitale Transformation Strategie<\/a><\/h3>\n\n<p style=\"line-height:1.1;margin-bottom:var(--wp--preset--spacing--40);margin-top:var(--wp--preset--spacing--30)\" class=\"ct-dynamic-data has-medium-font-size\">Die diselva Digitale Transformation Strategie im Detail.<\/p>\n\n<a class=\"wp-elements-77 wp-block-read-more has-text-color has-palette-color-1-color has-small-font-size\" href=\"https:\/\/diselva.com\/de\/blog\/bewaehrtes-vorgehen-digitale-transformation-strategie\/\" target=\"_self\">lesen<span class=\"screen-reader-text\">: Bew\u00e4hrtes Vorgehen Digitale Transformation Strategie<\/span><\/a><\/div>\n\n<\/article><\/div><div class=\"flexy-item\"><article class=\"wp-block-post is-layout-flow post-110431 post type-post status-publish format-standard has-post-thumbnail hentry category-digitale-transformation-strategie category-evaluationen-und-ausschreibungen category-expertenartikel\">\n\n<div class=\"wp-block-group carousel__expert-articles--tile has-border-color has-palette-color-8-border-color is-content-justification-left is-layout-constrained wp-container-core-group-is-layout-2de34087 wp-block-group-is-layout-constrained\" style=\"border-width:1px;min-height:100%;padding-top:var(--wp--preset--spacing--40);padding-right:var(--wp--preset--spacing--40);padding-bottom:var(--wp--preset--spacing--40);padding-left:var(--wp--preset--spacing--40)\"><div style=\"margin-bottom:5px;border-radius:0px\" class=\"ct-dynamic-data wp-elements-78 wp-elements-79 has-small-font-size\"><a href=\"https:\/\/diselva.com\/de\/blog\/author\/\">J\u00f6rg Brunschwiler<\/a><\/div>\n\n<h3 style=\"margin-top:var(--wp--preset--spacing--30);margin-bottom:var(--wp--preset--spacing--30)\" class=\"ct-dynamic-data wp-elements-80 wp-elements-81 has-large-font-size\"><a href=\"https:\/\/diselva.com\/de\/blog\/evaluationsvorgehen-und-was-uns-dabei-wichtig-ist\/\">Evaluationsvorgehen &#8211; und was uns dabei wichtig ist<\/a><\/h3>\n\n<p style=\"line-height:1.1;margin-bottom:var(--wp--preset--spacing--40);margin-top:var(--wp--preset--spacing--30)\" class=\"ct-dynamic-data has-medium-font-size\">Bew\u00e4hrtes Vorgehen f\u00fcr Anbieter-Evaluationen in 5 Schritten &#8211; f\u00fcr Systeme und Dienstleister.<\/p>\n\n<a class=\"wp-elements-82 wp-block-read-more has-text-color has-palette-color-1-color has-small-font-size\" href=\"https:\/\/diselva.com\/de\/blog\/evaluationsvorgehen-und-was-uns-dabei-wichtig-ist\/\" target=\"_self\">lesen<span class=\"screen-reader-text\">: Evaluationsvorgehen &#8211; und was uns dabei wichtig ist<\/span><\/a><\/div>\n\n<\/article><\/div><\/div><\/div><span class=\"flexy-arrow-prev\" data-position=\"outside\"><svg width=\"16\" height=\"10\" fill=\"currentColor\" viewBox=\"0 0 16 10\"><path d=\"M15.3 4.3h-13l2.8-3c.3-.3.3-.7 0-1-.3-.3-.6-.3-.9 0l-4 4.2-.2.2v.6c0 .1.1.2.2.2l4 4.2c.3.4.6.4.9 0 .3-.3.3-.7 0-1l-2.8-3h13c.2 0 .4-.1.5-.2s.2-.3.2-.5-.1-.4-.2-.5c-.1-.1-.3-.2-.5-.2z\"><\/path><\/svg><\/span>\n\t\t\t\t\t\t\t\t<span class=\"flexy-arrow-next\" data-position=\"outside\"><svg width=\"16\" height=\"10\" fill=\"currentColor\" viewBox=\"0 0 16 10\"><path d=\"M.2 4.5c-.1.1-.2.3-.2.5s.1.4.2.5c.1.1.3.2.5.2h13l-2.8 3c-.3.3-.3.7 0 1 .3.3.6.3.9 0l4-4.2.2-.2V5v-.3c0-.1-.1-.2-.2-.2l-4-4.2c-.3-.4-.6-.4-.9 0-.3.3-.3.7 0 1l2.8 3H.7c-.2 0-.4.1-.5.2z\"><\/path><\/svg><\/span><\/div><\/div><\/div><style>[data-id='85abaec1'] {--grid-columns-width:25%;} [data-id='85abaec1'] [data-flexy*=\"no\"] .flexy-item:nth-child(n + 5) {height:1px;}@media (max-width: 999.98px) {[data-id='85abaec1'] {--grid-columns-width:50%;} [data-id='85abaec1'] [data-flexy*=\"no\"] .flexy-item:nth-child(n + 3) {height:1px;}}@media (max-width: 689.98px) {[data-id='85abaec1'] {--grid-columns-width:100%;} [data-id='85abaec1'] [data-flexy*=\"no\"] .flexy-item:nth-child(n + 2) {height:1px;}}<\/style><\/div>\n<\/div>\n","protected":false},"excerpt":{"rendered":"<p>Digitale Transformation Strategie Wir schaffen den \u00dcberblick \u00fcber alle relevanten digitalen Themen inkl. Abh\u00e4ngigkeiten &amp; und bieten damit eine exzellente Basis f\u00fcr die anstehenden Entscheidungen in der schrittweisen digitalen Transformation. Mit unserer bew\u00e4hrten Methodik in der Digitalen Transformation Strategie entwickeln wir ein auf Ihre Situation passendes, massgeschneidertes Vorgehen. Beginnend mit der Integration der bereits bestehenden [&hellip;]<\/p>\n","protected":false},"author":268896780,"featured_media":110821,"parent":1,"menu_order":0,"comment_status":"closed","ping_status":"closed","template":"","meta":{"_acf_changed":false,"_eb_attr":"","content-type":"","advanced_seo_description":"","jetpack_seo_html_title":"","jetpack_seo_noindex":false,"jetpack_seo_schema_type":"","_wpcom_ai_launchpad_about_page":false,"_wpcom_ai_launchpad_gallery_page":false,"_wpcom_ai_launchpad_contact_page":false,"_wpcom_ai_launchpad_events_page":false,"_wpcom_ai_launchpad_video_page":false,"_wpcom_ai_launchpad_portfolio_piece":false,"footnotes":""},"folder":[1927],"class_list":["post-104893","page","type-page","status-publish","has-post-thumbnail","hentry"],"blocksy_meta":{"styles_descriptor":{"styles":{"desktop":"","tablet":"","mobile":""},"google_fonts":[],"version":7}},"acf":[],"jetpack_sharing_enabled":true,"_links":{"self":[{"href":"https:\/\/diselva.com\/de\/wp-json\/wp\/v2\/pages\/104893","targetHints":{"allow":["GET"]}}],"collection":[{"href":"https:\/\/diselva.com\/de\/wp-json\/wp\/v2\/pages"}],"about":[{"href":"https:\/\/diselva.com\/de\/wp-json\/wp\/v2\/types\/page"}],"author":[{"embeddable":true,"href":"https:\/\/diselva.com\/de\/wp-json\/wp\/v2\/users\/268896780"}],"replies":[{"embeddable":true,"href":"https:\/\/diselva.com\/de\/wp-json\/wp\/v2\/comments?post=104893"}],"version-history":[{"count":89,"href":"https:\/\/diselva.com\/de\/wp-json\/wp\/v2\/pages\/104893\/revisions"}],"predecessor-version":[{"id":115539,"href":"https:\/\/diselva.com\/de\/wp-json\/wp\/v2\/pages\/104893\/revisions\/115539"}],"up":[{"embeddable":true,"href":"https:\/\/diselva.com\/de\/wp-json\/wp\/v2\/pages\/1"}],"wp:featuredmedia":[{"embeddable":true,"href":"https:\/\/diselva.com\/de\/wp-json\/wp\/v2\/media\/110821"}],"wp:attachment":[{"href":"https:\/\/diselva.com\/de\/wp-json\/wp\/v2\/media?parent=104893"}],"wp:term":[{"taxonomy":"folder","embeddable":true,"href":"https:\/\/diselva.com\/de\/wp-json\/wp\/v2\/folder?post=104893"}],"curies":[{"name":"wp","href":"https:\/\/api.w.org\/{rel}","templated":true}]}}