{"id":104937,"date":"2025-09-03T09:32:57","date_gmt":"2025-09-03T07:32:57","guid":{"rendered":"https:\/\/diselva.com\/?page_id=104937"},"modified":"2026-07-03T08:35:03","modified_gmt":"2026-07-03T06:35:03","slug":"lead-consultant-digitale-transformation","status":"publish","type":"page","link":"https:\/\/diselva.com\/de\/leistungen-beratung\/lead-consultant-digitale-transformation\/","title":{"rendered":"Lead Consultant Digitale Transformation"},"content":{"rendered":"\n<div class=\"wp-block-group alignwide hero__subpages has-palette-color-7-background-color has-background is-layout-constrained wp-block-group-is-layout-constrained\" style=\"padding-bottom:var(--wp--preset--spacing--70)\">\n<h1 class=\"wp-block-heading alignwide\">Lead Consultant Digitale Transformation<br>Digital Business Consultant&nbsp;<\/h1>\n\n\n\n<div class=\"wp-block-group alignwide is-content-justification-left is-layout-constrained wp-container-core-group-is-layout-12dd3699 wp-block-group-is-layout-constrained\">\n<p class=\"has-palette-color-1-color has-text-color has-link-color has-x-large-font-size wp-elements-1 wp-block-paragraph\">Eine erfahrene Expert:in, die Ihr Projekt inhaltlich zum Erfolg f\u00fchrt, Sie umfassend in Ihrer Digitalen Transformation unterst\u00fctzt und Business-Anforderungen klar in Richtung IT \u00fcbersetzt und priorisiert &#8211; mit voller Verantwortung f\u00fcr Ihren Projekterfolg<\/p>\n\n\n\n<p class=\"has-palette-color-1-color has-text-color has-link-color wp-elements-2 wp-block-paragraph\">Viele Unternehmen verf\u00fcgen nicht \u00fcber ausreichende inhaltliche Expertise, um ihre Projekte erfolgreich umzusetzen. Entscheidungen zur digitalen Transformation verz\u00f6gern sich, Chancen bleiben ungenutzt, Projekte laufen ineffizient und interne Teams sind stark belastet.<\/p>\n\n\n\n<p class=\"has-palette-color-1-color has-text-color has-link-color wp-elements-3 wp-block-paragraph\">diselva bringt Technologie und Business pragmatisch, effizient und verst\u00e4ndlich zusammen. Unsere erfahrenen Berater entwickeln realisierbare digitale L\u00f6sungen, zeigen M\u00f6glichkeiten auf und machen Digitalisierung erlebbar \u2013 genau dort, wo es f\u00fcr Ihren Erfolg entscheidend ist, und in dem Umfang, den Ihr Projekt wirklich braucht. So wird digitale Transformation messbar, skalierbar und zukunftsf\u00e4hig.<\/p>\n<\/div>\n<\/div>\n\n\n\n<div class=\"wp-block-group alignfull accordion__horizontal has-palette-color-3-background-color has-background is-layout-constrained wp-container-core-group-is-layout-639b5052 wp-block-group-is-layout-constrained\" style=\"padding-top:0;padding-right:0;padding-bottom:0;padding-left:0\">\n<div class=\"wp-block-essential-blocks-accordion alignwide  root-eb-accordion-e74al\"><div class=\"eb-parent-wrapper eb-parent-eb-accordion-e74al \"><div class=\"eb-accordion-container eb-accordion-e74al eb-accordion-type-horizontal eb-accordion-bottom-top\" data-accordion-type=\"horizontal\" data-tab-icon=\"fas fa-plus\" data-expanded-icon=\"fas fa-minus\" data-transition-duration=\"500\"><div class=\"eb-accordion-inner\">\n<div class=\"wp-block-essential-blocks-accordion-item eb-accordion-item-2e8vx eb-accordion-wrapper\" data-clickable=\"true\"><div class=\"eb-accordion-title-wrapper eb-accordion-title-wrapper-eb-accordion-e74al eb-accordion-horizontal-enable\" tabindex=\"0\"><span class=\"eb-accordion-icon-wrapper eb-accordion-icon-wrapper-eb-accordion-e74al\"><span class=\"fas fa-plus eb-accordion-icon\"><\/span><\/span><div class=\"eb-accordion-title-content-wrap title-content-eb-accordion-e74al\"><p class=\"eb-accordion-title\">Erfolg<\/p><\/div><\/div><div class=\"eb-accordion-content-wrapper eb-accordion-content-wrapper-eb-accordion-e74al\"><div class=\"eb-accordion-content\">\n\n<h2 class=\"wp-block-heading\" style=\"margin-top:var(--wp--preset--spacing--60)\">Projekt-Erfolgreichmacher on demand<\/h2>\n\n\n<div class=\"wp-block-group is-layout-constrained wp-container-core-group-is-layout-367b13f8 wp-block-group-is-layout-constrained\" style=\"padding-top:var(--wp--preset--spacing--60);padding-right:0;padding-left:0\">\n\n<p class=\"has-palette-color-1-color has-text-color has-link-color wp-elements-4 wp-block-paragraph\">Manchmal braucht es jemanden, der sofort versteht, anpackt und auf den Punkt bringt \u2013 oder einfach zuh\u00f6rt.<\/p>\n\n\n<p class=\"has-palette-color-1-color has-text-color has-link-color wp-elements-5 wp-block-paragraph\">Diselva bringt Sie voran \u2013 von Analyse und Konzeption \u00fcber Innovation und Evaluation bis hin zu Projektbegleitung, AI-Strategie und Proof of Concept. Alles, was zur digitalen Transformation geh\u00f6rt, bieten wir unabh\u00e4ngig, direkt und auf Augenh\u00f6he.<\/p>\n\n<\/div>\n\n<\/div><\/div><\/div>\n\n\n\n<div class=\"wp-block-essential-blocks-accordion-item eb-accordion-item-a6dmj eb-accordion-wrapper\" data-clickable=\"false\"><div class=\"eb-accordion-title-wrapper eb-accordion-title-wrapper-eb-accordion-e74al eb-accordion-horizontal-enable\" tabindex=\"0\"><span class=\"eb-accordion-icon-wrapper eb-accordion-icon-wrapper-eb-accordion-e74al\"><span class=\"fas fa-plus eb-accordion-icon\"><\/span><\/span><div class=\"eb-accordion-title-content-wrap title-content-eb-accordion-e74al\"><p class=\"eb-accordion-title\">Erfahrung<\/p><\/div><\/div><div class=\"eb-accordion-content-wrapper eb-accordion-content-wrapper-eb-accordion-e74al\"><div class=\"eb-accordion-content\">\n\n<h2 class=\"wp-block-heading\" style=\"margin-top:var(--wp--preset--spacing--60)\">Profile mit Erfahrung, Pragmatismus und Engagement<\/h2>\n\n\n<div class=\"wp-block-group is-layout-constrained wp-container-core-group-is-layout-367b13f8 wp-block-group-is-layout-constrained\" style=\"padding-top:var(--wp--preset--spacing--60);padding-right:0;padding-left:0\">\n\n<p class=\"has-palette-color-1-color has-text-color has-link-color wp-elements-6 wp-block-paragraph\">Darum sind ist unsere Erfahrungen mehr als nur ein Projekt-Profil<\/p>\n\n\n<ul class=\"wp-block-list\">\n\n<li class=\"has-palette-color-1-color has-text-color has-link-color wp-elements-7\"><strong>Beratungskompetenz<\/strong> \u2013 wir verstehen Business, Organisation und Prozesse, stellen die richtigen Fragen und schaffen tragf\u00e4hige Entscheidungsgrundlagen<\/li>\n\n\n<li class=\"has-palette-color-1-color has-text-color has-link-color wp-elements-8\"><strong>Technologiekompetenz <\/strong>\u2013 wir kennen Plattformen, Architekturen und Trends wie AI oder Data und \u00fcbersetzen Business-Anforderungen in zukunftsf\u00e4hige L\u00f6sungen<\/li>\n\n\n<li class=\"has-palette-color-1-color has-text-color has-link-color wp-elements-9\"><strong>Digitalisierungs-Experten<\/strong> \u2013 wir begleiten Transformationen ganzheitlich von der Strategie bis zur Umsetzung und bef\u00e4higen Organisationen, digitale Chancen zu nutzen<\/li>\n\n\n<li class=\"has-palette-color-1-color has-text-color has-link-color wp-elements-10\"><strong>Pragmatisch handeln<\/strong> \u2013 wir arbeiten zielgerichtet inklusive Coaching und Sparring f\u00fcr Teams und F\u00fchrungskr\u00e4fte<\/li>\n\n<\/ul>\n\n<\/div>\n\n<\/div><\/div><\/div>\n\n\n\n<div class=\"wp-block-essential-blocks-accordion-item eb-accordion-item-1gbny eb-accordion-wrapper\" data-clickable=\"false\"><div class=\"eb-accordion-title-wrapper eb-accordion-title-wrapper-eb-accordion-e74al eb-accordion-horizontal-enable\" tabindex=\"0\"><span class=\"eb-accordion-icon-wrapper eb-accordion-icon-wrapper-eb-accordion-e74al\"><span class=\"fas fa-plus eb-accordion-icon\"><\/span><\/span><div class=\"eb-accordion-title-content-wrap title-content-eb-accordion-e74al\"><p class=\"eb-accordion-title\">Szenarien<\/p><\/div><\/div><div class=\"eb-accordion-content-wrapper eb-accordion-content-wrapper-eb-accordion-e74al\"><div class=\"eb-accordion-content\">\n\n<h2 class=\"wp-block-heading\" style=\"margin-top:var(--wp--preset--spacing--60)\">Einsatzszenarien f\u00fcr Ihr Unternehmen &#8211; punktgenau unterst\u00fctzt<\/h2>\n\n\n<div class=\"wp-block-group is-layout-constrained wp-container-core-group-is-layout-367b13f8 wp-block-group-is-layout-constrained\" style=\"padding-top:var(--wp--preset--spacing--60);padding-right:0;padding-left:0\">\n\n<p class=\"has-palette-color-1-color has-text-color has-link-color wp-elements-11 wp-block-paragraph\">Wir steigen genau dort ein, wo es den Unterschied macht \u2013 punktuell, mitverantwortlich oder ganzheitlich \u2013 und bringen die passende Kompetenz und Erfahrung im richtigen Umfang.<\/p>\n\n\n<ul class=\"wp-block-list\">\n\n<li class=\"has-palette-color-1-color has-text-color has-link-color wp-elements-12\">Digitalstrategie entwickeln (40\u201360\u202f%): Analyse von Business und IT, Definition von Zielbildern, Maturit\u00e4t, Roadmap und Governance.<\/li>\n\n\n<li class=\"has-palette-color-1-color has-text-color has-link-color wp-elements-13\">Projektunterst\u00fctzung (20\u201330\u202f%): Requirements, Unterlagen, Evaluation und Begleitung zur Qualit\u00e4tssicherung.<\/li>\n\n\n<li class=\"has-palette-color-1-color has-text-color has-link-color wp-elements-14\">System- &amp; Partnerbewertung (5\u201310\u202fTage): Evaluierung passender L\u00f6sungen, Vergleich von Dienstleistern, Entscheidungsgrundlagen f\u00fcr GL\/VR.<\/li>\n\n\n<li class=\"has-palette-color-1-color has-text-color has-link-color wp-elements-15\">Business-Anforderungen &amp; Systemabgleich (20\u201340\u202f%): Workshops, Interviews, Dokumentation, Fit\/Gap-Analyse.<\/li>\n\n\n<li class=\"has-palette-color-1-color has-text-color has-link-color wp-elements-16\">L\u00f6sungen erarbeiten (variabel): Architekturentwurf, Proof of Concept, Data\/AI-Integration, Begleitung der Umsetzung.<\/li>\n\n<\/ul>\n\n<\/div>\n\n<\/div><\/div><\/div>\n\n\n\n<div class=\"wp-block-essential-blocks-accordion-item eb-accordion-item-7yeb1 eb-accordion-wrapper\" data-clickable=\"false\"><div class=\"eb-accordion-title-wrapper eb-accordion-title-wrapper-eb-accordion-e74al eb-accordion-horizontal-enable\" tabindex=\"0\"><span class=\"eb-accordion-icon-wrapper eb-accordion-icon-wrapper-eb-accordion-e74al\"><span class=\"fas fa-plus eb-accordion-icon\"><\/span><\/span><div class=\"eb-accordion-title-content-wrap title-content-eb-accordion-e74al\"><p class=\"eb-accordion-title\">Zugriff<\/p><\/div><\/div><div class=\"eb-accordion-content-wrapper eb-accordion-content-wrapper-eb-accordion-e74al\"><div class=\"eb-accordion-content\">\n\n<h2 class=\"wp-block-heading\" style=\"margin-top:var(--wp--preset--spacing--60)\">Zugriff auf weitere Experten<\/h2>\n\n\n<div class=\"wp-block-group is-layout-constrained wp-container-core-group-is-layout-367b13f8 wp-block-group-is-layout-constrained\" style=\"padding-top:var(--wp--preset--spacing--60);padding-right:0;padding-left:0\">\n\n<p class=\"has-palette-color-1-color has-text-color has-link-color wp-elements-17 wp-block-paragraph\">Selbst die erfahrenste Expert:in ben\u00f6tigt hin und wieder spezifischen Input oder ein gezieltes Challenging. Diselva stellt dies innerhalb Ihres Unternehmens sicher \u2013 oft informell im Hintergrund oder nach Absprache auch als gezielte Experten-Dienstleistung.<\/p>\n\n\n<p class=\"has-palette-color-1-color has-text-color has-link-color wp-elements-18 wp-block-paragraph\">Zudem greifen wir auf ein umfangreiches Netzwerk aus Beirat, ehemaligen Kolleg:innen und Partnern zur\u00fcck. So k\u00f6nnen wir nahezu jede Expertise unkompliziert verf\u00fcgbar machen oder direkt in Ihr Projekt einbinden.<\/p>\n\n<\/div>\n\n<\/div><\/div><\/div>\n<\/div><\/div><\/div><\/div>\n<\/div>\n\n\n\n<div class=\"wp-block-group alignfull section__highlight--white has-palette-color-7-background-color has-background is-layout-constrained wp-block-group-is-layout-constrained\" style=\"padding-top:var(--wp--preset--spacing--70);padding-bottom:var(--wp--preset--spacing--80)\">\n<div class=\"wp-block-group is-layout-constrained wp-block-group-is-layout-constrained\">\n<h2 class=\"wp-block-heading\">Ihre Vorteile mit diselva<\/h2>\n\n\n\n<div class=\"wp-block-columns is-layout-flex wp-container-core-columns-is-layout-28f84493 wp-block-columns-is-layout-flex\">\n<div class=\"wp-block-column is-layout-flow wp-block-column-is-layout-flow\">\n<div class=\"wp-block-group has-palette-color-1-color has-text-color has-link-color wp-elements-19 is-vertical is-layout-flex wp-container-core-group-is-layout-fe9cc265 wp-block-group-is-layout-flex\">\n<p class=\"wp-block-paragraph\" style=\"font-size:clamp(15.747px, 0.984rem + ((1vw - 3.2px) * 0.645), 24px);line-height:1.25\">Neutral und objektiv &#8211; Wir sind unabh\u00e4ngig von Herstellern und Systemanbietern \u2013 und k\u00f6nnen dadurch digitale Transformationsvorhaben klar, transparent und ohne versteckte Interessen beurteilen. Wir analysieren Chancen und Risiken Ihrer Initiativen, bewerten die Machbarkeit und geben Empfehlungen, die allein dem Erfolg Ihres Unternehmens dienen. <\/p>\n\n\n\n<hr class=\"wp-block-separator has-text-color has-palette-color-1-color has-alpha-channel-opacity has-palette-color-1-background-color has-background is-style-wide wp-container-content-9d25eabc\"\/>\n\n\n\n<p class=\"wp-block-paragraph\" style=\"font-size:clamp(15.747px, 0.984rem + ((1vw - 3.2px) * 0.645), 24px);line-height:1.25\">Fundiert und erfahren &#8211; wir besetzen Schl\u00fcsselrollen mit Seniorit\u00e4t und Tatkraft und verf\u00fcgen \u00fcber langj\u00e4hrige Erfahrung in Beratung und Projektgesch\u00e4ft \u2013 wir wissen aus erster Hand, wie die Umsetzung funktioniert und wo die Stolpersteine liegen.<\/p>\n\n\n\n<hr class=\"wp-block-separator has-text-color has-palette-color-1-color has-alpha-channel-opacity has-palette-color-1-background-color has-background is-style-wide wp-container-content-9d25eabc\"\/>\n\n\n\n<p class=\"wp-block-paragraph\" style=\"font-size:clamp(15.747px, 0.984rem + ((1vw - 3.2px) * 0.645), 24px);line-height:1.25\">Fokussiert und entlastend &#8211; Digitale Transformation ist komplex und fordert viel Aufmerksamkeit vom Management. Wir strukturieren den Prozess, setzen Priorit\u00e4ten und \u00fcbernehmen Verantwortung \u2013 damit Ihre Organisation entlastet wird und Sie sich auf die wesentlichen Entscheidungen konzentrieren k\u00f6nnen. Aber nur soviel wie n\u00f6tig und so wenig wie m\u00f6glich \u2013 h\u00e4ufig gen\u00fcgen 40 % Einsatz, ob in Projekt- oder Coaching-Rollen.<\/p>\n\n\n\n<hr class=\"wp-block-separator has-text-color has-palette-color-1-color has-alpha-channel-opacity has-palette-color-1-background-color has-background is-style-wide wp-container-content-9d25eabc\"\/>\n\n\n\n<p class=\"wp-block-paragraph\" style=\"font-size:clamp(15.747px, 0.984rem + ((1vw - 3.2px) * 0.645), 24px);line-height:1.25\">Flexibel und unterst\u00fctzend &#8211; bei Bedarf ziehen wir gezielt weitere Expert:innen hinzu, z.B. f\u00fcr technische Reviews, kritisches Sparring oder Validierung von L\u00f6sungsans\u00e4tzen &#8211; unkompliziert und genau im ben\u00f6tigten Umfang<\/p>\n\n\n\n<hr class=\"wp-block-separator has-text-color has-palette-color-1-color has-alpha-channel-opacity has-palette-color-1-background-color has-background is-style-wide wp-container-content-9d25eabc\"\/>\n<\/div>\n<\/div>\n<\/div>\n<\/div>\n<\/div>\n\n\n\n<div class=\"wp-block-group alignfull section__highlight--white has-palette-color-7-background-color has-background is-layout-constrained wp-block-group-is-layout-constrained\" style=\"padding-top:var(--wp--preset--spacing--80);padding-bottom:0\">\n<div class=\"wp-block-group is-layout-constrained wp-block-group-is-layout-constrained\">\n<h2 class=\"wp-block-heading\">Projekterfahrungen<\/h2>\n<\/div>\n<\/div>\n\n\n\n<div class=\"wp-block-group alignfull is-layout-constrained wp-block-group-is-layout-constrained\" style=\"padding-top:var(--wp--preset--spacing--40);padding-bottom:var(--wp--preset--spacing--80)\">\n<div data-id=\"f474cd36\" style=\"border-radius:0px;\" class=\"wp-block-blocksy-query alignwide carousel__experience\"><div class=\"ct-query-template is-layout-slider\"><div class=\"flexy-container\" data-flexy=\"no\"><div class=\"flexy\"><div class=\"flexy-view\" data-flexy-view=\"boxed\"><div class=\"flexy-items\"><div class=\"flexy-item\"><article class=\"wp-block-post is-layout-flow post-113739 case-study type-case-study status-publish has-post-thumbnail hentry category-architektur-review category-begleitung-in-der-umsetzung-der-projekte category-enterprise-architect-solution-architect category-gl-vr-sparring-partner category-lead-consultant-digitale-transformation category-standard-case branche-digital-business-innovation-services\">\n<a style=\"margin-bottom:5px\" class=\"ct-dynamic-media wp-elements-25\" aria-label=\"Meteomatics\" href=\"https:\/\/diselva.com\/de\/case\/meteomatics\/\"><img loading=\"lazy\" decoding=\"async\" width=\"400\" height=\"267\" src=\"https:\/\/i0.wp.com\/diselva.com\/wp-content\/uploads\/2025\/09\/meteomatics-hero-teaser.jpg?fit=400%2C267&amp;quality=83&amp;ssl=1\" class=\"attachment-thumbnail size-thumbnail\" alt=\"Meteomatics - Hero Image\" style=\"width:100%;height:100%;object-fit: cover;aspect-ratio: 4\/3;border-radius:0px;\" srcset=\"https:\/\/i0.wp.com\/diselva.com\/wp-content\/uploads\/2025\/09\/meteomatics-hero-teaser.jpg?w=1200&amp;quality=83&amp;ssl=1 1200w, https:\/\/i0.wp.com\/diselva.com\/wp-content\/uploads\/2025\/09\/meteomatics-hero-teaser.jpg?resize=1024%2C683&amp;quality=83&amp;ssl=1 1024w, https:\/\/i0.wp.com\/diselva.com\/wp-content\/uploads\/2025\/09\/meteomatics-hero-teaser.jpg?resize=400%2C267&amp;quality=83&amp;ssl=1 400w, https:\/\/i0.wp.com\/diselva.com\/wp-content\/uploads\/2025\/09\/meteomatics-hero-teaser.jpg?resize=768%2C512&amp;quality=83&amp;ssl=1 768w\" sizes=\"auto, (max-width: 400px) 100vw, 400px\" \/><\/a>\n\n<h3 style=\"margin-top:var(--wp--preset--spacing--30);margin-bottom:var(--wp--preset--spacing--30)\" class=\"ct-dynamic-data wp-elements-26 wp-elements-27 has-small-font-size\"><a href=\"https:\/\/diselva.com\/de\/case\/meteomatics\/\">Meteomatics<\/a><\/h3>\n\n<p style=\"line-height:1.1;margin-bottom:0;margin-top:0\" class=\"ct-dynamic-data has-large-font-size\">Konzeption &#038; Design f\u00fcr Alarmdashboard Unwetterwarnung<\/p>\n<\/article><\/div><div class=\"flexy-item\"><article class=\"wp-block-post is-layout-flow post-107093 case-study type-case-study status-publish has-post-thumbnail hentry category-business-prozesse-hebel-governance category-digitale-organisation category-digitalisierung-kmu category-evaluationen-und-ausschreibungen category-lead-consultant-digitale-transformation category-project-manager-program-manager category-standard-case category-standortbestimmung-digitale-transformation branche-tourism-hospitality-sports-entertainment thema-business-it-strategie\">\n<a style=\"margin-bottom:5px\" class=\"ct-dynamic-media wp-elements-28\" aria-label=\"Gadget\" href=\"https:\/\/diselva.com\/de\/case\/gadget\/\"><img loading=\"lazy\" decoding=\"async\" width=\"400\" height=\"267\" src=\"https:\/\/i0.wp.com\/diselva.com\/wp-content\/uploads\/2025\/09\/gadget-hero-teaser.jpg?fit=400%2C267&amp;quality=83&amp;ssl=1\" class=\"attachment-thumbnail size-thumbnail\" alt=\"Gadget - Open Air St. Gallen - Hero Teaser\" style=\"width:100%;height:100%;object-fit: cover;aspect-ratio: 4\/3;border-radius:0px;\" srcset=\"https:\/\/i0.wp.com\/diselva.com\/wp-content\/uploads\/2025\/09\/gadget-hero-teaser.jpg?w=1200&amp;quality=83&amp;ssl=1 1200w, https:\/\/i0.wp.com\/diselva.com\/wp-content\/uploads\/2025\/09\/gadget-hero-teaser.jpg?resize=1024%2C683&amp;quality=83&amp;ssl=1 1024w, https:\/\/i0.wp.com\/diselva.com\/wp-content\/uploads\/2025\/09\/gadget-hero-teaser.jpg?resize=640%2C427&amp;quality=83&amp;ssl=1 640w, https:\/\/i0.wp.com\/diselva.com\/wp-content\/uploads\/2025\/09\/gadget-hero-teaser.jpg?resize=768%2C512&amp;quality=83&amp;ssl=1 768w\" sizes=\"auto, (max-width: 400px) 100vw, 400px\" \/><\/a>\n\n<h3 style=\"margin-top:var(--wp--preset--spacing--30);margin-bottom:var(--wp--preset--spacing--30)\" class=\"ct-dynamic-data wp-elements-29 wp-elements-30 has-small-font-size\"><a href=\"https:\/\/diselva.com\/de\/case\/gadget\/\">Gadget<\/a><\/h3>\n\n<p style=\"line-height:1.1;margin-bottom:0;margin-top:0\" class=\"ct-dynamic-data has-large-font-size\">Bleibende Erinnerungen mit Everything Music<\/p>\n<\/article><\/div><div class=\"flexy-item\"><article class=\"wp-block-post is-layout-flow post-107521 case-study type-case-study status-publish has-post-thumbnail hentry category-business-prozesse-hebel-governance category-digitale-transformation-strategie category-digitalisierung-kmu category-enterprise-architect-solution-architect category-lead-consultant-digitale-transformation category-solution-software-architecture category-standard-case category-standortbestimmung-digitale-transformation branche-b2b-manufacturing-industries\">\n<a style=\"margin-bottom:5px\" class=\"ct-dynamic-media wp-elements-31\" aria-label=\"Lista Office\" href=\"https:\/\/diselva.com\/de\/case\/lista-office\/\"><img loading=\"lazy\" decoding=\"async\" width=\"400\" height=\"267\" src=\"https:\/\/i0.wp.com\/diselva.com\/wp-content\/uploads\/2025\/09\/lista-office-hero-teaser.jpg?fit=400%2C267&amp;quality=83&amp;ssl=1\" class=\"attachment-thumbnail size-thumbnail\" alt=\"Lista Office - Hero Image\" style=\"width:100%;height:100%;object-fit: cover;aspect-ratio: 4\/3;border-radius:0px;\" srcset=\"https:\/\/i0.wp.com\/diselva.com\/wp-content\/uploads\/2025\/09\/lista-office-hero-teaser.jpg?w=1200&amp;quality=83&amp;ssl=1 1200w, https:\/\/i0.wp.com\/diselva.com\/wp-content\/uploads\/2025\/09\/lista-office-hero-teaser.jpg?resize=1024%2C683&amp;quality=83&amp;ssl=1 1024w, https:\/\/i0.wp.com\/diselva.com\/wp-content\/uploads\/2025\/09\/lista-office-hero-teaser.jpg?resize=400%2C267&amp;quality=83&amp;ssl=1 400w, https:\/\/i0.wp.com\/diselva.com\/wp-content\/uploads\/2025\/09\/lista-office-hero-teaser.jpg?resize=768%2C512&amp;quality=83&amp;ssl=1 768w\" sizes=\"auto, (max-width: 400px) 100vw, 400px\" \/><\/a>\n\n<h3 style=\"margin-top:var(--wp--preset--spacing--30);margin-bottom:var(--wp--preset--spacing--30)\" class=\"ct-dynamic-data wp-elements-32 wp-elements-33 has-small-font-size\"><a href=\"https:\/\/diselva.com\/de\/case\/lista-office\/\">Lista Office<\/a><\/h3>\n\n<p style=\"line-height:1.1;margin-bottom:0;margin-top:0\" class=\"ct-dynamic-data has-large-font-size\">Digitale Transformation mit Fokus eCommerce<\/p>\n<\/article><\/div><div class=\"flexy-item\"><article class=\"wp-block-post is-layout-flow post-107017 case-study type-case-study status-publish has-post-thumbnail hentry category-begleitung-in-der-umsetzung-der-projekte category-business-prozesse-hebel-governance category-digitale-transformation-strategie category-digitalisierung-kmu category-evaluationen-und-ausschreibungen category-gl-vr-sparring-partner category-lead-consultant-digitale-transformation category-standard-case branche-public-sector-education-health\">\n<a style=\"margin-bottom:5px\" class=\"ct-dynamic-media wp-elements-34\" aria-label=\"Swidro\" href=\"https:\/\/diselva.com\/de\/case\/swidro\/\"><img loading=\"lazy\" decoding=\"async\" width=\"400\" height=\"267\" src=\"https:\/\/i0.wp.com\/diselva.com\/wp-content\/uploads\/2025\/09\/swidro-hero-teaser.jpg?fit=400%2C267&amp;quality=83&amp;ssl=1\" class=\"attachment-thumbnail size-thumbnail\" alt=\"Swidro - Hero Image\" style=\"width:100%;height:100%;object-fit: cover;aspect-ratio: 4\/3;border-radius:0px;\" srcset=\"https:\/\/i0.wp.com\/diselva.com\/wp-content\/uploads\/2025\/09\/swidro-hero-teaser.jpg?w=1200&amp;quality=83&amp;ssl=1 1200w, https:\/\/i0.wp.com\/diselva.com\/wp-content\/uploads\/2025\/09\/swidro-hero-teaser.jpg?resize=1024%2C683&amp;quality=83&amp;ssl=1 1024w, https:\/\/i0.wp.com\/diselva.com\/wp-content\/uploads\/2025\/09\/swidro-hero-teaser.jpg?resize=640%2C427&amp;quality=83&amp;ssl=1 640w, https:\/\/i0.wp.com\/diselva.com\/wp-content\/uploads\/2025\/09\/swidro-hero-teaser.jpg?resize=768%2C512&amp;quality=83&amp;ssl=1 768w\" sizes=\"auto, (max-width: 400px) 100vw, 400px\" \/><\/a>\n\n<h3 style=\"margin-top:var(--wp--preset--spacing--30);margin-bottom:var(--wp--preset--spacing--30)\" class=\"ct-dynamic-data wp-elements-35 wp-elements-36 has-small-font-size\"><a href=\"https:\/\/diselva.com\/de\/case\/swidro\/\">Swidro<\/a><\/h3>\n\n<p style=\"line-height:1.1;margin-bottom:0;margin-top:0\" class=\"ct-dynamic-data has-large-font-size\">Evaluation von eCommerce Software und Dienstleister f\u00fcr ein komplexes Multi-Shop-Setup<\/p>\n<\/article><\/div><div class=\"flexy-item\"><article class=\"wp-block-post is-layout-flow post-105643 case-study type-case-study status-publish has-post-thumbnail hentry category-begleitung-in-der-umsetzung-der-projekte category-business-prozesse-hebel-governance category-enterprise-architect-solution-architect category-lead-consultant-digitale-transformation category-news category-project-manager-program-manager category-solution-software-architecture category-standard-case branche-public-sector-education-health\">\n<a style=\"margin-bottom:5px\" class=\"ct-dynamic-media wp-elements-37\" aria-label=\"Health Ostschweiz\" href=\"https:\/\/diselva.com\/de\/case\/hoch\/\"><img loading=\"lazy\" decoding=\"async\" width=\"400\" height=\"267\" src=\"https:\/\/i0.wp.com\/diselva.com\/wp-content\/uploads\/2025\/09\/hoch-hero-teaser.jpg?fit=400%2C267&amp;quality=83&amp;ssl=1\" class=\"attachment-thumbnail size-thumbnail\" alt=\"Hoch - Hero Image\" style=\"width:100%;height:100%;object-fit: cover;aspect-ratio: 4\/3;border-radius:0px;\" srcset=\"https:\/\/i0.wp.com\/diselva.com\/wp-content\/uploads\/2025\/09\/hoch-hero-teaser.jpg?w=1200&amp;quality=83&amp;ssl=1 1200w, https:\/\/i0.wp.com\/diselva.com\/wp-content\/uploads\/2025\/09\/hoch-hero-teaser.jpg?resize=1024%2C683&amp;quality=83&amp;ssl=1 1024w, https:\/\/i0.wp.com\/diselva.com\/wp-content\/uploads\/2025\/09\/hoch-hero-teaser.jpg?resize=640%2C427&amp;quality=83&amp;ssl=1 640w, https:\/\/i0.wp.com\/diselva.com\/wp-content\/uploads\/2025\/09\/hoch-hero-teaser.jpg?resize=768%2C512&amp;quality=83&amp;ssl=1 768w\" sizes=\"auto, (max-width: 400px) 100vw, 400px\" \/><\/a>\n\n<h3 style=\"margin-top:var(--wp--preset--spacing--30);margin-bottom:var(--wp--preset--spacing--30)\" class=\"ct-dynamic-data wp-elements-38 wp-elements-39 has-small-font-size\"><a href=\"https:\/\/diselva.com\/de\/case\/hoch\/\">Health Ostschweiz<\/a><\/h3>\n\n<p style=\"line-height:1.1;margin-bottom:0;margin-top:0\" class=\"ct-dynamic-data has-large-font-size\">Begleitung Implementierung der Website<\/p>\n<\/article><\/div><div class=\"flexy-item\"><article class=\"wp-block-post is-layout-flow post-104856 case-study type-case-study status-publish has-post-thumbnail hentry category-business-prozesse-hebel-governance category-digitale-organisation category-digitale-transformation-strategie category-enterprise-architect-solution-architect category-gl-vr-sparring-partner category-hero-case category-lead-consultant-digitale-transformation category-standortbestimmung-digitale-transformation branche-mobility-transportation\">\n<a style=\"margin-bottom:5px\" class=\"ct-dynamic-media wp-elements-40\" aria-label=\"S\u00fcdostbahn\" href=\"https:\/\/diselva.com\/de\/case\/sob\/\"><img loading=\"lazy\" decoding=\"async\" width=\"400\" height=\"267\" src=\"https:\/\/i0.wp.com\/diselva.com\/wp-content\/uploads\/2025\/09\/sob-hero-teaser.jpg?fit=400%2C267&amp;quality=83&amp;ssl=1\" class=\"attachment-thumbnail size-thumbnail\" alt=\"SOB S\u00fcdostbahn - Hero Image\" style=\"width:100%;height:100%;object-fit: cover;aspect-ratio: 4\/3;border-radius:0px;\" srcset=\"https:\/\/i0.wp.com\/diselva.com\/wp-content\/uploads\/2025\/09\/sob-hero-teaser.jpg?w=1200&amp;quality=83&amp;ssl=1 1200w, https:\/\/i0.wp.com\/diselva.com\/wp-content\/uploads\/2025\/09\/sob-hero-teaser.jpg?resize=1024%2C683&amp;quality=83&amp;ssl=1 1024w, https:\/\/i0.wp.com\/diselva.com\/wp-content\/uploads\/2025\/09\/sob-hero-teaser.jpg?resize=640%2C427&amp;quality=83&amp;ssl=1 640w, https:\/\/i0.wp.com\/diselva.com\/wp-content\/uploads\/2025\/09\/sob-hero-teaser.jpg?resize=768%2C512&amp;quality=83&amp;ssl=1 768w\" sizes=\"auto, (max-width: 400px) 100vw, 400px\" \/><\/a>\n\n<h3 style=\"margin-top:var(--wp--preset--spacing--30);margin-bottom:var(--wp--preset--spacing--30)\" class=\"ct-dynamic-data wp-elements-41 wp-elements-42 has-small-font-size\"><a href=\"https:\/\/diselva.com\/de\/case\/sob\/\">S\u00fcdostbahn<\/a><\/h3>\n\n<p style=\"line-height:1.1;margin-bottom:0;margin-top:0\" class=\"ct-dynamic-data has-large-font-size\">Zug um Zug zur digitalen Transformation<\/p>\n<\/article><\/div><\/div><\/div><span class=\"flexy-arrow-prev\" data-position=\"outside\"><svg width=\"16\" height=\"10\" fill=\"currentColor\" viewBox=\"0 0 16 10\"><path d=\"M15.3 4.3h-13l2.8-3c.3-.3.3-.7 0-1-.3-.3-.6-.3-.9 0l-4 4.2-.2.2v.6c0 .1.1.2.2.2l4 4.2c.3.4.6.4.9 0 .3-.3.3-.7 0-1l-2.8-3h13c.2 0 .4-.1.5-.2s.2-.3.2-.5-.1-.4-.2-.5c-.1-.1-.3-.2-.5-.2z\"><\/path><\/svg><\/span>\n\t\t\t\t\t\t\t\t<span class=\"flexy-arrow-next\" data-position=\"outside\"><svg width=\"16\" height=\"10\" fill=\"currentColor\" viewBox=\"0 0 16 10\"><path d=\"M.2 4.5c-.1.1-.2.3-.2.5s.1.4.2.5c.1.1.3.2.5.2h13l-2.8 3c-.3.3-.3.7 0 1 .3.3.6.3.9 0l4-4.2.2-.2V5v-.3c0-.1-.1-.2-.2-.2l-4-4.2c-.3-.4-.6-.4-.9 0-.3.3-.3.7 0 1l2.8 3H.7c-.2 0-.4.1-.5.2z\"><\/path><\/svg><\/span><\/div><\/div><\/div><style>[data-id='f474cd36'] {--grid-columns-gap:var(--wp--preset--spacing--60);--grid-columns-width:25%;} [data-id='f474cd36'] [data-flexy*=\"no\"] .flexy-item:nth-child(n + 5) {height:1px;}@media (max-width: 999.98px) {[data-id='f474cd36'] {--grid-columns-width:50%;} [data-id='f474cd36'] [data-flexy*=\"no\"] .flexy-item:nth-child(n + 3) {height:1px;}}@media (max-width: 689.98px) {[data-id='f474cd36'] {--grid-columns-width:100%;} [data-id='f474cd36'] [data-flexy*=\"no\"] .flexy-item:nth-child(n + 2) {height:1px;}}<\/style><\/div>\n<\/div>\n\n\n\n<div class=\"wp-block-group alignfull section__highlight--white has-palette-color-3-background-color has-background is-layout-constrained wp-block-group-is-layout-constrained\">\n<div class=\"wp-block-group is-layout-constrained wp-block-group-is-layout-constrained\">\n<h2 id=\"team\" class=\"wp-block-heading\">Menschen<\/h2>\n<\/div>\n\n\n\n<div class=\"wp-block-group alignfull has-palette-color-3-background-color has-background is-layout-constrained wp-block-group-is-layout-constrained\" style=\"padding-top:var(--wp--preset--spacing--50);padding-bottom:var(--wp--preset--spacing--80)\"><div class=\"root-eb-post-carousel-nvjnj alignwide carousel__people wp-block-essential-blocks-post-carousel\">\n    <div class=\"eb-parent-wrapper eb-parent-eb-post-carousel-nvjnj \">\n        <div class=\"eb-post-carousel-nvjnj style-2 arrow-none equal-height dot-style-3 eb-post-carousel-wrapper\"\n            data-id=\"eb-post-carousel-nvjnj\"\n            data-querydata=\"a:13:{s:6:&quot;source&quot;;s:4:&quot;team&quot;;s:11:&quot;sourceIndex&quot;;i:3;s:9:&quot;rest_base&quot;;s:4:&quot;team&quot;;s:14:&quot;rest_namespace&quot;;s:5:&quot;wp\/v2&quot;;s:6:&quot;author&quot;;s:0:&quot;&quot;;s:10:&quot;taxonomies&quot;;a:1:{s:8:&quot;category&quot;;a:5:{s:4:&quot;name&quot;;s:10:&quot;Categories&quot;;s:9:&quot;rest_base&quot;;s:10:&quot;categories&quot;;s:14:&quot;rest_namespace&quot;;s:5:&quot;wp\/v2&quot;;s:4:&quot;slug&quot;;s:8:&quot;category&quot;;s:5:&quot;value&quot;;s:2:&quot;[]&quot;;}}s:8:&quot;per_page&quot;;s:1:&quot;6&quot;;s:6:&quot;offset&quot;;s:1:&quot;0&quot;;s:7:&quot;orderby&quot;;s:5:&quot;title&quot;;s:5:&quot;order&quot;;s:4:&quot;desc&quot;;s:7:&quot;include&quot;;s:257:&quot;[{&quot;value&quot;:104405,&quot;label&quot;:&quot;Michael Schlegel-Iten&quot;},{&quot;value&quot;:104186,&quot;label&quot;:&quot;Ursin Saluz&quot;},{&quot;value&quot;:104402,&quot;label&quot;:&quot;Michael Pertek&quot;},{&quot;value&quot;:104399,&quot;label&quot;:&quot;J\u00f6rg Brunschwiler&quot;},{&quot;value&quot;:104393,&quot;label&quot;:&quot;Celia F\u00e4ssler&quot;},{&quot;value&quot;:104397,&quot;label&quot;:&quot;Jan Keller&quot;}]&quot;;s:7:&quot;exclude&quot;;s:0:&quot;&quot;;s:15:&quot;exclude_current&quot;;b:0;}\"\n            data-slidersettings=\"{&quot;arrows&quot;:false,&quot;dots&quot;:true,&quot;autoplaySpeed&quot;:3000,&quot;speed&quot;:500,&quot;adaptiveHeight&quot;:true,&quot;autoplay&quot;:false,&quot;infinite&quot;:false,&quot;pauseOnHover&quot;:true,&quot;slideToShowRange&quot;:4,&quot;leftArrowIcon&quot;:&quot;fas fa-arrow-left&quot;,&quot;rightArrowIcon&quot;:&quot;fas fa-arrow-right&quot;,&quot;addIcon&quot;:false,&quot;showFallbackImg&quot;:false,&quot;fallbackImgUrl&quot;:&quot;&quot;,&quot;isRTLEnable&quot;:false,&quot;TABslideToShowRange&quot;:2,&quot;MOBslideToShowRange&quot;:1}\"\n            data-attributes=\"{&quot;preset&quot;:&quot;style-2&quot;,&quot;showThumbnail&quot;:true,&quot;showTitle&quot;:true,&quot;titleLength&quot;:&quot;10&quot;,&quot;titleTag&quot;:&quot;h3&quot;,&quot;showContent&quot;:true,&quot;contentLength&quot;:56,&quot;expansionIndicator&quot;:&quot;&quot;,&quot;showReadMore&quot;:false,&quot;readmoreText&quot;:&quot;Read More&quot;,&quot;showMeta&quot;:false,&quot;headerMeta&quot;:&quot;[{\\&quot;value\\&quot;:\\&quot;date\\&quot;,\\&quot;label\\&quot;:\\&quot;Published Date\\&quot;}]&quot;,&quot;footerMeta&quot;:&quot;[{\\&quot;value\\&quot;:\\&quot;avatar\\&quot;,\\&quot;label\\&quot;:\\&quot;Author Avatar\\&quot;},{\\&quot;value\\&quot;:\\&quot;author\\&quot;,\\&quot;label\\&quot;:\\&quot;Author Name\\&quot;}]&quot;,&quot;authorPrefix&quot;:&quot;by&quot;,&quot;datePrefix&quot;:&quot;on&quot;,&quot;showBlockContent&quot;:true,&quot;showFeaturedPost&quot;:false,&quot;featuredPostId&quot;:&quot;&quot;,&quot;showFeaturedPostTitle&quot;:true,&quot;showFeaturedPostContent&quot;:false,&quot;showFeaturedPostMeta&quot;:true,&quot;showFeaturedHeaderMeta&quot;:true,&quot;showFeaturedFooterMeta&quot;:true,&quot;featuredMetaItems&quot;:&quot;{}&quot;,&quot;featuredExcerptLength&quot;:10,&quot;leftArrowIcon&quot;:&quot;fas fa-arrow-left&quot;,&quot;rightArrowIcon&quot;:&quot;fas fa-arrow-right&quot;,&quot;showFallbackImg&quot;:false,&quot;isRTLEnable&quot;:false}\">\n\n            <div class=\"eb-post-carousel init-eb-post-carousel-nvjnj\"\n                data-id=\"eb-post-carousel-nvjnj\">\n                <article class=\"ebpg-carousel-post ebpg-post-carousel-column\" data-id=\"104186\"><div class=\"ebpg-carousel-post-holder\"><div class=\"ebpg-entry-media\">\n                <div class=\"ebpg-entry-thumbnail\">\n                    <a class=\"ebpg-post-link-wrapper eb-sr-only\" href=\"https:\/\/diselva.com\/de\/team\/ursin-saluz\/\">Ursin Saluz<\/a>\n                    <img loading=\"lazy\" decoding=\"async\" width=\"960\" height=\"840\" src=\"https:\/\/i0.wp.com\/diselva.com\/wp-content\/uploads\/2025\/09\/ursin-saluz-8-7.webp?fit=960%2C840&amp;quality=78&amp;ssl=1\" class=\"attachment-full size-full\" alt=\"Ursin Saluz - Diselva AG\" \/>\n                <\/div>\n            <\/div><div class=\"ebpg-entry-wrapper\"><header class=\"ebpg-entry-header\">\n            <h3 class=\"ebpg-entry-title\">\n                <a class=\"ebpg-carousel-post-link\" href=\"https:\/\/diselva.com\/de\/team\/ursin-saluz\/\" title=\"ursinsaluz\">Ursin Saluz<\/a>\n            <\/h3>\n        <\/header><div class=\"ebpg-entry-content\"><div class=\"ebpg-carousel-post-excerpt\">\n            <p>Principal Consultant<\/p>\n        <\/div><\/div><\/div><\/div><\/article><article class=\"ebpg-carousel-post ebpg-post-carousel-column\" data-id=\"104405\"><div class=\"ebpg-carousel-post-holder\"><div class=\"ebpg-entry-media\">\n                <div class=\"ebpg-entry-thumbnail\">\n                    <a class=\"ebpg-post-link-wrapper eb-sr-only\" href=\"https:\/\/diselva.com\/de\/team\/michael-schlegel-iten\/\">Michael Schlegel-Iten<\/a>\n                    <img loading=\"lazy\" decoding=\"async\" width=\"480\" height=\"420\" src=\"https:\/\/i0.wp.com\/diselva.com\/wp-content\/uploads\/2025\/09\/michael-schlegel-iten_8-7.webp?fit=480%2C420&amp;quality=78&amp;ssl=1\" class=\"attachment-full size-full\" alt=\"Michael Schlegel-Iten - Diselva AG\" \/>\n                <\/div>\n            <\/div><div class=\"ebpg-entry-wrapper\"><header class=\"ebpg-entry-header\">\n            <h3 class=\"ebpg-entry-title\">\n                <a class=\"ebpg-carousel-post-link\" href=\"https:\/\/diselva.com\/de\/team\/michael-schlegel-iten\/\" title=\"michaelschlegel-iten\">Michael Schlegel-Iten<\/a>\n            <\/h3>\n        <\/header><div class=\"ebpg-entry-content\"><div class=\"ebpg-carousel-post-excerpt\">\n            <p>Project Manager, Consultant &amp; Partner<\/p>\n        <\/div><\/div><\/div><\/div><\/article><article class=\"ebpg-carousel-post ebpg-post-carousel-column\" data-id=\"104402\"><div class=\"ebpg-carousel-post-holder\"><div class=\"ebpg-entry-media\">\n                <div class=\"ebpg-entry-thumbnail\">\n                    <a class=\"ebpg-post-link-wrapper eb-sr-only\" href=\"https:\/\/diselva.com\/de\/team\/michael-pertek\/\">Michael Pertek<\/a>\n                    <img loading=\"lazy\" decoding=\"async\" width=\"480\" height=\"420\" src=\"https:\/\/i0.wp.com\/diselva.com\/wp-content\/uploads\/2025\/09\/michael-pertek_8-7.webp?fit=480%2C420&amp;quality=78&amp;ssl=1\" class=\"attachment-full size-full\" alt=\"Michael Pertek - Diselva AG\" \/>\n                <\/div>\n            <\/div><div class=\"ebpg-entry-wrapper\"><header class=\"ebpg-entry-header\">\n            <h3 class=\"ebpg-entry-title\">\n                <a class=\"ebpg-carousel-post-link\" href=\"https:\/\/diselva.com\/de\/team\/michael-pertek\/\" title=\"michaelpertek\">Michael Pertek<\/a>\n            <\/h3>\n        <\/header><div class=\"ebpg-entry-content\"><div class=\"ebpg-carousel-post-excerpt\">\n            <p>Chief Executive Officer &amp; Partner<\/p>\n        <\/div><\/div><\/div><\/div><\/article><article class=\"ebpg-carousel-post ebpg-post-carousel-column\" data-id=\"104399\"><div class=\"ebpg-carousel-post-holder\"><div class=\"ebpg-entry-media\">\n                <div class=\"ebpg-entry-thumbnail\">\n                    <a class=\"ebpg-post-link-wrapper eb-sr-only\" href=\"https:\/\/diselva.com\/de\/team\/joerg-brunschwiler\/\">J\u00f6rg Brunschwiler<\/a>\n                    <img loading=\"lazy\" decoding=\"async\" width=\"480\" height=\"420\" src=\"https:\/\/i0.wp.com\/diselva.com\/wp-content\/uploads\/2025\/09\/joerg-brunschwiler_8-7.webp?fit=480%2C420&amp;quality=78&amp;ssl=1\" class=\"attachment-full size-full\" alt=\"J\u00f6rg Brunschwiler - Diselva AG\" \/>\n                <\/div>\n            <\/div><div class=\"ebpg-entry-wrapper\"><header class=\"ebpg-entry-header\">\n            <h3 class=\"ebpg-entry-title\">\n                <a class=\"ebpg-carousel-post-link\" href=\"https:\/\/diselva.com\/de\/team\/joerg-brunschwiler\/\" title=\"jrgbrunschwiler\">J\u00f6rg Brunschwiler<\/a>\n            <\/h3>\n        <\/header><div class=\"ebpg-entry-content\"><div class=\"ebpg-carousel-post-excerpt\">\n            <p>Chief Consulting Officer &amp; Partner<\/p>\n        <\/div><\/div><\/div><\/div><\/article><article class=\"ebpg-carousel-post ebpg-post-carousel-column\" data-id=\"104397\"><div class=\"ebpg-carousel-post-holder\"><div class=\"ebpg-entry-media\">\n                <div class=\"ebpg-entry-thumbnail\">\n                    <a class=\"ebpg-post-link-wrapper eb-sr-only\" href=\"https:\/\/diselva.com\/de\/team\/jan-keller\/\">Jan Keller<\/a>\n                    <img loading=\"lazy\" decoding=\"async\" width=\"480\" height=\"420\" src=\"https:\/\/i0.wp.com\/diselva.com\/wp-content\/uploads\/2025\/09\/jan-keller_8-7.webp?fit=480%2C420&amp;quality=78&amp;ssl=1\" class=\"attachment-full size-full\" alt=\"Jan Keller - Diselva AG\" \/>\n                <\/div>\n            <\/div><div class=\"ebpg-entry-wrapper\"><header class=\"ebpg-entry-header\">\n            <h3 class=\"ebpg-entry-title\">\n                <a class=\"ebpg-carousel-post-link\" href=\"https:\/\/diselva.com\/de\/team\/jan-keller\/\" title=\"jankeller\">Jan Keller<\/a>\n            <\/h3>\n        <\/header><div class=\"ebpg-entry-content\"><div class=\"ebpg-carousel-post-excerpt\">\n            <p>Chief Operating Officer &amp; Partner<\/p>\n        <\/div><\/div><\/div><\/div><\/article><article class=\"ebpg-carousel-post ebpg-post-carousel-column\" data-id=\"104393\"><div class=\"ebpg-carousel-post-holder\"><div class=\"ebpg-entry-media\">\n                <div class=\"ebpg-entry-thumbnail\">\n                    <a class=\"ebpg-post-link-wrapper eb-sr-only\" href=\"https:\/\/diselva.com\/de\/team\/celia-faessler\/\">Celia F\u00e4ssler<\/a>\n                    <img loading=\"lazy\" decoding=\"async\" width=\"960\" height=\"840\" src=\"https:\/\/i0.wp.com\/diselva.com\/wp-content\/uploads\/2025\/09\/celia-faessler_8-7.webp?fit=960%2C840&amp;quality=78&amp;ssl=1\" class=\"attachment-full size-full\" alt=\"Celia F\u00e4ssler - Diselva AG\" \/>\n                <\/div>\n            <\/div><div class=\"ebpg-entry-wrapper\"><header class=\"ebpg-entry-header\">\n            <h3 class=\"ebpg-entry-title\">\n                <a class=\"ebpg-carousel-post-link\" href=\"https:\/\/diselva.com\/de\/team\/celia-faessler\/\" title=\"celiafssler\">Celia F\u00e4ssler<\/a>\n            <\/h3>\n        <\/header><div class=\"ebpg-entry-content\"><div class=\"ebpg-carousel-post-excerpt\">\n            <p>Senior Consultant<\/p>\n        <\/div><\/div><\/div><\/div><\/article>            <\/div>\n        <\/div>\n    <\/div>\n<\/div><\/div>\n<\/div>\n","protected":false},"excerpt":{"rendered":"<p>Lead Consultant Digitale TransformationDigital Business Consultant&nbsp; Eine erfahrene Expert:in, die Ihr Projekt inhaltlich zum Erfolg f\u00fchrt, Sie umfassend in Ihrer Digitalen Transformation unterst\u00fctzt und Business-Anforderungen klar in Richtung IT \u00fcbersetzt und priorisiert &#8211; mit voller Verantwortung f\u00fcr Ihren Projekterfolg Viele Unternehmen verf\u00fcgen nicht \u00fcber ausreichende inhaltliche Expertise, um ihre Projekte erfolgreich umzusetzen. Entscheidungen zur digitalen [&hellip;]<\/p>\n","protected":false},"author":268896780,"featured_media":110821,"parent":1,"menu_order":0,"comment_status":"closed","ping_status":"closed","template":"","meta":{"_acf_changed":false,"_eb_attr":"","content-type":"","advanced_seo_description":"","jetpack_seo_html_title":"","jetpack_seo_noindex":false,"jetpack_seo_schema_type":"","_wpcom_ai_launchpad_about_page":false,"_wpcom_ai_launchpad_gallery_page":false,"_wpcom_ai_launchpad_contact_page":false,"_wpcom_ai_launchpad_events_page":false,"_wpcom_ai_launchpad_video_page":false,"_wpcom_ai_launchpad_portfolio_piece":false,"footnotes":""},"folder":[1928],"class_list":["post-104937","page","type-page","status-publish","has-post-thumbnail","hentry"],"blocksy_meta":{"styles_descriptor":{"styles":{"desktop":"","tablet":"","mobile":""},"google_fonts":[],"version":7}},"acf":[],"jetpack_sharing_enabled":true,"_links":{"self":[{"href":"https:\/\/diselva.com\/de\/wp-json\/wp\/v2\/pages\/104937","targetHints":{"allow":["GET"]}}],"collection":[{"href":"https:\/\/diselva.com\/de\/wp-json\/wp\/v2\/pages"}],"about":[{"href":"https:\/\/diselva.com\/de\/wp-json\/wp\/v2\/types\/page"}],"author":[{"embeddable":true,"href":"https:\/\/diselva.com\/de\/wp-json\/wp\/v2\/users\/268896780"}],"replies":[{"embeddable":true,"href":"https:\/\/diselva.com\/de\/wp-json\/wp\/v2\/comments?post=104937"}],"version-history":[{"count":23,"href":"https:\/\/diselva.com\/de\/wp-json\/wp\/v2\/pages\/104937\/revisions"}],"predecessor-version":[{"id":117337,"href":"https:\/\/diselva.com\/de\/wp-json\/wp\/v2\/pages\/104937\/revisions\/117337"}],"up":[{"embeddable":true,"href":"https:\/\/diselva.com\/de\/wp-json\/wp\/v2\/pages\/1"}],"wp:featuredmedia":[{"embeddable":true,"href":"https:\/\/diselva.com\/de\/wp-json\/wp\/v2\/media\/110821"}],"wp:attachment":[{"href":"https:\/\/diselva.com\/de\/wp-json\/wp\/v2\/media?parent=104937"}],"wp:term":[{"taxonomy":"folder","embeddable":true,"href":"https:\/\/diselva.com\/de\/wp-json\/wp\/v2\/folder?post=104937"}],"curies":[{"name":"wp","href":"https:\/\/api.w.org\/{rel}","templated":true}]}}