{"id":104951,"date":"2025-09-01T19:13:26","date_gmt":"2025-09-01T17:13:26","guid":{"rendered":"https:\/\/diselva.com\/?page_id=104951"},"modified":"2025-11-17T09:41:34","modified_gmt":"2025-11-17T08:41:34","slug":"sustainability","status":"publish","type":"page","link":"https:\/\/diselva.com\/de\/leistungen-beratung\/sustainability\/","title":{"rendered":"Sustainability"},"content":{"rendered":"\n<div class=\"wp-block-group alignwide hero__subpages has-palette-color-7-background-color has-background is-layout-constrained wp-block-group-is-layout-constrained\" style=\"padding-bottom:var(--wp--preset--spacing--70)\">\n<h1 class=\"wp-block-heading alignwide\">Sustainability<\/h1>\n\n\n\n<div class=\"wp-block-group alignwide is-content-justification-left is-layout-constrained wp-container-core-group-is-layout-12dd3699 wp-block-group-is-layout-constrained\">\n<p class=\"has-palette-color-1-color has-text-color has-link-color has-x-large-font-size wp-elements-1 wp-block-paragraph\">Digitale L\u00f6sungen zur F\u00f6rderung Ihrer Sustainability<\/p>\n\n\n\n<p class=\"has-palette-color-1-color has-text-color has-link-color wp-elements-2 wp-block-paragraph\">Von der Datenerfassung bis zu KPIs und Analytics \u2013 <strong>wir machen nachhaltige Entscheidungen messbar und steuerbar<\/strong>.<\/p>\n\n\n\n<p class=\"has-palette-color-1-color has-text-color has-link-color wp-elements-3 wp-block-paragraph\">Mit unserem tiefen Verst\u00e4ndnis f\u00fcr Daten, Prozesse, technologischen Zusammenh\u00e4ngen und Auswirkungen auf Business Modelle unterst\u00fctzen und beraten wir Sie, wie Sie <strong>anhand von Daten Ihr Unternehmen nachhaltiger ausrichten<\/strong> und gleichzeitig Ihren wirtschaftlichen Erfolg vorantreiben.<\/p>\n\n\n\n<div class=\"wp-block-buttons is-layout-flex wp-block-buttons-is-layout-flex\">\n<div class=\"wp-block-button\"><a class=\"wp-block-button__link wp-element-button\" href=\"https:\/\/diselva.com\/de\/kontakt\/\">Kontakt aufnehmen<\/a><\/div>\n<\/div>\n<\/div>\n<\/div>\n\n\n\n<div class=\"wp-block-group alignwide image-centered is-layout-constrained wp-container-core-group-is-layout-36abc5f2 wp-block-group-is-layout-constrained\" style=\"min-height:0px;margin-top:0;margin-bottom:0;padding-top:0;padding-right:0;padding-bottom:var(--wp--preset--spacing--70);padding-left:0\">\n<figure class=\"wp-block-image alignwide size-full\" style=\"margin-top:var(--wp--preset--spacing--50);margin-right:var(--wp--preset--spacing--50);margin-bottom:var(--wp--preset--spacing--50);margin-left:var(--wp--preset--spacing--50)\"><img data-recalc-dims=\"1\" loading=\"lazy\" decoding=\"async\" width=\"1360\" height=\"644\" src=\"https:\/\/i0.wp.com\/diselva.com\/wp-content\/uploads\/2025\/09\/sustainability-de.png?resize=1360%2C644&#038;quality=78&#038;ssl=1\" alt=\"Grafik - Sustainability\" class=\"wp-image-105553\" srcset=\"https:\/\/i0.wp.com\/diselva.com\/wp-content\/uploads\/2025\/09\/sustainability-de.png?w=1960&amp;quality=78&amp;ssl=1 1960w, https:\/\/i0.wp.com\/diselva.com\/wp-content\/uploads\/2025\/09\/sustainability-de.png?resize=1024%2C485&amp;quality=78&amp;ssl=1 1024w, https:\/\/i0.wp.com\/diselva.com\/wp-content\/uploads\/2025\/09\/sustainability-de.png?resize=400%2C189&amp;quality=78&amp;ssl=1 400w, https:\/\/i0.wp.com\/diselva.com\/wp-content\/uploads\/2025\/09\/sustainability-de.png?resize=768%2C364&amp;quality=78&amp;ssl=1 768w, https:\/\/i0.wp.com\/diselva.com\/wp-content\/uploads\/2025\/09\/sustainability-de.png?resize=1536%2C727&amp;quality=78&amp;ssl=1 1536w\" sizes=\"auto, (max-width: 1360px) 100vw, 1360px\" \/><\/figure>\n<\/div>\n\n\n\n<div class=\"wp-block-group alignfull accordion__horizontal has-palette-color-3-background-color has-background is-layout-constrained wp-container-core-group-is-layout-639b5052 wp-block-group-is-layout-constrained\" style=\"padding-top:0;padding-right:0;padding-bottom:0;padding-left:0\">\n<div class=\"wp-block-essential-blocks-accordion alignwide  root-eb-accordion-hymrp\"><div class=\"eb-parent-wrapper eb-parent-eb-accordion-hymrp \"><div class=\"eb-accordion-container eb-accordion-hymrp eb-accordion-type-horizontal eb-accordion-bottom-top\" data-accordion-type=\"horizontal\" data-tab-icon=\"fas fa-plus\" data-expanded-icon=\"fas fa-minus\" data-transition-duration=\"500\"><div class=\"eb-accordion-inner\">\n<div class=\"wp-block-essential-blocks-accordion-item eb-accordion-item-hpjyf eb-accordion-wrapper\" data-clickable=\"true\"><div class=\"eb-accordion-title-wrapper eb-accordion-title-wrapper-eb-accordion-hymrp eb-accordion-horizontal-enable\" tabindex=\"0\"><span class=\"eb-accordion-icon-wrapper eb-accordion-icon-wrapper-eb-accordion-hymrp\"><span class=\"fas fa-plus eb-accordion-icon\"><\/span><\/span><div class=\"eb-accordion-title-content-wrap title-content-eb-accordion-hymrp\"><p class=\"eb-accordion-title\">Sustainability<\/p><\/div><\/div><div class=\"eb-accordion-content-wrapper eb-accordion-content-wrapper-eb-accordion-hymrp\"><div class=\"eb-accordion-content\">\n<h2 class=\"wp-block-heading\" style=\"margin-top:var(--wp--preset--spacing--60)\">Technologie treibt Nachhaltigkeit und Kreislaufwirtschaft<\/h2>\n\n\n\n<div class=\"wp-block-group is-layout-constrained wp-container-core-group-is-layout-367b13f8 wp-block-group-is-layout-constrained\" style=\"padding-top:var(--wp--preset--spacing--60);padding-right:0;padding-left:0\">\n<p class=\"has-palette-color-1-color has-text-color has-link-color wp-elements-4 wp-block-paragraph\">Die smarte Kombination aus Daten, Technologie und Sustainability birgt ein hohes Potenzial, um <strong>Ihr Unternehmen \u00f6kologisch und wirtschaftlich weiter zu bringen<\/strong>. Wir unterst\u00fctzen Sie auf Ihrem Weg hier die entsprechende <strong>Datenbasis und Technologien aufzubauen<\/strong> und auch analytisch und gestalterisch <strong>nutzbar zu machen<\/strong>.<\/p>\n<\/div>\n<\/div><\/div><\/div>\n\n\n\n<div class=\"wp-block-essential-blocks-accordion-item eb-accordion-item-m45pg eb-accordion-wrapper\" data-clickable=\"false\"><div class=\"eb-accordion-title-wrapper eb-accordion-title-wrapper-eb-accordion-hymrp eb-accordion-horizontal-enable\" tabindex=\"0\"><span class=\"eb-accordion-icon-wrapper eb-accordion-icon-wrapper-eb-accordion-hymrp\"><span class=\"fas fa-plus eb-accordion-icon\"><\/span><\/span><div class=\"eb-accordion-title-content-wrap title-content-eb-accordion-hymrp\"><p class=\"eb-accordion-title\">Datenbasis zur Messung der Sustainability<\/p><\/div><\/div><div class=\"eb-accordion-content-wrapper eb-accordion-content-wrapper-eb-accordion-hymrp\"><div class=\"eb-accordion-content\">\n<h2 class=\"wp-block-heading\" style=\"margin-top:var(--wp--preset--spacing--60)\">Von der Datenquelle bis zur Steuerung<\/h2>\n\n\n\n<div class=\"wp-block-group is-layout-constrained wp-container-core-group-is-layout-367b13f8 wp-block-group-is-layout-constrained\" style=\"padding-top:var(--wp--preset--spacing--60);padding-right:0;padding-left:0\">\n<p class=\"has-palette-color-1-color has-text-color has-link-color wp-elements-5 wp-block-paragraph\">Nachhaltigkeitsberichte und daraus abgeleitete, wirksame Massnahmen entstehen nur auf einer soliden Datenbasis. Wir bringen das notwendige Fach- und Technologiewissen mit, um Ihre relevante<strong>n Datenquellen zu erschliessen und systematisch zu verbinden<\/strong> und zu einem <strong>wegweisenden Reporting weiter zu entwickeln<\/strong>, welches \u00fcber den Sustainability Prozess hinaus geht.<\/p>\n\n\n\n<ul class=\"wp-block-list\">\n<li class=\"has-palette-color-1-color has-text-color has-link-color wp-elements-6\">Identifikation der relevanten Datenquellen intern &amp; extern<\/li>\n\n\n\n<li class=\"has-palette-color-1-color has-text-color has-link-color wp-elements-7\">Datenintegration, Normalisierung, Konsolidierung &amp; Aufbereitung<\/li>\n\n\n\n<li class=\"has-palette-color-1-color has-text-color has-link-color wp-elements-8\">Auswertung &amp; Analyse, um \u00fcber die Zeit Entwicklungen transparent zu machen<\/li>\n\n\n\n<li class=\"has-palette-color-1-color has-text-color has-link-color wp-elements-9\">Standardisiertes Reporting f\u00fcr Zertifikate in Kombination mit passender Software<\/li>\n<\/ul>\n<\/div>\n<\/div><\/div><\/div>\n\n\n\n<div class=\"wp-block-essential-blocks-accordion-item eb-accordion-item-er0lb eb-accordion-wrapper\" data-clickable=\"false\"><div class=\"eb-accordion-title-wrapper eb-accordion-title-wrapper-eb-accordion-hymrp eb-accordion-horizontal-enable\" tabindex=\"0\"><span class=\"eb-accordion-icon-wrapper eb-accordion-icon-wrapper-eb-accordion-hymrp\"><span class=\"fas fa-plus eb-accordion-icon\"><\/span><\/span><div class=\"eb-accordion-title-content-wrap title-content-eb-accordion-hymrp\"><p class=\"eb-accordion-title\">IT-unterst\u00fctzte Kreislaufwirtschaft<\/p><\/div><\/div><div class=\"eb-accordion-content-wrapper eb-accordion-content-wrapper-eb-accordion-hymrp\"><div class=\"eb-accordion-content\">\n<h2 class=\"wp-block-heading\" style=\"margin-top:var(--wp--preset--spacing--60)\">Vielf\u00e4ltige Einsatzm\u00f6glichkeiten<\/h2>\n\n\n\n<div class=\"wp-block-group is-layout-constrained wp-container-core-group-is-layout-367b13f8 wp-block-group-is-layout-constrained\" style=\"padding-top:var(--wp--preset--spacing--60);padding-right:0;padding-left:0\">\n<p class=\"has-palette-color-1-color has-text-color has-link-color wp-elements-10 wp-block-paragraph\">Digitale Technologien helfen, Ideen der Kreislaufwirtschaft in bestehende Gesch\u00e4ftsmodell zu integrieren und auch den <strong>Ansatz von Business Modellen neu zu denken<\/strong>. Sie unterst\u00fctzen Unternehmen nachhaltig zu handeln, Ressourcen zu schonen und innovative Services zu entwickeln. <strong>Wir haben die Experten und das Fachwissen, um Sie auf diesem Weg zu begleiten und zu beraten<\/strong> &#8211; seien es beispielsweise<\/p>\n\n\n\n<ul class=\"wp-block-list\">\n<li class=\"has-palette-color-1-color has-text-color has-link-color wp-elements-11\">eine systemtechnisch integrierte Supply Chain mit Vorlieferanten<\/li>\n\n\n\n<li class=\"has-palette-color-1-color has-text-color has-link-color wp-elements-12\">digital unterst\u00fctztes Waste Management<\/li>\n\n\n\n<li class=\"has-palette-color-1-color has-text-color has-link-color wp-elements-13\">ein KI-unterst\u00fctztes Management des Paletten-Kreislaufes<\/li>\n\n\n\n<li class=\"has-palette-color-1-color has-text-color has-link-color wp-elements-14\">Predictive Maintenance<\/li>\n\n\n\n<li class=\"has-palette-color-1-color has-text-color has-link-color wp-elements-15\">digitale Plattformen f\u00fcr Sharing oder Produktr\u00fccknahme <\/li>\n<\/ul>\n<\/div>\n<\/div><\/div><\/div>\n<\/div><\/div><\/div><\/div>\n<\/div>\n\n\n\n<div class=\"wp-block-group is-layout-constrained wp-block-group-is-layout-constrained\" style=\"padding-top:var(--wp--preset--spacing--70);padding-bottom:0\">\n<h2 class=\"wp-block-heading\">Expertenartikel<\/h2>\n<\/div>\n\n\n\n<div class=\"wp-block-group alignwide is-layout-constrained wp-block-group-is-layout-constrained\">\n<div data-id=\"08f21690\" class=\"wp-block-blocksy-query alignwide carousel__expert-articles\" style=\"border-radius:0px;padding-right:0;padding-bottom:var(--wp--preset--spacing--80);padding-left:0\"><div class=\"ct-query-template is-layout-slider\"><div class=\"flexy-container\" data-flexy=\"no\"><div class=\"flexy\"><div class=\"flexy-view\" data-flexy-view=\"boxed\"><div class=\"flexy-items\"><div class=\"flexy-item\"><article class=\"wp-block-post is-layout-flow post-97221 post type-post status-publish format-standard has-post-thumbnail hentry category-business-prozesse-hebel-governance category-digitale-organisation category-evaluationen-und-ausschreibungen category-expertenartikel category-it-strategie category-software-data-architect-technology-lead category-standortbestimmung-digitale-transformation category-sustainability thema-business-it-strategie thema-business-prozesse-und-governance thema-data-management-and-data-driven-customer-centricity thema-software-architektur-engineering\">\n\n<div class=\"wp-block-group carousel__expert-articles--tile has-border-color has-palette-color-8-border-color is-content-justification-left is-layout-constrained wp-container-core-group-is-layout-2de34087 wp-block-group-is-layout-constrained\" style=\"border-width:1px;min-height:100%;padding-top:var(--wp--preset--spacing--40);padding-right:var(--wp--preset--spacing--40);padding-bottom:var(--wp--preset--spacing--40);padding-left:var(--wp--preset--spacing--40)\"><div style=\"margin-bottom:5px;border-radius:0px\" class=\"ct-dynamic-data wp-elements-20 wp-elements-21 has-small-font-size\"><a href=\"https:\/\/diselva.com\/de\/blog\/author\/\">Pascal N\u00fcesch<\/a><\/div>\n\n<h3 style=\"margin-top:var(--wp--preset--spacing--30);margin-bottom:var(--wp--preset--spacing--30)\" class=\"ct-dynamic-data wp-elements-22 wp-elements-23 has-large-font-size\"><a href=\"https:\/\/diselva.com\/de\/blog\/ai-ist-gekommen-um-zu-bleiben-aber\/\">AI ist gekommen um zu bleiben, aber\u2026<\/a><\/h3>\n\n<p style=\"line-height:1.1;margin-bottom:var(--wp--preset--spacing--40);margin-top:var(--wp--preset--spacing--30)\" class=\"ct-dynamic-data has-medium-font-size\">AI bietet enormes Potenzial \u2013 doch ohne digitale Grundlagen bleibt es ungenutzt. Erfahren Sie, warum eine klare Digitalstrategie essenziell ist.<\/p>\n\n<a class=\"wp-elements-24 wp-block-read-more has-text-color has-palette-color-1-color has-small-font-size\" href=\"https:\/\/diselva.com\/de\/blog\/ai-ist-gekommen-um-zu-bleiben-aber\/\" target=\"_self\">lesen<span class=\"screen-reader-text\">: AI ist gekommen um zu bleiben, aber\u2026<\/span><\/a><\/div>\n\n<\/article><\/div><div class=\"flexy-item\"><article class=\"wp-block-post is-layout-flow post-98040 post type-post status-publish format-standard has-post-thumbnail hentry category-digitale-transformation-strategie category-expertenartikel category-it-strategie category-news category-standortbestimmung-digitale-transformation category-sustainability thema-business-it-strategie thema-digitale-transformation\">\n\n<div class=\"wp-block-group carousel__expert-articles--tile has-border-color has-palette-color-8-border-color is-content-justification-left is-layout-constrained wp-container-core-group-is-layout-2de34087 wp-block-group-is-layout-constrained\" style=\"border-width:1px;min-height:100%;padding-top:var(--wp--preset--spacing--40);padding-right:var(--wp--preset--spacing--40);padding-bottom:var(--wp--preset--spacing--40);padding-left:var(--wp--preset--spacing--40)\"><div style=\"margin-bottom:5px;border-radius:0px\" class=\"ct-dynamic-data wp-elements-25 wp-elements-26 has-small-font-size\"><a href=\"https:\/\/diselva.com\/de\/blog\/author\/\">Michael Pertek<\/a><\/div>\n\n<h3 style=\"margin-top:var(--wp--preset--spacing--30);margin-bottom:var(--wp--preset--spacing--30)\" class=\"ct-dynamic-data wp-elements-27 wp-elements-28 has-large-font-size\"><a href=\"https:\/\/diselva.com\/de\/blog\/digitale-transformationsstrategie-und-twin-transformation\/\">Digitale Transformationsstrategie und Twin Transformation<\/a><\/h3>\n\n<p style=\"line-height:1.1;margin-bottom:var(--wp--preset--spacing--40);margin-top:var(--wp--preset--spacing--30)\" class=\"ct-dynamic-data has-medium-font-size\">Wie Twin Transformation Digitalisierung und Nachhaltigkeit verbindet, um Unternehmen zukunftssicher zu machen und den gesellschaftlichen Wandel voranzutreiben.<\/p>\n\n<a class=\"wp-elements-29 wp-block-read-more has-text-color has-palette-color-1-color has-small-font-size\" href=\"https:\/\/diselva.com\/de\/blog\/digitale-transformationsstrategie-und-twin-transformation\/\" target=\"_self\">lesen<span class=\"screen-reader-text\">: Digitale Transformationsstrategie und Twin Transformation<\/span><\/a><\/div>\n\n<\/article><\/div><div class=\"flexy-item\"><article class=\"wp-block-post is-layout-flow post-97293 post type-post status-publish format-standard has-post-thumbnail hentry category-digitale-transformation-strategie category-expertenartikel category-sustainability thema-assessment-evaluation-steuerung thema-digitale-transformation\">\n\n<div class=\"wp-block-group carousel__expert-articles--tile has-border-color has-palette-color-8-border-color is-content-justification-left is-layout-constrained wp-container-core-group-is-layout-2de34087 wp-block-group-is-layout-constrained\" style=\"border-width:1px;min-height:100%;padding-top:var(--wp--preset--spacing--40);padding-right:var(--wp--preset--spacing--40);padding-bottom:var(--wp--preset--spacing--40);padding-left:var(--wp--preset--spacing--40)\"><div style=\"margin-bottom:5px;border-radius:0px\" class=\"ct-dynamic-data wp-elements-30 wp-elements-31 has-small-font-size\"><a href=\"https:\/\/diselva.com\/de\/blog\/author\/\">Nicole Kerber<\/a><\/div>\n\n<h3 style=\"margin-top:var(--wp--preset--spacing--30);margin-bottom:var(--wp--preset--spacing--30)\" class=\"ct-dynamic-data wp-elements-32 wp-elements-33 has-large-font-size\"><a href=\"https:\/\/diselva.com\/de\/blog\/twin-transformation-und-circular-economy\/\">Twin Transformation und Circular Economy<\/a><\/h3>\n\n<p style=\"line-height:1.1;margin-bottom:var(--wp--preset--spacing--40);margin-top:var(--wp--preset--spacing--30)\" class=\"ct-dynamic-data has-medium-font-size\">Wie Circular Economy und Digitalisierung in der Twin Transformation nachhaltige Gesch\u00e4ftsmodelle und ressourcenschonende Prozesse vorantreiben.<\/p>\n\n<a class=\"wp-elements-34 wp-block-read-more has-text-color has-palette-color-1-color has-small-font-size\" href=\"https:\/\/diselva.com\/de\/blog\/twin-transformation-und-circular-economy\/\" target=\"_self\">lesen<span class=\"screen-reader-text\">: Twin Transformation und Circular Economy<\/span><\/a><\/div>\n\n<\/article><\/div><div class=\"flexy-item\"><article class=\"wp-block-post is-layout-flow post-97423 post type-post status-publish format-standard has-post-thumbnail hentry category-architektur-review category-begleitung-in-der-umsetzung-der-projekte category-data-driven-customer-centricity category-digitale-organisation category-digitale-transformation-strategie category-digitalisierung-kmu category-expertenartikel category-gl-vr-sparring-partner category-interims-cto-cdo category-it-strategie category-news category-standortbestimmung-digitale-transformation category-sustainability thema-assessment-evaluation-steuerung thema-business-it-strategie thema-digitale-transformation thema-enterprise-solution-architektur\">\n\n<div class=\"wp-block-group carousel__expert-articles--tile has-border-color has-palette-color-8-border-color is-content-justification-left is-layout-constrained wp-container-core-group-is-layout-2de34087 wp-block-group-is-layout-constrained\" style=\"border-width:1px;min-height:100%;padding-top:var(--wp--preset--spacing--40);padding-right:var(--wp--preset--spacing--40);padding-bottom:var(--wp--preset--spacing--40);padding-left:var(--wp--preset--spacing--40)\"><div style=\"margin-bottom:5px;border-radius:0px\" class=\"ct-dynamic-data wp-elements-35 wp-elements-36 has-small-font-size\"><a href=\"https:\/\/diselva.com\/de\/blog\/author\/\">Michael Pertek<\/a><\/div>\n\n<h3 style=\"margin-top:var(--wp--preset--spacing--30);margin-bottom:var(--wp--preset--spacing--30)\" class=\"ct-dynamic-data wp-elements-37 wp-elements-38 has-large-font-size\"><a href=\"https:\/\/diselva.com\/de\/blog\/wie-stehts-um-ihre-digital-capabilities\/\">Wie steht&#8217;s um Ihre Digital\u00a0Capabilities?<\/a><\/h3>\n\n<p style=\"line-height:1.1;margin-bottom:var(--wp--preset--spacing--40);margin-top:var(--wp--preset--spacing--30)\" class=\"ct-dynamic-data has-medium-font-size\">Wie digital ist Ihr Unternehmen? Erfahren Sie, warum die Bewertung digitaler F\u00e4higkeiten der erste Schritt zur erfolgreichen Transformation ist.<\/p>\n\n<a class=\"wp-elements-39 wp-block-read-more has-text-color has-palette-color-1-color has-small-font-size\" href=\"https:\/\/diselva.com\/de\/blog\/wie-stehts-um-ihre-digital-capabilities\/\" target=\"_self\">lesen<span class=\"screen-reader-text\">: Wie steht&#8217;s um Ihre Digital\u00a0Capabilities?<\/span><\/a><\/div>\n\n<\/article><\/div><\/div><\/div><span class=\"flexy-arrow-prev\" data-position=\"outside\"><svg width=\"16\" height=\"10\" fill=\"currentColor\" viewBox=\"0 0 16 10\"><path d=\"M15.3 4.3h-13l2.8-3c.3-.3.3-.7 0-1-.3-.3-.6-.3-.9 0l-4 4.2-.2.2v.6c0 .1.1.2.2.2l4 4.2c.3.4.6.4.9 0 .3-.3.3-.7 0-1l-2.8-3h13c.2 0 .4-.1.5-.2s.2-.3.2-.5-.1-.4-.2-.5c-.1-.1-.3-.2-.5-.2z\"><\/path><\/svg><\/span>\n\t\t\t\t\t\t\t\t<span class=\"flexy-arrow-next\" data-position=\"outside\"><svg width=\"16\" height=\"10\" fill=\"currentColor\" viewBox=\"0 0 16 10\"><path d=\"M.2 4.5c-.1.1-.2.3-.2.5s.1.4.2.5c.1.1.3.2.5.2h13l-2.8 3c-.3.3-.3.7 0 1 .3.3.6.3.9 0l4-4.2.2-.2V5v-.3c0-.1-.1-.2-.2-.2l-4-4.2c-.3-.4-.6-.4-.9 0-.3.3-.3.7 0 1l2.8 3H.7c-.2 0-.4.1-.5.2z\"><\/path><\/svg><\/span><\/div><\/div><\/div><style>[data-id='08f21690'] {--grid-columns-width:25%;} [data-id='08f21690'] [data-flexy*=\"no\"] .flexy-item:nth-child(n + 5) {height:1px;}@media (max-width: 999.98px) {[data-id='08f21690'] {--grid-columns-width:50%;} [data-id='08f21690'] [data-flexy*=\"no\"] .flexy-item:nth-child(n + 3) {height:1px;}}@media (max-width: 689.98px) {[data-id='08f21690'] {--grid-columns-width:100%;} [data-id='08f21690'] [data-flexy*=\"no\"] .flexy-item:nth-child(n + 2) {height:1px;}}<\/style><\/div>\n<\/div>\n","protected":false},"excerpt":{"rendered":"<p>Digitale L\u00f6sungen zur F\u00f6rderung Ihrer Sustainability<\/p>\n","protected":false},"author":268896780,"featured_media":110821,"parent":1,"menu_order":0,"comment_status":"closed","ping_status":"closed","template":"","meta":{"_acf_changed":false,"_eb_attr":"","content-type":"","advanced_seo_description":"","jetpack_seo_html_title":"","jetpack_seo_noindex":false,"jetpack_seo_schema_type":"","_wpcom_ai_launchpad_about_page":false,"_wpcom_ai_launchpad_gallery_page":false,"_wpcom_ai_launchpad_contact_page":false,"_wpcom_ai_launchpad_events_page":false,"_wpcom_ai_launchpad_video_page":false,"_wpcom_ai_launchpad_portfolio_piece":false,"footnotes":""},"folder":[1929],"class_list":["post-104951","page","type-page","status-publish","has-post-thumbnail","hentry"],"blocksy_meta":{"styles_descriptor":{"styles":{"desktop":"","tablet":"","mobile":""},"google_fonts":[],"version":7}},"acf":[],"jetpack_sharing_enabled":true,"_links":{"self":[{"href":"https:\/\/diselva.com\/de\/wp-json\/wp\/v2\/pages\/104951","targetHints":{"allow":["GET"]}}],"collection":[{"href":"https:\/\/diselva.com\/de\/wp-json\/wp\/v2\/pages"}],"about":[{"href":"https:\/\/diselva.com\/de\/wp-json\/wp\/v2\/types\/page"}],"author":[{"embeddable":true,"href":"https:\/\/diselva.com\/de\/wp-json\/wp\/v2\/users\/268896780"}],"replies":[{"embeddable":true,"href":"https:\/\/diselva.com\/de\/wp-json\/wp\/v2\/comments?post=104951"}],"version-history":[{"count":39,"href":"https:\/\/diselva.com\/de\/wp-json\/wp\/v2\/pages\/104951\/revisions"}],"predecessor-version":[{"id":114956,"href":"https:\/\/diselva.com\/de\/wp-json\/wp\/v2\/pages\/104951\/revisions\/114956"}],"up":[{"embeddable":true,"href":"https:\/\/diselva.com\/de\/wp-json\/wp\/v2\/pages\/1"}],"wp:featuredmedia":[{"embeddable":true,"href":"https:\/\/diselva.com\/de\/wp-json\/wp\/v2\/media\/110821"}],"wp:attachment":[{"href":"https:\/\/diselva.com\/de\/wp-json\/wp\/v2\/media?parent=104951"}],"wp:term":[{"taxonomy":"folder","embeddable":true,"href":"https:\/\/diselva.com\/de\/wp-json\/wp\/v2\/folder?post=104951"}],"curies":[{"name":"wp","href":"https:\/\/api.w.org\/{rel}","templated":true}]}}