{"id":113734,"date":"2025-09-25T08:34:22","date_gmt":"2025-09-25T06:34:22","guid":{"rendered":"https:\/\/diselva.com\/?page_id=113734"},"modified":"2025-11-17T09:58:03","modified_gmt":"2025-11-17T08:58:03","slug":"digitale-transformation-kmu","status":"publish","type":"page","link":"https:\/\/diselva.com\/de\/leistungen-beratung\/digitale-transformation-kmu\/","title":{"rendered":"Digitale Transformation KMU"},"content":{"rendered":"\n<div class=\"wp-block-group alignwide hero__subpages has-palette-color-7-background-color has-background is-layout-constrained wp-block-group-is-layout-constrained\" style=\"padding-bottom:var(--wp--preset--spacing--70)\">\n<h1 class=\"wp-block-heading alignwide\">Digitale Transformation von KMU<\/h1>\n\n\n\n<div class=\"wp-block-group alignwide is-content-justification-left is-layout-constrained wp-container-core-group-is-layout-aa397865 wp-block-group-is-layout-constrained\">\n<p class=\"has-palette-color-1-color has-text-color has-link-color has-x-large-font-size wp-elements-c62660833835153ff1441c42ff035961 wp-block-paragraph\">KMU stehen vor denselben Herausforderungen wie die grossen Unternehmen, aber mit deutlich weniger Ressourcen &#8211; wir k\u00f6nnen zielgerichtet und vor allem pragmatisch helfen!<\/p>\n\n\n\n<p class=\"wp-block-paragraph\">F\u00fcr KMU ist die Zusammenarbeit mit externen Beratern oft ungewohnt \u2013 gleichzeitig ist unabh\u00e4ngige, neutrale Expertise heute unverzichtbar.<br>Mit unserem fokussierten und strategischen Vorgehen entwickeln wir gemeinsam mit Ihnen einen klaren, schrittweisen Weg in die digitale Zukunft Ihres Unternehmens. So stellen wir sicher, dass Investitionen wirken, Projekte erfolgreich umgesetzt werden und Sie nachhaltig von der digitalen Transformation profitieren.<\/p>\n\n\n\n<div class=\"wp-block-buttons is-layout-flex wp-block-buttons-is-layout-flex\">\n<div class=\"wp-block-button\"><a class=\"wp-block-button__link wp-element-button\" href=\"https:\/\/diselva.com\/de\/kontakt\/\">Kontakt aufnehmen<\/a><\/div>\n<\/div>\n<\/div>\n<\/div>\n\n\n\n<figure class=\"wp-block-image alignwide size-full\"><img data-recalc-dims=\"1\" loading=\"lazy\" decoding=\"async\" width=\"1360\" height=\"534\" src=\"https:\/\/i0.wp.com\/diselva.com\/wp-content\/uploads\/2025\/09\/kmu-digitale-transformation.png?resize=1360%2C534&#038;quality=78&#038;ssl=1\" alt=\"Digitale Transformation von KMU\" class=\"wp-image-114125\" srcset=\"https:\/\/i0.wp.com\/diselva.com\/wp-content\/uploads\/2025\/09\/kmu-digitale-transformation.png?w=1820&amp;quality=78&amp;ssl=1 1820w, https:\/\/i0.wp.com\/diselva.com\/wp-content\/uploads\/2025\/09\/kmu-digitale-transformation.png?resize=1024%2C402&amp;quality=78&amp;ssl=1 1024w, https:\/\/i0.wp.com\/diselva.com\/wp-content\/uploads\/2025\/09\/kmu-digitale-transformation.png?resize=400%2C157&amp;quality=78&amp;ssl=1 400w, https:\/\/i0.wp.com\/diselva.com\/wp-content\/uploads\/2025\/09\/kmu-digitale-transformation.png?resize=768%2C301&amp;quality=78&amp;ssl=1 768w, https:\/\/i0.wp.com\/diselva.com\/wp-content\/uploads\/2025\/09\/kmu-digitale-transformation.png?resize=1536%2C603&amp;quality=78&amp;ssl=1 1536w\" sizes=\"auto, (max-width: 1360px) 100vw, 1360px\" \/><\/figure>\n\n\n\n<div class=\"wp-block-group alignfull accordion__horizontal has-palette-color-3-background-color has-background is-layout-constrained wp-container-core-group-is-layout-00c7b98b wp-block-group-is-layout-constrained\" style=\"padding-top:0;padding-right:0;padding-bottom:0;padding-left:0\">\n<div class=\"wp-block-essential-blocks-accordion alignwide  root-eb-accordion-e74al\"><div class=\"eb-parent-wrapper eb-parent-eb-accordion-e74al \"><div class=\"eb-accordion-container eb-accordion-e74al eb-accordion-type-horizontal eb-accordion-bottom-top\" data-accordion-type=\"horizontal\" data-tab-icon=\"fas fa-plus\" data-expanded-icon=\"fas fa-minus\" data-transition-duration=\"500\"><div class=\"eb-accordion-inner\">\n<div class=\"wp-block-essential-blocks-accordion-item eb-accordion-item-2e8vx eb-accordion-wrapper\" data-clickable=\"true\"><div class=\"eb-accordion-title-wrapper eb-accordion-title-wrapper-eb-accordion-e74al eb-accordion-horizontal-enable\" tabindex=\"0\"><span class=\"eb-accordion-icon-wrapper eb-accordion-icon-wrapper-eb-accordion-e74al\"><span class=\"fas fa-plus eb-accordion-icon\"><\/span><\/span><div class=\"eb-accordion-title-content-wrap title-content-eb-accordion-e74al\"><p class=\"eb-accordion-title\">Handlungsdruck<\/p><\/div><\/div><div class=\"eb-accordion-content-wrapper eb-accordion-content-wrapper-eb-accordion-e74al\"><div class=\"eb-accordion-content\">\n<h2 class=\"wp-block-heading\" style=\"margin-top:var(--wp--preset--spacing--60)\">KMUs m\u00fcssen in der Digitalen Transformation etwas tun<\/h2>\n\n\n\n<div class=\"wp-block-group is-layout-constrained wp-container-core-group-is-layout-97f67b25 wp-block-group-is-layout-constrained\" style=\"padding-top:var(--wp--preset--spacing--60);padding-right:0;padding-left:0\">\n<p class=\"has-palette-color-1-color has-text-color has-link-color wp-elements-320bc0dd5d99227da30962cdf84efd38 wp-block-paragraph\">Die Herausforderungen in der Digitalen Transformation sind bei KMU mit denen der grossen Unternehmen identisch! Das klingt banal, ist aber schlussendlich die harte Wahrheit &#8211; <strong>KMU m\u00fcssen sich um die zukunftsorientierte Ausrichtung k\u00fcmmern, sonst bleiben sie trotz eines funktionierenden Gesch\u00e4ftsmodell mittelfristig auf der Strecke<\/strong><\/p>\n\n\n\n<ul class=\"wp-block-list\">\n<li class=\"has-palette-color-1-color has-text-color has-link-color wp-elements-d7e2e25239f859bcdc0b27e33983a8ee\">Strategischer Technologie-Faktor der Digitalen Transformation<\/li>\n\n\n\n<li class=\"has-palette-color-1-color has-text-color has-link-color wp-elements-09e734296abbfeee719e8e1e64f720ac\">Neue Kunden-Prozesse, -Systeme und -Daten<\/li>\n\n\n\n<li class=\"has-palette-color-1-color has-text-color has-link-color wp-elements-6b95a19dd0b0f29c21a6a819e2e1e401\">Digitale F\u00e4higkeiten sind rar &amp; die Kapazit\u00e4ten f\u00fcr die Projekte fehlen<\/li>\n<\/ul>\n\n\n\n<p class=\"wp-block-paragraph\"><strong>Bei diesen wichtigen Bausteinen unterst\u00fctzen wir nicht nur &#8211; wir helfen und liefern umsetzbare Ergebnisse &#8211; lesen Sie dazu mehr in den Details:<\/strong><\/p>\n<\/div>\n<\/div><\/div><\/div>\n\n\n\n<div class=\"wp-block-essential-blocks-accordion-item eb-accordion-item-a6dmj eb-accordion-wrapper\" data-clickable=\"false\"><div class=\"eb-accordion-title-wrapper eb-accordion-title-wrapper-eb-accordion-e74al eb-accordion-horizontal-enable\" tabindex=\"0\"><span class=\"eb-accordion-icon-wrapper eb-accordion-icon-wrapper-eb-accordion-e74al\"><span class=\"fas fa-plus eb-accordion-icon\"><\/span><\/span><div class=\"eb-accordion-title-content-wrap title-content-eb-accordion-e74al\"><p class=\"eb-accordion-title\">Technologie-Faktor<\/p><\/div><\/div><div class=\"eb-accordion-content-wrapper eb-accordion-content-wrapper-eb-accordion-e74al\"><div class=\"eb-accordion-content\">\n<h2 class=\"wp-block-heading\" style=\"margin-top:var(--wp--preset--spacing--60)\">Strategischer Technologie-Faktor der Digitalen Transformation<\/h2>\n\n\n\n<div class=\"wp-block-group is-layout-constrained wp-container-core-group-is-layout-97f67b25 wp-block-group-is-layout-constrained\" style=\"padding-top:var(--wp--preset--spacing--60);padding-right:0;padding-left:0\">\n<p class=\"has-palette-color-1-color has-text-color has-link-color wp-elements-cc8e4fa67748875b03fa978ea823936c wp-block-paragraph\"><strong>Folgende Fragestellungen treffen wir h\u00e4ufig bei KMU an<\/strong><\/p>\n\n\n\n<ul class=\"wp-block-list\">\n<li>Sind wir mit unserem vor 20 Jahren eingef\u00fchrten ERP auf dem richtigen Weg &#8211; oder laufen wir in eine Sackgasse hinein?<\/li>\n\n\n\n<li>Wir haben rund um das ERP diverse Services und L\u00f6sungen eingef\u00fchrt &#8211; f\u00fcr Kalkulationen \/ Konfiguratoren, Auswertungen, Dokumente etc. Machen die involvierten Partner das Richtige &#8211; und in unserem Sinne?<\/li>\n\n\n\n<li>Unsere Datenprozesse sind nicht durchg\u00e4ngig, es gibt viele Redundanzen und der Automatisierungsgrad ist nicht sehr hoch &#8211; wo lohnt es sich konkret, den Hebel anzusetzen und zu investieren?<\/li>\n<\/ul>\n\n\n\n<p class=\"wp-block-paragraph\"><strong>Wir empfehlen, diese aus einer Risiko- wie auch einer Innovations-Sicht strategisch anzugehen &amp; f\u00fchren Sie zielgerichtet in diesem Prozess!<\/strong><\/p>\n<\/div>\n<\/div><\/div><\/div>\n\n\n\n<div class=\"wp-block-essential-blocks-accordion-item eb-accordion-item-1gbny eb-accordion-wrapper\" data-clickable=\"false\"><div class=\"eb-accordion-title-wrapper eb-accordion-title-wrapper-eb-accordion-e74al eb-accordion-horizontal-enable\" tabindex=\"0\"><span class=\"eb-accordion-icon-wrapper eb-accordion-icon-wrapper-eb-accordion-e74al\"><span class=\"fas fa-plus eb-accordion-icon\"><\/span><\/span><div class=\"eb-accordion-title-content-wrap title-content-eb-accordion-e74al\"><p class=\"eb-accordion-title\">Prozesse &#8211; Daten &#8211; Systeme<\/p><\/div><\/div><div class=\"eb-accordion-content-wrapper eb-accordion-content-wrapper-eb-accordion-e74al\"><div class=\"eb-accordion-content\">\n<h2 class=\"wp-block-heading\" style=\"margin-top:var(--wp--preset--spacing--60)\">Neue Kunden-Prozesse, -Daten, -Systeme<\/h2>\n\n\n\n<div class=\"wp-block-group is-layout-constrained wp-container-core-group-is-layout-97f67b25 wp-block-group-is-layout-constrained\" style=\"padding-top:var(--wp--preset--spacing--60);padding-right:0;padding-left:0\">\n<p class=\"has-palette-color-1-color has-text-color has-link-color wp-elements-6b220000692abfee1b378e8f503d9e2d wp-block-paragraph\">Zentrale Treiber f\u00fcr die Digitale Transformation sind neue Kunden-Prozesse &#8211; mit erweiterten Datenanforderungen und starken Auswirkungen auf die bisherige Systemlandschaft.<\/p>\n\n\n\n<ul class=\"wp-block-list\">\n<li>Kunden fordern eShop, Self-Service-Portale oder generell M\u00f6glichkeiten zur Kollaboration &#8211; aber die ben\u00f6tigten neuen Prozesse f\u00fcr die Bereitstellung sind inexistent<\/li>\n\n\n\n<li>Aussagen wie \u201cUnser ERP ist eigentlich auch unser CRM, doch es wird nur wenig genutzt\u201d und \u201cDas Marketing hat zus\u00e4tzliche individuelle Systeme im Einsatz\u201d plus \u201cService und Support funktionieren per Mail &amp; Tel\u201d zeigen ein schlechtes Bild hinsichtlich Kundenzentriertheit<\/li>\n<\/ul>\n\n\n\n<p class=\"wp-block-paragraph\"><strong>Wir erarbeiten mit Ihnen die L\u00f6sung hinsichtlich Prozessen \/ durchg\u00e4ngigen Daten \/ modernen Systemen.<\/strong><\/p>\n<\/div>\n<\/div><\/div><\/div>\n\n\n\n<div class=\"wp-block-essential-blocks-accordion-item eb-accordion-item-4dule eb-accordion-wrapper\" data-clickable=\"false\"><div class=\"eb-accordion-title-wrapper eb-accordion-title-wrapper-eb-accordion-e74al eb-accordion-horizontal-enable\" tabindex=\"0\"><span class=\"eb-accordion-icon-wrapper eb-accordion-icon-wrapper-eb-accordion-e74al\"><span class=\"fas fa-plus eb-accordion-icon\"><\/span><\/span><div class=\"eb-accordion-title-content-wrap title-content-eb-accordion-e74al\"><p class=\"eb-accordion-title\">F\u00e4higkeiten &#038; Kapazit\u00e4ten<\/p><\/div><\/div><div class=\"eb-accordion-content-wrapper eb-accordion-content-wrapper-eb-accordion-e74al\"><div class=\"eb-accordion-content\">\n<h2 class=\"wp-block-heading\" style=\"margin-top:var(--wp--preset--spacing--60)\">Digitale F\u00e4higkeiten sind rar &amp; die Kapazit\u00e4ten f\u00fcr die Projekte fehlen<\/h2>\n\n\n\n<div class=\"wp-block-group is-layout-constrained wp-container-core-group-is-layout-97f67b25 wp-block-group-is-layout-constrained\" style=\"padding-top:var(--wp--preset--spacing--60);padding-right:0;padding-left:0\">\n<p class=\"has-palette-color-1-color has-text-color has-link-color wp-elements-83f0e07d5a0b2f70bd5075531ae81d45 wp-block-paragraph\">Die in KMU meist vorherrschende Situation f\u00fchrt zu einem \u201cDead-Lock\u201d &#8211; so geraten sie in Digitale Transformation noch weiter ins Hintertreffen:<\/p>\n\n\n\n<ul class=\"wp-block-list\">\n<li>\u201cDie ben\u00f6tigten digitalen F\u00e4higkeiten sind d\u00fcnn ges\u00e4t in der Firma &#8211; und diese Personen werden im n\u00e4chsten halben Jahr gerade an anderer Stelle dringend ben\u00f6tigt\u201d<\/li>\n\n\n\n<li>\u201cWir wollen ein attraktiver Arbeitgeber sein und den Mitarbeiter eine Bef\u00e4higung \/ Weiterentwicklung anbieten &#8211; darum reden wir seit langem intern davon, aber die Initiative hat sich nun verz\u00f6gert&#8220;<\/li>\n<\/ul>\n\n\n\n<p class=\"wp-block-paragraph\"><strong>Gemeinsam mit Ihnen definieren wir die notwendigen Rollen und unterst\u00fctzen Sie als \u201cProjekt-Erfolgreich-Macher\u201d<\/strong> &#8211; Hocherfahren, so viele % wie es braucht f\u00fcr den Erfolg, flexibel einsetzbar.<\/p>\n<\/div>\n<\/div><\/div><\/div>\n<\/div><\/div><\/div><\/div>\n<\/div>\n\n\n\n<div class=\"wp-block-group alignfull section__highlight--white has-palette-color-7-background-color has-background is-layout-constrained wp-block-group-is-layout-constrained\" style=\"padding-top:var(--wp--preset--spacing--80);padding-bottom:0\">\n<div class=\"wp-block-group is-layout-constrained wp-block-group-is-layout-constrained\">\n<h2 class=\"wp-block-heading\">Projekterfahrungen<\/h2>\n<\/div>\n<\/div>\n\n\n\n<div class=\"wp-block-group alignfull is-layout-constrained wp-block-group-is-layout-constrained\" style=\"padding-top:var(--wp--preset--spacing--40);padding-bottom:var(--wp--preset--spacing--80)\">\n<div data-id=\"f474cd36\" style=\"border-radius:0px;\" class=\"wp-block-blocksy-query alignwide carousel__experience\"><div class=\"ct-query-template is-layout-slider\"><div class=\"flexy-container\" data-flexy=\"no\"><div class=\"flexy\"><div class=\"flexy-view\" data-flexy-view=\"boxed\"><div class=\"flexy-items\" data-height=\"dynamic\"><div class=\"flexy-item\"><article class=\"wp-block-post is-layout-flow post-107093 case-study type-case-study status-publish has-post-thumbnail hentry category-business-prozesse-hebel-governance category-digitale-organisation category-digitalisierung-kmu category-evaluationen-und-ausschreibungen category-lead-consultant-digitale-transformation category-project-manager-program-manager category-standard-case category-standortbestimmung-digitale-transformation branche-tourism-hospitality-sports-entertainment thema-business-it-strategie\">\n<a style=\"margin-bottom:5px;\" class=\"ct-dynamic-media wp-elements-1da368c1ce799d8d1a95f5a6e147fbb2\" aria-label=\"Gadget\" href=\"https:\/\/diselva.com\/de\/case\/gadget\/\"><img loading=\"lazy\" decoding=\"async\" width=\"400\" height=\"267\" src=\"https:\/\/i0.wp.com\/diselva.com\/wp-content\/uploads\/2025\/09\/gadget-hero-teaser.jpg?fit=400%2C267&amp;quality=83&amp;ssl=1\" class=\"attachment-thumbnail size-thumbnail\" alt=\"Gadget - Open Air St. Gallen - Hero Teaser\" style=\"width:100%;height:100%;object-fit: cover;aspect-ratio: 4\/3;border-radius:0px;\" srcset=\"https:\/\/i0.wp.com\/diselva.com\/wp-content\/uploads\/2025\/09\/gadget-hero-teaser.jpg?w=1200&amp;quality=83&amp;ssl=1 1200w, https:\/\/i0.wp.com\/diselva.com\/wp-content\/uploads\/2025\/09\/gadget-hero-teaser.jpg?resize=1024%2C683&amp;quality=83&amp;ssl=1 1024w, https:\/\/i0.wp.com\/diselva.com\/wp-content\/uploads\/2025\/09\/gadget-hero-teaser.jpg?resize=640%2C427&amp;quality=83&amp;ssl=1 640w, https:\/\/i0.wp.com\/diselva.com\/wp-content\/uploads\/2025\/09\/gadget-hero-teaser.jpg?resize=768%2C512&amp;quality=83&amp;ssl=1 768w\" sizes=\"auto, (max-width: 400px) 100vw, 400px\" \/><\/a>\n\n<h3 style=\"margin-top:var(--wp--preset--spacing--30);margin-bottom:var(--wp--preset--spacing--30);\" class=\"ct-dynamic-data wp-elements-0aa14953b05ee7b8636d3dce3fb6e146 wp-elements-6f15e8025864c1789eeb451b1703fa34 has-small-font-size\"><a href=\"https:\/\/diselva.com\/de\/case\/gadget\/\">Gadget<\/a><\/h3>\n\n<p style=\"line-height:1.1; margin-bottom:0;margin-top:0;\" class=\"ct-dynamic-data has-large-font-size\">Bleibende Erinnerungen mit Everything Music<\/p>\n<\/article><\/div><div class=\"flexy-item\"><article class=\"wp-block-post is-layout-flow post-108809 case-study type-case-study status-publish has-post-thumbnail hentry category-business-prozesse-hebel-governance category-digitalisierung-kmu category-evaluationen-und-ausschreibungen category-standard-case branche-public-sector-education-health\">\n<a style=\"margin-bottom:5px;\" class=\"ct-dynamic-media wp-elements-1da368c1ce799d8d1a95f5a6e147fbb2\" aria-label=\"cogvis\" href=\"https:\/\/diselva.com\/de\/case\/cogvis\/\"><img loading=\"lazy\" decoding=\"async\" width=\"400\" height=\"267\" src=\"https:\/\/i0.wp.com\/diselva.com\/wp-content\/uploads\/2025\/09\/cogvis-hero-teaser.jpg?fit=400%2C267&amp;quality=83&amp;ssl=1\" class=\"attachment-thumbnail size-thumbnail\" alt=\"cogvis - Hero Image\" style=\"width:100%;height:100%;object-fit: cover;aspect-ratio: 4\/3;border-radius:0px;\" srcset=\"https:\/\/i0.wp.com\/diselva.com\/wp-content\/uploads\/2025\/09\/cogvis-hero-teaser.jpg?w=1200&amp;quality=83&amp;ssl=1 1200w, https:\/\/i0.wp.com\/diselva.com\/wp-content\/uploads\/2025\/09\/cogvis-hero-teaser.jpg?resize=1024%2C683&amp;quality=83&amp;ssl=1 1024w, https:\/\/i0.wp.com\/diselva.com\/wp-content\/uploads\/2025\/09\/cogvis-hero-teaser.jpg?resize=640%2C427&amp;quality=83&amp;ssl=1 640w, https:\/\/i0.wp.com\/diselva.com\/wp-content\/uploads\/2025\/09\/cogvis-hero-teaser.jpg?resize=768%2C512&amp;quality=83&amp;ssl=1 768w\" sizes=\"auto, (max-width: 400px) 100vw, 400px\" \/><\/a>\n\n<h3 style=\"margin-top:var(--wp--preset--spacing--30);margin-bottom:var(--wp--preset--spacing--30);\" class=\"ct-dynamic-data wp-elements-0aa14953b05ee7b8636d3dce3fb6e146 wp-elements-6f15e8025864c1789eeb451b1703fa34 has-small-font-size\"><a href=\"https:\/\/diselva.com\/de\/case\/cogvis\/\">cogvis<\/a><\/h3>\n\n<p style=\"line-height:1.1; margin-bottom:0;margin-top:0;\" class=\"ct-dynamic-data has-large-font-size\">Beratung &#038; Evaluation ERP mit CRM Funktionalit\u00e4ten<\/p>\n<\/article><\/div><div class=\"flexy-item\"><article class=\"wp-block-post is-layout-flow post-107521 case-study type-case-study status-publish has-post-thumbnail hentry category-business-prozesse-hebel-governance category-digitale-transformation-strategie category-digitalisierung-kmu category-enterprise-architect-solution-architect category-lead-consultant-digitale-transformation category-solution-software-architecture category-standard-case category-standortbestimmung-digitale-transformation branche-b2b-manufacturing-industries\">\n<a style=\"margin-bottom:5px;\" class=\"ct-dynamic-media wp-elements-1da368c1ce799d8d1a95f5a6e147fbb2\" aria-label=\"Lista Office\" href=\"https:\/\/diselva.com\/de\/case\/lista-office\/\"><img loading=\"lazy\" decoding=\"async\" width=\"400\" height=\"267\" src=\"https:\/\/i0.wp.com\/diselva.com\/wp-content\/uploads\/2025\/09\/lista-office-hero-teaser.jpg?fit=400%2C267&amp;quality=83&amp;ssl=1\" class=\"attachment-thumbnail size-thumbnail\" alt=\"Lista Office - Hero Image\" style=\"width:100%;height:100%;object-fit: cover;aspect-ratio: 4\/3;border-radius:0px;\" srcset=\"https:\/\/i0.wp.com\/diselva.com\/wp-content\/uploads\/2025\/09\/lista-office-hero-teaser.jpg?w=1200&amp;quality=83&amp;ssl=1 1200w, https:\/\/i0.wp.com\/diselva.com\/wp-content\/uploads\/2025\/09\/lista-office-hero-teaser.jpg?resize=1024%2C683&amp;quality=83&amp;ssl=1 1024w, https:\/\/i0.wp.com\/diselva.com\/wp-content\/uploads\/2025\/09\/lista-office-hero-teaser.jpg?resize=400%2C267&amp;quality=83&amp;ssl=1 400w, https:\/\/i0.wp.com\/diselva.com\/wp-content\/uploads\/2025\/09\/lista-office-hero-teaser.jpg?resize=768%2C512&amp;quality=83&amp;ssl=1 768w\" sizes=\"auto, (max-width: 400px) 100vw, 400px\" \/><\/a>\n\n<h3 style=\"margin-top:var(--wp--preset--spacing--30);margin-bottom:var(--wp--preset--spacing--30);\" class=\"ct-dynamic-data wp-elements-0aa14953b05ee7b8636d3dce3fb6e146 wp-elements-6f15e8025864c1789eeb451b1703fa34 has-small-font-size\"><a href=\"https:\/\/diselva.com\/de\/case\/lista-office\/\">Lista Office<\/a><\/h3>\n\n<p style=\"line-height:1.1; margin-bottom:0;margin-top:0;\" class=\"ct-dynamic-data has-large-font-size\">Digitale Transformation mit Fokus eCommerce<\/p>\n<\/article><\/div><div class=\"flexy-item\"><article class=\"wp-block-post is-layout-flow post-107162 case-study type-case-study status-publish has-post-thumbnail hentry category-digitale-transformation-strategie category-digitalisierung-kmu category-gl-vr-sparring-partner category-it-strategie category-standard-case branche-b2b-manufacturing-industries\">\n<a style=\"margin-bottom:5px;\" class=\"ct-dynamic-media wp-elements-1da368c1ce799d8d1a95f5a6e147fbb2\" aria-label=\"Safran Vectronix\" href=\"https:\/\/diselva.com\/de\/case\/safran-vectronix\/\"><img loading=\"lazy\" decoding=\"async\" width=\"400\" height=\"267\" src=\"https:\/\/i0.wp.com\/diselva.com\/wp-content\/uploads\/2025\/09\/safran-hero-teaser.jpg?fit=400%2C267&amp;quality=83&amp;ssl=1\" class=\"attachment-thumbnail size-thumbnail\" alt=\"Safran Vectronix AG - Hero Image\" style=\"width:100%;height:100%;object-fit: cover;aspect-ratio: 4\/3;border-radius:0px;\" srcset=\"https:\/\/i0.wp.com\/diselva.com\/wp-content\/uploads\/2025\/09\/safran-hero-teaser.jpg?w=1200&amp;quality=83&amp;ssl=1 1200w, https:\/\/i0.wp.com\/diselva.com\/wp-content\/uploads\/2025\/09\/safran-hero-teaser.jpg?resize=1024%2C683&amp;quality=83&amp;ssl=1 1024w, https:\/\/i0.wp.com\/diselva.com\/wp-content\/uploads\/2025\/09\/safran-hero-teaser.jpg?resize=640%2C427&amp;quality=83&amp;ssl=1 640w, https:\/\/i0.wp.com\/diselva.com\/wp-content\/uploads\/2025\/09\/safran-hero-teaser.jpg?resize=768%2C512&amp;quality=83&amp;ssl=1 768w\" sizes=\"auto, (max-width: 400px) 100vw, 400px\" \/><\/a>\n\n<h3 style=\"margin-top:var(--wp--preset--spacing--30);margin-bottom:var(--wp--preset--spacing--30);\" class=\"ct-dynamic-data wp-elements-0aa14953b05ee7b8636d3dce3fb6e146 wp-elements-6f15e8025864c1789eeb451b1703fa34 has-small-font-size\"><a href=\"https:\/\/diselva.com\/de\/case\/safran-vectronix\/\">Safran Vectronix<\/a><\/h3>\n\n<p style=\"line-height:1.1; margin-bottom:0;margin-top:0;\" class=\"ct-dynamic-data has-large-font-size\">IT-Strategie mit Tiefgang<\/p>\n<\/article><\/div><div class=\"flexy-item\"><article class=\"wp-block-post is-layout-flow post-107146 case-study type-case-study status-publish has-post-thumbnail hentry category-architektur-review category-begleitung-in-der-umsetzung-der-projekte category-digitale-transformation-strategie category-digitalisierung-kmu category-enterprise-architect-solution-architect category-evaluationen-und-ausschreibungen category-gl-vr-sparring-partner category-it-strategie category-standard-case category-standortbestimmung-digitale-transformation branche-tourism-hospitality-sports-entertainment\">\n<a style=\"margin-bottom:5px;\" class=\"ct-dynamic-media wp-elements-1da368c1ce799d8d1a95f5a6e147fbb2\" aria-label=\"Olma Messen St.Gallen\" href=\"https:\/\/diselva.com\/de\/case\/olma-messen\/\"><img loading=\"lazy\" decoding=\"async\" width=\"400\" height=\"267\" src=\"https:\/\/i0.wp.com\/diselva.com\/wp-content\/uploads\/2025\/09\/olma-hero-teaser.jpg?fit=400%2C267&amp;quality=83&amp;ssl=1\" class=\"attachment-thumbnail size-thumbnail\" alt=\"Olma Messen St. Gallen - SGKB Halle - Hero Image\" style=\"width:100%;height:100%;object-fit: cover;aspect-ratio: 4\/3;border-radius:0px;\" srcset=\"https:\/\/i0.wp.com\/diselva.com\/wp-content\/uploads\/2025\/09\/olma-hero-teaser.jpg?w=1200&amp;quality=83&amp;ssl=1 1200w, https:\/\/i0.wp.com\/diselva.com\/wp-content\/uploads\/2025\/09\/olma-hero-teaser.jpg?resize=1024%2C683&amp;quality=83&amp;ssl=1 1024w, https:\/\/i0.wp.com\/diselva.com\/wp-content\/uploads\/2025\/09\/olma-hero-teaser.jpg?resize=640%2C427&amp;quality=83&amp;ssl=1 640w, https:\/\/i0.wp.com\/diselva.com\/wp-content\/uploads\/2025\/09\/olma-hero-teaser.jpg?resize=768%2C512&amp;quality=83&amp;ssl=1 768w\" sizes=\"auto, (max-width: 400px) 100vw, 400px\" \/><\/a>\n\n<h3 style=\"margin-top:var(--wp--preset--spacing--30);margin-bottom:var(--wp--preset--spacing--30);\" class=\"ct-dynamic-data wp-elements-0aa14953b05ee7b8636d3dce3fb6e146 wp-elements-6f15e8025864c1789eeb451b1703fa34 has-small-font-size\"><a href=\"https:\/\/diselva.com\/de\/case\/olma-messen\/\">Olma Messen St.Gallen<\/a><\/h3>\n\n<p style=\"line-height:1.1; margin-bottom:0;margin-top:0;\" class=\"ct-dynamic-data has-large-font-size\">Evaluation Event Platform &#038; Begleitung Implementierungsprojekt<\/p>\n<\/article><\/div><div class=\"flexy-item\"><article class=\"wp-block-post is-layout-flow post-107017 case-study type-case-study status-publish has-post-thumbnail hentry category-begleitung-in-der-umsetzung-der-projekte category-business-prozesse-hebel-governance category-digitale-transformation-strategie category-digitalisierung-kmu category-evaluationen-und-ausschreibungen category-gl-vr-sparring-partner category-lead-consultant-digitale-transformation category-standard-case branche-public-sector-education-health\">\n<a style=\"margin-bottom:5px;\" class=\"ct-dynamic-media wp-elements-1da368c1ce799d8d1a95f5a6e147fbb2\" aria-label=\"Swidro\" href=\"https:\/\/diselva.com\/de\/case\/swidro\/\"><img loading=\"lazy\" decoding=\"async\" width=\"400\" height=\"267\" src=\"https:\/\/i0.wp.com\/diselva.com\/wp-content\/uploads\/2025\/09\/swidro-hero-teaser.jpg?fit=400%2C267&amp;quality=83&amp;ssl=1\" class=\"attachment-thumbnail size-thumbnail\" alt=\"Swidro - Hero Image\" style=\"width:100%;height:100%;object-fit: cover;aspect-ratio: 4\/3;border-radius:0px;\" srcset=\"https:\/\/i0.wp.com\/diselva.com\/wp-content\/uploads\/2025\/09\/swidro-hero-teaser.jpg?w=1200&amp;quality=83&amp;ssl=1 1200w, https:\/\/i0.wp.com\/diselva.com\/wp-content\/uploads\/2025\/09\/swidro-hero-teaser.jpg?resize=1024%2C683&amp;quality=83&amp;ssl=1 1024w, https:\/\/i0.wp.com\/diselva.com\/wp-content\/uploads\/2025\/09\/swidro-hero-teaser.jpg?resize=640%2C427&amp;quality=83&amp;ssl=1 640w, https:\/\/i0.wp.com\/diselva.com\/wp-content\/uploads\/2025\/09\/swidro-hero-teaser.jpg?resize=768%2C512&amp;quality=83&amp;ssl=1 768w\" sizes=\"auto, (max-width: 400px) 100vw, 400px\" \/><\/a>\n\n<h3 style=\"margin-top:var(--wp--preset--spacing--30);margin-bottom:var(--wp--preset--spacing--30);\" class=\"ct-dynamic-data wp-elements-0aa14953b05ee7b8636d3dce3fb6e146 wp-elements-6f15e8025864c1789eeb451b1703fa34 has-small-font-size\"><a href=\"https:\/\/diselva.com\/de\/case\/swidro\/\">Swidro<\/a><\/h3>\n\n<p style=\"line-height:1.1; margin-bottom:0;margin-top:0;\" class=\"ct-dynamic-data has-large-font-size\">Evaluation von eCommerce Software und Dienstleister f\u00fcr ein komplexes Multi-Shop-Setup<\/p>\n<\/article><\/div><div class=\"flexy-item\"><article class=\"wp-block-post is-layout-flow post-106979 case-study type-case-study status-publish has-post-thumbnail hentry category-digitale-transformation-strategie category-digitalisierung-kmu category-gl-vr-sparring-partner category-it-strategie category-standard-case category-standortbestimmung-digitale-transformation branche-b2b-manufacturing-industries branche-real-estate-construction\">\n<a style=\"margin-bottom:5px;\" class=\"ct-dynamic-media wp-elements-1da368c1ce799d8d1a95f5a6e147fbb2\" aria-label=\"Pl\u00e4ttli Ganz\" href=\"https:\/\/diselva.com\/de\/case\/ganz-gruppe\/\"><img loading=\"lazy\" decoding=\"async\" width=\"400\" height=\"267\" src=\"https:\/\/i0.wp.com\/diselva.com\/wp-content\/uploads\/2025\/09\/plaettli-ganz-hero-2-teaser.jpg?fit=400%2C267&amp;quality=83&amp;ssl=1\" class=\"attachment-thumbnail size-thumbnail\" alt=\"Pl\u00e4ttli Ganz - Hero Image\" style=\"width:100%;height:100%;object-fit: cover;aspect-ratio: 4\/3;border-radius:0px;\" srcset=\"https:\/\/i0.wp.com\/diselva.com\/wp-content\/uploads\/2025\/09\/plaettli-ganz-hero-2-teaser.jpg?w=1200&amp;quality=83&amp;ssl=1 1200w, https:\/\/i0.wp.com\/diselva.com\/wp-content\/uploads\/2025\/09\/plaettli-ganz-hero-2-teaser.jpg?resize=1024%2C683&amp;quality=83&amp;ssl=1 1024w, https:\/\/i0.wp.com\/diselva.com\/wp-content\/uploads\/2025\/09\/plaettli-ganz-hero-2-teaser.jpg?resize=400%2C267&amp;quality=83&amp;ssl=1 400w, https:\/\/i0.wp.com\/diselva.com\/wp-content\/uploads\/2025\/09\/plaettli-ganz-hero-2-teaser.jpg?resize=768%2C512&amp;quality=83&amp;ssl=1 768w\" sizes=\"auto, (max-width: 400px) 100vw, 400px\" \/><\/a>\n\n<h3 style=\"margin-top:var(--wp--preset--spacing--30);margin-bottom:var(--wp--preset--spacing--30);\" class=\"ct-dynamic-data wp-elements-0aa14953b05ee7b8636d3dce3fb6e146 wp-elements-6f15e8025864c1789eeb451b1703fa34 has-small-font-size\"><a href=\"https:\/\/diselva.com\/de\/case\/ganz-gruppe\/\">Pl\u00e4ttli Ganz<\/a><\/h3>\n\n<p style=\"line-height:1.1; margin-bottom:0;margin-top:0;\" class=\"ct-dynamic-data has-large-font-size\">Digitale Transformation mit Fokus eCommerce<\/p>\n<\/article><\/div><div class=\"flexy-item\"><article class=\"wp-block-post is-layout-flow post-106806 case-study type-case-study status-publish has-post-thumbnail hentry category-architektur-review category-digitalisierung-kmu category-enterprise-architect-solution-architect category-evaluationen-und-ausschreibungen category-gl-vr-sparring-partner category-standard-case branche-real-estate-construction\">\n<a style=\"margin-bottom:5px;\" class=\"ct-dynamic-media wp-elements-1da368c1ce799d8d1a95f5a6e147fbb2\" aria-label=\"Uze AG\" href=\"https:\/\/diselva.com\/de\/case\/uze\/\"><img loading=\"lazy\" decoding=\"async\" width=\"400\" height=\"267\" src=\"https:\/\/i0.wp.com\/diselva.com\/wp-content\/uploads\/2025\/09\/uze-hero-teaser.jpg?fit=400%2C267&amp;quality=83&amp;ssl=1\" class=\"attachment-thumbnail size-thumbnail\" alt=\"Uze AG - Hotel Uzwil - Hero Image\" style=\"width:100%;height:100%;object-fit: cover;aspect-ratio: 4\/3;border-radius:0px;\" srcset=\"https:\/\/i0.wp.com\/diselva.com\/wp-content\/uploads\/2025\/09\/uze-hero-teaser.jpg?w=1200&amp;quality=83&amp;ssl=1 1200w, https:\/\/i0.wp.com\/diselva.com\/wp-content\/uploads\/2025\/09\/uze-hero-teaser.jpg?resize=1024%2C683&amp;quality=83&amp;ssl=1 1024w, https:\/\/i0.wp.com\/diselva.com\/wp-content\/uploads\/2025\/09\/uze-hero-teaser.jpg?resize=640%2C427&amp;quality=83&amp;ssl=1 640w, https:\/\/i0.wp.com\/diselva.com\/wp-content\/uploads\/2025\/09\/uze-hero-teaser.jpg?resize=768%2C512&amp;quality=83&amp;ssl=1 768w\" sizes=\"auto, (max-width: 400px) 100vw, 400px\" \/><\/a>\n\n<h3 style=\"margin-top:var(--wp--preset--spacing--30);margin-bottom:var(--wp--preset--spacing--30);\" class=\"ct-dynamic-data wp-elements-0aa14953b05ee7b8636d3dce3fb6e146 wp-elements-6f15e8025864c1789eeb451b1703fa34 has-small-font-size\"><a href=\"https:\/\/diselva.com\/de\/case\/uze\/\">Uze AG<\/a><\/h3>\n\n<p style=\"line-height:1.1; margin-bottom:0;margin-top:0;\" class=\"ct-dynamic-data has-large-font-size\">Architektur Review &#038; Evaluation Hotel PMS<\/p>\n<\/article><\/div><div class=\"flexy-item\"><article class=\"wp-block-post is-layout-flow post-105043 case-study type-case-study status-publish has-post-thumbnail hentry category-architektur-review category-aufbau-nearshore category-begleitung-in-der-umsetzung-der-projekte category-business-prozesse-hebel-governance category-data-driven-customer-centricity category-digitale-organisation category-digitale-transformation-strategie category-digitalisierung-kmu category-enterprise-architect-solution-architect category-evaluationen-und-ausschreibungen category-gl-vr-sparring-partner category-hero-case category-project-manager-program-manager category-software-data-architect-technology-lead category-solution-software-architecture category-standortbestimmung-digitale-transformation branche-digital-business-innovation-services branche-public-sector-education-health\">\n<a style=\"margin-bottom:5px;\" class=\"ct-dynamic-media wp-elements-1da368c1ce799d8d1a95f5a6e147fbb2\" aria-label=\"flawa iQ AG\" href=\"https:\/\/diselva.com\/de\/case\/flawa-iq\/\"><img loading=\"lazy\" decoding=\"async\" width=\"400\" height=\"267\" src=\"https:\/\/i0.wp.com\/diselva.com\/wp-content\/uploads\/2025\/09\/flawaiq-hero-teaser.jpg?fit=400%2C267&amp;quality=83&amp;ssl=1\" class=\"attachment-thumbnail size-thumbnail\" alt=\"flawa iQ - Hero Image\" style=\"width:100%;height:100%;object-fit: cover;aspect-ratio: 4\/3;border-radius:0px;\" srcset=\"https:\/\/i0.wp.com\/diselva.com\/wp-content\/uploads\/2025\/09\/flawaiq-hero-teaser.jpg?w=1200&amp;quality=83&amp;ssl=1 1200w, https:\/\/i0.wp.com\/diselva.com\/wp-content\/uploads\/2025\/09\/flawaiq-hero-teaser.jpg?resize=1024%2C683&amp;quality=83&amp;ssl=1 1024w, https:\/\/i0.wp.com\/diselva.com\/wp-content\/uploads\/2025\/09\/flawaiq-hero-teaser.jpg?resize=640%2C427&amp;quality=83&amp;ssl=1 640w, https:\/\/i0.wp.com\/diselva.com\/wp-content\/uploads\/2025\/09\/flawaiq-hero-teaser.jpg?resize=768%2C512&amp;quality=83&amp;ssl=1 768w\" sizes=\"auto, (max-width: 400px) 100vw, 400px\" \/><\/a>\n\n<h3 style=\"margin-top:var(--wp--preset--spacing--30);margin-bottom:var(--wp--preset--spacing--30);\" class=\"ct-dynamic-data wp-elements-0aa14953b05ee7b8636d3dce3fb6e146 wp-elements-6f15e8025864c1789eeb451b1703fa34 has-small-font-size\"><a href=\"https:\/\/diselva.com\/de\/case\/flawa-iq\/\">flawa iQ AG<\/a><\/h3>\n\n<p style=\"line-height:1.1; margin-bottom:0;margin-top:0;\" class=\"ct-dynamic-data has-large-font-size\">flawa iQ boostet digitales Gesch\u00e4ft mit diselva<\/p>\n<\/article><\/div><\/div><\/div><span class=\"flexy-arrow-prev\" data-position=\"outside\"><svg width=\"16\" height=\"10\" fill=\"currentColor\" viewBox=\"0 0 16 10\"><path d=\"M15.3 4.3h-13l2.8-3c.3-.3.3-.7 0-1-.3-.3-.6-.3-.9 0l-4 4.2-.2.2v.6c0 .1.1.2.2.2l4 4.2c.3.4.6.4.9 0 .3-.3.3-.7 0-1l-2.8-3h13c.2 0 .4-.1.5-.2s.2-.3.2-.5-.1-.4-.2-.5c-.1-.1-.3-.2-.5-.2z\"><\/path><\/svg><\/span>\n\t\t\t\t\t\t\t\t<span class=\"flexy-arrow-next\" data-position=\"outside\"><svg width=\"16\" height=\"10\" fill=\"currentColor\" viewBox=\"0 0 16 10\"><path d=\"M.2 4.5c-.1.1-.2.3-.2.5s.1.4.2.5c.1.1.3.2.5.2h13l-2.8 3c-.3.3-.3.7 0 1 .3.3.6.3.9 0l4-4.2.2-.2V5v-.3c0-.1-.1-.2-.2-.2l-4-4.2c-.3-.4-.6-.4-.9 0-.3.3-.3.7 0 1l2.8 3H.7c-.2 0-.4.1-.5.2z\"><\/path><\/svg><\/span><\/div><\/div><\/div><style>[data-id='f474cd36'] {--grid-columns-gap:var(--wp--preset--spacing--60);--grid-columns-width:25%;} [data-id='f474cd36'] [data-flexy*=\"no\"] .flexy-item:nth-child(n + 5) {height:1px;}@media (max-width: 999.98px) {[data-id='f474cd36'] {--grid-columns-width:50%;} [data-id='f474cd36'] [data-flexy*=\"no\"] .flexy-item:nth-child(n + 3) {height:1px;}}@media (max-width: 689.98px) {[data-id='f474cd36'] {--grid-columns-width:100%;} [data-id='f474cd36'] [data-flexy*=\"no\"] .flexy-item:nth-child(n + 2) {height:1px;}}<\/style><\/div>\n<\/div>\n\n\n\n<div class=\"wp-block-group is-layout-constrained wp-block-group-is-layout-constrained\" style=\"padding-top:var(--wp--preset--spacing--70);padding-bottom:0\">\n<h2 class=\"wp-block-heading\">Expertenartikel<\/h2>\n<\/div>\n\n\n\n<div class=\"wp-block-group alignwide is-layout-constrained wp-block-group-is-layout-constrained\">\n<div data-id=\"08f21690\" class=\"wp-block-blocksy-query alignwide carousel__expert-articles\" style=\"border-radius:0px;padding-right:0;padding-bottom:var(--wp--preset--spacing--80);padding-left:0\"><div class=\"ct-query-template is-layout-slider\"><div class=\"flexy-container\" data-flexy=\"no\"><div class=\"flexy\"><div class=\"flexy-view\" data-flexy-view=\"boxed\"><div class=\"flexy-items\" data-height=\"dynamic\"><div class=\"flexy-item\"><article class=\"wp-block-post is-layout-flow post-111426 post type-post status-publish format-standard has-post-thumbnail hentry category-digitale-transformation-strategie category-digitalisierung-kmu category-expertenartikel category-leader-2025 thema-digitale-transformation\">\n\n<div class=\"wp-block-group carousel__expert-articles--tile has-border-color has-palette-color-8-border-color is-content-justification-left is-layout-constrained wp-container-core-group-is-layout-67e99164 wp-block-group-is-layout-constrained\" style=\"border-width:1px;min-height:100%;padding-top:var(--wp--preset--spacing--40);padding-right:var(--wp--preset--spacing--40);padding-bottom:var(--wp--preset--spacing--40);padding-left:var(--wp--preset--spacing--40)\"><div style=\"border-radius:0px; margin-bottom:5px;\" class=\"ct-dynamic-data wp-elements-eb7bea9c7c8d6631f6ad8f4023d9225e wp-elements-c6c7aae44e72b453676c7353afa4dd4a has-small-font-size\"><a href=\"https:\/\/diselva.com\/de\/blog\/author\/\">J\u00f6rg Brunschwiler<\/a><\/div>\n\n<h3 style=\"margin-top:var(--wp--preset--spacing--30);margin-bottom:var(--wp--preset--spacing--30);\" class=\"ct-dynamic-data wp-elements-a2c280b83f8278fadfa9f2ee8166fbf3 wp-elements-f0b8dce5addfc7c030a1ffbb31009916 has-large-font-size\"><a href=\"https:\/\/diselva.com\/de\/blog\/faktoren-die-ihre-digitale-transformation-ausbremsen\/\">Faktoren, die Ihre Digitale Transformation ausbremsen<\/a><\/h3>\n\n<p style=\"line-height:1.1; margin-bottom:var(--wp--preset--spacing--40);margin-top:var(--wp--preset--spacing--30);\" class=\"ct-dynamic-data has-medium-font-size\">Eine erfolgreiche digitale Transformation wird in Unternehmen oftmals durch folgende Faktoren gebremst oder auch teilweise verhindert.<\/p>\n\n<a class=\"wp-elements-3a7756b24b575c694ea088a7d9529d08 wp-block-read-more has-text-color has-palette-color-1-color has-small-font-size\" href=\"https:\/\/diselva.com\/de\/blog\/faktoren-die-ihre-digitale-transformation-ausbremsen\/\" target=\"_self\">lesen<span class=\"screen-reader-text\">: Faktoren, die Ihre Digitale Transformation ausbremsen<\/span><\/a><\/div>\n\n<\/article><\/div><div class=\"flexy-item\"><article class=\"wp-block-post is-layout-flow post-111415 post type-post status-publish format-standard has-post-thumbnail hentry category-digitale-transformation-strategie category-digitalisierung-kmu category-expertenartikel thema-digitale-transformation\">\n\n<div class=\"wp-block-group carousel__expert-articles--tile has-border-color has-palette-color-8-border-color is-content-justification-left is-layout-constrained wp-container-core-group-is-layout-67e99164 wp-block-group-is-layout-constrained\" style=\"border-width:1px;min-height:100%;padding-top:var(--wp--preset--spacing--40);padding-right:var(--wp--preset--spacing--40);padding-bottom:var(--wp--preset--spacing--40);padding-left:var(--wp--preset--spacing--40)\"><div style=\"border-radius:0px; margin-bottom:5px;\" class=\"ct-dynamic-data wp-elements-eb7bea9c7c8d6631f6ad8f4023d9225e wp-elements-c6c7aae44e72b453676c7353afa4dd4a has-small-font-size\"><a href=\"https:\/\/diselva.com\/de\/blog\/author\/\">J\u00f6rg Brunschwiler<\/a><\/div>\n\n<h3 style=\"margin-top:var(--wp--preset--spacing--30);margin-bottom:var(--wp--preset--spacing--30);\" class=\"ct-dynamic-data wp-elements-a2c280b83f8278fadfa9f2ee8166fbf3 wp-elements-f0b8dce5addfc7c030a1ffbb31009916 has-large-font-size\"><a href=\"https:\/\/diselva.com\/de\/blog\/bewaehrtes-vorgehen-digitale-transformation-strategie\/\">Bew\u00e4hrtes Vorgehen Digitale Transformation Strategie<\/a><\/h3>\n\n<p style=\"line-height:1.1; margin-bottom:var(--wp--preset--spacing--40);margin-top:var(--wp--preset--spacing--30);\" class=\"ct-dynamic-data has-medium-font-size\">Die diselva Digitale Transformation Strategie im Detail.<\/p>\n\n<a class=\"wp-elements-3a7756b24b575c694ea088a7d9529d08 wp-block-read-more has-text-color has-palette-color-1-color has-small-font-size\" href=\"https:\/\/diselva.com\/de\/blog\/bewaehrtes-vorgehen-digitale-transformation-strategie\/\" target=\"_self\">lesen<span class=\"screen-reader-text\">: Bew\u00e4hrtes Vorgehen Digitale Transformation Strategie<\/span><\/a><\/div>\n\n<\/article><\/div><div class=\"flexy-item\"><article class=\"wp-block-post is-layout-flow post-110417 post type-post status-publish format-standard has-post-thumbnail hentry category-digitale-transformation-strategie category-digitalisierung-kmu category-enterprise-architecture category-expertenartikel category-it-strategie category-leader-2025 category-solution-software-architecture category-standortbestimmung-digitale-transformation\">\n\n<div class=\"wp-block-group carousel__expert-articles--tile has-border-color has-palette-color-8-border-color is-content-justification-left is-layout-constrained wp-container-core-group-is-layout-67e99164 wp-block-group-is-layout-constrained\" style=\"border-width:1px;min-height:100%;padding-top:var(--wp--preset--spacing--40);padding-right:var(--wp--preset--spacing--40);padding-bottom:var(--wp--preset--spacing--40);padding-left:var(--wp--preset--spacing--40)\"><div style=\"border-radius:0px; margin-bottom:5px;\" class=\"ct-dynamic-data wp-elements-eb7bea9c7c8d6631f6ad8f4023d9225e wp-elements-c6c7aae44e72b453676c7353afa4dd4a has-small-font-size\"><a href=\"https:\/\/diselva.com\/de\/blog\/author\/\">Pascal N\u00fcesch<\/a><\/div>\n\n<h3 style=\"margin-top:var(--wp--preset--spacing--30);margin-bottom:var(--wp--preset--spacing--30);\" class=\"ct-dynamic-data wp-elements-a2c280b83f8278fadfa9f2ee8166fbf3 wp-elements-f0b8dce5addfc7c030a1ffbb31009916 has-large-font-size\"><a href=\"https:\/\/diselva.com\/de\/blog\/heutige-technologie-herausforderungen\/\">Heutige Technologie-Herausforderungen<\/a><\/h3>\n\n<p style=\"line-height:1.1; margin-bottom:var(--wp--preset--spacing--40);margin-top:var(--wp--preset--spacing--30);\" class=\"ct-dynamic-data has-medium-font-size\">So sch\u00f6n die neue SaaS-Welt auch ist, die Probleme bzw. Herausforderungen werden nicht zwingend weniger. Die klare Gewissheit \u00fcber folgende\u2026<\/p>\n\n<a class=\"wp-elements-3a7756b24b575c694ea088a7d9529d08 wp-block-read-more has-text-color has-palette-color-1-color has-small-font-size\" href=\"https:\/\/diselva.com\/de\/blog\/heutige-technologie-herausforderungen\/\" target=\"_self\">lesen<span class=\"screen-reader-text\">: Heutige Technologie-Herausforderungen<\/span><\/a><\/div>\n\n<\/article><\/div><div class=\"flexy-item\"><article class=\"wp-block-post is-layout-flow post-97811 post type-post status-publish format-standard has-post-thumbnail hentry category-consulting category-digitale-transformation-strategie category-digitalisierung-kmu category-expertenartikel category-gl-vr-sparring-partner category-standortbestimmung-digitale-transformation\">\n\n<div class=\"wp-block-group carousel__expert-articles--tile has-border-color has-palette-color-8-border-color is-content-justification-left is-layout-constrained wp-container-core-group-is-layout-67e99164 wp-block-group-is-layout-constrained\" style=\"border-width:1px;min-height:100%;padding-top:var(--wp--preset--spacing--40);padding-right:var(--wp--preset--spacing--40);padding-bottom:var(--wp--preset--spacing--40);padding-left:var(--wp--preset--spacing--40)\"><div style=\"border-radius:0px; margin-bottom:5px;\" class=\"ct-dynamic-data wp-elements-eb7bea9c7c8d6631f6ad8f4023d9225e wp-elements-c6c7aae44e72b453676c7353afa4dd4a has-small-font-size\"><a href=\"https:\/\/diselva.com\/de\/blog\/author\/\">Celia F\u00e4ssler<\/a><\/div>\n\n<h3 style=\"margin-top:var(--wp--preset--spacing--30);margin-bottom:var(--wp--preset--spacing--30);\" class=\"ct-dynamic-data wp-elements-a2c280b83f8278fadfa9f2ee8166fbf3 wp-elements-f0b8dce5addfc7c030a1ffbb31009916 has-large-font-size\"><a href=\"https:\/\/diselva.com\/de\/blog\/wo-steht-ihr-unternehmen-in-der-digitalen-transformation-finden-sie-es-heraus\/\">Wo steht Ihr Unternehmen in der digitalen Transformation? Finden Sie es heraus!<\/a><\/h3>\n\n<p style=\"line-height:1.1; margin-bottom:var(--wp--preset--spacing--40);margin-top:var(--wp--preset--spacing--30);\" class=\"ct-dynamic-data has-medium-font-size\">Finden Sie heraus, wo Ihr Unternehmen in der digitalen Transformation steht! Unser Digital Maturity Check zeigt Ihnen Potenziale &#038; n\u00e4chste Schritte.<\/p>\n\n<a class=\"wp-elements-3a7756b24b575c694ea088a7d9529d08 wp-block-read-more has-text-color has-palette-color-1-color has-small-font-size\" href=\"https:\/\/diselva.com\/de\/blog\/wo-steht-ihr-unternehmen-in-der-digitalen-transformation-finden-sie-es-heraus\/\" target=\"_self\">lesen<span class=\"screen-reader-text\">: Wo steht Ihr Unternehmen in der digitalen Transformation? Finden Sie es heraus!<\/span><\/a><\/div>\n\n<\/article><\/div><div class=\"flexy-item\"><article class=\"wp-block-post is-layout-flow post-97423 post type-post status-publish format-standard has-post-thumbnail hentry category-architektur-review category-begleitung-in-der-umsetzung-der-projekte category-data-driven-customer-centricity category-digitale-organisation category-digitale-transformation-strategie category-digitalisierung-kmu category-expertenartikel category-gl-vr-sparring-partner category-interims-cto-cdo category-it-strategie category-news category-standortbestimmung-digitale-transformation category-sustainability thema-assessment-evaluation-steuerung thema-business-it-strategie thema-digitale-transformation thema-enterprise-solution-architektur\">\n\n<div class=\"wp-block-group carousel__expert-articles--tile has-border-color has-palette-color-8-border-color is-content-justification-left is-layout-constrained wp-container-core-group-is-layout-67e99164 wp-block-group-is-layout-constrained\" style=\"border-width:1px;min-height:100%;padding-top:var(--wp--preset--spacing--40);padding-right:var(--wp--preset--spacing--40);padding-bottom:var(--wp--preset--spacing--40);padding-left:var(--wp--preset--spacing--40)\"><div style=\"border-radius:0px; margin-bottom:5px;\" class=\"ct-dynamic-data wp-elements-eb7bea9c7c8d6631f6ad8f4023d9225e wp-elements-c6c7aae44e72b453676c7353afa4dd4a has-small-font-size\"><a href=\"https:\/\/diselva.com\/de\/blog\/author\/\">Michael Pertek<\/a><\/div>\n\n<h3 style=\"margin-top:var(--wp--preset--spacing--30);margin-bottom:var(--wp--preset--spacing--30);\" class=\"ct-dynamic-data wp-elements-a2c280b83f8278fadfa9f2ee8166fbf3 wp-elements-f0b8dce5addfc7c030a1ffbb31009916 has-large-font-size\"><a href=\"https:\/\/diselva.com\/de\/blog\/wie-stehts-um-ihre-digital-capabilities\/\">Wie steht&#8217;s um Ihre Digital\u00a0Capabilities?<\/a><\/h3>\n\n<p style=\"line-height:1.1; margin-bottom:var(--wp--preset--spacing--40);margin-top:var(--wp--preset--spacing--30);\" class=\"ct-dynamic-data has-medium-font-size\">Wie digital ist Ihr Unternehmen? Erfahren Sie, warum die Bewertung digitaler F\u00e4higkeiten der erste Schritt zur erfolgreichen Transformation ist.<\/p>\n\n<a class=\"wp-elements-3a7756b24b575c694ea088a7d9529d08 wp-block-read-more has-text-color has-palette-color-1-color has-small-font-size\" href=\"https:\/\/diselva.com\/de\/blog\/wie-stehts-um-ihre-digital-capabilities\/\" target=\"_self\">lesen<span class=\"screen-reader-text\">: Wie steht&#8217;s um Ihre Digital\u00a0Capabilities?<\/span><\/a><\/div>\n\n<\/article><\/div><div class=\"flexy-item\"><article class=\"wp-block-post is-layout-flow post-97568 post type-post status-publish format-standard has-post-thumbnail hentry category-digitale-transformation-strategie category-digitalisierung-kmu category-expertenartikel thema-business-it-strategie thema-digitale-transformation\">\n\n<div class=\"wp-block-group carousel__expert-articles--tile has-border-color has-palette-color-8-border-color is-content-justification-left is-layout-constrained wp-container-core-group-is-layout-67e99164 wp-block-group-is-layout-constrained\" style=\"border-width:1px;min-height:100%;padding-top:var(--wp--preset--spacing--40);padding-right:var(--wp--preset--spacing--40);padding-bottom:var(--wp--preset--spacing--40);padding-left:var(--wp--preset--spacing--40)\"><div style=\"border-radius:0px; margin-bottom:5px;\" class=\"ct-dynamic-data wp-elements-eb7bea9c7c8d6631f6ad8f4023d9225e wp-elements-c6c7aae44e72b453676c7353afa4dd4a has-small-font-size\"><a href=\"https:\/\/diselva.com\/de\/blog\/author\/\">Nicole Kerber<\/a><\/div>\n\n<h3 style=\"margin-top:var(--wp--preset--spacing--30);margin-bottom:var(--wp--preset--spacing--30);\" class=\"ct-dynamic-data wp-elements-a2c280b83f8278fadfa9f2ee8166fbf3 wp-elements-f0b8dce5addfc7c030a1ffbb31009916 has-large-font-size\"><a href=\"https:\/\/diselva.com\/de\/blog\/digitalisierung-und-digitale-transformation-im-b2b-wo-ist-hier-der-unterschied\/\">Digitalisierung und Digitale Transformation im B2B &#8211; wo ist hier der Unterschied?<\/a><\/h3>\n\n<p style=\"line-height:1.1; margin-bottom:var(--wp--preset--spacing--40);margin-top:var(--wp--preset--spacing--30);\" class=\"ct-dynamic-data has-medium-font-size\">Digitale Transformation vs. Digitalisierung im B2B: Warum es mehr als Prozessdigitalisierung braucht &#038; wie KMUs den Wandel strategisch meistern k\u00f6nnen.<\/p>\n\n<a class=\"wp-elements-3a7756b24b575c694ea088a7d9529d08 wp-block-read-more has-text-color has-palette-color-1-color has-small-font-size\" href=\"https:\/\/diselva.com\/de\/blog\/digitalisierung-und-digitale-transformation-im-b2b-wo-ist-hier-der-unterschied\/\" target=\"_self\">lesen<span class=\"screen-reader-text\">: Digitalisierung und Digitale Transformation im B2B &#8211; wo ist hier der Unterschied?<\/span><\/a><\/div>\n\n<\/article><\/div><\/div><\/div><span class=\"flexy-arrow-prev\" data-position=\"outside\"><svg width=\"16\" height=\"10\" fill=\"currentColor\" viewBox=\"0 0 16 10\"><path d=\"M15.3 4.3h-13l2.8-3c.3-.3.3-.7 0-1-.3-.3-.6-.3-.9 0l-4 4.2-.2.2v.6c0 .1.1.2.2.2l4 4.2c.3.4.6.4.9 0 .3-.3.3-.7 0-1l-2.8-3h13c.2 0 .4-.1.5-.2s.2-.3.2-.5-.1-.4-.2-.5c-.1-.1-.3-.2-.5-.2z\"><\/path><\/svg><\/span>\n\t\t\t\t\t\t\t\t<span class=\"flexy-arrow-next\" data-position=\"outside\"><svg width=\"16\" height=\"10\" fill=\"currentColor\" viewBox=\"0 0 16 10\"><path d=\"M.2 4.5c-.1.1-.2.3-.2.5s.1.4.2.5c.1.1.3.2.5.2h13l-2.8 3c-.3.3-.3.7 0 1 .3.3.6.3.9 0l4-4.2.2-.2V5v-.3c0-.1-.1-.2-.2-.2l-4-4.2c-.3-.4-.6-.4-.9 0-.3.3-.3.7 0 1l2.8 3H.7c-.2 0-.4.1-.5.2z\"><\/path><\/svg><\/span><\/div><\/div><\/div><style>[data-id='08f21690'] {--grid-columns-width:25%;} [data-id='08f21690'] [data-flexy*=\"no\"] .flexy-item:nth-child(n + 5) {height:1px;}@media (max-width: 999.98px) {[data-id='08f21690'] {--grid-columns-width:50%;} [data-id='08f21690'] [data-flexy*=\"no\"] .flexy-item:nth-child(n + 3) {height:1px;}}@media (max-width: 689.98px) {[data-id='08f21690'] {--grid-columns-width:100%;} [data-id='08f21690'] [data-flexy*=\"no\"] .flexy-item:nth-child(n + 2) {height:1px;}}<\/style><\/div>\n<\/div>\n","protected":false},"excerpt":{"rendered":"<p>Digitale Transformation von KMU KMU stehen vor denselben Herausforderungen wie die grossen Unternehmen, aber mit deutlich weniger Ressourcen &#8211; wir k\u00f6nnen zielgerichtet und vor allem pragmatisch helfen! F\u00fcr KMU ist die Zusammenarbeit mit externen Beratern oft ungewohnt \u2013 gleichzeitig ist unabh\u00e4ngige, neutrale Expertise heute unverzichtbar.Mit unserem fokussierten und strategischen Vorgehen entwickeln wir gemeinsam mit Ihnen [&hellip;]<\/p>\n","protected":false},"author":268896780,"featured_media":110821,"parent":1,"menu_order":0,"comment_status":"closed","ping_status":"closed","template":"","meta":{"_acf_changed":false,"_eb_attr":"","_crdt_document":"","advanced_seo_description":"","jetpack_seo_html_title":"","jetpack_seo_noindex":false,"footnotes":""},"folder":[1929],"class_list":["post-113734","page","type-page","status-publish","has-post-thumbnail","hentry"],"blocksy_meta":{"page_structure_type":"default","styles_descriptor":{"styles":{"desktop":"","tablet":"","mobile":""},"google_fonts":[],"version":6}},"acf":[],"jetpack_sharing_enabled":true,"_links":{"self":[{"href":"https:\/\/diselva.com\/de\/wp-json\/wp\/v2\/pages\/113734","targetHints":{"allow":["GET"]}}],"collection":[{"href":"https:\/\/diselva.com\/de\/wp-json\/wp\/v2\/pages"}],"about":[{"href":"https:\/\/diselva.com\/de\/wp-json\/wp\/v2\/types\/page"}],"author":[{"embeddable":true,"href":"https:\/\/diselva.com\/de\/wp-json\/wp\/v2\/users\/268896780"}],"replies":[{"embeddable":true,"href":"https:\/\/diselva.com\/de\/wp-json\/wp\/v2\/comments?post=113734"}],"version-history":[{"count":43,"href":"https:\/\/diselva.com\/de\/wp-json\/wp\/v2\/pages\/113734\/revisions"}],"predecessor-version":[{"id":114967,"href":"https:\/\/diselva.com\/de\/wp-json\/wp\/v2\/pages\/113734\/revisions\/114967"}],"up":[{"embeddable":true,"href":"https:\/\/diselva.com\/de\/wp-json\/wp\/v2\/pages\/1"}],"wp:featuredmedia":[{"embeddable":true,"href":"https:\/\/diselva.com\/de\/wp-json\/wp\/v2\/media\/110821"}],"wp:attachment":[{"href":"https:\/\/diselva.com\/de\/wp-json\/wp\/v2\/media?parent=113734"}],"wp:term":[{"taxonomy":"folder","embeddable":true,"href":"https:\/\/diselva.com\/de\/wp-json\/wp\/v2\/folder?post=113734"}],"curies":[{"name":"wp","href":"https:\/\/api.w.org\/{rel}","templated":true}]}}