{"id":82,"date":"2025-07-18T15:07:27","date_gmt":"2025-07-18T13:07:27","guid":{"rendered":"https:\/\/diselva.com\/?page_id=82"},"modified":"2026-03-16T11:18:16","modified_gmt":"2026-03-16T10:18:16","slug":"einblicke","status":"publish","type":"page","link":"https:\/\/diselva.com\/de\/einblicke\/","title":{"rendered":"Einblicke"},"content":{"rendered":"\n<div class=\"wp-block-cover alignwide is-light has-custom-content-position is-position-top-center hero__standard header-cover is-style-section-3\" style=\"margin-top:-50px;margin-bottom:5rem;padding-top:0;padding-right:0;padding-bottom:0;padding-left:0\"><span aria-hidden=\"true\" class=\"wp-block-cover__background has-background-dim-0 has-background-dim\"><\/span><div class=\"wp-block-cover__inner-container is-vertical is-content-justification-stretch is-nowrap is-layout-flex wp-container-core-cover-is-layout-7a1ac503 wp-block-cover-is-layout-flex\">\n<div class=\"wp-block-group alignwide pointer-events-none is-content-justification-left is-layout-constrained wp-container-core-group-is-layout-80d33558 wp-block-group-is-layout-constrained\" style=\"padding-top:var(--wp--preset--spacing--50);padding-bottom:var(--wp--preset--spacing--50)\">\n<h1 class=\"wp-block-heading has-text-align-left has-palette-color-1-color has-text-color has-link-color wp-elements-72b3ef8062a3d5b4eed5c6e151e62fb5\" style=\"margin-bottom:var(--wp--preset--spacing--40);padding-right:0;padding-left:0;font-size:clamp(50.171px, 3.136rem + ((1vw - 3.2px) * 3.893), 100px);line-height:1\">Aktuelle Themen, die uns bewegen<\/h1>\n<\/div>\n\n\n\n<svg xmlns=\"http:\/\/www.w3.org\/2000\/svg\" width=\"240\" height=\"240\" fill=\"none\" viewBox=\"0 0 240 240\" style=\"margin-top:-240px; margin-left: 30%;\" class=\"svg__pixel\">\n  <defs>\n    <style>\n      .pixel {\n        opacity: 0;\n        transform: scale(0.95);\n      }\n    <\/style>\n  <\/defs>\n  <path class=\"pixel\" fill=\"#DFECF9\" d=\"M0 200h40v40H0z\">\n    <animate attributeName=\"opacity\" values=\"0;1;1;0\" dur=\"9s\" begin=\"0s\" repeatCount=\"indefinite\"><\/animate>\n    <animateTransform attributeName=\"transform\" type=\"scale\" values=\"0.95;1;1;0.95\" dur=\"9s\" begin=\"0s\" repeatCount=\"indefinite\"><\/animateTransform>\n  <\/path>\n  <path class=\"pixel\" fill=\"#DFECF9\" d=\"M40 160h40v40H40z\">\n    <animate attributeName=\"opacity\" values=\"0;1;1;0\" dur=\"9s\" begin=\"0.75s\" repeatCount=\"indefinite\"><\/animate>\n    <animateTransform attributeName=\"transform\" type=\"scale\" values=\"0.95;1;1;0.95\" dur=\"9s\" begin=\"0.75s\" repeatCount=\"indefinite\"><\/animateTransform>\n  <\/path>\n  <path class=\"pixel\" fill=\"#DFECF9\" d=\"M80 120h40v40H80z\">\n    <animate attributeName=\"opacity\" values=\"0;1;1;0\" dur=\"9s\" begin=\"1.5s\" repeatCount=\"indefinite\"><\/animate>\n    <animateTransform attributeName=\"transform\" type=\"scale\" values=\"0.95;1;1;0.95\" dur=\"9s\" begin=\"1.5s\" repeatCount=\"indefinite\"><\/animateTransform>\n  <\/path>\n  <path class=\"pixel\" fill=\"#DFECF9\" d=\"M80 160h40v40H80z\">\n    <animate attributeName=\"opacity\" values=\"0;1;1;0\" dur=\"9s\" begin=\"2.25s\" repeatCount=\"indefinite\"><\/animate>\n    <animateTransform attributeName=\"transform\" type=\"scale\" values=\"0.95;1;1;0.95\" dur=\"9s\" begin=\"2.25s\" repeatCount=\"indefinite\"><\/animateTransform>\n  <\/path>\n  <path class=\"pixel\" fill=\"#DFECF9\" d=\"M40 120h40v40H40z\">\n    <animate attributeName=\"opacity\" values=\"0;1;1;0\" dur=\"9s\" begin=\"3s\" repeatCount=\"indefinite\"><\/animate>\n    <animateTransform attributeName=\"transform\" type=\"scale\" values=\"0.95;1;1;0.95\" dur=\"9s\" begin=\"3s\" repeatCount=\"indefinite\"><\/animateTransform>\n  <\/path>\n  <path class=\"pixel\" fill=\"#DFECF9\" d=\"M0 120h40v40H0z\">\n    <animate attributeName=\"opacity\" values=\"0;1;1;0\" dur=\"9s\" begin=\"3.75s\" repeatCount=\"indefinite\"><\/animate>\n    <animateTransform attributeName=\"transform\" type=\"scale\" values=\"0.95;1;1;0.95\" dur=\"9s\" begin=\"3.75s\" repeatCount=\"indefinite\"><\/animateTransform>\n  <\/path>\n  <path class=\"pixel\" fill=\"#DFECF9\" d=\"M40 80h40v40H40z\">\n    <animate attributeName=\"opacity\" values=\"0;1;1;0\" dur=\"9s\" begin=\"4.5s\" repeatCount=\"indefinite\"><\/animate>\n    <animateTransform attributeName=\"transform\" type=\"scale\" values=\"0.95;1;1;0.95\" dur=\"9s\" begin=\"4.5s\" repeatCount=\"indefinite\"><\/animateTransform>\n  <\/path>\n  <path class=\"pixel\" fill=\"#DFECF9\" d=\"M80 40h40v40H80z\">\n    <animate attributeName=\"opacity\" values=\"0;1;1;0\" dur=\"9s\" begin=\"5.25s\" repeatCount=\"indefinite\"><\/animate>\n    <animateTransform attributeName=\"transform\" type=\"scale\" values=\"0.95;1;1;0.95\" dur=\"9s\" begin=\"5.25s\" repeatCount=\"indefinite\"><\/animateTransform>\n  <\/path>\n  <path class=\"pixel\" fill=\"#DFECF9\" d=\"M120 0h40v40h-40z\">\n    <animate attributeName=\"opacity\" values=\"0;1;1;0\" dur=\"9s\" begin=\"6s\" repeatCount=\"indefinite\"><\/animate>\n    <animateTransform attributeName=\"transform\" type=\"scale\" values=\"0.95;1;1;0.95\" dur=\"9s\" begin=\"6s\" repeatCount=\"indefinite\"><\/animateTransform>\n  <\/path>\n  <path class=\"pixel\" fill=\"#DFECF9\" d=\"M160 160h40v40h-40z\">\n    <animate attributeName=\"opacity\" values=\"0;1;1;0\" dur=\"9s\" begin=\"6.75s\" repeatCount=\"indefinite\"><\/animate>\n    <animateTransform attributeName=\"transform\" type=\"scale\" values=\"0.95;1;1;0.95\" dur=\"9s\" begin=\"6.75s\" repeatCount=\"indefinite\"><\/animateTransform>\n  <\/path>\n  <path class=\"pixel\" fill=\"#DFECF9\" d=\"M80 200h40v40H80z\">\n    <animate attributeName=\"opacity\" values=\"0;1;1;0\" dur=\"9s\" begin=\"7.5s\" repeatCount=\"indefinite\"><\/animate>\n    <animateTransform attributeName=\"transform\" type=\"scale\" values=\"0.95;1;1;0.95\" dur=\"9s\" begin=\"7.5s\" repeatCount=\"indefinite\"><\/animateTransform>\n  <\/path>\n  <path class=\"pixel\" fill=\"#DFECF9\" d=\"M200 200h40v40h-40z\">\n    <animate attributeName=\"opacity\" values=\"0;1;1;0\" dur=\"9s\" begin=\"8.25s\" repeatCount=\"indefinite\"><\/animate>\n    <animateTransform attributeName=\"transform\" type=\"scale\" values=\"0.95;1;1;0.95\" dur=\"9s\" begin=\"8.25s\" repeatCount=\"indefinite\"><\/animateTransform>\n  <\/path>\n  <path class=\"pixel\" fill=\"#DFECF9\" d=\"M0 40h40v40H0z\">\n    <animate attributeName=\"opacity\" values=\"0;1;1;0\" dur=\"9s\" begin=\"9s\" repeatCount=\"indefinite\"><\/animate>\n    <animateTransform attributeName=\"transform\" type=\"scale\" values=\"0.95;1;1;0.95\" dur=\"9s\" begin=\"9s\" repeatCount=\"indefinite\"><\/animateTransform>\n  <\/path>\n<\/svg>\n\n\n\n<div class=\"wp-block-jetpack-layout-grid column1-desktop-grid__span-7 column1-desktop-grid__start-6 column1-desktop-grid__row-1 column1-tablet-grid__span-8 column1-tablet-grid__row-1 column1-mobile-grid__span-4 column1-mobile-grid__row-1 wp-block-jetpack-layout-gutter__nowrap\">\n<div class=\"wp-block-jetpack-layout-grid-column wp-block-jetpack-layout-grid__padding-none\">\n<p class=\"hero__standard has-palette-color-1-color has-text-color has-link-color has-x-large-font-size wp-elements-f9518fa105c67c03e6a7322b8f914a17 wp-block-paragraph\" style=\"margin-bottom:0;line-height:1.2\">In unserem Blog finden Sie aktuelle Beitr\u00e4ge zu Trends, Projekten und Entwicklungen aus der digitalen Welt. Wir teilen Wissen, Erfahrungen und Best Practices, die Ihnen echten Mehrwert bieten.<\/p>\n<\/div>\n<\/div>\n<\/div><\/div>\n\n\n\n<div class=\"wp-block-group is-layout-constrained wp-block-group-is-layout-constrained\" style=\"padding-top:var(--wp--preset--spacing--80);padding-bottom:0\">\n<h2 class=\"wp-block-heading\">Expertenartikel<\/h2>\n<\/div>\n\n\n\n<div class=\"wp-block-group alignwide is-layout-constrained wp-block-group-is-layout-constrained\">\n<div data-id=\"08f21690\" class=\"wp-block-blocksy-query alignwide carousel__expert-articles\" style=\"border-radius:0px;padding-right:0;padding-bottom:var(--wp--preset--spacing--80);padding-left:0\"><div class=\"ct-query-template is-layout-slider\"><div class=\"flexy-container\" data-flexy=\"no\"><div class=\"flexy\"><div class=\"flexy-view\" data-flexy-view=\"boxed\"><div class=\"flexy-items\" data-height=\"dynamic\"><div class=\"flexy-item\"><article class=\"wp-block-post is-layout-flow post-114610 post type-post status-publish format-standard has-post-thumbnail hentry category-enterprise-architect-solution-architect category-enterprise-architecture category-expertenartikel category-leading-with-ai category-software-data-architect-technology-lead category-solution-software-architecture thema-enterprise-solution-architektur\">\n\n<div class=\"wp-block-group carousel__expert-articles--tile has-border-color has-palette-color-8-border-color is-content-justification-left is-layout-constrained wp-container-core-group-is-layout-67e99164 wp-block-group-is-layout-constrained\" style=\"border-width:1px;min-height:100%;padding-top:var(--wp--preset--spacing--40);padding-right:var(--wp--preset--spacing--40);padding-bottom:var(--wp--preset--spacing--40);padding-left:var(--wp--preset--spacing--40)\">\n<div class=\"wp-block-group is-content-justification-left is-nowrap is-layout-flex wp-container-core-group-is-layout-cc88d907 wp-block-group-is-layout-flex\" style=\"margin-bottom:var(--wp--preset--spacing--20)\"><div style=\"border-radius:0px; padding-top:0;padding-bottom:0;padding-left:0;padding-right:0;margin-bottom:0;margin-top:0;margin-right:0;margin-left:0;\" class=\"ct-dynamic-data wp-elements-cb85a530633022a7de451a620c3b3614 wp-elements-10cc33d1520d05738c829ec0686a3bff has-small-font-size\"><a href=\"https:\/\/diselva.com\/de\/blog\/author\/\">Bernd Jansen<\/a>,<\/div>\n\n<div style=\"padding-top:0;padding-bottom:0;padding-left:0;padding-right:0;margin-right:0;margin-left:0;margin-top:0;margin-bottom:0;\" class=\"ct-dynamic-data wp-elements-108ac614c77dbd60f6381a299c83b0b7 has-small-font-size\">&thinsp;M\u00e4rz 2026<\/div><\/div>\n\n\n<h3 style=\"margin-top:var(--wp--preset--spacing--30);margin-bottom:var(--wp--preset--spacing--30);\" class=\"ct-dynamic-data wp-elements-a2c280b83f8278fadfa9f2ee8166fbf3 wp-elements-f0b8dce5addfc7c030a1ffbb31009916 has-large-font-size\"><a href=\"https:\/\/diselva.com\/de\/blog\/enterprise-architecture-im-ai-zeitalter-vom-zielbild-zum-lernenden-system\/\">Enterprise Architecture im AI-Zeitalter: Vom Zielbild zum lernenden System<\/a><\/h3>\n\n<p style=\"line-height:1.1; margin-bottom:var(--wp--preset--spacing--40);margin-top:var(--wp--preset--spacing--30);\" class=\"ct-dynamic-data has-medium-font-size\">Kaum ein technologischer Trend hat die Rolle der Enterprise Architektur (EA) so stark herausgefordert wie die K\u00fcnstliche Intelligenz. Was bisher\u2026<\/p>\n\n<a class=\"wp-elements-3a7756b24b575c694ea088a7d9529d08 wp-block-read-more has-text-color has-palette-color-1-color has-small-font-size\" href=\"https:\/\/diselva.com\/de\/blog\/enterprise-architecture-im-ai-zeitalter-vom-zielbild-zum-lernenden-system\/\" target=\"_self\">lesen<span class=\"screen-reader-text\">: Enterprise Architecture im AI-Zeitalter: Vom Zielbild zum lernenden System<\/span><\/a><\/div>\n\n<\/article><\/div><div class=\"flexy-item\"><article class=\"wp-block-post is-layout-flow post-114602 post type-post status-publish format-standard has-post-thumbnail hentry category-enterprise-architect-solution-architect category-enterprise-architecture category-expertenartikel category-leading-with-ai category-software-data-architect-technology-lead category-solution-software-architecture thema-enterprise-solution-architektur\">\n\n<div class=\"wp-block-group carousel__expert-articles--tile has-border-color has-palette-color-8-border-color is-content-justification-left is-layout-constrained wp-container-core-group-is-layout-67e99164 wp-block-group-is-layout-constrained\" style=\"border-width:1px;min-height:100%;padding-top:var(--wp--preset--spacing--40);padding-right:var(--wp--preset--spacing--40);padding-bottom:var(--wp--preset--spacing--40);padding-left:var(--wp--preset--spacing--40)\">\n<div class=\"wp-block-group is-content-justification-left is-nowrap is-layout-flex wp-container-core-group-is-layout-cc88d907 wp-block-group-is-layout-flex\" style=\"margin-bottom:var(--wp--preset--spacing--20)\"><div style=\"border-radius:0px; padding-top:0;padding-bottom:0;padding-left:0;padding-right:0;margin-bottom:0;margin-top:0;margin-right:0;margin-left:0;\" class=\"ct-dynamic-data wp-elements-cb85a530633022a7de451a620c3b3614 wp-elements-10cc33d1520d05738c829ec0686a3bff has-small-font-size\"><a href=\"https:\/\/diselva.com\/de\/blog\/author\/\">Bernd Jansen<\/a>,<\/div>\n\n<div style=\"padding-top:0;padding-bottom:0;padding-left:0;padding-right:0;margin-right:0;margin-left:0;margin-top:0;margin-bottom:0;\" class=\"ct-dynamic-data wp-elements-108ac614c77dbd60f6381a299c83b0b7 has-small-font-size\">&thinsp;Januar 2026<\/div><\/div>\n\n\n<h3 style=\"margin-top:var(--wp--preset--spacing--30);margin-bottom:var(--wp--preset--spacing--30);\" class=\"ct-dynamic-data wp-elements-a2c280b83f8278fadfa9f2ee8166fbf3 wp-elements-f0b8dce5addfc7c030a1ffbb31009916 has-large-font-size\"><a href=\"https:\/\/diselva.com\/de\/blog\/wenn-ai-teil-des-teams-wird-business-architecture-fuer-eine-neue-realitaet\/\">Wenn AI Teil des Teams wird: Business Architecture f\u00fcr eine neue Realit\u00e4t<\/a><\/h3>\n\n<p style=\"line-height:1.1; margin-bottom:var(--wp--preset--spacing--40);margin-top:var(--wp--preset--spacing--30);\" class=\"ct-dynamic-data has-medium-font-size\">Business Architects stehen vor einem Umbruch. Lange Zeit waren Wertsch\u00f6pfungsketten linear, Prozesse stabil und Entscheidungswege klar definiert. Doch diese Welt\u2026<\/p>\n\n<a class=\"wp-elements-3a7756b24b575c694ea088a7d9529d08 wp-block-read-more has-text-color has-palette-color-1-color has-small-font-size\" href=\"https:\/\/diselva.com\/de\/blog\/wenn-ai-teil-des-teams-wird-business-architecture-fuer-eine-neue-realitaet\/\" target=\"_self\">lesen<span class=\"screen-reader-text\">: Wenn AI Teil des Teams wird: Business Architecture f\u00fcr eine neue Realit\u00e4t<\/span><\/a><\/div>\n\n<\/article><\/div><div class=\"flexy-item\"><article class=\"wp-block-post is-layout-flow post-114795 post type-post status-publish format-standard has-post-thumbnail hentry category-digitale-transformation-strategie category-expertenartikel category-it-strategie category-leading-with-ai category-news\">\n\n<div class=\"wp-block-group carousel__expert-articles--tile has-border-color has-palette-color-8-border-color is-content-justification-left is-layout-constrained wp-container-core-group-is-layout-67e99164 wp-block-group-is-layout-constrained\" style=\"border-width:1px;min-height:100%;padding-top:var(--wp--preset--spacing--40);padding-right:var(--wp--preset--spacing--40);padding-bottom:var(--wp--preset--spacing--40);padding-left:var(--wp--preset--spacing--40)\">\n<div class=\"wp-block-group is-content-justification-left is-nowrap is-layout-flex wp-container-core-group-is-layout-cc88d907 wp-block-group-is-layout-flex\" style=\"margin-bottom:var(--wp--preset--spacing--20)\"><div style=\"border-radius:0px; padding-top:0;padding-bottom:0;padding-left:0;padding-right:0;margin-bottom:0;margin-top:0;margin-right:0;margin-left:0;\" class=\"ct-dynamic-data wp-elements-cb85a530633022a7de451a620c3b3614 wp-elements-10cc33d1520d05738c829ec0686a3bff has-small-font-size\"><a href=\"https:\/\/diselva.com\/de\/blog\/author\/\">Markus Heer<\/a>,<\/div>\n\n<div style=\"padding-top:0;padding-bottom:0;padding-left:0;padding-right:0;margin-right:0;margin-left:0;margin-top:0;margin-bottom:0;\" class=\"ct-dynamic-data wp-elements-108ac614c77dbd60f6381a299c83b0b7 has-small-font-size\">&thinsp;November 2025<\/div><\/div>\n\n\n<h3 style=\"margin-top:var(--wp--preset--spacing--30);margin-bottom:var(--wp--preset--spacing--30);\" class=\"ct-dynamic-data wp-elements-a2c280b83f8278fadfa9f2ee8166fbf3 wp-elements-f0b8dce5addfc7c030a1ffbb31009916 has-large-font-size\"><a href=\"https:\/\/diselva.com\/de\/blog\/leading-with-ai-wirksam-umsetzen\/\">Leading with AI &#8211; wirksam umsetzen<\/a><\/h3>\n\n<p style=\"line-height:1.1; margin-bottom:var(--wp--preset--spacing--40);margin-top:var(--wp--preset--spacing--30);\" class=\"ct-dynamic-data has-medium-font-size\">Im ersten Teil der Blog-Serie \u00abLeading with AI &#8211; strategisch denken, wirksam umsetzen\u00bb haben wir das diselva AI Excellence Framework\u2026<\/p>\n\n<a class=\"wp-elements-3a7756b24b575c694ea088a7d9529d08 wp-block-read-more has-text-color has-palette-color-1-color has-small-font-size\" href=\"https:\/\/diselva.com\/de\/blog\/leading-with-ai-wirksam-umsetzen\/\" target=\"_self\">lesen<span class=\"screen-reader-text\">: Leading with AI &#8211; wirksam umsetzen<\/span><\/a><\/div>\n\n<\/article><\/div><div class=\"flexy-item\"><article class=\"wp-block-post is-layout-flow post-114789 post type-post status-publish format-standard has-post-thumbnail hentry category-digitale-transformation-strategie category-expertenartikel category-it-strategie category-leading-with-ai category-news\">\n\n<div class=\"wp-block-group carousel__expert-articles--tile has-border-color has-palette-color-8-border-color is-content-justification-left is-layout-constrained wp-container-core-group-is-layout-67e99164 wp-block-group-is-layout-constrained\" style=\"border-width:1px;min-height:100%;padding-top:var(--wp--preset--spacing--40);padding-right:var(--wp--preset--spacing--40);padding-bottom:var(--wp--preset--spacing--40);padding-left:var(--wp--preset--spacing--40)\">\n<div class=\"wp-block-group is-content-justification-left is-nowrap is-layout-flex wp-container-core-group-is-layout-cc88d907 wp-block-group-is-layout-flex\" style=\"margin-bottom:var(--wp--preset--spacing--20)\"><div style=\"border-radius:0px; padding-top:0;padding-bottom:0;padding-left:0;padding-right:0;margin-bottom:0;margin-top:0;margin-right:0;margin-left:0;\" class=\"ct-dynamic-data wp-elements-cb85a530633022a7de451a620c3b3614 wp-elements-10cc33d1520d05738c829ec0686a3bff has-small-font-size\"><a href=\"https:\/\/diselva.com\/de\/blog\/author\/\">Markus Heer<\/a>,<\/div>\n\n<div style=\"padding-top:0;padding-bottom:0;padding-left:0;padding-right:0;margin-right:0;margin-left:0;margin-top:0;margin-bottom:0;\" class=\"ct-dynamic-data wp-elements-108ac614c77dbd60f6381a299c83b0b7 has-small-font-size\">&thinsp;November 2025<\/div><\/div>\n\n\n<h3 style=\"margin-top:var(--wp--preset--spacing--30);margin-bottom:var(--wp--preset--spacing--30);\" class=\"ct-dynamic-data wp-elements-a2c280b83f8278fadfa9f2ee8166fbf3 wp-elements-f0b8dce5addfc7c030a1ffbb31009916 has-large-font-size\"><a href=\"https:\/\/diselva.com\/de\/blog\/leading-with-ai-strategisch-denken\/\">Leading with AI &#8211; strategisch denken<\/a><\/h3>\n\n<p style=\"line-height:1.1; margin-bottom:var(--wp--preset--spacing--40);margin-top:var(--wp--preset--spacing--30);\" class=\"ct-dynamic-data has-medium-font-size\">K\u00fcnstliche Intelligenz respektive Artificial Intelligence (AI) ist eines der aktuell wichtigsten Themen im Rahmen der digitalen Transformation. Der erfolgreiche Einsatz\u2026<\/p>\n\n<a class=\"wp-elements-3a7756b24b575c694ea088a7d9529d08 wp-block-read-more has-text-color has-palette-color-1-color has-small-font-size\" href=\"https:\/\/diselva.com\/de\/blog\/leading-with-ai-strategisch-denken\/\" target=\"_self\">lesen<span class=\"screen-reader-text\">: Leading with AI &#8211; strategisch denken<\/span><\/a><\/div>\n\n<\/article><\/div><div class=\"flexy-item\"><article class=\"wp-block-post is-layout-flow post-114595 post type-post status-publish format-standard has-post-thumbnail hentry category-enterprise-architect-solution-architect category-enterprise-architecture category-expertenartikel thema-enterprise-solution-architektur\">\n\n<div class=\"wp-block-group carousel__expert-articles--tile has-border-color has-palette-color-8-border-color is-content-justification-left is-layout-constrained wp-container-core-group-is-layout-67e99164 wp-block-group-is-layout-constrained\" style=\"border-width:1px;min-height:100%;padding-top:var(--wp--preset--spacing--40);padding-right:var(--wp--preset--spacing--40);padding-bottom:var(--wp--preset--spacing--40);padding-left:var(--wp--preset--spacing--40)\">\n<div class=\"wp-block-group is-content-justification-left is-nowrap is-layout-flex wp-container-core-group-is-layout-cc88d907 wp-block-group-is-layout-flex\" style=\"margin-bottom:var(--wp--preset--spacing--20)\"><div style=\"border-radius:0px; padding-top:0;padding-bottom:0;padding-left:0;padding-right:0;margin-bottom:0;margin-top:0;margin-right:0;margin-left:0;\" class=\"ct-dynamic-data wp-elements-cb85a530633022a7de451a620c3b3614 wp-elements-10cc33d1520d05738c829ec0686a3bff has-small-font-size\"><a href=\"https:\/\/diselva.com\/de\/blog\/author\/\">Bernd Jansen<\/a>,<\/div>\n\n<div style=\"padding-top:0;padding-bottom:0;padding-left:0;padding-right:0;margin-right:0;margin-left:0;margin-top:0;margin-bottom:0;\" class=\"ct-dynamic-data wp-elements-108ac614c77dbd60f6381a299c83b0b7 has-small-font-size\">&thinsp;Oktober 2025<\/div><\/div>\n\n\n<h3 style=\"margin-top:var(--wp--preset--spacing--30);margin-bottom:var(--wp--preset--spacing--30);\" class=\"ct-dynamic-data wp-elements-a2c280b83f8278fadfa9f2ee8166fbf3 wp-elements-f0b8dce5addfc7c030a1ffbb31009916 has-large-font-size\"><a href=\"https:\/\/diselva.com\/de\/blog\/lean-enterprise-architecture-architektur-mit-fokus-auf-wert\/\">Lean Enterprise Architecture \u2013 Architektur mit Fokus auf Wert<\/a><\/h3>\n\n<p style=\"line-height:1.1; margin-bottom:var(--wp--preset--spacing--40);margin-top:var(--wp--preset--spacing--30);\" class=\"ct-dynamic-data has-medium-font-size\">Architektur muss wieder Wirkung zeigen Unternehmen stehen heute vor der Herausforderung, sich schneller zu ver\u00e4ndern, als es klassische Strukturen erlauben.\u2026<\/p>\n\n<a class=\"wp-elements-3a7756b24b575c694ea088a7d9529d08 wp-block-read-more has-text-color has-palette-color-1-color has-small-font-size\" href=\"https:\/\/diselva.com\/de\/blog\/lean-enterprise-architecture-architektur-mit-fokus-auf-wert\/\" target=\"_self\">lesen<span class=\"screen-reader-text\">: Lean Enterprise Architecture \u2013 Architektur mit Fokus auf Wert<\/span><\/a><\/div>\n\n<\/article><\/div><div class=\"flexy-item\"><article class=\"wp-block-post is-layout-flow post-114619 post type-post status-publish format-standard has-post-thumbnail hentry category-digitale-transformation-strategie category-enterprise-architect-solution-architect category-enterprise-architecture category-expertenartikel category-software-data-architect-technology-lead thema-enterprise-solution-architektur\">\n\n<div class=\"wp-block-group carousel__expert-articles--tile has-border-color has-palette-color-8-border-color is-content-justification-left is-layout-constrained wp-container-core-group-is-layout-67e99164 wp-block-group-is-layout-constrained\" style=\"border-width:1px;min-height:100%;padding-top:var(--wp--preset--spacing--40);padding-right:var(--wp--preset--spacing--40);padding-bottom:var(--wp--preset--spacing--40);padding-left:var(--wp--preset--spacing--40)\">\n<div class=\"wp-block-group is-content-justification-left is-nowrap is-layout-flex wp-container-core-group-is-layout-cc88d907 wp-block-group-is-layout-flex\" style=\"margin-bottom:var(--wp--preset--spacing--20)\"><div style=\"border-radius:0px; padding-top:0;padding-bottom:0;padding-left:0;padding-right:0;margin-bottom:0;margin-top:0;margin-right:0;margin-left:0;\" class=\"ct-dynamic-data wp-elements-cb85a530633022a7de451a620c3b3614 wp-elements-10cc33d1520d05738c829ec0686a3bff has-small-font-size\"><a href=\"https:\/\/diselva.com\/de\/blog\/author\/\">Bernd Jansen<\/a>,<\/div>\n\n<div style=\"padding-top:0;padding-bottom:0;padding-left:0;padding-right:0;margin-right:0;margin-left:0;margin-top:0;margin-bottom:0;\" class=\"ct-dynamic-data wp-elements-108ac614c77dbd60f6381a299c83b0b7 has-small-font-size\">&thinsp;Oktober 2025<\/div><\/div>\n\n\n<h3 style=\"margin-top:var(--wp--preset--spacing--30);margin-bottom:var(--wp--preset--spacing--30);\" class=\"ct-dynamic-data wp-elements-a2c280b83f8278fadfa9f2ee8166fbf3 wp-elements-f0b8dce5addfc7c030a1ffbb31009916 has-large-font-size\"><a href=\"https:\/\/diselva.com\/de\/blog\/fractional-enterprise-architects-architekturkompetenz-nach-bedarf\/\">Fractional Enterprise Architects \u2013 Architekturkompetenz nach Bedarf<\/a><\/h3>\n\n<p style=\"line-height:1.1; margin-bottom:var(--wp--preset--spacing--40);margin-top:var(--wp--preset--spacing--30);\" class=\"ct-dynamic-data has-medium-font-size\">Die digitale Transformation stellt Unternehmen heute vor enorme Herausforderungen. Strategische Architekturentscheidungen sind oft komplex, kostenintensiv und wirken sich langfristig auf\u2026<\/p>\n\n<a class=\"wp-elements-3a7756b24b575c694ea088a7d9529d08 wp-block-read-more has-text-color has-palette-color-1-color has-small-font-size\" href=\"https:\/\/diselva.com\/de\/blog\/fractional-enterprise-architects-architekturkompetenz-nach-bedarf\/\" target=\"_self\">lesen<span class=\"screen-reader-text\">: Fractional Enterprise Architects \u2013 Architekturkompetenz nach Bedarf<\/span><\/a><\/div>\n\n<\/article><\/div><div class=\"flexy-item\"><article class=\"wp-block-post is-layout-flow post-111426 post type-post status-publish format-standard has-post-thumbnail hentry category-digitale-transformation-strategie category-digitalisierung-kmu category-expertenartikel category-leader-2025 thema-digitale-transformation\">\n\n<div class=\"wp-block-group carousel__expert-articles--tile has-border-color has-palette-color-8-border-color is-content-justification-left is-layout-constrained wp-container-core-group-is-layout-67e99164 wp-block-group-is-layout-constrained\" style=\"border-width:1px;min-height:100%;padding-top:var(--wp--preset--spacing--40);padding-right:var(--wp--preset--spacing--40);padding-bottom:var(--wp--preset--spacing--40);padding-left:var(--wp--preset--spacing--40)\">\n<div class=\"wp-block-group is-content-justification-left is-nowrap is-layout-flex wp-container-core-group-is-layout-cc88d907 wp-block-group-is-layout-flex\" style=\"margin-bottom:var(--wp--preset--spacing--20)\"><div style=\"border-radius:0px; padding-top:0;padding-bottom:0;padding-left:0;padding-right:0;margin-bottom:0;margin-top:0;margin-right:0;margin-left:0;\" class=\"ct-dynamic-data wp-elements-cb85a530633022a7de451a620c3b3614 wp-elements-10cc33d1520d05738c829ec0686a3bff has-small-font-size\"><a href=\"https:\/\/diselva.com\/de\/blog\/author\/\">J\u00f6rg Brunschwiler<\/a>,<\/div>\n\n<div style=\"padding-top:0;padding-bottom:0;padding-left:0;padding-right:0;margin-right:0;margin-left:0;margin-top:0;margin-bottom:0;\" class=\"ct-dynamic-data wp-elements-108ac614c77dbd60f6381a299c83b0b7 has-small-font-size\">&thinsp;September 2025<\/div><\/div>\n\n\n<h3 style=\"margin-top:var(--wp--preset--spacing--30);margin-bottom:var(--wp--preset--spacing--30);\" class=\"ct-dynamic-data wp-elements-a2c280b83f8278fadfa9f2ee8166fbf3 wp-elements-f0b8dce5addfc7c030a1ffbb31009916 has-large-font-size\"><a href=\"https:\/\/diselva.com\/de\/blog\/faktoren-die-ihre-digitale-transformation-ausbremsen\/\">Faktoren, die Ihre Digitale Transformation ausbremsen<\/a><\/h3>\n\n<p style=\"line-height:1.1; margin-bottom:var(--wp--preset--spacing--40);margin-top:var(--wp--preset--spacing--30);\" class=\"ct-dynamic-data has-medium-font-size\">Eine erfolgreiche digitale Transformation wird in Unternehmen oftmals durch folgende Faktoren gebremst oder auch teilweise verhindert.<\/p>\n\n<a class=\"wp-elements-3a7756b24b575c694ea088a7d9529d08 wp-block-read-more has-text-color has-palette-color-1-color has-small-font-size\" href=\"https:\/\/diselva.com\/de\/blog\/faktoren-die-ihre-digitale-transformation-ausbremsen\/\" target=\"_self\">lesen<span class=\"screen-reader-text\">: Faktoren, die Ihre Digitale Transformation ausbremsen<\/span><\/a><\/div>\n\n<\/article><\/div><div class=\"flexy-item\"><article class=\"wp-block-post is-layout-flow post-111415 post type-post status-publish format-standard has-post-thumbnail hentry category-digitale-transformation-strategie category-digitalisierung-kmu category-expertenartikel thema-digitale-transformation\">\n\n<div class=\"wp-block-group carousel__expert-articles--tile has-border-color has-palette-color-8-border-color is-content-justification-left is-layout-constrained wp-container-core-group-is-layout-67e99164 wp-block-group-is-layout-constrained\" style=\"border-width:1px;min-height:100%;padding-top:var(--wp--preset--spacing--40);padding-right:var(--wp--preset--spacing--40);padding-bottom:var(--wp--preset--spacing--40);padding-left:var(--wp--preset--spacing--40)\">\n<div class=\"wp-block-group is-content-justification-left is-nowrap is-layout-flex wp-container-core-group-is-layout-cc88d907 wp-block-group-is-layout-flex\" style=\"margin-bottom:var(--wp--preset--spacing--20)\"><div style=\"border-radius:0px; padding-top:0;padding-bottom:0;padding-left:0;padding-right:0;margin-bottom:0;margin-top:0;margin-right:0;margin-left:0;\" class=\"ct-dynamic-data wp-elements-cb85a530633022a7de451a620c3b3614 wp-elements-10cc33d1520d05738c829ec0686a3bff has-small-font-size\"><a href=\"https:\/\/diselva.com\/de\/blog\/author\/\">J\u00f6rg Brunschwiler<\/a>,<\/div>\n\n<div style=\"padding-top:0;padding-bottom:0;padding-left:0;padding-right:0;margin-right:0;margin-left:0;margin-top:0;margin-bottom:0;\" class=\"ct-dynamic-data wp-elements-108ac614c77dbd60f6381a299c83b0b7 has-small-font-size\">&thinsp;September 2025<\/div><\/div>\n\n\n<h3 style=\"margin-top:var(--wp--preset--spacing--30);margin-bottom:var(--wp--preset--spacing--30);\" class=\"ct-dynamic-data wp-elements-a2c280b83f8278fadfa9f2ee8166fbf3 wp-elements-f0b8dce5addfc7c030a1ffbb31009916 has-large-font-size\"><a href=\"https:\/\/diselva.com\/de\/blog\/bewaehrtes-vorgehen-digitale-transformation-strategie\/\">Bew\u00e4hrtes Vorgehen Digitale Transformation Strategie<\/a><\/h3>\n\n<p style=\"line-height:1.1; margin-bottom:var(--wp--preset--spacing--40);margin-top:var(--wp--preset--spacing--30);\" class=\"ct-dynamic-data has-medium-font-size\">Die diselva Digitale Transformation Strategie im Detail.<\/p>\n\n<a class=\"wp-elements-3a7756b24b575c694ea088a7d9529d08 wp-block-read-more has-text-color has-palette-color-1-color has-small-font-size\" href=\"https:\/\/diselva.com\/de\/blog\/bewaehrtes-vorgehen-digitale-transformation-strategie\/\" target=\"_self\">lesen<span class=\"screen-reader-text\">: Bew\u00e4hrtes Vorgehen Digitale Transformation Strategie<\/span><\/a><\/div>\n\n<\/article><\/div><div class=\"flexy-item\"><article class=\"wp-block-post is-layout-flow post-110431 post type-post status-publish format-standard has-post-thumbnail hentry category-digitale-transformation-strategie category-expertenartikel\">\n\n<div class=\"wp-block-group carousel__expert-articles--tile has-border-color has-palette-color-8-border-color is-content-justification-left is-layout-constrained wp-container-core-group-is-layout-67e99164 wp-block-group-is-layout-constrained\" style=\"border-width:1px;min-height:100%;padding-top:var(--wp--preset--spacing--40);padding-right:var(--wp--preset--spacing--40);padding-bottom:var(--wp--preset--spacing--40);padding-left:var(--wp--preset--spacing--40)\">\n<div class=\"wp-block-group is-content-justification-left is-nowrap is-layout-flex wp-container-core-group-is-layout-cc88d907 wp-block-group-is-layout-flex\" style=\"margin-bottom:var(--wp--preset--spacing--20)\"><div style=\"border-radius:0px; padding-top:0;padding-bottom:0;padding-left:0;padding-right:0;margin-bottom:0;margin-top:0;margin-right:0;margin-left:0;\" class=\"ct-dynamic-data wp-elements-cb85a530633022a7de451a620c3b3614 wp-elements-10cc33d1520d05738c829ec0686a3bff has-small-font-size\"><a href=\"https:\/\/diselva.com\/de\/blog\/author\/\">J\u00f6rg Brunschwiler<\/a>,<\/div>\n\n<div style=\"padding-top:0;padding-bottom:0;padding-left:0;padding-right:0;margin-right:0;margin-left:0;margin-top:0;margin-bottom:0;\" class=\"ct-dynamic-data wp-elements-108ac614c77dbd60f6381a299c83b0b7 has-small-font-size\">&thinsp;September 2025<\/div><\/div>\n\n\n<h3 style=\"margin-top:var(--wp--preset--spacing--30);margin-bottom:var(--wp--preset--spacing--30);\" class=\"ct-dynamic-data wp-elements-a2c280b83f8278fadfa9f2ee8166fbf3 wp-elements-f0b8dce5addfc7c030a1ffbb31009916 has-large-font-size\"><a href=\"https:\/\/diselva.com\/de\/blog\/evaluationsvorgehen-und-was-uns-dabei-wichtig-ist\/\">Evaluationsvorgehen &#8211; und was uns dabei wichtig ist<\/a><\/h3>\n\n<p style=\"line-height:1.1; margin-bottom:var(--wp--preset--spacing--40);margin-top:var(--wp--preset--spacing--30);\" class=\"ct-dynamic-data has-medium-font-size\">Bew\u00e4hrtes Vorgehen f\u00fcr Anbieter-Evaluationen in 5 Schritten &#8211; f\u00fcr Systeme und Dienstleister.<\/p>\n\n<a class=\"wp-elements-3a7756b24b575c694ea088a7d9529d08 wp-block-read-more has-text-color has-palette-color-1-color has-small-font-size\" href=\"https:\/\/diselva.com\/de\/blog\/evaluationsvorgehen-und-was-uns-dabei-wichtig-ist\/\" target=\"_self\">lesen<span class=\"screen-reader-text\">: Evaluationsvorgehen &#8211; und was uns dabei wichtig ist<\/span><\/a><\/div>\n\n<\/article><\/div><div class=\"flexy-item\"><article class=\"wp-block-post is-layout-flow post-110417 post type-post status-publish format-standard has-post-thumbnail hentry category-digitale-transformation-strategie category-digitalisierung-kmu category-enterprise-architecture category-expertenartikel category-it-strategie category-leader-2025 category-solution-software-architecture category-standortbestimmung-digitale-transformation\">\n\n<div class=\"wp-block-group carousel__expert-articles--tile has-border-color has-palette-color-8-border-color is-content-justification-left is-layout-constrained wp-container-core-group-is-layout-67e99164 wp-block-group-is-layout-constrained\" style=\"border-width:1px;min-height:100%;padding-top:var(--wp--preset--spacing--40);padding-right:var(--wp--preset--spacing--40);padding-bottom:var(--wp--preset--spacing--40);padding-left:var(--wp--preset--spacing--40)\">\n<div class=\"wp-block-group is-content-justification-left is-nowrap is-layout-flex wp-container-core-group-is-layout-cc88d907 wp-block-group-is-layout-flex\" style=\"margin-bottom:var(--wp--preset--spacing--20)\"><div style=\"border-radius:0px; padding-top:0;padding-bottom:0;padding-left:0;padding-right:0;margin-bottom:0;margin-top:0;margin-right:0;margin-left:0;\" class=\"ct-dynamic-data wp-elements-cb85a530633022a7de451a620c3b3614 wp-elements-10cc33d1520d05738c829ec0686a3bff has-small-font-size\"><a href=\"https:\/\/diselva.com\/de\/blog\/author\/\">Pascal N\u00fcesch<\/a>,<\/div>\n\n<div style=\"padding-top:0;padding-bottom:0;padding-left:0;padding-right:0;margin-right:0;margin-left:0;margin-top:0;margin-bottom:0;\" class=\"ct-dynamic-data wp-elements-108ac614c77dbd60f6381a299c83b0b7 has-small-font-size\">&thinsp;September 2025<\/div><\/div>\n\n\n<h3 style=\"margin-top:var(--wp--preset--spacing--30);margin-bottom:var(--wp--preset--spacing--30);\" class=\"ct-dynamic-data wp-elements-a2c280b83f8278fadfa9f2ee8166fbf3 wp-elements-f0b8dce5addfc7c030a1ffbb31009916 has-large-font-size\"><a href=\"https:\/\/diselva.com\/de\/blog\/heutige-technologie-herausforderungen\/\">Heutige Technologie-Herausforderungen<\/a><\/h3>\n\n<p style=\"line-height:1.1; margin-bottom:var(--wp--preset--spacing--40);margin-top:var(--wp--preset--spacing--30);\" class=\"ct-dynamic-data has-medium-font-size\">So sch\u00f6n die neue SaaS-Welt auch ist, die Probleme bzw. Herausforderungen werden nicht zwingend weniger. Die klare Gewissheit \u00fcber folgende\u2026<\/p>\n\n<a class=\"wp-elements-3a7756b24b575c694ea088a7d9529d08 wp-block-read-more has-text-color has-palette-color-1-color has-small-font-size\" href=\"https:\/\/diselva.com\/de\/blog\/heutige-technologie-herausforderungen\/\" target=\"_self\">lesen<span class=\"screen-reader-text\">: Heutige Technologie-Herausforderungen<\/span><\/a><\/div>\n\n<\/article><\/div><div class=\"flexy-item\"><article class=\"wp-block-post is-layout-flow post-110408 post type-post status-publish format-standard has-post-thumbnail hentry category-architektur-review category-digitale-transformation-strategie category-enterprise-architecture category-expertenartikel category-solution-software-architecture\">\n\n<div class=\"wp-block-group carousel__expert-articles--tile has-border-color has-palette-color-8-border-color is-content-justification-left is-layout-constrained wp-container-core-group-is-layout-67e99164 wp-block-group-is-layout-constrained\" style=\"border-width:1px;min-height:100%;padding-top:var(--wp--preset--spacing--40);padding-right:var(--wp--preset--spacing--40);padding-bottom:var(--wp--preset--spacing--40);padding-left:var(--wp--preset--spacing--40)\">\n<div class=\"wp-block-group is-content-justification-left is-nowrap is-layout-flex wp-container-core-group-is-layout-cc88d907 wp-block-group-is-layout-flex\" style=\"margin-bottom:var(--wp--preset--spacing--20)\"><div style=\"border-radius:0px; padding-top:0;padding-bottom:0;padding-left:0;padding-right:0;margin-bottom:0;margin-top:0;margin-right:0;margin-left:0;\" class=\"ct-dynamic-data wp-elements-cb85a530633022a7de451a620c3b3614 wp-elements-10cc33d1520d05738c829ec0686a3bff has-small-font-size\"><a href=\"https:\/\/diselva.com\/de\/blog\/author\/\">Pascal N\u00fcesch<\/a>,<\/div>\n\n<div style=\"padding-top:0;padding-bottom:0;padding-left:0;padding-right:0;margin-right:0;margin-left:0;margin-top:0;margin-bottom:0;\" class=\"ct-dynamic-data wp-elements-108ac614c77dbd60f6381a299c83b0b7 has-small-font-size\">&thinsp;September 2025<\/div><\/div>\n\n\n<h3 style=\"margin-top:var(--wp--preset--spacing--30);margin-bottom:var(--wp--preset--spacing--30);\" class=\"ct-dynamic-data wp-elements-a2c280b83f8278fadfa9f2ee8166fbf3 wp-elements-f0b8dce5addfc7c030a1ffbb31009916 has-large-font-size\"><a href=\"https:\/\/diselva.com\/de\/blog\/transformation-der-architektur\/\">Transformation der Architektur<\/a><\/h3>\n\n<p style=\"line-height:1.1; margin-bottom:var(--wp--preset--spacing--40);margin-top:var(--wp--preset--spacing--30);\" class=\"ct-dynamic-data has-medium-font-size\">Die schrittweise Transformation zu modernen Architekturen erkl\u00e4rt.<\/p>\n\n<a class=\"wp-elements-3a7756b24b575c694ea088a7d9529d08 wp-block-read-more has-text-color has-palette-color-1-color has-small-font-size\" href=\"https:\/\/diselva.com\/de\/blog\/transformation-der-architektur\/\" target=\"_self\">lesen<span class=\"screen-reader-text\">: Transformation der Architektur<\/span><\/a><\/div>\n\n<\/article><\/div><div class=\"flexy-item\"><article class=\"wp-block-post is-layout-flow post-110349 post type-post status-publish format-standard has-post-thumbnail hentry category-architektur-review category-enterprise-architect-solution-architect category-enterprise-architecture category-expertenartikel category-news\">\n\n<div class=\"wp-block-group carousel__expert-articles--tile has-border-color has-palette-color-8-border-color is-content-justification-left is-layout-constrained wp-container-core-group-is-layout-67e99164 wp-block-group-is-layout-constrained\" style=\"border-width:1px;min-height:100%;padding-top:var(--wp--preset--spacing--40);padding-right:var(--wp--preset--spacing--40);padding-bottom:var(--wp--preset--spacing--40);padding-left:var(--wp--preset--spacing--40)\">\n<div class=\"wp-block-group is-content-justification-left is-nowrap is-layout-flex wp-container-core-group-is-layout-cc88d907 wp-block-group-is-layout-flex\" style=\"margin-bottom:var(--wp--preset--spacing--20)\"><div style=\"border-radius:0px; padding-top:0;padding-bottom:0;padding-left:0;padding-right:0;margin-bottom:0;margin-top:0;margin-right:0;margin-left:0;\" class=\"ct-dynamic-data wp-elements-cb85a530633022a7de451a620c3b3614 wp-elements-10cc33d1520d05738c829ec0686a3bff has-small-font-size\"><a href=\"https:\/\/diselva.com\/de\/blog\/author\/\">J\u00f6rg Brunschwiler<\/a>,<\/div>\n\n<div style=\"padding-top:0;padding-bottom:0;padding-left:0;padding-right:0;margin-right:0;margin-left:0;margin-top:0;margin-bottom:0;\" class=\"ct-dynamic-data wp-elements-108ac614c77dbd60f6381a299c83b0b7 has-small-font-size\">&thinsp;September 2025<\/div><\/div>\n\n\n<h3 style=\"margin-top:var(--wp--preset--spacing--30);margin-bottom:var(--wp--preset--spacing--30);\" class=\"ct-dynamic-data wp-elements-a2c280b83f8278fadfa9f2ee8166fbf3 wp-elements-f0b8dce5addfc7c030a1ffbb31009916 has-large-font-size\"><a href=\"https:\/\/diselva.com\/de\/blog\/ziele-und-nutzen-von-enterprise-architecture\/\">Ziele und Nutzen von Enterprise Architecture<\/a><\/h3>\n\n<p style=\"line-height:1.1; margin-bottom:var(--wp--preset--spacing--40);margin-top:var(--wp--preset--spacing--30);\" class=\"ct-dynamic-data has-medium-font-size\">Enterprise Architecture ist nicht &#8222;Technologie&#8220;, sondern verfolgt klare definierte &#8222;Business-Ziele&#8220;<\/p>\n\n<a class=\"wp-elements-3a7756b24b575c694ea088a7d9529d08 wp-block-read-more has-text-color has-palette-color-1-color has-small-font-size\" href=\"https:\/\/diselva.com\/de\/blog\/ziele-und-nutzen-von-enterprise-architecture\/\" target=\"_self\">lesen<span class=\"screen-reader-text\">: Ziele und Nutzen von Enterprise Architecture<\/span><\/a><\/div>\n\n<\/article><\/div><div class=\"flexy-item\"><article class=\"wp-block-post is-layout-flow post-97811 post type-post status-publish format-standard has-post-thumbnail hentry category-consulting category-digitale-transformation-strategie category-digitalisierung-kmu category-expertenartikel category-gl-vr-sparring-partner category-standortbestimmung-digitale-transformation\">\n\n<div class=\"wp-block-group carousel__expert-articles--tile has-border-color has-palette-color-8-border-color is-content-justification-left is-layout-constrained wp-container-core-group-is-layout-67e99164 wp-block-group-is-layout-constrained\" style=\"border-width:1px;min-height:100%;padding-top:var(--wp--preset--spacing--40);padding-right:var(--wp--preset--spacing--40);padding-bottom:var(--wp--preset--spacing--40);padding-left:var(--wp--preset--spacing--40)\">\n<div class=\"wp-block-group is-content-justification-left is-nowrap is-layout-flex wp-container-core-group-is-layout-cc88d907 wp-block-group-is-layout-flex\" style=\"margin-bottom:var(--wp--preset--spacing--20)\"><div style=\"border-radius:0px; padding-top:0;padding-bottom:0;padding-left:0;padding-right:0;margin-bottom:0;margin-top:0;margin-right:0;margin-left:0;\" class=\"ct-dynamic-data wp-elements-cb85a530633022a7de451a620c3b3614 wp-elements-10cc33d1520d05738c829ec0686a3bff has-small-font-size\"><a href=\"https:\/\/diselva.com\/de\/blog\/author\/\">Celia F\u00e4ssler<\/a>,<\/div>\n\n<div style=\"padding-top:0;padding-bottom:0;padding-left:0;padding-right:0;margin-right:0;margin-left:0;margin-top:0;margin-bottom:0;\" class=\"ct-dynamic-data wp-elements-108ac614c77dbd60f6381a299c83b0b7 has-small-font-size\">&thinsp;August 2025<\/div><\/div>\n\n\n<h3 style=\"margin-top:var(--wp--preset--spacing--30);margin-bottom:var(--wp--preset--spacing--30);\" class=\"ct-dynamic-data wp-elements-a2c280b83f8278fadfa9f2ee8166fbf3 wp-elements-f0b8dce5addfc7c030a1ffbb31009916 has-large-font-size\"><a href=\"https:\/\/diselva.com\/de\/blog\/wo-steht-ihr-unternehmen-in-der-digitalen-transformation-finden-sie-es-heraus\/\">Wo steht Ihr Unternehmen in der digitalen Transformation? Finden Sie es heraus!<\/a><\/h3>\n\n<p style=\"line-height:1.1; margin-bottom:var(--wp--preset--spacing--40);margin-top:var(--wp--preset--spacing--30);\" class=\"ct-dynamic-data has-medium-font-size\">Finden Sie heraus, wo Ihr Unternehmen in der digitalen Transformation steht! Unser Digital Maturity Check zeigt Ihnen Potenziale &#038; n\u00e4chste Schritte.<\/p>\n\n<a class=\"wp-elements-3a7756b24b575c694ea088a7d9529d08 wp-block-read-more has-text-color has-palette-color-1-color has-small-font-size\" href=\"https:\/\/diselva.com\/de\/blog\/wo-steht-ihr-unternehmen-in-der-digitalen-transformation-finden-sie-es-heraus\/\" target=\"_self\">lesen<span class=\"screen-reader-text\">: Wo steht Ihr Unternehmen in der digitalen Transformation? Finden Sie es heraus!<\/span><\/a><\/div>\n\n<\/article><\/div><div class=\"flexy-item\"><article class=\"wp-block-post is-layout-flow post-96740 post type-post status-publish format-standard has-post-thumbnail hentry category-consulting category-architektur-review category-digitale-organisation category-digitale-transformation-strategie category-expertenartikel category-gl-vr-sparring-partner category-it-strategie category-leader-2025 category-software-data-architect-technology-lead category-solution-software-architecture category-standortbestimmung-digitale-transformation category-weiterbildung\">\n\n<div class=\"wp-block-group carousel__expert-articles--tile has-border-color has-palette-color-8-border-color is-content-justification-left is-layout-constrained wp-container-core-group-is-layout-67e99164 wp-block-group-is-layout-constrained\" style=\"border-width:1px;min-height:100%;padding-top:var(--wp--preset--spacing--40);padding-right:var(--wp--preset--spacing--40);padding-bottom:var(--wp--preset--spacing--40);padding-left:var(--wp--preset--spacing--40)\">\n<div class=\"wp-block-group is-content-justification-left is-nowrap is-layout-flex wp-container-core-group-is-layout-cc88d907 wp-block-group-is-layout-flex\" style=\"margin-bottom:var(--wp--preset--spacing--20)\"><div style=\"border-radius:0px; padding-top:0;padding-bottom:0;padding-left:0;padding-right:0;margin-bottom:0;margin-top:0;margin-right:0;margin-left:0;\" class=\"ct-dynamic-data wp-elements-cb85a530633022a7de451a620c3b3614 wp-elements-10cc33d1520d05738c829ec0686a3bff has-small-font-size\"><a href=\"https:\/\/diselva.com\/de\/blog\/author\/\">Michael Pertek<\/a>,<\/div>\n\n<div style=\"padding-top:0;padding-bottom:0;padding-left:0;padding-right:0;margin-right:0;margin-left:0;margin-top:0;margin-bottom:0;\" class=\"ct-dynamic-data wp-elements-108ac614c77dbd60f6381a299c83b0b7 has-small-font-size\">&thinsp;April 2025<\/div><\/div>\n\n\n<h3 style=\"margin-top:var(--wp--preset--spacing--30);margin-bottom:var(--wp--preset--spacing--30);\" class=\"ct-dynamic-data wp-elements-a2c280b83f8278fadfa9f2ee8166fbf3 wp-elements-f0b8dce5addfc7c030a1ffbb31009916 has-large-font-size\"><a href=\"https:\/\/diselva.com\/de\/blog\/kuenstliche-intelligenz-in-der-praxis\/\">K\u00fcnstliche Intelligenz (KI) in der Praxis<\/a><\/h3>\n\n<p style=\"line-height:1.1; margin-bottom:var(--wp--preset--spacing--40);margin-top:var(--wp--preset--spacing--30);\" class=\"ct-dynamic-data has-medium-font-size\">Ein Kompass f\u00fcr F\u00fchrungskr\u00e4fte<\/p>\n\n<a class=\"wp-elements-3a7756b24b575c694ea088a7d9529d08 wp-block-read-more has-text-color has-palette-color-1-color has-small-font-size\" href=\"https:\/\/diselva.com\/de\/blog\/kuenstliche-intelligenz-in-der-praxis\/\" target=\"_self\">lesen<span class=\"screen-reader-text\">: K\u00fcnstliche Intelligenz (KI) in der Praxis<\/span><\/a><\/div>\n\n<\/article><\/div><div class=\"flexy-item\"><article class=\"wp-block-post is-layout-flow post-96787 post type-post status-publish format-standard has-post-thumbnail hentry category-consulting category-fuehrung category-architektur-review category-begleitung-in-der-umsetzung-der-projekte category-business-prozesse-hebel-governance category-expertenartikel category-project-manager-program-manager category-software-data-architect-technology-lead\">\n\n<div class=\"wp-block-group carousel__expert-articles--tile has-border-color has-palette-color-8-border-color is-content-justification-left is-layout-constrained wp-container-core-group-is-layout-67e99164 wp-block-group-is-layout-constrained\" style=\"border-width:1px;min-height:100%;padding-top:var(--wp--preset--spacing--40);padding-right:var(--wp--preset--spacing--40);padding-bottom:var(--wp--preset--spacing--40);padding-left:var(--wp--preset--spacing--40)\">\n<div class=\"wp-block-group is-content-justification-left is-nowrap is-layout-flex wp-container-core-group-is-layout-cc88d907 wp-block-group-is-layout-flex\" style=\"margin-bottom:var(--wp--preset--spacing--20)\"><div style=\"border-radius:0px; padding-top:0;padding-bottom:0;padding-left:0;padding-right:0;margin-bottom:0;margin-top:0;margin-right:0;margin-left:0;\" class=\"ct-dynamic-data wp-elements-cb85a530633022a7de451a620c3b3614 wp-elements-10cc33d1520d05738c829ec0686a3bff has-small-font-size\"><a href=\"https:\/\/diselva.com\/de\/blog\/author\/\">Ursin Saluz<\/a>,<\/div>\n\n<div style=\"padding-top:0;padding-bottom:0;padding-left:0;padding-right:0;margin-right:0;margin-left:0;margin-top:0;margin-bottom:0;\" class=\"ct-dynamic-data wp-elements-108ac614c77dbd60f6381a299c83b0b7 has-small-font-size\">&thinsp;April 2025<\/div><\/div>\n\n\n<h3 style=\"margin-top:var(--wp--preset--spacing--30);margin-bottom:var(--wp--preset--spacing--30);\" class=\"ct-dynamic-data wp-elements-a2c280b83f8278fadfa9f2ee8166fbf3 wp-elements-f0b8dce5addfc7c030a1ffbb31009916 has-large-font-size\"><a href=\"https:\/\/diselva.com\/de\/blog\/stabilitaet-vs-innovation-devops-und-die-herausforderungen\/\">Stabilit\u00e4t vs. Innovation: DevOps und die Herausforderungen<\/a><\/h3>\n\n<p style=\"line-height:1.1; margin-bottom:var(--wp--preset--spacing--40);margin-top:var(--wp--preset--spacing--30);\" class=\"ct-dynamic-data has-medium-font-size\">DevOps ist weit mehr als nur Code!<\/p>\n\n<a class=\"wp-elements-3a7756b24b575c694ea088a7d9529d08 wp-block-read-more has-text-color has-palette-color-1-color has-small-font-size\" href=\"https:\/\/diselva.com\/de\/blog\/stabilitaet-vs-innovation-devops-und-die-herausforderungen\/\" target=\"_self\">lesen<span class=\"screen-reader-text\">: Stabilit\u00e4t vs. Innovation: DevOps und die Herausforderungen<\/span><\/a><\/div>\n\n<\/article><\/div><div class=\"flexy-item\"><article class=\"wp-block-post is-layout-flow post-96831 post type-post status-publish format-standard has-post-thumbnail hentry category-consulting category-evaluationen-und-ausschreibungen category-expertenartikel category-news\">\n\n<div class=\"wp-block-group carousel__expert-articles--tile has-border-color has-palette-color-8-border-color is-content-justification-left is-layout-constrained wp-container-core-group-is-layout-67e99164 wp-block-group-is-layout-constrained\" style=\"border-width:1px;min-height:100%;padding-top:var(--wp--preset--spacing--40);padding-right:var(--wp--preset--spacing--40);padding-bottom:var(--wp--preset--spacing--40);padding-left:var(--wp--preset--spacing--40)\">\n<div class=\"wp-block-group is-content-justification-left is-nowrap is-layout-flex wp-container-core-group-is-layout-cc88d907 wp-block-group-is-layout-flex\" style=\"margin-bottom:var(--wp--preset--spacing--20)\"><div style=\"border-radius:0px; padding-top:0;padding-bottom:0;padding-left:0;padding-right:0;margin-bottom:0;margin-top:0;margin-right:0;margin-left:0;\" class=\"ct-dynamic-data wp-elements-cb85a530633022a7de451a620c3b3614 wp-elements-10cc33d1520d05738c829ec0686a3bff has-small-font-size\"><a href=\"https:\/\/diselva.com\/de\/blog\/author\/\">Chelsea Alther<\/a>,<\/div>\n\n<div style=\"padding-top:0;padding-bottom:0;padding-left:0;padding-right:0;margin-right:0;margin-left:0;margin-top:0;margin-bottom:0;\" class=\"ct-dynamic-data wp-elements-108ac614c77dbd60f6381a299c83b0b7 has-small-font-size\">&thinsp;M\u00e4rz 2025<\/div><\/div>\n\n\n<h3 style=\"margin-top:var(--wp--preset--spacing--30);margin-bottom:var(--wp--preset--spacing--30);\" class=\"ct-dynamic-data wp-elements-a2c280b83f8278fadfa9f2ee8166fbf3 wp-elements-f0b8dce5addfc7c030a1ffbb31009916 has-large-font-size\"><a href=\"https:\/\/diselva.com\/de\/blog\/der-markt-im-wandel-softwareloesungen\/\">Der Markt im Wandel: Wie Unternehmen die richtige Softwarel\u00f6sung finden<\/a><\/h3>\n\n<p style=\"line-height:1.1; margin-bottom:var(--wp--preset--spacing--40);margin-top:var(--wp--preset--spacing--30);\" class=\"ct-dynamic-data has-medium-font-size\">Unabh\u00e4ngige Beratung mit breiter Expertise!<\/p>\n\n<a class=\"wp-elements-3a7756b24b575c694ea088a7d9529d08 wp-block-read-more has-text-color has-palette-color-1-color has-small-font-size\" href=\"https:\/\/diselva.com\/de\/blog\/der-markt-im-wandel-softwareloesungen\/\" target=\"_self\">lesen<span class=\"screen-reader-text\">: Der Markt im Wandel: Wie Unternehmen die richtige Softwarel\u00f6sung finden<\/span><\/a><\/div>\n\n<\/article><\/div><div class=\"flexy-item\"><article class=\"wp-block-post is-layout-flow post-96846 post type-post status-publish format-standard has-post-thumbnail hentry category-consulting category-aufbau-nearshore category-expertenartikel\">\n\n<div class=\"wp-block-group carousel__expert-articles--tile has-border-color has-palette-color-8-border-color is-content-justification-left is-layout-constrained wp-container-core-group-is-layout-67e99164 wp-block-group-is-layout-constrained\" style=\"border-width:1px;min-height:100%;padding-top:var(--wp--preset--spacing--40);padding-right:var(--wp--preset--spacing--40);padding-bottom:var(--wp--preset--spacing--40);padding-left:var(--wp--preset--spacing--40)\">\n<div class=\"wp-block-group is-content-justification-left is-nowrap is-layout-flex wp-container-core-group-is-layout-cc88d907 wp-block-group-is-layout-flex\" style=\"margin-bottom:var(--wp--preset--spacing--20)\"><div style=\"border-radius:0px; padding-top:0;padding-bottom:0;padding-left:0;padding-right:0;margin-bottom:0;margin-top:0;margin-right:0;margin-left:0;\" class=\"ct-dynamic-data wp-elements-cb85a530633022a7de451a620c3b3614 wp-elements-10cc33d1520d05738c829ec0686a3bff has-small-font-size\"><a href=\"https:\/\/diselva.com\/de\/blog\/author\/\">Celia F\u00e4ssler<\/a>,<\/div>\n\n<div style=\"padding-top:0;padding-bottom:0;padding-left:0;padding-right:0;margin-right:0;margin-left:0;margin-top:0;margin-bottom:0;\" class=\"ct-dynamic-data wp-elements-108ac614c77dbd60f6381a299c83b0b7 has-small-font-size\">&thinsp;M\u00e4rz 2025<\/div><\/div>\n\n\n<h3 style=\"margin-top:var(--wp--preset--spacing--30);margin-bottom:var(--wp--preset--spacing--30);\" class=\"ct-dynamic-data wp-elements-a2c280b83f8278fadfa9f2ee8166fbf3 wp-elements-f0b8dce5addfc7c030a1ffbb31009916 has-large-font-size\"><a href=\"https:\/\/diselva.com\/de\/blog\/nearshoring-case-belgrad-kulturelle-besonderheiten-und-praegungen\/\">Nearshoring-Serie Teil 5: Belgrad \u2013 Kultur und Einfl\u00fcsse<\/a><\/h3>\n\n<p style=\"line-height:1.1; margin-bottom:var(--wp--preset--spacing--40);margin-top:var(--wp--preset--spacing--30);\" class=\"ct-dynamic-data has-medium-font-size\">Einblicke in die serbische Kultur und Arbeit in Belgrad: Gastfreundschaft, Werte, lokale Br\u00e4uche und Erfolgsfaktoren f\u00fcr eine erfolgreiche Zusammenarbeit.<\/p>\n\n<a class=\"wp-elements-3a7756b24b575c694ea088a7d9529d08 wp-block-read-more has-text-color has-palette-color-1-color has-small-font-size\" href=\"https:\/\/diselva.com\/de\/blog\/nearshoring-case-belgrad-kulturelle-besonderheiten-und-praegungen\/\" target=\"_self\">lesen<span class=\"screen-reader-text\">: Nearshoring-Serie Teil 5: Belgrad \u2013 Kultur und Einfl\u00fcsse<\/span><\/a><\/div>\n\n<\/article><\/div><div class=\"flexy-item\"><article class=\"wp-block-post is-layout-flow post-96861 post type-post status-publish format-standard has-post-thumbnail hentry category-consulting category-aufbau-nearshore category-business-prozesse-hebel-governance category-expertenartikel thema-business-prozesse-und-governance\">\n\n<div class=\"wp-block-group carousel__expert-articles--tile has-border-color has-palette-color-8-border-color is-content-justification-left is-layout-constrained wp-container-core-group-is-layout-67e99164 wp-block-group-is-layout-constrained\" style=\"border-width:1px;min-height:100%;padding-top:var(--wp--preset--spacing--40);padding-right:var(--wp--preset--spacing--40);padding-bottom:var(--wp--preset--spacing--40);padding-left:var(--wp--preset--spacing--40)\">\n<div class=\"wp-block-group is-content-justification-left is-nowrap is-layout-flex wp-container-core-group-is-layout-cc88d907 wp-block-group-is-layout-flex\" style=\"margin-bottom:var(--wp--preset--spacing--20)\"><div style=\"border-radius:0px; padding-top:0;padding-bottom:0;padding-left:0;padding-right:0;margin-bottom:0;margin-top:0;margin-right:0;margin-left:0;\" class=\"ct-dynamic-data wp-elements-cb85a530633022a7de451a620c3b3614 wp-elements-10cc33d1520d05738c829ec0686a3bff has-small-font-size\"><a href=\"https:\/\/diselva.com\/de\/blog\/author\/\">Celia F\u00e4ssler<\/a>,<\/div>\n\n<div style=\"padding-top:0;padding-bottom:0;padding-left:0;padding-right:0;margin-right:0;margin-left:0;margin-top:0;margin-bottom:0;\" class=\"ct-dynamic-data wp-elements-108ac614c77dbd60f6381a299c83b0b7 has-small-font-size\">&thinsp;Februar 2025<\/div><\/div>\n\n\n<h3 style=\"margin-top:var(--wp--preset--spacing--30);margin-bottom:var(--wp--preset--spacing--30);\" class=\"ct-dynamic-data wp-elements-a2c280b83f8278fadfa9f2ee8166fbf3 wp-elements-f0b8dce5addfc7c030a1ffbb31009916 has-large-font-size\"><a href=\"https:\/\/diselva.com\/de\/blog\/technologisches-onboarding-eines-nearshoring-teams-so-gelingts\/\">Nearshoring-Serie Teil 4:\u00a0Technologisches Onboarding &#8211; so gelingt\u2019s<\/a><\/h3>\n\n<p style=\"line-height:1.1; margin-bottom:var(--wp--preset--spacing--40);margin-top:var(--wp--preset--spacing--30);\" class=\"ct-dynamic-data has-medium-font-size\">Effektives technisches Onboarding f\u00fcr Nearshoring-Teams: Tipps zur schrittweisen Integration, Tools, Code-Standards und erfolgreicher Zusammenarbeit.<\/p>\n\n<a class=\"wp-elements-3a7756b24b575c694ea088a7d9529d08 wp-block-read-more has-text-color has-palette-color-1-color has-small-font-size\" href=\"https:\/\/diselva.com\/de\/blog\/technologisches-onboarding-eines-nearshoring-teams-so-gelingts\/\" target=\"_self\">lesen<span class=\"screen-reader-text\">: Nearshoring-Serie Teil 4:\u00a0Technologisches Onboarding &#8211; so gelingt\u2019s<\/span><\/a><\/div>\n\n<\/article><\/div><div class=\"flexy-item\"><article class=\"wp-block-post is-layout-flow post-96876 post type-post status-publish format-standard has-post-thumbnail hentry category-consulting category-aufbau-nearshore category-expertenartikel\">\n\n<div class=\"wp-block-group carousel__expert-articles--tile has-border-color has-palette-color-8-border-color is-content-justification-left is-layout-constrained wp-container-core-group-is-layout-67e99164 wp-block-group-is-layout-constrained\" style=\"border-width:1px;min-height:100%;padding-top:var(--wp--preset--spacing--40);padding-right:var(--wp--preset--spacing--40);padding-bottom:var(--wp--preset--spacing--40);padding-left:var(--wp--preset--spacing--40)\">\n<div class=\"wp-block-group is-content-justification-left is-nowrap is-layout-flex wp-container-core-group-is-layout-cc88d907 wp-block-group-is-layout-flex\" style=\"margin-bottom:var(--wp--preset--spacing--20)\"><div style=\"border-radius:0px; padding-top:0;padding-bottom:0;padding-left:0;padding-right:0;margin-bottom:0;margin-top:0;margin-right:0;margin-left:0;\" class=\"ct-dynamic-data wp-elements-cb85a530633022a7de451a620c3b3614 wp-elements-10cc33d1520d05738c829ec0686a3bff has-small-font-size\"><a href=\"https:\/\/diselva.com\/de\/blog\/author\/\">Celia F\u00e4ssler<\/a>,<\/div>\n\n<div style=\"padding-top:0;padding-bottom:0;padding-left:0;padding-right:0;margin-right:0;margin-left:0;margin-top:0;margin-bottom:0;\" class=\"ct-dynamic-data wp-elements-108ac614c77dbd60f6381a299c83b0b7 has-small-font-size\">&thinsp;Februar 2025<\/div><\/div>\n\n\n<h3 style=\"margin-top:var(--wp--preset--spacing--30);margin-bottom:var(--wp--preset--spacing--30);\" class=\"ct-dynamic-data wp-elements-a2c280b83f8278fadfa9f2ee8166fbf3 wp-elements-f0b8dce5addfc7c030a1ffbb31009916 has-large-font-size\"><a href=\"https:\/\/diselva.com\/de\/blog\/zusammenarbeit-mit-nearshoring-teams-worauf-kommt-es-an\/\">Nearshoring-Serie Teil 3:\u00a0Key factors zur Zusammenarbeit<\/a><\/h3>\n\n<p style=\"line-height:1.1; margin-bottom:var(--wp--preset--spacing--40);margin-top:var(--wp--preset--spacing--30);\" class=\"ct-dynamic-data has-medium-font-size\">Erfolgreiche Zusammenarbeit mit Nearshoring-Teams: Tipps zu Kommunikation, Integration, pers\u00f6nlichem Austausch und der F\u00f6rderung von Wertsch\u00e4tzung im Team.<\/p>\n\n<a class=\"wp-elements-3a7756b24b575c694ea088a7d9529d08 wp-block-read-more has-text-color has-palette-color-1-color has-small-font-size\" href=\"https:\/\/diselva.com\/de\/blog\/zusammenarbeit-mit-nearshoring-teams-worauf-kommt-es-an\/\" target=\"_self\">lesen<span class=\"screen-reader-text\">: Nearshoring-Serie Teil 3:\u00a0Key factors zur Zusammenarbeit<\/span><\/a><\/div>\n\n<\/article><\/div><div class=\"flexy-item\"><article class=\"wp-block-post is-layout-flow post-96890 post type-post status-publish format-standard has-post-thumbnail hentry category-consulting category-aufbau-nearshore category-expertenartikel\">\n\n<div class=\"wp-block-group carousel__expert-articles--tile has-border-color has-palette-color-8-border-color is-content-justification-left is-layout-constrained wp-container-core-group-is-layout-67e99164 wp-block-group-is-layout-constrained\" style=\"border-width:1px;min-height:100%;padding-top:var(--wp--preset--spacing--40);padding-right:var(--wp--preset--spacing--40);padding-bottom:var(--wp--preset--spacing--40);padding-left:var(--wp--preset--spacing--40)\">\n<div class=\"wp-block-group is-content-justification-left is-nowrap is-layout-flex wp-container-core-group-is-layout-cc88d907 wp-block-group-is-layout-flex\" style=\"margin-bottom:var(--wp--preset--spacing--20)\"><div style=\"border-radius:0px; padding-top:0;padding-bottom:0;padding-left:0;padding-right:0;margin-bottom:0;margin-top:0;margin-right:0;margin-left:0;\" class=\"ct-dynamic-data wp-elements-cb85a530633022a7de451a620c3b3614 wp-elements-10cc33d1520d05738c829ec0686a3bff has-small-font-size\"><a href=\"https:\/\/diselva.com\/de\/blog\/author\/\">Jan Keller<\/a>,<\/div>\n\n<div style=\"padding-top:0;padding-bottom:0;padding-left:0;padding-right:0;margin-right:0;margin-left:0;margin-top:0;margin-bottom:0;\" class=\"ct-dynamic-data wp-elements-108ac614c77dbd60f6381a299c83b0b7 has-small-font-size\">&thinsp;Februar 2025<\/div><\/div>\n\n\n<h3 style=\"margin-top:var(--wp--preset--spacing--30);margin-bottom:var(--wp--preset--spacing--30);\" class=\"ct-dynamic-data wp-elements-a2c280b83f8278fadfa9f2ee8166fbf3 wp-elements-f0b8dce5addfc7c030a1ffbb31009916 has-large-font-size\"><a href=\"https:\/\/diselva.com\/de\/blog\/nearshore-geschaeft-aufbau-skalierung-und-erfolgreiche-zusammenarbeit\/\">Nearshoring-Serie Teil 2: Aufbau, Skalierung und Teamarbeit<\/a><\/h3>\n\n<p style=\"line-height:1.1; margin-bottom:var(--wp--preset--spacing--40);margin-top:var(--wp--preset--spacing--30);\" class=\"ct-dynamic-data has-medium-font-size\">Strategien f\u00fcr den Aufbau, die Skalierung und Integration von Nearshore-Standorten: Erfolgreiche Zusammenarbeit und kulturelle Herausforderungen meistern.<\/p>\n\n<a class=\"wp-elements-3a7756b24b575c694ea088a7d9529d08 wp-block-read-more has-text-color has-palette-color-1-color has-small-font-size\" href=\"https:\/\/diselva.com\/de\/blog\/nearshore-geschaeft-aufbau-skalierung-und-erfolgreiche-zusammenarbeit\/\" target=\"_self\">lesen<span class=\"screen-reader-text\">: Nearshoring-Serie Teil 2: Aufbau, Skalierung und Teamarbeit<\/span><\/a><\/div>\n\n<\/article><\/div><div class=\"flexy-item\"><article class=\"wp-block-post is-layout-flow post-96905 post type-post status-publish format-standard has-post-thumbnail hentry category-consulting category-aufbau-nearshore category-expertenartikel\">\n\n<div class=\"wp-block-group carousel__expert-articles--tile has-border-color has-palette-color-8-border-color is-content-justification-left is-layout-constrained wp-container-core-group-is-layout-67e99164 wp-block-group-is-layout-constrained\" style=\"border-width:1px;min-height:100%;padding-top:var(--wp--preset--spacing--40);padding-right:var(--wp--preset--spacing--40);padding-bottom:var(--wp--preset--spacing--40);padding-left:var(--wp--preset--spacing--40)\">\n<div class=\"wp-block-group is-content-justification-left is-nowrap is-layout-flex wp-container-core-group-is-layout-cc88d907 wp-block-group-is-layout-flex\" style=\"margin-bottom:var(--wp--preset--spacing--20)\"><div style=\"border-radius:0px; padding-top:0;padding-bottom:0;padding-left:0;padding-right:0;margin-bottom:0;margin-top:0;margin-right:0;margin-left:0;\" class=\"ct-dynamic-data wp-elements-cb85a530633022a7de451a620c3b3614 wp-elements-10cc33d1520d05738c829ec0686a3bff has-small-font-size\"><a href=\"https:\/\/diselva.com\/de\/blog\/author\/\">Jan Keller<\/a>,<\/div>\n\n<div style=\"padding-top:0;padding-bottom:0;padding-left:0;padding-right:0;margin-right:0;margin-left:0;margin-top:0;margin-bottom:0;\" class=\"ct-dynamic-data wp-elements-108ac614c77dbd60f6381a299c83b0b7 has-small-font-size\">&thinsp;Februar 2025<\/div><\/div>\n\n\n<h3 style=\"margin-top:var(--wp--preset--spacing--30);margin-bottom:var(--wp--preset--spacing--30);\" class=\"ct-dynamic-data wp-elements-a2c280b83f8278fadfa9f2ee8166fbf3 wp-elements-f0b8dce5addfc7c030a1ffbb31009916 has-large-font-size\"><a href=\"https:\/\/diselva.com\/de\/blog\/einfuehrung-ins-diselva-nearshore-excellence-framework-die-grundlagen\/\">Nearshoring-Serie Teil 1: Intro diselva Nearshore Excellence Framework<\/a><\/h3>\n\n<p style=\"line-height:1.1; margin-bottom:var(--wp--preset--spacing--40);margin-top:var(--wp--preset--spacing--30);\" class=\"ct-dynamic-data has-medium-font-size\">Einf\u00fchrung ins diselva Nearshore Excellence Framework: Strategische Grundlagen und Gesch\u00e4ftsmodell-Definition f\u00fcr erfolgreiche Nearshoring-Projekte.<\/p>\n\n<a class=\"wp-elements-3a7756b24b575c694ea088a7d9529d08 wp-block-read-more has-text-color has-palette-color-1-color has-small-font-size\" href=\"https:\/\/diselva.com\/de\/blog\/einfuehrung-ins-diselva-nearshore-excellence-framework-die-grundlagen\/\" target=\"_self\">lesen<span class=\"screen-reader-text\">: Nearshoring-Serie Teil 1: Intro diselva Nearshore Excellence Framework<\/span><\/a><\/div>\n\n<\/article><\/div><div class=\"flexy-item\"><article class=\"wp-block-post is-layout-flow post-96920 post type-post status-publish format-standard has-post-thumbnail hentry category-consulting category-enterprise-architecture category-expertenartikel category-it-strategie\">\n\n<div class=\"wp-block-group carousel__expert-articles--tile has-border-color has-palette-color-8-border-color is-content-justification-left is-layout-constrained wp-container-core-group-is-layout-67e99164 wp-block-group-is-layout-constrained\" style=\"border-width:1px;min-height:100%;padding-top:var(--wp--preset--spacing--40);padding-right:var(--wp--preset--spacing--40);padding-bottom:var(--wp--preset--spacing--40);padding-left:var(--wp--preset--spacing--40)\">\n<div class=\"wp-block-group is-content-justification-left is-nowrap is-layout-flex wp-container-core-group-is-layout-cc88d907 wp-block-group-is-layout-flex\" style=\"margin-bottom:var(--wp--preset--spacing--20)\"><div style=\"border-radius:0px; padding-top:0;padding-bottom:0;padding-left:0;padding-right:0;margin-bottom:0;margin-top:0;margin-right:0;margin-left:0;\" class=\"ct-dynamic-data wp-elements-cb85a530633022a7de451a620c3b3614 wp-elements-10cc33d1520d05738c829ec0686a3bff has-small-font-size\"><a href=\"https:\/\/diselva.com\/de\/blog\/author\/\">Celia F\u00e4ssler<\/a>,<\/div>\n\n<div style=\"padding-top:0;padding-bottom:0;padding-left:0;padding-right:0;margin-right:0;margin-left:0;margin-top:0;margin-bottom:0;\" class=\"ct-dynamic-data wp-elements-108ac614c77dbd60f6381a299c83b0b7 has-small-font-size\">&thinsp;Januar 2025<\/div><\/div>\n\n\n<h3 style=\"margin-top:var(--wp--preset--spacing--30);margin-bottom:var(--wp--preset--spacing--30);\" class=\"ct-dynamic-data wp-elements-a2c280b83f8278fadfa9f2ee8166fbf3 wp-elements-f0b8dce5addfc7c030a1ffbb31009916 has-large-font-size\"><a href=\"https:\/\/diselva.com\/de\/blog\/sap-leanix-so-gelingt-eine-nachhaltige-it-strategie-fuer-unternehmen\/\">SAP LeanIX: So gelingt eine nachhaltige IT-Strategie f\u00fcr Unternehmen<\/a><\/h3>\n\n<p style=\"line-height:1.1; margin-bottom:var(--wp--preset--spacing--40);margin-top:var(--wp--preset--spacing--30);\" class=\"ct-dynamic-data has-medium-font-size\">Nachhaltige IT-Strategie mit SAP LeanIX: Transparenz schaffen, Risiken minimieren, IT &#038; Business verbinden. Optimieren Sie Ihre IT-Landschaft!<\/p>\n\n<a class=\"wp-elements-3a7756b24b575c694ea088a7d9529d08 wp-block-read-more has-text-color has-palette-color-1-color has-small-font-size\" href=\"https:\/\/diselva.com\/de\/blog\/sap-leanix-so-gelingt-eine-nachhaltige-it-strategie-fuer-unternehmen\/\" target=\"_self\">lesen<span class=\"screen-reader-text\">: SAP LeanIX: So gelingt eine nachhaltige IT-Strategie f\u00fcr Unternehmen<\/span><\/a><\/div>\n\n<\/article><\/div><div class=\"flexy-item\"><article class=\"wp-block-post is-layout-flow post-96979 post type-post status-publish format-standard has-post-thumbnail hentry category-consulting category-expertenartikel category-news\">\n\n<div class=\"wp-block-group carousel__expert-articles--tile has-border-color has-palette-color-8-border-color is-content-justification-left is-layout-constrained wp-container-core-group-is-layout-67e99164 wp-block-group-is-layout-constrained\" style=\"border-width:1px;min-height:100%;padding-top:var(--wp--preset--spacing--40);padding-right:var(--wp--preset--spacing--40);padding-bottom:var(--wp--preset--spacing--40);padding-left:var(--wp--preset--spacing--40)\">\n<div class=\"wp-block-group is-content-justification-left is-nowrap is-layout-flex wp-container-core-group-is-layout-cc88d907 wp-block-group-is-layout-flex\" style=\"margin-bottom:var(--wp--preset--spacing--20)\"><div style=\"border-radius:0px; padding-top:0;padding-bottom:0;padding-left:0;padding-right:0;margin-bottom:0;margin-top:0;margin-right:0;margin-left:0;\" class=\"ct-dynamic-data wp-elements-cb85a530633022a7de451a620c3b3614 wp-elements-10cc33d1520d05738c829ec0686a3bff has-small-font-size\"><a href=\"https:\/\/diselva.com\/de\/blog\/author\/\">Celia F\u00e4ssler<\/a>,<\/div>\n\n<div style=\"padding-top:0;padding-bottom:0;padding-left:0;padding-right:0;margin-right:0;margin-left:0;margin-top:0;margin-bottom:0;\" class=\"ct-dynamic-data wp-elements-108ac614c77dbd60f6381a299c83b0b7 has-small-font-size\">&thinsp;November 2024<\/div><\/div>\n\n\n<h3 style=\"margin-top:var(--wp--preset--spacing--30);margin-bottom:var(--wp--preset--spacing--30);\" class=\"ct-dynamic-data wp-elements-a2c280b83f8278fadfa9f2ee8166fbf3 wp-elements-f0b8dce5addfc7c030a1ffbb31009916 has-large-font-size\"><a href=\"https:\/\/diselva.com\/de\/blog\/change-management-bei-der-durchfuehrung-digitaler-projekte\/\">Change Management bei der Durchf\u00fchrung digitaler Projekte: Wie Unternehmen ihre Teams mitnehmen<\/a><\/h3>\n\n<p style=\"line-height:1.1; margin-bottom:var(--wp--preset--spacing--40);margin-top:var(--wp--preset--spacing--30);\" class=\"ct-dynamic-data has-medium-font-size\">Wie Change Management digitale Projekte zum Erfolg f\u00fchrt und Teams auf Ver\u00e4nderungen vorbereitet. Effektiv steuern, um nachhaltig zu wachsen!<\/p>\n\n<a class=\"wp-elements-3a7756b24b575c694ea088a7d9529d08 wp-block-read-more has-text-color has-palette-color-1-color has-small-font-size\" href=\"https:\/\/diselva.com\/de\/blog\/change-management-bei-der-durchfuehrung-digitaler-projekte\/\" target=\"_self\">lesen<span class=\"screen-reader-text\">: Change Management bei der Durchf\u00fchrung digitaler Projekte: Wie Unternehmen ihre Teams mitnehmen<\/span><\/a><\/div>\n\n<\/article><\/div><div class=\"flexy-item\"><article class=\"wp-block-post is-layout-flow post-96994 post type-post status-publish format-standard has-post-thumbnail hentry category-consulting category-begleitung-in-der-umsetzung-der-projekte category-expertenartikel category-news\">\n\n<div class=\"wp-block-group carousel__expert-articles--tile has-border-color has-palette-color-8-border-color is-content-justification-left is-layout-constrained wp-container-core-group-is-layout-67e99164 wp-block-group-is-layout-constrained\" style=\"border-width:1px;min-height:100%;padding-top:var(--wp--preset--spacing--40);padding-right:var(--wp--preset--spacing--40);padding-bottom:var(--wp--preset--spacing--40);padding-left:var(--wp--preset--spacing--40)\">\n<div class=\"wp-block-group is-content-justification-left is-nowrap is-layout-flex wp-container-core-group-is-layout-cc88d907 wp-block-group-is-layout-flex\" style=\"margin-bottom:var(--wp--preset--spacing--20)\"><div style=\"border-radius:0px; padding-top:0;padding-bottom:0;padding-left:0;padding-right:0;margin-bottom:0;margin-top:0;margin-right:0;margin-left:0;\" class=\"ct-dynamic-data wp-elements-cb85a530633022a7de451a620c3b3614 wp-elements-10cc33d1520d05738c829ec0686a3bff has-small-font-size\"><a href=\"https:\/\/diselva.com\/de\/blog\/author\/\">Michael Schlegel-Iten<\/a>,<\/div>\n\n<div style=\"padding-top:0;padding-bottom:0;padding-left:0;padding-right:0;margin-right:0;margin-left:0;margin-top:0;margin-bottom:0;\" class=\"ct-dynamic-data wp-elements-108ac614c77dbd60f6381a299c83b0b7 has-small-font-size\">&thinsp;September 2024<\/div><\/div>\n\n\n<h3 style=\"margin-top:var(--wp--preset--spacing--30);margin-bottom:var(--wp--preset--spacing--30);\" class=\"ct-dynamic-data wp-elements-a2c280b83f8278fadfa9f2ee8166fbf3 wp-elements-f0b8dce5addfc7c030a1ffbb31009916 has-large-font-size\"><a href=\"https:\/\/diselva.com\/de\/blog\/konzeption-von-digitalen-loesungen-bonustrack\/\">Konzeption von digitalen L\u00f6sungen &#8211; Bonustrack<\/a><\/h3>\n\n<p style=\"line-height:1.1; margin-bottom:var(--wp--preset--spacing--40);margin-top:var(--wp--preset--spacing--30);\" class=\"ct-dynamic-data has-medium-font-size\">Erfahren Sie, wie durchdachte Konzeption digitale L\u00f6sungen erfolgreich macht und echten Mehrwert schafft. Innovation beginnt mit klarem Fokus!<\/p>\n\n<a class=\"wp-elements-3a7756b24b575c694ea088a7d9529d08 wp-block-read-more has-text-color has-palette-color-1-color has-small-font-size\" href=\"https:\/\/diselva.com\/de\/blog\/konzeption-von-digitalen-loesungen-bonustrack\/\" target=\"_self\">lesen<span class=\"screen-reader-text\">: Konzeption von digitalen L\u00f6sungen &#8211; Bonustrack<\/span><\/a><\/div>\n\n<\/article><\/div><div class=\"flexy-item\"><article class=\"wp-block-post is-layout-flow post-97011 post type-post status-publish format-standard has-post-thumbnail hentry category-consulting category-begleitung-in-der-umsetzung-der-projekte category-expertenartikel category-news\">\n\n<div class=\"wp-block-group carousel__expert-articles--tile has-border-color has-palette-color-8-border-color is-content-justification-left is-layout-constrained wp-container-core-group-is-layout-67e99164 wp-block-group-is-layout-constrained\" style=\"border-width:1px;min-height:100%;padding-top:var(--wp--preset--spacing--40);padding-right:var(--wp--preset--spacing--40);padding-bottom:var(--wp--preset--spacing--40);padding-left:var(--wp--preset--spacing--40)\">\n<div class=\"wp-block-group is-content-justification-left is-nowrap is-layout-flex wp-container-core-group-is-layout-cc88d907 wp-block-group-is-layout-flex\" style=\"margin-bottom:var(--wp--preset--spacing--20)\"><div style=\"border-radius:0px; padding-top:0;padding-bottom:0;padding-left:0;padding-right:0;margin-bottom:0;margin-top:0;margin-right:0;margin-left:0;\" class=\"ct-dynamic-data wp-elements-cb85a530633022a7de451a620c3b3614 wp-elements-10cc33d1520d05738c829ec0686a3bff has-small-font-size\"><a href=\"https:\/\/diselva.com\/de\/blog\/author\/\">Michael Schlegel-Iten<\/a>,<\/div>\n\n<div style=\"padding-top:0;padding-bottom:0;padding-left:0;padding-right:0;margin-right:0;margin-left:0;margin-top:0;margin-bottom:0;\" class=\"ct-dynamic-data wp-elements-108ac614c77dbd60f6381a299c83b0b7 has-small-font-size\">&thinsp;September 2024<\/div><\/div>\n\n\n<h3 style=\"margin-top:var(--wp--preset--spacing--30);margin-bottom:var(--wp--preset--spacing--30);\" class=\"ct-dynamic-data wp-elements-a2c280b83f8278fadfa9f2ee8166fbf3 wp-elements-f0b8dce5addfc7c030a1ffbb31009916 has-large-font-size\"><a href=\"https:\/\/diselva.com\/de\/blog\/konzeption-von-digitalen-loesungen-teil-3\/\">Konzeption von digitalen L\u00f6sungen &#8211; Teil 3<\/a><\/h3>\n\n<p style=\"line-height:1.1; margin-bottom:var(--wp--preset--spacing--40);margin-top:var(--wp--preset--spacing--30);\" class=\"ct-dynamic-data has-medium-font-size\">Wie pr\u00e4zise Konzeption digitale L\u00f6sungen optimiert und nachhaltige Ergebnisse liefert. Der Schl\u00fcssel zu erfolgreichen Projekten liegt im Detail!<\/p>\n\n<a class=\"wp-elements-3a7756b24b575c694ea088a7d9529d08 wp-block-read-more has-text-color has-palette-color-1-color has-small-font-size\" href=\"https:\/\/diselva.com\/de\/blog\/konzeption-von-digitalen-loesungen-teil-3\/\" target=\"_self\">lesen<span class=\"screen-reader-text\">: Konzeption von digitalen L\u00f6sungen &#8211; Teil 3<\/span><\/a><\/div>\n\n<\/article><\/div><div class=\"flexy-item\"><article class=\"wp-block-post is-layout-flow post-97085 post type-post status-publish format-standard has-post-thumbnail hentry category-consulting category-begleitung-in-der-umsetzung-der-projekte category-expertenartikel category-news thema-coaching-sparring-interims-management\">\n\n<div class=\"wp-block-group carousel__expert-articles--tile has-border-color has-palette-color-8-border-color is-content-justification-left is-layout-constrained wp-container-core-group-is-layout-67e99164 wp-block-group-is-layout-constrained\" style=\"border-width:1px;min-height:100%;padding-top:var(--wp--preset--spacing--40);padding-right:var(--wp--preset--spacing--40);padding-bottom:var(--wp--preset--spacing--40);padding-left:var(--wp--preset--spacing--40)\">\n<div class=\"wp-block-group is-content-justification-left is-nowrap is-layout-flex wp-container-core-group-is-layout-cc88d907 wp-block-group-is-layout-flex\" style=\"margin-bottom:var(--wp--preset--spacing--20)\"><div style=\"border-radius:0px; padding-top:0;padding-bottom:0;padding-left:0;padding-right:0;margin-bottom:0;margin-top:0;margin-right:0;margin-left:0;\" class=\"ct-dynamic-data wp-elements-cb85a530633022a7de451a620c3b3614 wp-elements-10cc33d1520d05738c829ec0686a3bff has-small-font-size\"><a href=\"https:\/\/diselva.com\/de\/blog\/author\/\">Michael Schlegel-Iten<\/a>,<\/div>\n\n<div style=\"padding-top:0;padding-bottom:0;padding-left:0;padding-right:0;margin-right:0;margin-left:0;margin-top:0;margin-bottom:0;\" class=\"ct-dynamic-data wp-elements-108ac614c77dbd60f6381a299c83b0b7 has-small-font-size\">&thinsp;August 2024<\/div><\/div>\n\n\n<h3 style=\"margin-top:var(--wp--preset--spacing--30);margin-bottom:var(--wp--preset--spacing--30);\" class=\"ct-dynamic-data wp-elements-a2c280b83f8278fadfa9f2ee8166fbf3 wp-elements-f0b8dce5addfc7c030a1ffbb31009916 has-large-font-size\"><a href=\"https:\/\/diselva.com\/de\/blog\/konzeption-von-digitalen-loesungen-teil-2\/\">Konzeption von digitalen L\u00f6sungen &#8211; Teil 2<\/a><\/h3>\n\n<p style=\"line-height:1.1; margin-bottom:var(--wp--preset--spacing--40);margin-top:var(--wp--preset--spacing--30);\" class=\"ct-dynamic-data has-medium-font-size\">Erfahren Sie, wie Grobkonzepte mit Artefakten wie Customer Journey Maps, Prozessvisualisierungen und L\u00f6sungsarchitekturen digitale Projekte voranbringen.<\/p>\n\n<a class=\"wp-elements-3a7756b24b575c694ea088a7d9529d08 wp-block-read-more has-text-color has-palette-color-1-color has-small-font-size\" href=\"https:\/\/diselva.com\/de\/blog\/konzeption-von-digitalen-loesungen-teil-2\/\" target=\"_self\">lesen<span class=\"screen-reader-text\">: Konzeption von digitalen L\u00f6sungen &#8211; Teil 2<\/span><\/a><\/div>\n\n<\/article><\/div><div class=\"flexy-item\"><article class=\"wp-block-post is-layout-flow post-97105 post type-post status-publish format-standard has-post-thumbnail hentry category-consulting category-begleitung-in-der-umsetzung-der-projekte category-expertenartikel category-news thema-coaching-sparring-interims-management\">\n\n<div class=\"wp-block-group carousel__expert-articles--tile has-border-color has-palette-color-8-border-color is-content-justification-left is-layout-constrained wp-container-core-group-is-layout-67e99164 wp-block-group-is-layout-constrained\" style=\"border-width:1px;min-height:100%;padding-top:var(--wp--preset--spacing--40);padding-right:var(--wp--preset--spacing--40);padding-bottom:var(--wp--preset--spacing--40);padding-left:var(--wp--preset--spacing--40)\">\n<div class=\"wp-block-group is-content-justification-left is-nowrap is-layout-flex wp-container-core-group-is-layout-cc88d907 wp-block-group-is-layout-flex\" style=\"margin-bottom:var(--wp--preset--spacing--20)\"><div style=\"border-radius:0px; padding-top:0;padding-bottom:0;padding-left:0;padding-right:0;margin-bottom:0;margin-top:0;margin-right:0;margin-left:0;\" class=\"ct-dynamic-data wp-elements-cb85a530633022a7de451a620c3b3614 wp-elements-10cc33d1520d05738c829ec0686a3bff has-small-font-size\"><a href=\"https:\/\/diselva.com\/de\/blog\/author\/\">Michael Schlegel-Iten<\/a>,<\/div>\n\n<div style=\"padding-top:0;padding-bottom:0;padding-left:0;padding-right:0;margin-right:0;margin-left:0;margin-top:0;margin-bottom:0;\" class=\"ct-dynamic-data wp-elements-108ac614c77dbd60f6381a299c83b0b7 has-small-font-size\">&thinsp;August 2024<\/div><\/div>\n\n\n<h3 style=\"margin-top:var(--wp--preset--spacing--30);margin-bottom:var(--wp--preset--spacing--30);\" class=\"ct-dynamic-data wp-elements-a2c280b83f8278fadfa9f2ee8166fbf3 wp-elements-f0b8dce5addfc7c030a1ffbb31009916 has-large-font-size\"><a href=\"https:\/\/diselva.com\/de\/blog\/konzeption-von-digitalen-loesungen-teil-1\/\">Konzeption von digitalen L\u00f6sungen &#8211; Teil 1<\/a><\/h3>\n\n<p style=\"line-height:1.1; margin-bottom:var(--wp--preset--spacing--40);margin-top:var(--wp--preset--spacing--30);\" class=\"ct-dynamic-data has-medium-font-size\">Erfahren Sie, wie ein flexibles Denkmodell und interdisziplin\u00e4re Perspektiven die Konzeption digitaler L\u00f6sungen mit nachhaltigem Mehrwert erm\u00f6glichen.<\/p>\n\n<a class=\"wp-elements-3a7756b24b575c694ea088a7d9529d08 wp-block-read-more has-text-color has-palette-color-1-color has-small-font-size\" href=\"https:\/\/diselva.com\/de\/blog\/konzeption-von-digitalen-loesungen-teil-1\/\" target=\"_self\">lesen<span class=\"screen-reader-text\">: Konzeption von digitalen L\u00f6sungen &#8211; Teil 1<\/span><\/a><\/div>\n\n<\/article><\/div><div class=\"flexy-item\"><article class=\"wp-block-post is-layout-flow post-97122 post type-post status-publish format-standard has-post-thumbnail hentry category-consulting category-begleitung-in-der-umsetzung-der-projekte category-expertenartikel category-news\">\n\n<div class=\"wp-block-group carousel__expert-articles--tile has-border-color has-palette-color-8-border-color is-content-justification-left is-layout-constrained wp-container-core-group-is-layout-67e99164 wp-block-group-is-layout-constrained\" style=\"border-width:1px;min-height:100%;padding-top:var(--wp--preset--spacing--40);padding-right:var(--wp--preset--spacing--40);padding-bottom:var(--wp--preset--spacing--40);padding-left:var(--wp--preset--spacing--40)\">\n<div class=\"wp-block-group is-content-justification-left is-nowrap is-layout-flex wp-container-core-group-is-layout-cc88d907 wp-block-group-is-layout-flex\" style=\"margin-bottom:var(--wp--preset--spacing--20)\"><div style=\"border-radius:0px; padding-top:0;padding-bottom:0;padding-left:0;padding-right:0;margin-bottom:0;margin-top:0;margin-right:0;margin-left:0;\" class=\"ct-dynamic-data wp-elements-cb85a530633022a7de451a620c3b3614 wp-elements-10cc33d1520d05738c829ec0686a3bff has-small-font-size\"><a href=\"https:\/\/diselva.com\/de\/blog\/author\/\">Michael Schlegel-Iten<\/a>,<\/div>\n\n<div style=\"padding-top:0;padding-bottom:0;padding-left:0;padding-right:0;margin-right:0;margin-left:0;margin-top:0;margin-bottom:0;\" class=\"ct-dynamic-data wp-elements-108ac614c77dbd60f6381a299c83b0b7 has-small-font-size\">&thinsp;August 2024<\/div><\/div>\n\n\n<h3 style=\"margin-top:var(--wp--preset--spacing--30);margin-bottom:var(--wp--preset--spacing--30);\" class=\"ct-dynamic-data wp-elements-a2c280b83f8278fadfa9f2ee8166fbf3 wp-elements-f0b8dce5addfc7c030a1ffbb31009916 has-large-font-size\"><a href=\"https:\/\/diselva.com\/de\/blog\/konzeption-digitale-loesungen\/\">Willkommen zu unserer Mini-Serie: Konzeption von digitalen L\u00f6sungen<\/a><\/h3>\n\n<p style=\"line-height:1.1; margin-bottom:var(--wp--preset--spacing--40);margin-top:var(--wp--preset--spacing--30);\" class=\"ct-dynamic-data has-medium-font-size\">Systematisch und doch flexibel &#8211; die Konzeption von digitale L\u00f6sungen.<\/p>\n\n<a class=\"wp-elements-3a7756b24b575c694ea088a7d9529d08 wp-block-read-more has-text-color has-palette-color-1-color has-small-font-size\" href=\"https:\/\/diselva.com\/de\/blog\/konzeption-digitale-loesungen\/\" target=\"_self\">lesen<span class=\"screen-reader-text\">: Willkommen zu unserer Mini-Serie: Konzeption von digitalen L\u00f6sungen<\/span><\/a><\/div>\n\n<\/article><\/div><div class=\"flexy-item\"><article class=\"wp-block-post is-layout-flow post-97129 post type-post status-publish format-standard has-post-thumbnail hentry category-consulting category-expertenartikel category-news category-solution-software-architecture\">\n\n<div class=\"wp-block-group carousel__expert-articles--tile has-border-color has-palette-color-8-border-color is-content-justification-left is-layout-constrained wp-container-core-group-is-layout-67e99164 wp-block-group-is-layout-constrained\" style=\"border-width:1px;min-height:100%;padding-top:var(--wp--preset--spacing--40);padding-right:var(--wp--preset--spacing--40);padding-bottom:var(--wp--preset--spacing--40);padding-left:var(--wp--preset--spacing--40)\">\n<div class=\"wp-block-group is-content-justification-left is-nowrap is-layout-flex wp-container-core-group-is-layout-cc88d907 wp-block-group-is-layout-flex\" style=\"margin-bottom:var(--wp--preset--spacing--20)\"><div style=\"border-radius:0px; padding-top:0;padding-bottom:0;padding-left:0;padding-right:0;margin-bottom:0;margin-top:0;margin-right:0;margin-left:0;\" class=\"ct-dynamic-data wp-elements-cb85a530633022a7de451a620c3b3614 wp-elements-10cc33d1520d05738c829ec0686a3bff has-small-font-size\"><a href=\"https:\/\/diselva.com\/de\/blog\/author\/\">Bernd Jansen<\/a>,<\/div>\n\n<div style=\"padding-top:0;padding-bottom:0;padding-left:0;padding-right:0;margin-right:0;margin-left:0;margin-top:0;margin-bottom:0;\" class=\"ct-dynamic-data wp-elements-108ac614c77dbd60f6381a299c83b0b7 has-small-font-size\">&thinsp;Juli 2024<\/div><\/div>\n\n\n<h3 style=\"margin-top:var(--wp--preset--spacing--30);margin-bottom:var(--wp--preset--spacing--30);\" class=\"ct-dynamic-data wp-elements-a2c280b83f8278fadfa9f2ee8166fbf3 wp-elements-f0b8dce5addfc7c030a1ffbb31009916 has-large-font-size\"><a href=\"https:\/\/diselva.com\/de\/blog\/effizienzsteigerung-durch-digitalisierung\/\">Effizienzsteigerung durch Digitalisierung: Das Zusammenspiel von E-Commerce, Customer Services und CRM im Kundenportal<\/a><\/h3>\n\n<p style=\"line-height:1.1; margin-bottom:var(--wp--preset--spacing--40);margin-top:var(--wp--preset--spacing--30);\" class=\"ct-dynamic-data has-medium-font-size\">Wie das Zusammenspiel von E-Commerce, Customer Services und CRM Effizienz steigert, Kosten senkt und die Kundenzufriedenheit in digitalen Portalen erh\u00f6ht.<\/p>\n\n<a class=\"wp-elements-3a7756b24b575c694ea088a7d9529d08 wp-block-read-more has-text-color has-palette-color-1-color has-small-font-size\" href=\"https:\/\/diselva.com\/de\/blog\/effizienzsteigerung-durch-digitalisierung\/\" target=\"_self\">lesen<span class=\"screen-reader-text\">: Effizienzsteigerung durch Digitalisierung: Das Zusammenspiel von E-Commerce, Customer Services und CRM im Kundenportal<\/span><\/a><\/div>\n\n<\/article><\/div><div class=\"flexy-item\"><article class=\"wp-block-post is-layout-flow post-97174 post type-post status-publish format-standard has-post-thumbnail hentry category-consulting category-digitale-organisation category-digitale-transformation-strategie category-expertenartikel category-gl-vr-sparring-partner thema-digitale-transformation\">\n\n<div class=\"wp-block-group carousel__expert-articles--tile has-border-color has-palette-color-8-border-color is-content-justification-left is-layout-constrained wp-container-core-group-is-layout-67e99164 wp-block-group-is-layout-constrained\" style=\"border-width:1px;min-height:100%;padding-top:var(--wp--preset--spacing--40);padding-right:var(--wp--preset--spacing--40);padding-bottom:var(--wp--preset--spacing--40);padding-left:var(--wp--preset--spacing--40)\">\n<div class=\"wp-block-group is-content-justification-left is-nowrap is-layout-flex wp-container-core-group-is-layout-cc88d907 wp-block-group-is-layout-flex\" style=\"margin-bottom:var(--wp--preset--spacing--20)\"><div style=\"border-radius:0px; padding-top:0;padding-bottom:0;padding-left:0;padding-right:0;margin-bottom:0;margin-top:0;margin-right:0;margin-left:0;\" class=\"ct-dynamic-data wp-elements-cb85a530633022a7de451a620c3b3614 wp-elements-10cc33d1520d05738c829ec0686a3bff has-small-font-size\"><a href=\"https:\/\/diselva.com\/de\/blog\/author\/\">Michael Pertek<\/a>,<\/div>\n\n<div style=\"padding-top:0;padding-bottom:0;padding-left:0;padding-right:0;margin-right:0;margin-left:0;margin-top:0;margin-bottom:0;\" class=\"ct-dynamic-data wp-elements-108ac614c77dbd60f6381a299c83b0b7 has-small-font-size\">&thinsp;April 2024<\/div><\/div>\n\n\n<h3 style=\"margin-top:var(--wp--preset--spacing--30);margin-bottom:var(--wp--preset--spacing--30);\" class=\"ct-dynamic-data wp-elements-a2c280b83f8278fadfa9f2ee8166fbf3 wp-elements-f0b8dce5addfc7c030a1ffbb31009916 has-large-font-size\"><a href=\"https:\/\/diselva.com\/de\/blog\/die-digitale-transformation-aus-unternehmenssicht\/\">Die Digitale Transformation aus Unternehmenssicht<\/a><\/h3>\n\n<p style=\"line-height:1.1; margin-bottom:var(--wp--preset--spacing--40);margin-top:var(--wp--preset--spacing--30);\" class=\"ct-dynamic-data has-medium-font-size\">Erfahren Sie, wie Unternehmen die digitale Transformation meistern, Chancen nutzen und Herausforderungen erfolgreich bew\u00e4ltigen k\u00f6nnen. Mehr im Blog!<\/p>\n\n<a class=\"wp-elements-3a7756b24b575c694ea088a7d9529d08 wp-block-read-more has-text-color has-palette-color-1-color has-small-font-size\" href=\"https:\/\/diselva.com\/de\/blog\/die-digitale-transformation-aus-unternehmenssicht\/\" target=\"_self\">lesen<span class=\"screen-reader-text\">: Die Digitale Transformation aus Unternehmenssicht<\/span><\/a><\/div>\n\n<\/article><\/div><div class=\"flexy-item\"><article class=\"wp-block-post is-layout-flow post-97642 post type-post status-publish format-standard has-post-thumbnail hentry category-consulting category-expertenartikel category-lead-consultant-digitale-transformation category-news category-solution-software-architecture\">\n\n<div class=\"wp-block-group carousel__expert-articles--tile has-border-color has-palette-color-8-border-color is-content-justification-left is-layout-constrained wp-container-core-group-is-layout-67e99164 wp-block-group-is-layout-constrained\" style=\"border-width:1px;min-height:100%;padding-top:var(--wp--preset--spacing--40);padding-right:var(--wp--preset--spacing--40);padding-bottom:var(--wp--preset--spacing--40);padding-left:var(--wp--preset--spacing--40)\">\n<div class=\"wp-block-group is-content-justification-left is-nowrap is-layout-flex wp-container-core-group-is-layout-cc88d907 wp-block-group-is-layout-flex\" style=\"margin-bottom:var(--wp--preset--spacing--20)\"><div style=\"border-radius:0px; padding-top:0;padding-bottom:0;padding-left:0;padding-right:0;margin-bottom:0;margin-top:0;margin-right:0;margin-left:0;\" class=\"ct-dynamic-data wp-elements-cb85a530633022a7de451a620c3b3614 wp-elements-10cc33d1520d05738c829ec0686a3bff has-small-font-size\"><a href=\"https:\/\/diselva.com\/de\/blog\/author\/\">Michael Schlegel-Iten<\/a>,<\/div>\n\n<div style=\"padding-top:0;padding-bottom:0;padding-left:0;padding-right:0;margin-right:0;margin-left:0;margin-top:0;margin-bottom:0;\" class=\"ct-dynamic-data wp-elements-108ac614c77dbd60f6381a299c83b0b7 has-small-font-size\">&thinsp;April 2024<\/div><\/div>\n\n\n<h3 style=\"margin-top:var(--wp--preset--spacing--30);margin-bottom:var(--wp--preset--spacing--30);\" class=\"ct-dynamic-data wp-elements-a2c280b83f8278fadfa9f2ee8166fbf3 wp-elements-f0b8dce5addfc7c030a1ffbb31009916 has-large-font-size\"><a href=\"https:\/\/diselva.com\/de\/blog\/composable-architecture-business\/\">Composable Architecture &#8211; Vorteile und Herausforderungen aus Business Sicht<\/a><\/h3>\n\n<p style=\"line-height:1.1; margin-bottom:var(--wp--preset--spacing--40);margin-top:var(--wp--preset--spacing--30);\" class=\"ct-dynamic-data has-medium-font-size\">Composable Architecture: Mehr Flexibilit\u00e4t, Skalierbarkeit &amp; Effizienz. Erfahren Sie Vorteile, Herausforderungen &amp; Best Practices f\u00fcr Ihr Business.<\/p>\n\n<a class=\"wp-elements-3a7756b24b575c694ea088a7d9529d08 wp-block-read-more has-text-color has-palette-color-1-color has-small-font-size\" href=\"https:\/\/diselva.com\/de\/blog\/composable-architecture-business\/\" target=\"_self\">lesen<span class=\"screen-reader-text\">: Composable Architecture &#8211; Vorteile und Herausforderungen aus Business Sicht<\/span><\/a><\/div>\n\n<\/article><\/div><div class=\"flexy-item\"><article class=\"wp-block-post is-layout-flow post-97188 post type-post status-publish format-standard has-post-thumbnail hentry category-consulting category-business-prozesse-hebel-governance category-data-driven-customer-centricity category-expertenartikel\">\n\n<div class=\"wp-block-group carousel__expert-articles--tile has-border-color has-palette-color-8-border-color is-content-justification-left is-layout-constrained wp-container-core-group-is-layout-67e99164 wp-block-group-is-layout-constrained\" style=\"border-width:1px;min-height:100%;padding-top:var(--wp--preset--spacing--40);padding-right:var(--wp--preset--spacing--40);padding-bottom:var(--wp--preset--spacing--40);padding-left:var(--wp--preset--spacing--40)\">\n<div class=\"wp-block-group is-content-justification-left is-nowrap is-layout-flex wp-container-core-group-is-layout-cc88d907 wp-block-group-is-layout-flex\" style=\"margin-bottom:var(--wp--preset--spacing--20)\"><div style=\"border-radius:0px; padding-top:0;padding-bottom:0;padding-left:0;padding-right:0;margin-bottom:0;margin-top:0;margin-right:0;margin-left:0;\" class=\"ct-dynamic-data wp-elements-cb85a530633022a7de451a620c3b3614 wp-elements-10cc33d1520d05738c829ec0686a3bff has-small-font-size\"><a href=\"https:\/\/diselva.com\/de\/blog\/author\/\">J\u00f6rg Brunschwiler<\/a>,<\/div>\n\n<div style=\"padding-top:0;padding-bottom:0;padding-left:0;padding-right:0;margin-right:0;margin-left:0;margin-top:0;margin-bottom:0;\" class=\"ct-dynamic-data wp-elements-108ac614c77dbd60f6381a299c83b0b7 has-small-font-size\">&thinsp;April 2024<\/div><\/div>\n\n\n<h3 style=\"margin-top:var(--wp--preset--spacing--30);margin-bottom:var(--wp--preset--spacing--30);\" class=\"ct-dynamic-data wp-elements-a2c280b83f8278fadfa9f2ee8166fbf3 wp-elements-f0b8dce5addfc7c030a1ffbb31009916 has-large-font-size\"><a href=\"https:\/\/diselva.com\/de\/blog\/das-neue-retail-omnichannel-commerce-teil-3\/\">Das neue Retail Omnichannel Commerce &#8211; Mini-Serie &#8211; Teil 3<\/a><\/h3>\n\n<p style=\"line-height:1.1; margin-bottom:var(--wp--preset--spacing--40);margin-top:var(--wp--preset--spacing--30);\" class=\"ct-dynamic-data has-medium-font-size\">Erfahren Sie, wie Digital Operations Platforms (DOP) Agilit\u00e4t und Flexibilit\u00e4t f\u00f6rdern und weshalb es sich lohnt, bestehende ERP-Systeme zu \u00fcberdenken.<\/p>\n\n<a class=\"wp-elements-3a7756b24b575c694ea088a7d9529d08 wp-block-read-more has-text-color has-palette-color-1-color has-small-font-size\" href=\"https:\/\/diselva.com\/de\/blog\/das-neue-retail-omnichannel-commerce-teil-3\/\" target=\"_self\">lesen<span class=\"screen-reader-text\">: Das neue Retail Omnichannel Commerce &#8211; Mini-Serie &#8211; Teil 3<\/span><\/a><\/div>\n\n<\/article><\/div><div class=\"flexy-item\"><article class=\"wp-block-post is-layout-flow post-97206 post type-post status-publish format-standard has-post-thumbnail hentry category-consulting category-business-prozesse-hebel-governance category-data-driven-customer-centricity category-expertenartikel thema-assessment-evaluation-steuerung\">\n\n<div class=\"wp-block-group carousel__expert-articles--tile has-border-color has-palette-color-8-border-color is-content-justification-left is-layout-constrained wp-container-core-group-is-layout-67e99164 wp-block-group-is-layout-constrained\" style=\"border-width:1px;min-height:100%;padding-top:var(--wp--preset--spacing--40);padding-right:var(--wp--preset--spacing--40);padding-bottom:var(--wp--preset--spacing--40);padding-left:var(--wp--preset--spacing--40)\">\n<div class=\"wp-block-group is-content-justification-left is-nowrap is-layout-flex wp-container-core-group-is-layout-cc88d907 wp-block-group-is-layout-flex\" style=\"margin-bottom:var(--wp--preset--spacing--20)\"><div style=\"border-radius:0px; padding-top:0;padding-bottom:0;padding-left:0;padding-right:0;margin-bottom:0;margin-top:0;margin-right:0;margin-left:0;\" class=\"ct-dynamic-data wp-elements-cb85a530633022a7de451a620c3b3614 wp-elements-10cc33d1520d05738c829ec0686a3bff has-small-font-size\"><a href=\"https:\/\/diselva.com\/de\/blog\/author\/\">J\u00f6rg Brunschwiler<\/a>,<\/div>\n\n<div style=\"padding-top:0;padding-bottom:0;padding-left:0;padding-right:0;margin-right:0;margin-left:0;margin-top:0;margin-bottom:0;\" class=\"ct-dynamic-data wp-elements-108ac614c77dbd60f6381a299c83b0b7 has-small-font-size\">&thinsp;M\u00e4rz 2024<\/div><\/div>\n\n\n<h3 style=\"margin-top:var(--wp--preset--spacing--30);margin-bottom:var(--wp--preset--spacing--30);\" class=\"ct-dynamic-data wp-elements-a2c280b83f8278fadfa9f2ee8166fbf3 wp-elements-f0b8dce5addfc7c030a1ffbb31009916 has-large-font-size\"><a href=\"https:\/\/diselva.com\/de\/blog\/das-neue-retail-omnichannel-commerce-teil-2\/\">Das neue Retail Omnichannel Commerce &#8211; Mini-Serie &#8211; Teil 2<\/a><\/h3>\n\n<p style=\"line-height:1.1; margin-bottom:var(--wp--preset--spacing--40);margin-top:var(--wp--preset--spacing--30);\" class=\"ct-dynamic-data has-medium-font-size\">Entdecken Sie verschiedene Order-Management-Ans\u00e4tze f\u00fcr Omnichannel-Commerce und wie sie die digitale Architektur und Systemlandschaft nachhaltig pr\u00e4gen.<\/p>\n\n<a class=\"wp-elements-3a7756b24b575c694ea088a7d9529d08 wp-block-read-more has-text-color has-palette-color-1-color has-small-font-size\" href=\"https:\/\/diselva.com\/de\/blog\/das-neue-retail-omnichannel-commerce-teil-2\/\" target=\"_self\">lesen<span class=\"screen-reader-text\">: Das neue Retail Omnichannel Commerce &#8211; Mini-Serie &#8211; Teil 2<\/span><\/a><\/div>\n\n<\/article><\/div><div class=\"flexy-item\"><article class=\"wp-block-post is-layout-flow post-97221 post type-post status-publish format-standard has-post-thumbnail hentry category-business-prozesse-hebel-governance category-digitale-organisation category-evaluationen-und-ausschreibungen category-expertenartikel category-it-strategie category-software-data-architect-technology-lead category-standortbestimmung-digitale-transformation category-sustainability thema-business-it-strategie thema-business-prozesse-und-governance thema-data-management-and-data-driven-customer-centricity thema-software-architektur-engineering\">\n\n<div class=\"wp-block-group carousel__expert-articles--tile has-border-color has-palette-color-8-border-color is-content-justification-left is-layout-constrained wp-container-core-group-is-layout-67e99164 wp-block-group-is-layout-constrained\" style=\"border-width:1px;min-height:100%;padding-top:var(--wp--preset--spacing--40);padding-right:var(--wp--preset--spacing--40);padding-bottom:var(--wp--preset--spacing--40);padding-left:var(--wp--preset--spacing--40)\">\n<div class=\"wp-block-group is-content-justification-left is-nowrap is-layout-flex wp-container-core-group-is-layout-cc88d907 wp-block-group-is-layout-flex\" style=\"margin-bottom:var(--wp--preset--spacing--20)\"><div style=\"border-radius:0px; padding-top:0;padding-bottom:0;padding-left:0;padding-right:0;margin-bottom:0;margin-top:0;margin-right:0;margin-left:0;\" class=\"ct-dynamic-data wp-elements-cb85a530633022a7de451a620c3b3614 wp-elements-10cc33d1520d05738c829ec0686a3bff has-small-font-size\"><a href=\"https:\/\/diselva.com\/de\/blog\/author\/\">Pascal N\u00fcesch<\/a>,<\/div>\n\n<div style=\"padding-top:0;padding-bottom:0;padding-left:0;padding-right:0;margin-right:0;margin-left:0;margin-top:0;margin-bottom:0;\" class=\"ct-dynamic-data wp-elements-108ac614c77dbd60f6381a299c83b0b7 has-small-font-size\">&thinsp;M\u00e4rz 2024<\/div><\/div>\n\n\n<h3 style=\"margin-top:var(--wp--preset--spacing--30);margin-bottom:var(--wp--preset--spacing--30);\" class=\"ct-dynamic-data wp-elements-a2c280b83f8278fadfa9f2ee8166fbf3 wp-elements-f0b8dce5addfc7c030a1ffbb31009916 has-large-font-size\"><a href=\"https:\/\/diselva.com\/de\/blog\/ai-ist-gekommen-um-zu-bleiben-aber\/\">AI ist gekommen um zu bleiben, aber\u2026<\/a><\/h3>\n\n<p style=\"line-height:1.1; margin-bottom:var(--wp--preset--spacing--40);margin-top:var(--wp--preset--spacing--30);\" class=\"ct-dynamic-data has-medium-font-size\">AI bietet enormes Potenzial \u2013 doch ohne digitale Grundlagen bleibt es ungenutzt. Erfahren Sie, warum eine klare Digitalstrategie essenziell ist.<\/p>\n\n<a class=\"wp-elements-3a7756b24b575c694ea088a7d9529d08 wp-block-read-more has-text-color has-palette-color-1-color has-small-font-size\" href=\"https:\/\/diselva.com\/de\/blog\/ai-ist-gekommen-um-zu-bleiben-aber\/\" target=\"_self\">lesen<span class=\"screen-reader-text\">: AI ist gekommen um zu bleiben, aber\u2026<\/span><\/a><\/div>\n\n<\/article><\/div><div class=\"flexy-item\"><article class=\"wp-block-post is-layout-flow post-97230 post type-post status-publish format-standard has-post-thumbnail hentry category-data-driven-customer-centricity category-enterprise-architecture category-expertenartikel category-it-strategie thema-assessment-evaluation-steuerung thema-data-management-and-data-driven-customer-centricity thema-enterprise-solution-architektur thema-software-architektur-engineering\">\n\n<div class=\"wp-block-group carousel__expert-articles--tile has-border-color has-palette-color-8-border-color is-content-justification-left is-layout-constrained wp-container-core-group-is-layout-67e99164 wp-block-group-is-layout-constrained\" style=\"border-width:1px;min-height:100%;padding-top:var(--wp--preset--spacing--40);padding-right:var(--wp--preset--spacing--40);padding-bottom:var(--wp--preset--spacing--40);padding-left:var(--wp--preset--spacing--40)\">\n<div class=\"wp-block-group is-content-justification-left is-nowrap is-layout-flex wp-container-core-group-is-layout-cc88d907 wp-block-group-is-layout-flex\" style=\"margin-bottom:var(--wp--preset--spacing--20)\"><div style=\"border-radius:0px; padding-top:0;padding-bottom:0;padding-left:0;padding-right:0;margin-bottom:0;margin-top:0;margin-right:0;margin-left:0;\" class=\"ct-dynamic-data wp-elements-cb85a530633022a7de451a620c3b3614 wp-elements-10cc33d1520d05738c829ec0686a3bff has-small-font-size\"><a href=\"https:\/\/diselva.com\/de\/blog\/author\/\">J\u00f6rg Brunschwiler<\/a>,<\/div>\n\n<div style=\"padding-top:0;padding-bottom:0;padding-left:0;padding-right:0;margin-right:0;margin-left:0;margin-top:0;margin-bottom:0;\" class=\"ct-dynamic-data wp-elements-108ac614c77dbd60f6381a299c83b0b7 has-small-font-size\">&thinsp;M\u00e4rz 2024<\/div><\/div>\n\n\n<h3 style=\"margin-top:var(--wp--preset--spacing--30);margin-bottom:var(--wp--preset--spacing--30);\" class=\"ct-dynamic-data wp-elements-a2c280b83f8278fadfa9f2ee8166fbf3 wp-elements-f0b8dce5addfc7c030a1ffbb31009916 has-large-font-size\"><a href=\"https:\/\/diselva.com\/de\/blog\/das-neue-retail-omnichannel-commerce-teil-1\/\">Das neue Retail Omnichannel Commerce &#8211; Mini-Serie &#8211; Teil 1<\/a><\/h3>\n\n<p style=\"line-height:1.1; margin-bottom:var(--wp--preset--spacing--40);margin-top:var(--wp--preset--spacing--30);\" class=\"ct-dynamic-data has-medium-font-size\">Fokus Situation und Flexibilit\u00e4t &#8211; warum die Architektur-Landschaft den neuen Omnichannel-Anforderungen nicht gewachsen ist<\/p>\n\n<a class=\"wp-elements-3a7756b24b575c694ea088a7d9529d08 wp-block-read-more has-text-color has-palette-color-1-color has-small-font-size\" href=\"https:\/\/diselva.com\/de\/blog\/das-neue-retail-omnichannel-commerce-teil-1\/\" target=\"_self\">lesen<span class=\"screen-reader-text\">: Das neue Retail Omnichannel Commerce &#8211; Mini-Serie &#8211; Teil 1<\/span><\/a><\/div>\n\n<\/article><\/div><div class=\"flexy-item\"><article class=\"wp-block-post is-layout-flow post-97246 post type-post status-publish format-standard has-post-thumbnail hentry category-begleitung-in-der-umsetzung-der-projekte category-data-driven-customer-centricity category-expertenartikel category-software-data-architect-technology-lead category-solution-software-architecture\">\n\n<div class=\"wp-block-group carousel__expert-articles--tile has-border-color has-palette-color-8-border-color is-content-justification-left is-layout-constrained wp-container-core-group-is-layout-67e99164 wp-block-group-is-layout-constrained\" style=\"border-width:1px;min-height:100%;padding-top:var(--wp--preset--spacing--40);padding-right:var(--wp--preset--spacing--40);padding-bottom:var(--wp--preset--spacing--40);padding-left:var(--wp--preset--spacing--40)\">\n<div class=\"wp-block-group is-content-justification-left is-nowrap is-layout-flex wp-container-core-group-is-layout-cc88d907 wp-block-group-is-layout-flex\" style=\"margin-bottom:var(--wp--preset--spacing--20)\"><div style=\"border-radius:0px; padding-top:0;padding-bottom:0;padding-left:0;padding-right:0;margin-bottom:0;margin-top:0;margin-right:0;margin-left:0;\" class=\"ct-dynamic-data wp-elements-cb85a530633022a7de451a620c3b3614 wp-elements-10cc33d1520d05738c829ec0686a3bff has-small-font-size\"><a href=\"https:\/\/diselva.com\/de\/blog\/author\/\">Pascal N\u00fcesch<\/a>,<\/div>\n\n<div style=\"padding-top:0;padding-bottom:0;padding-left:0;padding-right:0;margin-right:0;margin-left:0;margin-top:0;margin-bottom:0;\" class=\"ct-dynamic-data wp-elements-108ac614c77dbd60f6381a299c83b0b7 has-small-font-size\">&thinsp;M\u00e4rz 2024<\/div><\/div>\n\n\n<h3 style=\"margin-top:var(--wp--preset--spacing--30);margin-bottom:var(--wp--preset--spacing--30);\" class=\"ct-dynamic-data wp-elements-a2c280b83f8278fadfa9f2ee8166fbf3 wp-elements-f0b8dce5addfc7c030a1ffbb31009916 has-large-font-size\"><a href=\"https:\/\/diselva.com\/de\/blog\/shopify-fuer-b2b-ecommerce-teil-2-von-2\/\">Shopify f\u00fcr B2B eCommerce &#8211; Teil 2 von 2<\/a><\/h3>\n\n<p style=\"line-height:1.1; margin-bottom:var(--wp--preset--spacing--40);margin-top:var(--wp--preset--spacing--30);\" class=\"ct-dynamic-data has-medium-font-size\">Shopify Plus f\u00fcr B2B: Funktionale St\u00e4rken, Schw\u00e4chen und Potenzial f\u00fcr komplexe Shops. Erfahren Sie, ob es die richtige L\u00f6sung f\u00fcr Ihr Unternehmen ist.<\/p>\n\n<a class=\"wp-elements-3a7756b24b575c694ea088a7d9529d08 wp-block-read-more has-text-color has-palette-color-1-color has-small-font-size\" href=\"https:\/\/diselva.com\/de\/blog\/shopify-fuer-b2b-ecommerce-teil-2-von-2\/\" target=\"_self\">lesen<span class=\"screen-reader-text\">: Shopify f\u00fcr B2B eCommerce &#8211; Teil 2 von 2<\/span><\/a><\/div>\n\n<\/article><\/div><div class=\"flexy-item\"><article class=\"wp-block-post is-layout-flow post-97262 post type-post status-publish format-standard has-post-thumbnail hentry category-begleitung-in-der-umsetzung-der-projekte category-data-driven-customer-centricity category-expertenartikel category-software-data-architect-technology-lead category-solution-software-architecture\">\n\n<div class=\"wp-block-group carousel__expert-articles--tile has-border-color has-palette-color-8-border-color is-content-justification-left is-layout-constrained wp-container-core-group-is-layout-67e99164 wp-block-group-is-layout-constrained\" style=\"border-width:1px;min-height:100%;padding-top:var(--wp--preset--spacing--40);padding-right:var(--wp--preset--spacing--40);padding-bottom:var(--wp--preset--spacing--40);padding-left:var(--wp--preset--spacing--40)\">\n<div class=\"wp-block-group is-content-justification-left is-nowrap is-layout-flex wp-container-core-group-is-layout-cc88d907 wp-block-group-is-layout-flex\" style=\"margin-bottom:var(--wp--preset--spacing--20)\"><div style=\"border-radius:0px; padding-top:0;padding-bottom:0;padding-left:0;padding-right:0;margin-bottom:0;margin-top:0;margin-right:0;margin-left:0;\" class=\"ct-dynamic-data wp-elements-cb85a530633022a7de451a620c3b3614 wp-elements-10cc33d1520d05738c829ec0686a3bff has-small-font-size\"><a href=\"https:\/\/diselva.com\/de\/blog\/author\/\">Pascal N\u00fcesch<\/a>,<\/div>\n\n<div style=\"padding-top:0;padding-bottom:0;padding-left:0;padding-right:0;margin-right:0;margin-left:0;margin-top:0;margin-bottom:0;\" class=\"ct-dynamic-data wp-elements-108ac614c77dbd60f6381a299c83b0b7 has-small-font-size\">&thinsp;M\u00e4rz 2024<\/div><\/div>\n\n\n<h3 style=\"margin-top:var(--wp--preset--spacing--30);margin-bottom:var(--wp--preset--spacing--30);\" class=\"ct-dynamic-data wp-elements-a2c280b83f8278fadfa9f2ee8166fbf3 wp-elements-f0b8dce5addfc7c030a1ffbb31009916 has-large-font-size\"><a href=\"https:\/\/diselva.com\/de\/blog\/shopify-fuer-b2b-ecommerce-teil-1-von-2\/\">Shopify f\u00fcr B2B eCommerce? &#8211; Teil 1 von 2<\/a><\/h3>\n\n<p style=\"line-height:1.1; margin-bottom:var(--wp--preset--spacing--40);margin-top:var(--wp--preset--spacing--30);\" class=\"ct-dynamic-data has-medium-font-size\">Shopify Plus dr\u00e4ngt in den B2B-Markt. Erfahren Sie, welche Funktionen es bietet und ob es eine valide Option f\u00fcr B2B-eCommerce ist. Jetzt entdecken!<\/p>\n\n<a class=\"wp-elements-3a7756b24b575c694ea088a7d9529d08 wp-block-read-more has-text-color has-palette-color-1-color has-small-font-size\" href=\"https:\/\/diselva.com\/de\/blog\/shopify-fuer-b2b-ecommerce-teil-1-von-2\/\" target=\"_self\">lesen<span class=\"screen-reader-text\">: Shopify f\u00fcr B2B eCommerce? &#8211; Teil 1 von 2<\/span><\/a><\/div>\n\n<\/article><\/div><div class=\"flexy-item\"><article class=\"wp-block-post is-layout-flow post-97277 post type-post status-publish format-standard has-post-thumbnail hentry category-begleitung-in-der-umsetzung-der-projekte category-expertenartikel category-project-manager-program-manager thema-assessment-evaluation-steuerung\">\n\n<div class=\"wp-block-group carousel__expert-articles--tile has-border-color has-palette-color-8-border-color is-content-justification-left is-layout-constrained wp-container-core-group-is-layout-67e99164 wp-block-group-is-layout-constrained\" style=\"border-width:1px;min-height:100%;padding-top:var(--wp--preset--spacing--40);padding-right:var(--wp--preset--spacing--40);padding-bottom:var(--wp--preset--spacing--40);padding-left:var(--wp--preset--spacing--40)\">\n<div class=\"wp-block-group is-content-justification-left is-nowrap is-layout-flex wp-container-core-group-is-layout-cc88d907 wp-block-group-is-layout-flex\" style=\"margin-bottom:var(--wp--preset--spacing--20)\"><div style=\"border-radius:0px; padding-top:0;padding-bottom:0;padding-left:0;padding-right:0;margin-bottom:0;margin-top:0;margin-right:0;margin-left:0;\" class=\"ct-dynamic-data wp-elements-cb85a530633022a7de451a620c3b3614 wp-elements-10cc33d1520d05738c829ec0686a3bff has-small-font-size\"><a href=\"https:\/\/diselva.com\/de\/blog\/author\/\">Chelsea Alther<\/a>,<\/div>\n\n<div style=\"padding-top:0;padding-bottom:0;padding-left:0;padding-right:0;margin-right:0;margin-left:0;margin-top:0;margin-bottom:0;\" class=\"ct-dynamic-data wp-elements-108ac614c77dbd60f6381a299c83b0b7 has-small-font-size\">&thinsp;Februar 2024<\/div><\/div>\n\n\n<h3 style=\"margin-top:var(--wp--preset--spacing--30);margin-bottom:var(--wp--preset--spacing--30);\" class=\"ct-dynamic-data wp-elements-a2c280b83f8278fadfa9f2ee8166fbf3 wp-elements-f0b8dce5addfc7c030a1ffbb31009916 has-large-font-size\"><a href=\"https:\/\/diselva.com\/de\/blog\/projektmanagement-und-agilitaet-balance-von-selbstorganisation-und-fuehrung\/\">Projektmanagement und Agilit\u00e4t: Balance von Selbstorganisation und F\u00fchrung<\/a><\/h3>\n\n<p style=\"line-height:1.1; margin-bottom:var(--wp--preset--spacing--40);margin-top:var(--wp--preset--spacing--30);\" class=\"ct-dynamic-data has-medium-font-size\">Erfahren Sie, wie Projektmanagement in agilen Teams funktioniert und warum eine Balance zwischen Selbstorganisation und F\u00fchrung entscheidend ist.<\/p>\n\n<a class=\"wp-elements-3a7756b24b575c694ea088a7d9529d08 wp-block-read-more has-text-color has-palette-color-1-color has-small-font-size\" href=\"https:\/\/diselva.com\/de\/blog\/projektmanagement-und-agilitaet-balance-von-selbstorganisation-und-fuehrung\/\" target=\"_self\">lesen<span class=\"screen-reader-text\">: Projektmanagement und Agilit\u00e4t: Balance von Selbstorganisation und F\u00fchrung<\/span><\/a><\/div>\n\n<\/article><\/div><div class=\"flexy-item\"><article class=\"wp-block-post is-layout-flow post-98040 post type-post status-publish format-standard has-post-thumbnail hentry category-digitale-transformation-strategie category-expertenartikel category-it-strategie category-news category-standortbestimmung-digitale-transformation category-sustainability thema-business-it-strategie thema-digitale-transformation\">\n\n<div class=\"wp-block-group carousel__expert-articles--tile has-border-color has-palette-color-8-border-color is-content-justification-left is-layout-constrained wp-container-core-group-is-layout-67e99164 wp-block-group-is-layout-constrained\" style=\"border-width:1px;min-height:100%;padding-top:var(--wp--preset--spacing--40);padding-right:var(--wp--preset--spacing--40);padding-bottom:var(--wp--preset--spacing--40);padding-left:var(--wp--preset--spacing--40)\">\n<div class=\"wp-block-group is-content-justification-left is-nowrap is-layout-flex wp-container-core-group-is-layout-cc88d907 wp-block-group-is-layout-flex\" style=\"margin-bottom:var(--wp--preset--spacing--20)\"><div style=\"border-radius:0px; padding-top:0;padding-bottom:0;padding-left:0;padding-right:0;margin-bottom:0;margin-top:0;margin-right:0;margin-left:0;\" class=\"ct-dynamic-data wp-elements-cb85a530633022a7de451a620c3b3614 wp-elements-10cc33d1520d05738c829ec0686a3bff has-small-font-size\"><a href=\"https:\/\/diselva.com\/de\/blog\/author\/\">Michael Pertek<\/a>,<\/div>\n\n<div style=\"padding-top:0;padding-bottom:0;padding-left:0;padding-right:0;margin-right:0;margin-left:0;margin-top:0;margin-bottom:0;\" class=\"ct-dynamic-data wp-elements-108ac614c77dbd60f6381a299c83b0b7 has-small-font-size\">&thinsp;Dezember 2023<\/div><\/div>\n\n\n<h3 style=\"margin-top:var(--wp--preset--spacing--30);margin-bottom:var(--wp--preset--spacing--30);\" class=\"ct-dynamic-data wp-elements-a2c280b83f8278fadfa9f2ee8166fbf3 wp-elements-f0b8dce5addfc7c030a1ffbb31009916 has-large-font-size\"><a href=\"https:\/\/diselva.com\/de\/blog\/digitale-transformationsstrategie-und-twin-transformation\/\">Digitale Transformationsstrategie und Twin Transformation<\/a><\/h3>\n\n<p style=\"line-height:1.1; margin-bottom:var(--wp--preset--spacing--40);margin-top:var(--wp--preset--spacing--30);\" class=\"ct-dynamic-data has-medium-font-size\">Wie Twin Transformation Digitalisierung und Nachhaltigkeit verbindet, um Unternehmen zukunftssicher zu machen und den gesellschaftlichen Wandel voranzutreiben.<\/p>\n\n<a class=\"wp-elements-3a7756b24b575c694ea088a7d9529d08 wp-block-read-more has-text-color has-palette-color-1-color has-small-font-size\" href=\"https:\/\/diselva.com\/de\/blog\/digitale-transformationsstrategie-und-twin-transformation\/\" target=\"_self\">lesen<span class=\"screen-reader-text\">: Digitale Transformationsstrategie und Twin Transformation<\/span><\/a><\/div>\n\n<\/article><\/div><div class=\"flexy-item\"><article class=\"wp-block-post is-layout-flow post-97293 post type-post status-publish format-standard has-post-thumbnail hentry category-digitale-transformation-strategie category-expertenartikel category-sustainability thema-assessment-evaluation-steuerung thema-digitale-transformation\">\n\n<div class=\"wp-block-group carousel__expert-articles--tile has-border-color has-palette-color-8-border-color is-content-justification-left is-layout-constrained wp-container-core-group-is-layout-67e99164 wp-block-group-is-layout-constrained\" style=\"border-width:1px;min-height:100%;padding-top:var(--wp--preset--spacing--40);padding-right:var(--wp--preset--spacing--40);padding-bottom:var(--wp--preset--spacing--40);padding-left:var(--wp--preset--spacing--40)\">\n<div class=\"wp-block-group is-content-justification-left is-nowrap is-layout-flex wp-container-core-group-is-layout-cc88d907 wp-block-group-is-layout-flex\" style=\"margin-bottom:var(--wp--preset--spacing--20)\"><div style=\"border-radius:0px; padding-top:0;padding-bottom:0;padding-left:0;padding-right:0;margin-bottom:0;margin-top:0;margin-right:0;margin-left:0;\" class=\"ct-dynamic-data wp-elements-cb85a530633022a7de451a620c3b3614 wp-elements-10cc33d1520d05738c829ec0686a3bff has-small-font-size\"><a href=\"https:\/\/diselva.com\/de\/blog\/author\/\">Nicole Kerber<\/a>,<\/div>\n\n<div style=\"padding-top:0;padding-bottom:0;padding-left:0;padding-right:0;margin-right:0;margin-left:0;margin-top:0;margin-bottom:0;\" class=\"ct-dynamic-data wp-elements-108ac614c77dbd60f6381a299c83b0b7 has-small-font-size\">&thinsp;Dezember 2023<\/div><\/div>\n\n\n<h3 style=\"margin-top:var(--wp--preset--spacing--30);margin-bottom:var(--wp--preset--spacing--30);\" class=\"ct-dynamic-data wp-elements-a2c280b83f8278fadfa9f2ee8166fbf3 wp-elements-f0b8dce5addfc7c030a1ffbb31009916 has-large-font-size\"><a href=\"https:\/\/diselva.com\/de\/blog\/twin-transformation-und-circular-economy\/\">Twin Transformation und Circular Economy<\/a><\/h3>\n\n<p style=\"line-height:1.1; margin-bottom:var(--wp--preset--spacing--40);margin-top:var(--wp--preset--spacing--30);\" class=\"ct-dynamic-data has-medium-font-size\">Wie Circular Economy und Digitalisierung in der Twin Transformation nachhaltige Gesch\u00e4ftsmodelle und ressourcenschonende Prozesse vorantreiben.<\/p>\n\n<a class=\"wp-elements-3a7756b24b575c694ea088a7d9529d08 wp-block-read-more has-text-color has-palette-color-1-color has-small-font-size\" href=\"https:\/\/diselva.com\/de\/blog\/twin-transformation-und-circular-economy\/\" target=\"_self\">lesen<span class=\"screen-reader-text\">: Twin Transformation und Circular Economy<\/span><\/a><\/div>\n\n<\/article><\/div><div class=\"flexy-item\"><article class=\"wp-block-post is-layout-flow post-97351 post type-post status-publish format-standard has-post-thumbnail hentry category-digitale-transformation-strategie category-expertenartikel category-standortbestimmung-digitale-transformation thema-digitale-transformation\">\n\n<div class=\"wp-block-group carousel__expert-articles--tile has-border-color has-palette-color-8-border-color is-content-justification-left is-layout-constrained wp-container-core-group-is-layout-67e99164 wp-block-group-is-layout-constrained\" style=\"border-width:1px;min-height:100%;padding-top:var(--wp--preset--spacing--40);padding-right:var(--wp--preset--spacing--40);padding-bottom:var(--wp--preset--spacing--40);padding-left:var(--wp--preset--spacing--40)\">\n<div class=\"wp-block-group is-content-justification-left is-nowrap is-layout-flex wp-container-core-group-is-layout-cc88d907 wp-block-group-is-layout-flex\" style=\"margin-bottom:var(--wp--preset--spacing--20)\"><div style=\"border-radius:0px; padding-top:0;padding-bottom:0;padding-left:0;padding-right:0;margin-bottom:0;margin-top:0;margin-right:0;margin-left:0;\" class=\"ct-dynamic-data wp-elements-cb85a530633022a7de451a620c3b3614 wp-elements-10cc33d1520d05738c829ec0686a3bff has-small-font-size\"><a href=\"https:\/\/diselva.com\/de\/blog\/author\/\">Michael Pertek<\/a>,<\/div>\n\n<div style=\"padding-top:0;padding-bottom:0;padding-left:0;padding-right:0;margin-right:0;margin-left:0;margin-top:0;margin-bottom:0;\" class=\"ct-dynamic-data wp-elements-108ac614c77dbd60f6381a299c83b0b7 has-small-font-size\">&thinsp;Oktober 2023<\/div><\/div>\n\n\n<h3 style=\"margin-top:var(--wp--preset--spacing--30);margin-bottom:var(--wp--preset--spacing--30);\" class=\"ct-dynamic-data wp-elements-a2c280b83f8278fadfa9f2ee8166fbf3 wp-elements-f0b8dce5addfc7c030a1ffbb31009916 has-large-font-size\"><a href=\"https:\/\/diselva.com\/de\/blog\/digitale-transformation\/\">Digitale Transformation?<\/a><\/h3>\n\n<p style=\"line-height:1.1; margin-bottom:var(--wp--preset--spacing--40);margin-top:var(--wp--preset--spacing--30);\" class=\"ct-dynamic-data has-medium-font-size\">Warum digitale Transformation so herausfordernd ist \u2013 und welche Strategien Unternehmen nutzen k\u00f6nnen, um erfolgreich und zukunftsf\u00e4hig zu werden.<\/p>\n\n<a class=\"wp-elements-3a7756b24b575c694ea088a7d9529d08 wp-block-read-more has-text-color has-palette-color-1-color has-small-font-size\" href=\"https:\/\/diselva.com\/de\/blog\/digitale-transformation\/\" target=\"_self\">lesen<span class=\"screen-reader-text\">: Digitale Transformation?<\/span><\/a><\/div>\n\n<\/article><\/div><div class=\"flexy-item\"><article class=\"wp-block-post is-layout-flow post-97423 post type-post status-publish format-standard has-post-thumbnail hentry category-architektur-review category-begleitung-in-der-umsetzung-der-projekte category-data-driven-customer-centricity category-digitale-organisation category-digitale-transformation-strategie category-digitalisierung-kmu category-expertenartikel category-gl-vr-sparring-partner category-interims-cto-cdo category-it-strategie category-news category-standortbestimmung-digitale-transformation category-sustainability thema-assessment-evaluation-steuerung thema-business-it-strategie thema-digitale-transformation thema-enterprise-solution-architektur\">\n\n<div class=\"wp-block-group carousel__expert-articles--tile has-border-color has-palette-color-8-border-color is-content-justification-left is-layout-constrained wp-container-core-group-is-layout-67e99164 wp-block-group-is-layout-constrained\" style=\"border-width:1px;min-height:100%;padding-top:var(--wp--preset--spacing--40);padding-right:var(--wp--preset--spacing--40);padding-bottom:var(--wp--preset--spacing--40);padding-left:var(--wp--preset--spacing--40)\">\n<div class=\"wp-block-group is-content-justification-left is-nowrap is-layout-flex wp-container-core-group-is-layout-cc88d907 wp-block-group-is-layout-flex\" style=\"margin-bottom:var(--wp--preset--spacing--20)\"><div style=\"border-radius:0px; padding-top:0;padding-bottom:0;padding-left:0;padding-right:0;margin-bottom:0;margin-top:0;margin-right:0;margin-left:0;\" class=\"ct-dynamic-data wp-elements-cb85a530633022a7de451a620c3b3614 wp-elements-10cc33d1520d05738c829ec0686a3bff has-small-font-size\"><a href=\"https:\/\/diselva.com\/de\/blog\/author\/\">Michael Pertek<\/a>,<\/div>\n\n<div style=\"padding-top:0;padding-bottom:0;padding-left:0;padding-right:0;margin-right:0;margin-left:0;margin-top:0;margin-bottom:0;\" class=\"ct-dynamic-data wp-elements-108ac614c77dbd60f6381a299c83b0b7 has-small-font-size\">&thinsp;Oktober 2023<\/div><\/div>\n\n\n<h3 style=\"margin-top:var(--wp--preset--spacing--30);margin-bottom:var(--wp--preset--spacing--30);\" class=\"ct-dynamic-data wp-elements-a2c280b83f8278fadfa9f2ee8166fbf3 wp-elements-f0b8dce5addfc7c030a1ffbb31009916 has-large-font-size\"><a href=\"https:\/\/diselva.com\/de\/blog\/wie-stehts-um-ihre-digital-capabilities\/\">Wie steht&#8217;s um Ihre Digital\u00a0Capabilities?<\/a><\/h3>\n\n<p style=\"line-height:1.1; margin-bottom:var(--wp--preset--spacing--40);margin-top:var(--wp--preset--spacing--30);\" class=\"ct-dynamic-data has-medium-font-size\">Wie digital ist Ihr Unternehmen? Erfahren Sie, warum die Bewertung digitaler F\u00e4higkeiten der erste Schritt zur erfolgreichen Transformation ist.<\/p>\n\n<a class=\"wp-elements-3a7756b24b575c694ea088a7d9529d08 wp-block-read-more has-text-color has-palette-color-1-color has-small-font-size\" href=\"https:\/\/diselva.com\/de\/blog\/wie-stehts-um-ihre-digital-capabilities\/\" target=\"_self\">lesen<span class=\"screen-reader-text\">: Wie steht&#8217;s um Ihre Digital\u00a0Capabilities?<\/span><\/a><\/div>\n\n<\/article><\/div><div class=\"flexy-item\"><article class=\"wp-block-post is-layout-flow post-97440 post type-post status-publish format-standard has-post-thumbnail hentry category-begleitung-in-der-umsetzung-der-projekte category-business-prozesse-hebel-governance category-digitale-organisation category-evaluationen-und-ausschreibungen category-expertenartikel category-news category-project-manager-program-manager\">\n\n<div class=\"wp-block-group carousel__expert-articles--tile has-border-color has-palette-color-8-border-color is-content-justification-left is-layout-constrained wp-container-core-group-is-layout-67e99164 wp-block-group-is-layout-constrained\" style=\"border-width:1px;min-height:100%;padding-top:var(--wp--preset--spacing--40);padding-right:var(--wp--preset--spacing--40);padding-bottom:var(--wp--preset--spacing--40);padding-left:var(--wp--preset--spacing--40)\">\n<div class=\"wp-block-group is-content-justification-left is-nowrap is-layout-flex wp-container-core-group-is-layout-cc88d907 wp-block-group-is-layout-flex\" style=\"margin-bottom:var(--wp--preset--spacing--20)\"><div style=\"border-radius:0px; padding-top:0;padding-bottom:0;padding-left:0;padding-right:0;margin-bottom:0;margin-top:0;margin-right:0;margin-left:0;\" class=\"ct-dynamic-data wp-elements-cb85a530633022a7de451a620c3b3614 wp-elements-10cc33d1520d05738c829ec0686a3bff has-small-font-size\"><a href=\"https:\/\/diselva.com\/de\/blog\/author\/\">Chelsea Alther<\/a>,<\/div>\n\n<div style=\"padding-top:0;padding-bottom:0;padding-left:0;padding-right:0;margin-right:0;margin-left:0;margin-top:0;margin-bottom:0;\" class=\"ct-dynamic-data wp-elements-108ac614c77dbd60f6381a299c83b0b7 has-small-font-size\">&thinsp;September 2023<\/div><\/div>\n\n\n<h3 style=\"margin-top:var(--wp--preset--spacing--30);margin-bottom:var(--wp--preset--spacing--30);\" class=\"ct-dynamic-data wp-elements-a2c280b83f8278fadfa9f2ee8166fbf3 wp-elements-f0b8dce5addfc7c030a1ffbb31009916 has-large-font-size\"><a href=\"https:\/\/diselva.com\/de\/blog\/die-kunst-der-projektmethode-kontextuelle-ueberlegungen-ueber-agilitaet-und-wasserfall\/\">Die Kunst der Projektmethode: Kontextuelle \u00dcberlegungen \u00fcber Agilit\u00e4t und Wasserfall<\/a><\/h3>\n\n<p style=\"line-height:1.1; margin-bottom:var(--wp--preset--spacing--40);margin-top:var(--wp--preset--spacing--30);\" class=\"ct-dynamic-data has-medium-font-size\">Agil oder Wasserfall? Der Schl\u00fcssel zum Projekterfolg liegt nicht in dogmatischen Methoden, sondern in der richtigen Anpassung an den Kontext.<\/p>\n\n<a class=\"wp-elements-3a7756b24b575c694ea088a7d9529d08 wp-block-read-more has-text-color has-palette-color-1-color has-small-font-size\" href=\"https:\/\/diselva.com\/de\/blog\/die-kunst-der-projektmethode-kontextuelle-ueberlegungen-ueber-agilitaet-und-wasserfall\/\" target=\"_self\">lesen<span class=\"screen-reader-text\">: Die Kunst der Projektmethode: Kontextuelle \u00dcberlegungen \u00fcber Agilit\u00e4t und Wasserfall<\/span><\/a><\/div>\n\n<\/article><\/div><div class=\"flexy-item\"><article class=\"wp-block-post is-layout-flow post-97447 post type-post status-publish format-standard has-post-thumbnail hentry category-begleitung-in-der-umsetzung-der-projekte category-expertenartikel category-project-manager-program-manager thema-coaching-sparring-interims-management\">\n\n<div class=\"wp-block-group carousel__expert-articles--tile has-border-color has-palette-color-8-border-color is-content-justification-left is-layout-constrained wp-container-core-group-is-layout-67e99164 wp-block-group-is-layout-constrained\" style=\"border-width:1px;min-height:100%;padding-top:var(--wp--preset--spacing--40);padding-right:var(--wp--preset--spacing--40);padding-bottom:var(--wp--preset--spacing--40);padding-left:var(--wp--preset--spacing--40)\">\n<div class=\"wp-block-group is-content-justification-left is-nowrap is-layout-flex wp-container-core-group-is-layout-cc88d907 wp-block-group-is-layout-flex\" style=\"margin-bottom:var(--wp--preset--spacing--20)\"><div style=\"border-radius:0px; padding-top:0;padding-bottom:0;padding-left:0;padding-right:0;margin-bottom:0;margin-top:0;margin-right:0;margin-left:0;\" class=\"ct-dynamic-data wp-elements-cb85a530633022a7de451a620c3b3614 wp-elements-10cc33d1520d05738c829ec0686a3bff has-small-font-size\"><a href=\"https:\/\/diselva.com\/de\/blog\/author\/\">Chelsea Alther<\/a>,<\/div>\n\n<div style=\"padding-top:0;padding-bottom:0;padding-left:0;padding-right:0;margin-right:0;margin-left:0;margin-top:0;margin-bottom:0;\" class=\"ct-dynamic-data wp-elements-108ac614c77dbd60f6381a299c83b0b7 has-small-font-size\">&thinsp;September 2023<\/div><\/div>\n\n\n<h3 style=\"margin-top:var(--wp--preset--spacing--30);margin-bottom:var(--wp--preset--spacing--30);\" class=\"ct-dynamic-data wp-elements-a2c280b83f8278fadfa9f2ee8166fbf3 wp-elements-f0b8dce5addfc7c030a1ffbb31009916 has-large-font-size\"><a href=\"https:\/\/diselva.com\/de\/blog\/die-teilzeitarbeit-als-projektleiterin-verantwortung-uebernehmen-im-reduzierten-pensum\/\">Die Teilzeitarbeit als Projektleiterin: Verantwortung \u00fcbernehmen im reduzierten Pensum<\/a><\/h3>\n\n<p style=\"line-height:1.1; margin-bottom:var(--wp--preset--spacing--40);margin-top:var(--wp--preset--spacing--30);\" class=\"ct-dynamic-data has-medium-font-size\">Teilzeitarbeit als Projektleiterin: Mit Flexibilit\u00e4t, Zeitmanagement und klarer Kommunikation Verantwortung \u00fcbernehmen und Work-Life-Balance meistern.<\/p>\n\n<a class=\"wp-elements-3a7756b24b575c694ea088a7d9529d08 wp-block-read-more has-text-color has-palette-color-1-color has-small-font-size\" href=\"https:\/\/diselva.com\/de\/blog\/die-teilzeitarbeit-als-projektleiterin-verantwortung-uebernehmen-im-reduzierten-pensum\/\" target=\"_self\">lesen<span class=\"screen-reader-text\">: Die Teilzeitarbeit als Projektleiterin: Verantwortung \u00fcbernehmen im reduzierten Pensum<\/span><\/a><\/div>\n\n<\/article><\/div><div class=\"flexy-item\"><article class=\"wp-block-post is-layout-flow post-97454 post type-post status-publish format-standard has-post-thumbnail hentry category-begleitung-in-der-umsetzung-der-projekte category-business-prozesse-hebel-governance category-digitale-transformation-strategie category-expertenartikel category-gl-vr-sparring-partner category-standortbestimmung-digitale-transformation thema-business-it-strategie thema-business-prozesse-und-governance thema-digitale-transformation\">\n\n<div class=\"wp-block-group carousel__expert-articles--tile has-border-color has-palette-color-8-border-color is-content-justification-left is-layout-constrained wp-container-core-group-is-layout-67e99164 wp-block-group-is-layout-constrained\" style=\"border-width:1px;min-height:100%;padding-top:var(--wp--preset--spacing--40);padding-right:var(--wp--preset--spacing--40);padding-bottom:var(--wp--preset--spacing--40);padding-left:var(--wp--preset--spacing--40)\">\n<div class=\"wp-block-group is-content-justification-left is-nowrap is-layout-flex wp-container-core-group-is-layout-cc88d907 wp-block-group-is-layout-flex\" style=\"margin-bottom:var(--wp--preset--spacing--20)\"><div style=\"border-radius:0px; padding-top:0;padding-bottom:0;padding-left:0;padding-right:0;margin-bottom:0;margin-top:0;margin-right:0;margin-left:0;\" class=\"ct-dynamic-data wp-elements-cb85a530633022a7de451a620c3b3614 wp-elements-10cc33d1520d05738c829ec0686a3bff has-small-font-size\"><a href=\"https:\/\/diselva.com\/de\/blog\/author\/\">Nicole Kerber<\/a>,<\/div>\n\n<div style=\"padding-top:0;padding-bottom:0;padding-left:0;padding-right:0;margin-right:0;margin-left:0;margin-top:0;margin-bottom:0;\" class=\"ct-dynamic-data wp-elements-108ac614c77dbd60f6381a299c83b0b7 has-small-font-size\">&thinsp;September 2023<\/div><\/div>\n\n\n<h3 style=\"margin-top:var(--wp--preset--spacing--30);margin-bottom:var(--wp--preset--spacing--30);\" class=\"ct-dynamic-data wp-elements-a2c280b83f8278fadfa9f2ee8166fbf3 wp-elements-f0b8dce5addfc7c030a1ffbb31009916 has-large-font-size\"><a href=\"https:\/\/diselva.com\/de\/blog\/mensch-und-organisation-als-entscheidende-erfolgsfaktoren-fuer-das-gelingen-von-digitalen-transformationen\/\">Mensch und Organisation als entscheidende Erfolgsfaktoren f\u00fcr das Gelingen von digitalen Transformationen<\/a><\/h3>\n\n<p style=\"line-height:1.1; margin-bottom:var(--wp--preset--spacing--40);margin-top:var(--wp--preset--spacing--30);\" class=\"ct-dynamic-data has-medium-font-size\">Erfolgreiche digitale Transformation erfordert mehr als Technologie \u2013 Mensch und Organisation sind der Schl\u00fcssel f\u00fcr nachhaltigen Wandel und Innovation.<\/p>\n\n<a class=\"wp-elements-3a7756b24b575c694ea088a7d9529d08 wp-block-read-more has-text-color has-palette-color-1-color has-small-font-size\" href=\"https:\/\/diselva.com\/de\/blog\/mensch-und-organisation-als-entscheidende-erfolgsfaktoren-fuer-das-gelingen-von-digitalen-transformationen\/\" target=\"_self\">lesen<span class=\"screen-reader-text\">: Mensch und Organisation als entscheidende Erfolgsfaktoren f\u00fcr das Gelingen von digitalen Transformationen<\/span><\/a><\/div>\n\n<\/article><\/div><div class=\"flexy-item\"><article class=\"wp-block-post is-layout-flow post-97469 post type-post status-publish format-standard has-post-thumbnail hentry category-digitale-organisation category-digitale-transformation-strategie category-expertenartikel category-gl-vr-sparring-partner category-standortbestimmung-digitale-transformation thema-business-it-strategie thema-business-prozesse-und-governance thema-digitale-transformation\">\n\n<div class=\"wp-block-group carousel__expert-articles--tile has-border-color has-palette-color-8-border-color is-content-justification-left is-layout-constrained wp-container-core-group-is-layout-67e99164 wp-block-group-is-layout-constrained\" style=\"border-width:1px;min-height:100%;padding-top:var(--wp--preset--spacing--40);padding-right:var(--wp--preset--spacing--40);padding-bottom:var(--wp--preset--spacing--40);padding-left:var(--wp--preset--spacing--40)\">\n<div class=\"wp-block-group is-content-justification-left is-nowrap is-layout-flex wp-container-core-group-is-layout-cc88d907 wp-block-group-is-layout-flex\" style=\"margin-bottom:var(--wp--preset--spacing--20)\"><div style=\"border-radius:0px; padding-top:0;padding-bottom:0;padding-left:0;padding-right:0;margin-bottom:0;margin-top:0;margin-right:0;margin-left:0;\" class=\"ct-dynamic-data wp-elements-cb85a530633022a7de451a620c3b3614 wp-elements-10cc33d1520d05738c829ec0686a3bff has-small-font-size\"><a href=\"https:\/\/diselva.com\/de\/blog\/author\/\">Nicole Kerber<\/a>,<\/div>\n\n<div style=\"padding-top:0;padding-bottom:0;padding-left:0;padding-right:0;margin-right:0;margin-left:0;margin-top:0;margin-bottom:0;\" class=\"ct-dynamic-data wp-elements-108ac614c77dbd60f6381a299c83b0b7 has-small-font-size\">&thinsp;August 2023<\/div><\/div>\n\n\n<h3 style=\"margin-top:var(--wp--preset--spacing--30);margin-bottom:var(--wp--preset--spacing--30);\" class=\"ct-dynamic-data wp-elements-a2c280b83f8278fadfa9f2ee8166fbf3 wp-elements-f0b8dce5addfc7c030a1ffbb31009916 has-large-font-size\"><a href=\"https:\/\/diselva.com\/de\/blog\/mckinseys-digitaler-wachstumsbooster-im-b2b-und-was-kmus-daraus-fuer-sich-lernen-koennen\/\">McKinseys digitaler Wachstumsbooster im B2B und was KMUs daraus f\u00fcr sich lernen k\u00f6nnen<\/a><\/h3>\n\n<p style=\"line-height:1.1; margin-bottom:var(--wp--preset--spacing--40);margin-top:var(--wp--preset--spacing--30);\" class=\"ct-dynamic-data has-medium-font-size\">Digitale Strategien f\u00fcr B2B-KMUs: Wie hybride Sales-Modelle und Omnichannel-Ans\u00e4tze Wachstum f\u00f6rdern und nachhaltigen Vertriebserfolg sichern.<\/p>\n\n<a class=\"wp-elements-3a7756b24b575c694ea088a7d9529d08 wp-block-read-more has-text-color has-palette-color-1-color has-small-font-size\" href=\"https:\/\/diselva.com\/de\/blog\/mckinseys-digitaler-wachstumsbooster-im-b2b-und-was-kmus-daraus-fuer-sich-lernen-koennen\/\" target=\"_self\">lesen<span class=\"screen-reader-text\">: McKinseys digitaler Wachstumsbooster im B2B und was KMUs daraus f\u00fcr sich lernen k\u00f6nnen<\/span><\/a><\/div>\n\n<\/article><\/div><div class=\"flexy-item\"><article class=\"wp-block-post is-layout-flow post-97512 post type-post status-publish format-standard has-post-thumbnail hentry category-digitale-organisation category-digitale-transformation-strategie category-expertenartikel category-it-strategie thema-business-it-strategie thema-digitale-transformation\">\n\n<div class=\"wp-block-group carousel__expert-articles--tile has-border-color has-palette-color-8-border-color is-content-justification-left is-layout-constrained wp-container-core-group-is-layout-67e99164 wp-block-group-is-layout-constrained\" style=\"border-width:1px;min-height:100%;padding-top:var(--wp--preset--spacing--40);padding-right:var(--wp--preset--spacing--40);padding-bottom:var(--wp--preset--spacing--40);padding-left:var(--wp--preset--spacing--40)\">\n<div class=\"wp-block-group is-content-justification-left is-nowrap is-layout-flex wp-container-core-group-is-layout-cc88d907 wp-block-group-is-layout-flex\" style=\"margin-bottom:var(--wp--preset--spacing--20)\"><div style=\"border-radius:0px; padding-top:0;padding-bottom:0;padding-left:0;padding-right:0;margin-bottom:0;margin-top:0;margin-right:0;margin-left:0;\" class=\"ct-dynamic-data wp-elements-cb85a530633022a7de451a620c3b3614 wp-elements-10cc33d1520d05738c829ec0686a3bff has-small-font-size\"><a href=\"https:\/\/diselva.com\/de\/blog\/author\/\">Nicole Kerber<\/a>,<\/div>\n\n<div style=\"padding-top:0;padding-bottom:0;padding-left:0;padding-right:0;margin-right:0;margin-left:0;margin-top:0;margin-bottom:0;\" class=\"ct-dynamic-data wp-elements-108ac614c77dbd60f6381a299c83b0b7 has-small-font-size\">&thinsp;Juli 2023<\/div><\/div>\n\n\n<h3 style=\"margin-top:var(--wp--preset--spacing--30);margin-bottom:var(--wp--preset--spacing--30);\" class=\"ct-dynamic-data wp-elements-a2c280b83f8278fadfa9f2ee8166fbf3 wp-elements-f0b8dce5addfc7c030a1ffbb31009916 has-large-font-size\"><a href=\"https:\/\/diselva.com\/de\/blog\/strategisches-herangehen-an-die-digitale-transformation-oder-warum-dies-so-schwierig-erscheint\/\">Strategisches Herangehen an die digitale Transformation &#8211; oder warum dies so schwierig erscheint<\/a><\/h3>\n\n<p style=\"line-height:1.1; margin-bottom:var(--wp--preset--spacing--40);margin-top:var(--wp--preset--spacing--30);\" class=\"ct-dynamic-data has-medium-font-size\">Digitale Transformation im B2B: Strategie, klare Ziele &#038; Kommunikation sind entscheidend, um Unternehmen erfolgreich zu transformieren.<\/p>\n\n<a class=\"wp-elements-3a7756b24b575c694ea088a7d9529d08 wp-block-read-more has-text-color has-palette-color-1-color has-small-font-size\" href=\"https:\/\/diselva.com\/de\/blog\/strategisches-herangehen-an-die-digitale-transformation-oder-warum-dies-so-schwierig-erscheint\/\" target=\"_self\">lesen<span class=\"screen-reader-text\">: Strategisches Herangehen an die digitale Transformation &#8211; oder warum dies so schwierig erscheint<\/span><\/a><\/div>\n\n<\/article><\/div><div class=\"flexy-item\"><article class=\"wp-block-post is-layout-flow post-97568 post type-post status-publish format-standard has-post-thumbnail hentry category-digitale-transformation-strategie category-digitalisierung-kmu category-expertenartikel thema-business-it-strategie thema-digitale-transformation\">\n\n<div class=\"wp-block-group carousel__expert-articles--tile has-border-color has-palette-color-8-border-color is-content-justification-left is-layout-constrained wp-container-core-group-is-layout-67e99164 wp-block-group-is-layout-constrained\" style=\"border-width:1px;min-height:100%;padding-top:var(--wp--preset--spacing--40);padding-right:var(--wp--preset--spacing--40);padding-bottom:var(--wp--preset--spacing--40);padding-left:var(--wp--preset--spacing--40)\">\n<div class=\"wp-block-group is-content-justification-left is-nowrap is-layout-flex wp-container-core-group-is-layout-cc88d907 wp-block-group-is-layout-flex\" style=\"margin-bottom:var(--wp--preset--spacing--20)\"><div style=\"border-radius:0px; padding-top:0;padding-bottom:0;padding-left:0;padding-right:0;margin-bottom:0;margin-top:0;margin-right:0;margin-left:0;\" class=\"ct-dynamic-data wp-elements-cb85a530633022a7de451a620c3b3614 wp-elements-10cc33d1520d05738c829ec0686a3bff has-small-font-size\"><a href=\"https:\/\/diselva.com\/de\/blog\/author\/\">Nicole Kerber<\/a>,<\/div>\n\n<div style=\"padding-top:0;padding-bottom:0;padding-left:0;padding-right:0;margin-right:0;margin-left:0;margin-top:0;margin-bottom:0;\" class=\"ct-dynamic-data wp-elements-108ac614c77dbd60f6381a299c83b0b7 has-small-font-size\">&thinsp;Juli 2023<\/div><\/div>\n\n\n<h3 style=\"margin-top:var(--wp--preset--spacing--30);margin-bottom:var(--wp--preset--spacing--30);\" class=\"ct-dynamic-data wp-elements-a2c280b83f8278fadfa9f2ee8166fbf3 wp-elements-f0b8dce5addfc7c030a1ffbb31009916 has-large-font-size\"><a href=\"https:\/\/diselva.com\/de\/blog\/digitalisierung-und-digitale-transformation-im-b2b-wo-ist-hier-der-unterschied\/\">Digitalisierung und Digitale Transformation im B2B &#8211; wo ist hier der Unterschied?<\/a><\/h3>\n\n<p style=\"line-height:1.1; margin-bottom:var(--wp--preset--spacing--40);margin-top:var(--wp--preset--spacing--30);\" class=\"ct-dynamic-data has-medium-font-size\">Digitale Transformation vs. Digitalisierung im B2B: Warum es mehr als Prozessdigitalisierung braucht &#038; wie KMUs den Wandel strategisch meistern k\u00f6nnen.<\/p>\n\n<a class=\"wp-elements-3a7756b24b575c694ea088a7d9529d08 wp-block-read-more has-text-color has-palette-color-1-color has-small-font-size\" href=\"https:\/\/diselva.com\/de\/blog\/digitalisierung-und-digitale-transformation-im-b2b-wo-ist-hier-der-unterschied\/\" target=\"_self\">lesen<span class=\"screen-reader-text\">: Digitalisierung und Digitale Transformation im B2B &#8211; wo ist hier der Unterschied?<\/span><\/a><\/div>\n\n<\/article><\/div><div class=\"flexy-item\"><article class=\"wp-block-post is-layout-flow post-97600 post type-post status-publish format-standard has-post-thumbnail hentry category-begleitung-in-der-umsetzung-der-projekte category-data-driven-customer-centricity category-evaluationen-und-ausschreibungen category-expertenartikel category-software-data-architect-technology-lead category-solution-software-architecture thema-assessment-evaluation-steuerung thema-data-management-and-data-driven-customer-centricity thema-software-architektur-engineering\">\n\n<div class=\"wp-block-group carousel__expert-articles--tile has-border-color has-palette-color-8-border-color is-content-justification-left is-layout-constrained wp-container-core-group-is-layout-67e99164 wp-block-group-is-layout-constrained\" style=\"border-width:1px;min-height:100%;padding-top:var(--wp--preset--spacing--40);padding-right:var(--wp--preset--spacing--40);padding-bottom:var(--wp--preset--spacing--40);padding-left:var(--wp--preset--spacing--40)\">\n<div class=\"wp-block-group is-content-justification-left is-nowrap is-layout-flex wp-container-core-group-is-layout-cc88d907 wp-block-group-is-layout-flex\" style=\"margin-bottom:var(--wp--preset--spacing--20)\"><div style=\"border-radius:0px; padding-top:0;padding-bottom:0;padding-left:0;padding-right:0;margin-bottom:0;margin-top:0;margin-right:0;margin-left:0;\" class=\"ct-dynamic-data wp-elements-cb85a530633022a7de451a620c3b3614 wp-elements-10cc33d1520d05738c829ec0686a3bff has-small-font-size\"><a href=\"https:\/\/diselva.com\/de\/blog\/author\/\">Samuel Sch\u00e4ublin<\/a>,<\/div>\n\n<div style=\"padding-top:0;padding-bottom:0;padding-left:0;padding-right:0;margin-right:0;margin-left:0;margin-top:0;margin-bottom:0;\" class=\"ct-dynamic-data wp-elements-108ac614c77dbd60f6381a299c83b0b7 has-small-font-size\">&thinsp;Mai 2023<\/div><\/div>\n\n\n<h3 style=\"margin-top:var(--wp--preset--spacing--30);margin-bottom:var(--wp--preset--spacing--30);\" class=\"ct-dynamic-data wp-elements-a2c280b83f8278fadfa9f2ee8166fbf3 wp-elements-f0b8dce5addfc7c030a1ffbb31009916 has-large-font-size\"><a href=\"https:\/\/diselva.com\/de\/blog\/schnelle-time-to-market-mit-hubspot-cms\/\">Schnelle Time-to-Market mit Hubspot CMS<\/a><\/h3>\n\n<p style=\"line-height:1.1; margin-bottom:var(--wp--preset--spacing--40);margin-top:var(--wp--preset--spacing--30);\" class=\"ct-dynamic-data has-medium-font-size\">Erstellung einer Website mit Hubspot CMS: Schnelle Time-to-Market, Vor- &#038; Nachteile, Best Practices und warum es f\u00fcr kleine Projekte gut geeignet ist.<\/p>\n\n<a class=\"wp-elements-3a7756b24b575c694ea088a7d9529d08 wp-block-read-more has-text-color has-palette-color-1-color has-small-font-size\" href=\"https:\/\/diselva.com\/de\/blog\/schnelle-time-to-market-mit-hubspot-cms\/\" target=\"_self\">lesen<span class=\"screen-reader-text\">: Schnelle Time-to-Market mit Hubspot CMS<\/span><\/a><\/div>\n\n<\/article><\/div><div class=\"flexy-item\"><article class=\"wp-block-post is-layout-flow post-97618 post type-post status-publish format-standard has-post-thumbnail hentry category-begleitung-in-der-umsetzung-der-projekte category-enterprise-architect-solution-architect category-evaluationen-und-ausschreibungen category-expertenartikel category-news category-solution-software-architecture thema-assessment-evaluation-steuerung thema-software-architektur-engineering\">\n\n<div class=\"wp-block-group carousel__expert-articles--tile has-border-color has-palette-color-8-border-color is-content-justification-left is-layout-constrained wp-container-core-group-is-layout-67e99164 wp-block-group-is-layout-constrained\" style=\"border-width:1px;min-height:100%;padding-top:var(--wp--preset--spacing--40);padding-right:var(--wp--preset--spacing--40);padding-bottom:var(--wp--preset--spacing--40);padding-left:var(--wp--preset--spacing--40)\">\n<div class=\"wp-block-group is-content-justification-left is-nowrap is-layout-flex wp-container-core-group-is-layout-cc88d907 wp-block-group-is-layout-flex\" style=\"margin-bottom:var(--wp--preset--spacing--20)\"><div style=\"border-radius:0px; padding-top:0;padding-bottom:0;padding-left:0;padding-right:0;margin-bottom:0;margin-top:0;margin-right:0;margin-left:0;\" class=\"ct-dynamic-data wp-elements-cb85a530633022a7de451a620c3b3614 wp-elements-10cc33d1520d05738c829ec0686a3bff has-small-font-size\"><a href=\"https:\/\/diselva.com\/de\/blog\/author\/\">Pascal N\u00fcesch<\/a>,<\/div>\n\n<div style=\"padding-top:0;padding-bottom:0;padding-left:0;padding-right:0;margin-right:0;margin-left:0;margin-top:0;margin-bottom:0;\" class=\"ct-dynamic-data wp-elements-108ac614c77dbd60f6381a299c83b0b7 has-small-font-size\">&thinsp;Mai 2023<\/div><\/div>\n\n\n<h3 style=\"margin-top:var(--wp--preset--spacing--30);margin-bottom:var(--wp--preset--spacing--30);\" class=\"ct-dynamic-data wp-elements-a2c280b83f8278fadfa9f2ee8166fbf3 wp-elements-f0b8dce5addfc7c030a1ffbb31009916 has-large-font-size\"><a href=\"https:\/\/diselva.com\/de\/blog\/composable-commerce-im-einsatz\/\">Composable Commerce im Einsatz<\/a><\/h3>\n\n<p style=\"line-height:1.1; margin-bottom:var(--wp--preset--spacing--40);margin-top:var(--wp--preset--spacing--30);\" class=\"ct-dynamic-data has-medium-font-size\">Composable Commerce: Ein flexibler Architekturansatz f\u00fcr Multi-Brand &#038; Multi-Country Commerce, der mit einem MVP startet und skalierbar w\u00e4chst.<\/p>\n\n<a class=\"wp-elements-3a7756b24b575c694ea088a7d9529d08 wp-block-read-more has-text-color has-palette-color-1-color has-small-font-size\" href=\"https:\/\/diselva.com\/de\/blog\/composable-commerce-im-einsatz\/\" target=\"_self\">lesen<span class=\"screen-reader-text\">: Composable Commerce im Einsatz<\/span><\/a><\/div>\n\n<\/article><\/div><div class=\"flexy-item\"><article class=\"wp-block-post is-layout-flow post-97666 post type-post status-publish format-standard has-post-thumbnail hentry category-architektur-review category-evaluationen-und-ausschreibungen category-expertenartikel category-it-strategie category-solution-software-architecture thema-assessment-evaluation-steuerung thema-enterprise-solution-architektur thema-software-architektur-engineering\">\n\n<div class=\"wp-block-group carousel__expert-articles--tile has-border-color has-palette-color-8-border-color is-content-justification-left is-layout-constrained wp-container-core-group-is-layout-67e99164 wp-block-group-is-layout-constrained\" style=\"border-width:1px;min-height:100%;padding-top:var(--wp--preset--spacing--40);padding-right:var(--wp--preset--spacing--40);padding-bottom:var(--wp--preset--spacing--40);padding-left:var(--wp--preset--spacing--40)\">\n<div class=\"wp-block-group is-content-justification-left is-nowrap is-layout-flex wp-container-core-group-is-layout-cc88d907 wp-block-group-is-layout-flex\" style=\"margin-bottom:var(--wp--preset--spacing--20)\"><div style=\"border-radius:0px; padding-top:0;padding-bottom:0;padding-left:0;padding-right:0;margin-bottom:0;margin-top:0;margin-right:0;margin-left:0;\" class=\"ct-dynamic-data wp-elements-cb85a530633022a7de451a620c3b3614 wp-elements-10cc33d1520d05738c829ec0686a3bff has-small-font-size\"><a href=\"https:\/\/diselva.com\/de\/blog\/author\/\">J\u00f6rg Brunschwiler<\/a>,<\/div>\n\n<div style=\"padding-top:0;padding-bottom:0;padding-left:0;padding-right:0;margin-right:0;margin-left:0;margin-top:0;margin-bottom:0;\" class=\"ct-dynamic-data wp-elements-108ac614c77dbd60f6381a299c83b0b7 has-small-font-size\">&thinsp;April 2023<\/div><\/div>\n\n\n<h3 style=\"margin-top:var(--wp--preset--spacing--30);margin-bottom:var(--wp--preset--spacing--30);\" class=\"ct-dynamic-data wp-elements-a2c280b83f8278fadfa9f2ee8166fbf3 wp-elements-f0b8dce5addfc7c030a1ffbb31009916 has-large-font-size\"><a href=\"https:\/\/diselva.com\/de\/blog\/veraenderung-steht-an-soll-sap-commerce-durch-eine-neue-loesung-ersetzt-werden\/\">Ver\u00e4nderung steht an &#8211; soll SAP Commerce durch eine neue L\u00f6sung ersetzt werden?<\/a><\/h3>\n\n<p style=\"line-height:1.1; margin-bottom:var(--wp--preset--spacing--40);margin-top:var(--wp--preset--spacing--30);\" class=\"ct-dynamic-data has-medium-font-size\">Steht ein Wechsel von SAP Commerce an? Wir analysieren, ob eine moderne Composable Commerce-L\u00f6sung wie Emporix f\u00fcr Ihr Unternehmen sinnvoll ist.<\/p>\n\n<a class=\"wp-elements-3a7756b24b575c694ea088a7d9529d08 wp-block-read-more has-text-color has-palette-color-1-color has-small-font-size\" href=\"https:\/\/diselva.com\/de\/blog\/veraenderung-steht-an-soll-sap-commerce-durch-eine-neue-loesung-ersetzt-werden\/\" target=\"_self\">lesen<span class=\"screen-reader-text\">: Ver\u00e4nderung steht an &#8211; soll SAP Commerce durch eine neue L\u00f6sung ersetzt werden?<\/span><\/a><\/div>\n\n<\/article><\/div><div class=\"flexy-item\"><article class=\"wp-block-post is-layout-flow post-97675 post type-post status-publish format-standard has-post-thumbnail hentry category-begleitung-in-der-umsetzung-der-projekte category-enterprise-architect-solution-architect category-expertenartikel category-software-data-architect-technology-lead category-solution-software-architecture thema-assessment-evaluation-steuerung thema-enterprise-solution-architektur thema-software-architektur-engineering\">\n\n<div class=\"wp-block-group carousel__expert-articles--tile has-border-color has-palette-color-8-border-color is-content-justification-left is-layout-constrained wp-container-core-group-is-layout-67e99164 wp-block-group-is-layout-constrained\" style=\"border-width:1px;min-height:100%;padding-top:var(--wp--preset--spacing--40);padding-right:var(--wp--preset--spacing--40);padding-bottom:var(--wp--preset--spacing--40);padding-left:var(--wp--preset--spacing--40)\">\n<div class=\"wp-block-group is-content-justification-left is-nowrap is-layout-flex wp-container-core-group-is-layout-cc88d907 wp-block-group-is-layout-flex\" style=\"margin-bottom:var(--wp--preset--spacing--20)\"><div style=\"border-radius:0px; padding-top:0;padding-bottom:0;padding-left:0;padding-right:0;margin-bottom:0;margin-top:0;margin-right:0;margin-left:0;\" class=\"ct-dynamic-data wp-elements-cb85a530633022a7de451a620c3b3614 wp-elements-10cc33d1520d05738c829ec0686a3bff has-small-font-size\"><a href=\"https:\/\/diselva.com\/de\/blog\/author\/\">Cuno Sieber<\/a>,<\/div>\n\n<div style=\"padding-top:0;padding-bottom:0;padding-left:0;padding-right:0;margin-right:0;margin-left:0;margin-top:0;margin-bottom:0;\" class=\"ct-dynamic-data wp-elements-108ac614c77dbd60f6381a299c83b0b7 has-small-font-size\">&thinsp;M\u00e4rz 2023<\/div><\/div>\n\n\n<h3 style=\"margin-top:var(--wp--preset--spacing--30);margin-bottom:var(--wp--preset--spacing--30);\" class=\"ct-dynamic-data wp-elements-a2c280b83f8278fadfa9f2ee8166fbf3 wp-elements-f0b8dce5addfc7c030a1ffbb31009916 has-large-font-size\"><a href=\"https:\/\/diselva.com\/de\/blog\/mit-dem-baukastenprinzip-zu-einer-skalierbaren-architektur\/\">Mit dem Baukastenprinzip zu einer skalierbaren und massgeschneiderten Software-Architektur<\/a><\/h3>\n\n<p style=\"line-height:1.1; margin-bottom:var(--wp--preset--spacing--40);margin-top:var(--wp--preset--spacing--30);\" class=\"ct-dynamic-data has-medium-font-size\">Composable Commerce schafft flexible, skalierbare Architekturen. Erfahren Sie, wie Unternehmen mit dem Baukastenprinzip ihre IT zukunftssicher gestalten.<\/p>\n\n<a class=\"wp-elements-3a7756b24b575c694ea088a7d9529d08 wp-block-read-more has-text-color has-palette-color-1-color has-small-font-size\" href=\"https:\/\/diselva.com\/de\/blog\/mit-dem-baukastenprinzip-zu-einer-skalierbaren-architektur\/\" target=\"_self\">lesen<span class=\"screen-reader-text\">: Mit dem Baukastenprinzip zu einer skalierbaren und massgeschneiderten Software-Architektur<\/span><\/a><\/div>\n\n<\/article><\/div><div class=\"flexy-item\"><article class=\"wp-block-post is-layout-flow post-97780 post type-post status-publish format-standard has-post-thumbnail hentry category-aufbau-nearshore category-expertenartikel category-news\">\n\n<div class=\"wp-block-group carousel__expert-articles--tile has-border-color has-palette-color-8-border-color is-content-justification-left is-layout-constrained wp-container-core-group-is-layout-67e99164 wp-block-group-is-layout-constrained\" style=\"border-width:1px;min-height:100%;padding-top:var(--wp--preset--spacing--40);padding-right:var(--wp--preset--spacing--40);padding-bottom:var(--wp--preset--spacing--40);padding-left:var(--wp--preset--spacing--40)\">\n<div class=\"wp-block-group is-content-justification-left is-nowrap is-layout-flex wp-container-core-group-is-layout-cc88d907 wp-block-group-is-layout-flex\" style=\"margin-bottom:var(--wp--preset--spacing--20)\"><div style=\"border-radius:0px; padding-top:0;padding-bottom:0;padding-left:0;padding-right:0;margin-bottom:0;margin-top:0;margin-right:0;margin-left:0;\" class=\"ct-dynamic-data wp-elements-cb85a530633022a7de451a620c3b3614 wp-elements-10cc33d1520d05738c829ec0686a3bff has-small-font-size\"><a href=\"https:\/\/diselva.com\/de\/blog\/author\/\">Jan Keller<\/a>,<\/div>\n\n<div style=\"padding-top:0;padding-bottom:0;padding-left:0;padding-right:0;margin-right:0;margin-left:0;margin-top:0;margin-bottom:0;\" class=\"ct-dynamic-data wp-elements-108ac614c77dbd60f6381a299c83b0b7 has-small-font-size\">&thinsp;Juni 2019<\/div><\/div>\n\n\n<h3 style=\"margin-top:var(--wp--preset--spacing--30);margin-bottom:var(--wp--preset--spacing--30);\" class=\"ct-dynamic-data wp-elements-a2c280b83f8278fadfa9f2ee8166fbf3 wp-elements-f0b8dce5addfc7c030a1ffbb31009916 has-large-font-size\"><a href=\"https:\/\/diselva.com\/de\/blog\/hvala-lepo-belgrade\/\">Hvala lepo, Belgrad!<\/a><\/h3>\n\n<p style=\"line-height:1.1; margin-bottom:var(--wp--preset--spacing--40);margin-top:var(--wp--preset--spacing--30);\" class=\"ct-dynamic-data has-medium-font-size\">Drei Jahre in Belgrad: Einblicke in das Leben eines Expats, kulturelle Herausforderungen und die emotionale Frage, wo \u00abZuhause\u00bb wirklich ist.<\/p>\n\n<a class=\"wp-elements-3a7756b24b575c694ea088a7d9529d08 wp-block-read-more has-text-color has-palette-color-1-color has-small-font-size\" href=\"https:\/\/diselva.com\/de\/blog\/hvala-lepo-belgrade\/\" target=\"_self\">lesen<span class=\"screen-reader-text\">: Hvala lepo, Belgrad!<\/span><\/a><\/div>\n\n<\/article><\/div><div class=\"flexy-item\"><article class=\"wp-block-post is-layout-flow post-97795 post type-post status-publish format-standard has-post-thumbnail hentry category-aufbau-nearshore category-business-prozesse-hebel-governance category-expertenartikel category-gl-vr-sparring-partner\">\n\n<div class=\"wp-block-group carousel__expert-articles--tile has-border-color has-palette-color-8-border-color is-content-justification-left is-layout-constrained wp-container-core-group-is-layout-67e99164 wp-block-group-is-layout-constrained\" style=\"border-width:1px;min-height:100%;padding-top:var(--wp--preset--spacing--40);padding-right:var(--wp--preset--spacing--40);padding-bottom:var(--wp--preset--spacing--40);padding-left:var(--wp--preset--spacing--40)\">\n<div class=\"wp-block-group is-content-justification-left is-nowrap is-layout-flex wp-container-core-group-is-layout-cc88d907 wp-block-group-is-layout-flex\" style=\"margin-bottom:var(--wp--preset--spacing--20)\"><div style=\"border-radius:0px; padding-top:0;padding-bottom:0;padding-left:0;padding-right:0;margin-bottom:0;margin-top:0;margin-right:0;margin-left:0;\" class=\"ct-dynamic-data wp-elements-cb85a530633022a7de451a620c3b3614 wp-elements-10cc33d1520d05738c829ec0686a3bff has-small-font-size\"><a href=\"https:\/\/diselva.com\/de\/blog\/author\/\">Jan Keller<\/a>,<\/div>\n\n<div style=\"padding-top:0;padding-bottom:0;padding-left:0;padding-right:0;margin-right:0;margin-left:0;margin-top:0;margin-bottom:0;\" class=\"ct-dynamic-data wp-elements-108ac614c77dbd60f6381a299c83b0b7 has-small-font-size\">&thinsp;M\u00e4rz 2018<\/div><\/div>\n\n\n<h3 style=\"margin-top:var(--wp--preset--spacing--30);margin-bottom:var(--wp--preset--spacing--30);\" class=\"ct-dynamic-data wp-elements-a2c280b83f8278fadfa9f2ee8166fbf3 wp-elements-f0b8dce5addfc7c030a1ffbb31009916 has-large-font-size\"><a href=\"https:\/\/diselva.com\/de\/blog\/einblicke-in-die-erfahrungen-eines-expatriates-in-belgrad\/\">Einblicke in die Erfahrungen eines Expatriates in Belgrad<\/a><\/h3>\n\n<p style=\"line-height:1.1; margin-bottom:var(--wp--preset--spacing--40);margin-top:var(--wp--preset--spacing--30);\" class=\"ct-dynamic-data has-medium-font-size\">Erleben Sie das Leben eines Expats in Belgrad: Herausforderungen, Familie und Integration in einer pulsierenden, gastfreundlichen Stadt.<\/p>\n\n<a class=\"wp-elements-3a7756b24b575c694ea088a7d9529d08 wp-block-read-more has-text-color has-palette-color-1-color has-small-font-size\" href=\"https:\/\/diselva.com\/de\/blog\/einblicke-in-die-erfahrungen-eines-expatriates-in-belgrad\/\" target=\"_self\">lesen<span class=\"screen-reader-text\">: Einblicke in die Erfahrungen eines Expatriates in Belgrad<\/span><\/a><\/div>\n\n<\/article><\/div><\/div><\/div><span class=\"flexy-arrow-prev\" data-position=\"outside\"><svg width=\"16\" height=\"10\" fill=\"currentColor\" viewBox=\"0 0 16 10\"><path d=\"M15.3 4.3h-13l2.8-3c.3-.3.3-.7 0-1-.3-.3-.6-.3-.9 0l-4 4.2-.2.2v.6c0 .1.1.2.2.2l4 4.2c.3.4.6.4.9 0 .3-.3.3-.7 0-1l-2.8-3h13c.2 0 .4-.1.5-.2s.2-.3.2-.5-.1-.4-.2-.5c-.1-.1-.3-.2-.5-.2z\"><\/path><\/svg><\/span>\n\t\t\t\t\t\t\t\t<span class=\"flexy-arrow-next\" data-position=\"outside\"><svg width=\"16\" height=\"10\" fill=\"currentColor\" viewBox=\"0 0 16 10\"><path d=\"M.2 4.5c-.1.1-.2.3-.2.5s.1.4.2.5c.1.1.3.2.5.2h13l-2.8 3c-.3.3-.3.7 0 1 .3.3.6.3.9 0l4-4.2.2-.2V5v-.3c0-.1-.1-.2-.2-.2l-4-4.2c-.3-.4-.6-.4-.9 0-.3.3-.3.7 0 1l2.8 3H.7c-.2 0-.4.1-.5.2z\"><\/path><\/svg><\/span><\/div><\/div><\/div><style>[data-id='08f21690'] {--grid-columns-width:25%;} [data-id='08f21690'] [data-flexy*=\"no\"] .flexy-item:nth-child(n + 5) {height:1px;}@media (max-width: 999.98px) {[data-id='08f21690'] {--grid-columns-width:50%;} [data-id='08f21690'] [data-flexy*=\"no\"] .flexy-item:nth-child(n + 3) {height:1px;}}@media (max-width: 689.98px) {[data-id='08f21690'] {--grid-columns-width:100%;} [data-id='08f21690'] [data-flexy*=\"no\"] .flexy-item:nth-child(n + 2) {height:1px;}}<\/style><\/div>\n<\/div>\n\n\n\n<div class=\"wp-block-group is-layout-constrained wp-block-group-is-layout-constrained\" style=\"padding-bottom:0\">\n<h2 class=\"wp-block-heading\">News<\/h2>\n<\/div>\n\n\n\n<div class=\"wp-block-group alignfull is-layout-constrained wp-block-group-is-layout-constrained\" style=\"padding-top:var(--wp--preset--spacing--40);padding-bottom:var(--wp--preset--spacing--40)\">\n<div data-id=\"f474cd36\" style=\"border-radius:0px;\" class=\"wp-block-blocksy-query alignwide carousel__experience\"><div class=\"ct-query-template is-layout-slider\"><div class=\"flexy-container\" data-flexy=\"no\"><div class=\"flexy\"><div class=\"flexy-view\" data-flexy-view=\"boxed\"><div class=\"flexy-items\" data-height=\"dynamic\"><div class=\"flexy-item\"><article class=\"wp-block-post is-layout-flow post-116751 post type-post status-publish format-standard has-post-thumbnail hentry category-digitale-transformation-strategie category-news\">\n<a style=\"margin-bottom:5px;\" class=\"ct-dynamic-media wp-elements-1da368c1ce799d8d1a95f5a6e147fbb2\" aria-label=\"Strategische Partnerschaft: Diselva AG begleitet die S\u00e4ntis-Schwebebahn AG in die digitale Zukunft\" href=\"https:\/\/diselva.com\/de\/blog\/strategische-partnerschaft-diselva-ag-begleitet-die-saentis-schwebebahn-ag-in-die-digitale-zukunft\/\"><img loading=\"lazy\" decoding=\"async\" width=\"400\" height=\"267\" src=\"https:\/\/i0.wp.com\/diselva.com\/wp-content\/uploads\/2026\/04\/PortraitJakobGulunay.png?fit=400%2C267&amp;quality=78&amp;ssl=1\" class=\"attachment-thumbnail size-thumbnail\" alt=\"Jakob G\u00fcl\u00fcnay - S\u00e4ntis-Schwebebahn AG\" style=\"width:100%;height:100%;object-fit: cover;aspect-ratio: 4\/3;border-radius:0px;\" srcset=\"https:\/\/i0.wp.com\/diselva.com\/wp-content\/uploads\/2026\/04\/PortraitJakobGulunay.png?w=799&amp;quality=78&amp;ssl=1 799w, https:\/\/i0.wp.com\/diselva.com\/wp-content\/uploads\/2026\/04\/PortraitJakobGulunay.png?resize=400%2C267&amp;quality=78&amp;ssl=1 400w, https:\/\/i0.wp.com\/diselva.com\/wp-content\/uploads\/2026\/04\/PortraitJakobGulunay.png?resize=768%2C512&amp;quality=78&amp;ssl=1 768w\" sizes=\"auto, (max-width: 400px) 100vw, 400px\" \/><\/a>\n\n<h3 style=\"margin-top:var(--wp--preset--spacing--30);margin-bottom:var(--wp--preset--spacing--30);\" class=\"ct-dynamic-data wp-elements-0aa14953b05ee7b8636d3dce3fb6e146 wp-elements-6f15e8025864c1789eeb451b1703fa34 has-small-font-size\"><a href=\"https:\/\/diselva.com\/de\/blog\/strategische-partnerschaft-diselva-ag-begleitet-die-saentis-schwebebahn-ag-in-die-digitale-zukunft\/\">Strategische Partnerschaft: Diselva AG begleitet die S\u00e4ntis-Schwebebahn AG in die digitale Zukunft<\/a><\/h3>\n\n<p style=\"line-height:1.1; margin-bottom:var(--wp--preset--spacing--20);margin-top:0;\" class=\"ct-dynamic-data has-large-font-size\">St.Gallen \/ Schw\u00e4galp \u2013 Die Diselva AG \u00fcbernimmt ab sofort\u2026<\/p>\n\n<div style=\"margin-top:0;margin-bottom:0;\" class=\"ct-dynamic-data wp-elements-2fa4f87920d9ad4c1e358aae78a2dcbc has-medium-font-size\">April 2026<\/div>\n<\/article><\/div><div class=\"flexy-item\"><article class=\"wp-block-post is-layout-flow post-116170 post type-post status-publish format-standard has-post-thumbnail hentry category-news\">\n<a style=\"margin-bottom:5px;\" class=\"ct-dynamic-media wp-elements-1da368c1ce799d8d1a95f5a6e147fbb2\" aria-label=\"Commerce Ap\u00e9ro 26.03.2026\" href=\"https:\/\/diselva.com\/de\/blog\/commerce-apero-26-03-2026\/\"><img loading=\"lazy\" decoding=\"async\" width=\"300\" height=\"400\" src=\"https:\/\/i0.wp.com\/diselva.com\/wp-content\/uploads\/2026\/03\/mika-1.jpg?fit=300%2C400&amp;quality=83&amp;ssl=1\" class=\"attachment-thumbnail size-thumbnail\" alt=\"Commerce Apero - Mika\" style=\"width:100%;height:100%;object-fit: cover;aspect-ratio: 4\/3;border-radius:0px;\" srcset=\"https:\/\/i0.wp.com\/diselva.com\/wp-content\/uploads\/2026\/03\/mika-1.jpg?w=1491&amp;quality=83&amp;ssl=1 1491w, https:\/\/i0.wp.com\/diselva.com\/wp-content\/uploads\/2026\/03\/mika-1.jpg?resize=768%2C1024&amp;quality=83&amp;ssl=1 768w, https:\/\/i0.wp.com\/diselva.com\/wp-content\/uploads\/2026\/03\/mika-1.jpg?resize=300%2C400&amp;quality=83&amp;ssl=1 300w, https:\/\/i0.wp.com\/diselva.com\/wp-content\/uploads\/2026\/03\/mika-1.jpg?resize=1152%2C1536&amp;quality=83&amp;ssl=1 1152w\" sizes=\"auto, (max-width: 300px) 100vw, 300px\" \/><\/a>\n\n<h3 style=\"margin-top:var(--wp--preset--spacing--30);margin-bottom:var(--wp--preset--spacing--30);\" class=\"ct-dynamic-data wp-elements-0aa14953b05ee7b8636d3dce3fb6e146 wp-elements-6f15e8025864c1789eeb451b1703fa34 has-small-font-size\"><a href=\"https:\/\/diselva.com\/de\/blog\/commerce-apero-26-03-2026\/\">Commerce Ap\u00e9ro 26.03.2026<\/a><\/h3>\n\n<p style=\"line-height:1.1; margin-bottom:var(--wp--preset--spacing--20);margin-top:0;\" class=\"ct-dynamic-data has-large-font-size\">Echte Insights statt Marketing-Floskeln: Ein R\u00fcckblick auf den Commerce Ap\u00e9ro\u2026<\/p>\n\n<div style=\"margin-top:0;margin-bottom:0;\" class=\"ct-dynamic-data wp-elements-2fa4f87920d9ad4c1e358aae78a2dcbc has-medium-font-size\">M\u00e4rz 2026<\/div>\n<\/article><\/div><div class=\"flexy-item\"><article class=\"wp-block-post is-layout-flow post-115331 post type-post status-publish format-standard has-post-thumbnail hentry category-news\">\n<a style=\"margin-bottom:5px;\" class=\"ct-dynamic-media wp-elements-1da368c1ce799d8d1a95f5a6e147fbb2\" aria-label=\"Von der Chilipflanze zur Sauce\" href=\"https:\/\/diselva.com\/de\/blog\/von-der-chilipflanze-zur-sauce\/\"><img loading=\"lazy\" decoding=\"async\" width=\"400\" height=\"210\" src=\"https:\/\/i0.wp.com\/diselva.com\/wp-content\/uploads\/2025\/12\/chili-teaser.jpg?fit=400%2C210&amp;quality=83&amp;ssl=1\" class=\"attachment-thumbnail size-thumbnail\" alt=\"\" style=\"width:100%;height:100%;object-fit: cover;aspect-ratio: 4\/3;border-radius:0px;\" srcset=\"https:\/\/i0.wp.com\/diselva.com\/wp-content\/uploads\/2025\/12\/chili-teaser.jpg?w=1200&amp;quality=83&amp;ssl=1 1200w, https:\/\/i0.wp.com\/diselva.com\/wp-content\/uploads\/2025\/12\/chili-teaser.jpg?resize=1024%2C538&amp;quality=83&amp;ssl=1 1024w, https:\/\/i0.wp.com\/diselva.com\/wp-content\/uploads\/2025\/12\/chili-teaser.jpg?resize=400%2C210&amp;quality=83&amp;ssl=1 400w, https:\/\/i0.wp.com\/diselva.com\/wp-content\/uploads\/2025\/12\/chili-teaser.jpg?resize=768%2C403&amp;quality=83&amp;ssl=1 768w\" sizes=\"auto, (max-width: 400px) 100vw, 400px\" \/><\/a>\n\n<h3 style=\"margin-top:var(--wp--preset--spacing--30);margin-bottom:var(--wp--preset--spacing--30);\" class=\"ct-dynamic-data wp-elements-0aa14953b05ee7b8636d3dce3fb6e146 wp-elements-6f15e8025864c1789eeb451b1703fa34 has-small-font-size\"><a href=\"https:\/\/diselva.com\/de\/blog\/von-der-chilipflanze-zur-sauce\/\">Von der Chilipflanze zur Sauce<\/a><\/h3>\n\n<p style=\"line-height:1.1; margin-bottom:var(--wp--preset--spacing--20);margin-top:0;\" class=\"ct-dynamic-data has-large-font-size\">Zusammenarbeit mit Stil, Geschmack und Sch\u00e4rfe<\/p>\n\n<div style=\"margin-top:0;margin-bottom:0;\" class=\"ct-dynamic-data wp-elements-2fa4f87920d9ad4c1e358aae78a2dcbc has-medium-font-size\">Dezember 2025<\/div>\n<\/article><\/div><div class=\"flexy-item\"><article class=\"wp-block-post is-layout-flow post-116011 post type-post status-publish format-standard has-post-thumbnail hentry category-news\">\n<a style=\"margin-bottom:5px;\" class=\"ct-dynamic-media wp-elements-1da368c1ce799d8d1a95f5a6e147fbb2\" aria-label=\"Interview mit dem LEADER\" href=\"https:\/\/diselva.com\/de\/blog\/leader-ausgabe-09-2025\/\"><img loading=\"lazy\" decoding=\"async\" width=\"400\" height=\"267\" src=\"https:\/\/i0.wp.com\/diselva.com\/wp-content\/uploads\/2025\/09\/leader_sept_2025_teaser.jpg?fit=400%2C267&amp;quality=83&amp;ssl=1\" class=\"attachment-thumbnail size-thumbnail\" alt=\"Leader - Ausgabe September 2025\" style=\"width:100%;height:100%;object-fit: cover;aspect-ratio: 4\/3;border-radius:0px;\" srcset=\"https:\/\/i0.wp.com\/diselva.com\/wp-content\/uploads\/2025\/09\/leader_sept_2025_teaser.jpg?w=600&amp;quality=83&amp;ssl=1 600w, https:\/\/i0.wp.com\/diselva.com\/wp-content\/uploads\/2025\/09\/leader_sept_2025_teaser.jpg?resize=400%2C267&amp;quality=83&amp;ssl=1 400w\" sizes=\"auto, (max-width: 400px) 100vw, 400px\" \/><\/a>\n\n<h3 style=\"margin-top:var(--wp--preset--spacing--30);margin-bottom:var(--wp--preset--spacing--30);\" class=\"ct-dynamic-data wp-elements-0aa14953b05ee7b8636d3dce3fb6e146 wp-elements-6f15e8025864c1789eeb451b1703fa34 has-small-font-size\"><a href=\"https:\/\/diselva.com\/de\/blog\/leader-ausgabe-09-2025\/\">Interview mit dem LEADER<\/a><\/h3>\n\n<p style=\"line-height:1.1; margin-bottom:var(--wp--preset--spacing--20);margin-top:0;\" class=\"ct-dynamic-data has-large-font-size\">Digitale Transformation scheitert nicht an Technik \u2013 sondern an Blendern<\/p>\n\n<div style=\"margin-top:0;margin-bottom:0;\" class=\"ct-dynamic-data wp-elements-2fa4f87920d9ad4c1e358aae78a2dcbc has-medium-font-size\">September 2025<\/div>\n<\/article><\/div><div class=\"flexy-item\"><article class=\"wp-block-post is-layout-flow post-96720 post type-post status-publish format-standard has-post-thumbnail hentry category-consulting category-blogpost category-news\">\n<a style=\"margin-bottom:5px;\" class=\"ct-dynamic-media wp-elements-1da368c1ce799d8d1a95f5a6e147fbb2\" aria-label=\"diselva im SWISS DIGITAL RANKING 2025\" href=\"https:\/\/diselva.com\/de\/blog\/diselva-im-swiss-digital-ranking-2025\/\"><img loading=\"lazy\" decoding=\"async\" width=\"400\" height=\"225\" src=\"https:\/\/i0.wp.com\/diselva.com\/wp-content\/uploads\/2025\/06\/blog-digital_ranking2025.jpeg?fit=400%2C225&amp;quality=83&amp;ssl=1\" class=\"attachment-thumbnail size-thumbnail\" alt=\"\" style=\"width:100%;height:100%;object-fit: cover;aspect-ratio: 4\/3;border-radius:0px;\" srcset=\"https:\/\/i0.wp.com\/diselva.com\/wp-content\/uploads\/2025\/06\/blog-digital_ranking2025.jpeg?w=1600&amp;quality=83&amp;ssl=1 1600w, https:\/\/i0.wp.com\/diselva.com\/wp-content\/uploads\/2025\/06\/blog-digital_ranking2025.jpeg?resize=1024%2C576&amp;quality=83&amp;ssl=1 1024w, https:\/\/i0.wp.com\/diselva.com\/wp-content\/uploads\/2025\/06\/blog-digital_ranking2025.jpeg?resize=400%2C225&amp;quality=83&amp;ssl=1 400w, https:\/\/i0.wp.com\/diselva.com\/wp-content\/uploads\/2025\/06\/blog-digital_ranking2025.jpeg?resize=768%2C432&amp;quality=83&amp;ssl=1 768w, https:\/\/i0.wp.com\/diselva.com\/wp-content\/uploads\/2025\/06\/blog-digital_ranking2025.jpeg?resize=1536%2C864&amp;quality=83&amp;ssl=1 1536w\" sizes=\"auto, (max-width: 400px) 100vw, 400px\" \/><\/a>\n\n<h3 style=\"margin-top:var(--wp--preset--spacing--30);margin-bottom:var(--wp--preset--spacing--30);\" class=\"ct-dynamic-data wp-elements-0aa14953b05ee7b8636d3dce3fb6e146 wp-elements-6f15e8025864c1789eeb451b1703fa34 has-small-font-size\"><a href=\"https:\/\/diselva.com\/de\/blog\/diselva-im-swiss-digital-ranking-2025\/\">diselva im SWISS DIGITAL RANKING 2025<\/a><\/h3>\n\n<p style=\"line-height:1.1; margin-bottom:var(--wp--preset--spacing--20);margin-top:0;\" class=\"ct-dynamic-data has-large-font-size\">Vom Newcomer zur Consulting-Boutique mit Kribbeln im Bauch!<\/p>\n\n<div style=\"margin-top:0;margin-bottom:0;\" class=\"ct-dynamic-data wp-elements-2fa4f87920d9ad4c1e358aae78a2dcbc has-medium-font-size\">Juni 2025<\/div>\n<\/article><\/div><div class=\"flexy-item\"><article class=\"wp-block-post is-layout-flow post-96756 post type-post status-publish format-standard has-post-thumbnail hentry category-consulting category-blogpost category-news\">\n<a style=\"margin-bottom:5px;\" class=\"ct-dynamic-media wp-elements-1da368c1ce799d8d1a95f5a6e147fbb2\" aria-label=\"100 Tage diselva\" href=\"https:\/\/diselva.com\/de\/blog\/100-tage-diselva\/\"><img loading=\"lazy\" decoding=\"async\" width=\"400\" height=\"210\" src=\"https:\/\/i0.wp.com\/diselva.com\/wp-content\/uploads\/2025\/09\/unterstrasse-innenhof-teaser.jpg?fit=400%2C210&amp;quality=83&amp;ssl=1\" class=\"attachment-thumbnail size-thumbnail\" alt=\"Unterstrasse Innenhof - Teaser\" style=\"width:100%;height:100%;object-fit: cover;aspect-ratio: 4\/3;border-radius:0px;\" srcset=\"https:\/\/i0.wp.com\/diselva.com\/wp-content\/uploads\/2025\/09\/unterstrasse-innenhof-teaser.jpg?w=1200&amp;quality=83&amp;ssl=1 1200w, https:\/\/i0.wp.com\/diselva.com\/wp-content\/uploads\/2025\/09\/unterstrasse-innenhof-teaser.jpg?resize=1024%2C538&amp;quality=83&amp;ssl=1 1024w, https:\/\/i0.wp.com\/diselva.com\/wp-content\/uploads\/2025\/09\/unterstrasse-innenhof-teaser.jpg?resize=400%2C210&amp;quality=83&amp;ssl=1 400w, https:\/\/i0.wp.com\/diselva.com\/wp-content\/uploads\/2025\/09\/unterstrasse-innenhof-teaser.jpg?resize=768%2C403&amp;quality=83&amp;ssl=1 768w\" sizes=\"auto, (max-width: 400px) 100vw, 400px\" \/><\/a>\n\n<h3 style=\"margin-top:var(--wp--preset--spacing--30);margin-bottom:var(--wp--preset--spacing--30);\" class=\"ct-dynamic-data wp-elements-0aa14953b05ee7b8636d3dce3fb6e146 wp-elements-6f15e8025864c1789eeb451b1703fa34 has-small-font-size\"><a href=\"https:\/\/diselva.com\/de\/blog\/100-tage-diselva\/\">100 Tage diselva<\/a><\/h3>\n\n<p style=\"line-height:1.1; margin-bottom:var(--wp--preset--spacing--20);margin-top:0;\" class=\"ct-dynamic-data has-large-font-size\">&#8230; und wieso das genau der richtige Einstieg nach der Uni f\u00fcr mich war!<\/p>\n\n<div style=\"margin-top:0;margin-bottom:0;\" class=\"ct-dynamic-data wp-elements-2fa4f87920d9ad4c1e358aae78a2dcbc has-medium-font-size\">April 2025<\/div>\n<\/article><\/div><div class=\"flexy-item\"><article class=\"wp-block-post is-layout-flow post-96771 post type-post status-publish format-standard has-post-thumbnail hentry category-consulting category-begleitung-in-der-umsetzung-der-projekte category-blogpost category-project-manager-program-manager category-software-data-architect-technology-lead\">\n<a style=\"margin-bottom:5px;\" class=\"ct-dynamic-media wp-elements-1da368c1ce799d8d1a95f5a6e147fbb2\" aria-label=\"Mein Start bei diselva\" href=\"https:\/\/diselva.com\/de\/blog\/mein-start-bei-diselva\/\"><img loading=\"lazy\" decoding=\"async\" width=\"400\" height=\"210\" src=\"https:\/\/i0.wp.com\/diselva.com\/wp-content\/uploads\/2025\/09\/ursin-team-teaser.jpg?fit=400%2C210&amp;quality=83&amp;ssl=1\" class=\"attachment-thumbnail size-thumbnail\" alt=\"Hello again - Teaser\" style=\"width:100%;height:100%;object-fit: cover;aspect-ratio: 4\/3;border-radius:0px;\" srcset=\"https:\/\/i0.wp.com\/diselva.com\/wp-content\/uploads\/2025\/09\/ursin-team-teaser.jpg?w=1200&amp;quality=83&amp;ssl=1 1200w, https:\/\/i0.wp.com\/diselva.com\/wp-content\/uploads\/2025\/09\/ursin-team-teaser.jpg?resize=1024%2C538&amp;quality=83&amp;ssl=1 1024w, https:\/\/i0.wp.com\/diselva.com\/wp-content\/uploads\/2025\/09\/ursin-team-teaser.jpg?resize=400%2C210&amp;quality=83&amp;ssl=1 400w, https:\/\/i0.wp.com\/diselva.com\/wp-content\/uploads\/2025\/09\/ursin-team-teaser.jpg?resize=768%2C403&amp;quality=83&amp;ssl=1 768w\" sizes=\"auto, (max-width: 400px) 100vw, 400px\" \/><\/a>\n\n<h3 style=\"margin-top:var(--wp--preset--spacing--30);margin-bottom:var(--wp--preset--spacing--30);\" class=\"ct-dynamic-data wp-elements-0aa14953b05ee7b8636d3dce3fb6e146 wp-elements-6f15e8025864c1789eeb451b1703fa34 has-small-font-size\"><a href=\"https:\/\/diselva.com\/de\/blog\/mein-start-bei-diselva\/\">Mein Start bei diselva<\/a><\/h3>\n\n<p style=\"line-height:1.1; margin-bottom:var(--wp--preset--spacing--20);margin-top:0;\" class=\"ct-dynamic-data has-large-font-size\">Neue Horizonte mit bekannten Gesichtern!<\/p>\n\n<div style=\"margin-top:0;margin-bottom:0;\" class=\"ct-dynamic-data wp-elements-2fa4f87920d9ad4c1e358aae78a2dcbc has-medium-font-size\">April 2025<\/div>\n<\/article><\/div><div class=\"flexy-item\"><article class=\"wp-block-post is-layout-flow post-96801 post type-post status-publish format-standard has-post-thumbnail hentry category-begleitung-in-der-umsetzung-der-projekte category-blogpost category-business-prozesse-hebel-governance category-data-driven-customer-centricity category-project-manager-program-manager thema-assessment-evaluation-steuerung thema-business-prozesse-und-governance thema-coaching-sparring-interims-management thema-data-management-and-data-driven-customer-centricity\">\n<a style=\"margin-bottom:5px;\" class=\"ct-dynamic-media wp-elements-1da368c1ce799d8d1a95f5a6e147fbb2\" aria-label=\"You build it, you run it in den Alpen: Von Agentur-Support zu In-House Entwicklung\" href=\"https:\/\/diselva.com\/de\/blog\/von-agentur-support-zu-in-house-entwicklung\/\"><img loading=\"lazy\" decoding=\"async\" width=\"400\" height=\"210\" src=\"https:\/\/i0.wp.com\/diselva.com\/wp-content\/uploads\/2025\/09\/wag-team-teaser.jpg?fit=400%2C210&amp;quality=83&amp;ssl=1\" class=\"attachment-thumbnail size-thumbnail\" alt=\"WAG Team - Teaser\" style=\"width:100%;height:100%;object-fit: cover;aspect-ratio: 4\/3;border-radius:0px;\" srcset=\"https:\/\/i0.wp.com\/diselva.com\/wp-content\/uploads\/2025\/09\/wag-team-teaser.jpg?w=1200&amp;quality=83&amp;ssl=1 1200w, https:\/\/i0.wp.com\/diselva.com\/wp-content\/uploads\/2025\/09\/wag-team-teaser.jpg?resize=1024%2C538&amp;quality=83&amp;ssl=1 1024w, https:\/\/i0.wp.com\/diselva.com\/wp-content\/uploads\/2025\/09\/wag-team-teaser.jpg?resize=400%2C210&amp;quality=83&amp;ssl=1 400w, https:\/\/i0.wp.com\/diselva.com\/wp-content\/uploads\/2025\/09\/wag-team-teaser.jpg?resize=768%2C403&amp;quality=83&amp;ssl=1 768w\" sizes=\"auto, (max-width: 400px) 100vw, 400px\" \/><\/a>\n\n<h3 style=\"margin-top:var(--wp--preset--spacing--30);margin-bottom:var(--wp--preset--spacing--30);\" class=\"ct-dynamic-data wp-elements-0aa14953b05ee7b8636d3dce3fb6e146 wp-elements-6f15e8025864c1789eeb451b1703fa34 has-small-font-size\"><a href=\"https:\/\/diselva.com\/de\/blog\/von-agentur-support-zu-in-house-entwicklung\/\">You build it, you run it in den Alpen: Von Agentur-Support zu In-House Entwicklung<\/a><\/h3>\n\n<p style=\"line-height:1.1; margin-bottom:var(--wp--preset--spacing--20);margin-top:0;\" class=\"ct-dynamic-data has-large-font-size\">Meine vielen H\u00fcte bei der Weissen Arena!<\/p>\n\n<div style=\"margin-top:0;margin-bottom:0;\" class=\"ct-dynamic-data wp-elements-2fa4f87920d9ad4c1e358aae78a2dcbc has-medium-font-size\">April 2025<\/div>\n<\/article><\/div><div class=\"flexy-item\"><article class=\"wp-block-post is-layout-flow post-96816 post type-post status-publish format-standard has-post-thumbnail hentry category-blogpost category-news\">\n<a style=\"margin-bottom:5px;\" class=\"ct-dynamic-media wp-elements-1da368c1ce799d8d1a95f5a6e147fbb2\" aria-label=\"Ursin Saluz verst\u00e4rkt diselva als Tech-Consultant\" href=\"https:\/\/diselva.com\/de\/blog\/ursin-saluz-verstaerkt-das-team\/\"><img loading=\"lazy\" decoding=\"async\" width=\"400\" height=\"210\" src=\"https:\/\/i0.wp.com\/diselva.com\/wp-content\/uploads\/2025\/09\/ursin-teaser.jpg?fit=400%2C210&amp;quality=83&amp;ssl=1\" class=\"attachment-thumbnail size-thumbnail\" alt=\"Ursin - Teaser\" style=\"width:100%;height:100%;object-fit: cover;aspect-ratio: 4\/3;border-radius:0px;\" srcset=\"https:\/\/i0.wp.com\/diselva.com\/wp-content\/uploads\/2025\/09\/ursin-teaser.jpg?w=1200&amp;quality=83&amp;ssl=1 1200w, https:\/\/i0.wp.com\/diselva.com\/wp-content\/uploads\/2025\/09\/ursin-teaser.jpg?resize=1024%2C538&amp;quality=83&amp;ssl=1 1024w, https:\/\/i0.wp.com\/diselva.com\/wp-content\/uploads\/2025\/09\/ursin-teaser.jpg?resize=400%2C210&amp;quality=83&amp;ssl=1 400w, https:\/\/i0.wp.com\/diselva.com\/wp-content\/uploads\/2025\/09\/ursin-teaser.jpg?resize=768%2C403&amp;quality=83&amp;ssl=1 768w\" sizes=\"auto, (max-width: 400px) 100vw, 400px\" \/><\/a>\n\n<h3 style=\"margin-top:var(--wp--preset--spacing--30);margin-bottom:var(--wp--preset--spacing--30);\" class=\"ct-dynamic-data wp-elements-0aa14953b05ee7b8636d3dce3fb6e146 wp-elements-6f15e8025864c1789eeb451b1703fa34 has-small-font-size\"><a href=\"https:\/\/diselva.com\/de\/blog\/ursin-saluz-verstaerkt-das-team\/\">Ursin Saluz verst\u00e4rkt diselva als Tech-Consultant<\/a><\/h3>\n\n<p style=\"line-height:1.1; margin-bottom:var(--wp--preset--spacing--20);margin-top:0;\" class=\"ct-dynamic-data has-large-font-size\">Willkommen im Team! Mit Ursin verst\u00e4rkt diselva das Team um einen erfahrenen Experten in Commerce, ERP und CRM.<\/p>\n\n<div style=\"margin-top:0;margin-bottom:0;\" class=\"ct-dynamic-data wp-elements-2fa4f87920d9ad4c1e358aae78a2dcbc has-medium-font-size\">M\u00e4rz 2025<\/div>\n<\/article><\/div><div class=\"flexy-item\"><article class=\"wp-block-post is-layout-flow post-96934 post type-post status-publish format-standard has-post-thumbnail hentry category-consulting category-blogpost category-news\">\n<a style=\"margin-bottom:5px;\" class=\"ct-dynamic-media wp-elements-1da368c1ce799d8d1a95f5a6e147fbb2\" aria-label=\"Willkommen im Team!\" href=\"https:\/\/diselva.com\/de\/blog\/willkommen-im-team\/\"><img loading=\"lazy\" decoding=\"async\" width=\"400\" height=\"210\" src=\"https:\/\/i0.wp.com\/diselva.com\/wp-content\/uploads\/2025\/09\/markus-lukas-teaser.jpg?fit=400%2C210&amp;quality=83&amp;ssl=1\" class=\"attachment-thumbnail size-thumbnail\" alt=\"Markus und Lukas - Teaser\" style=\"width:100%;height:100%;object-fit: cover;aspect-ratio: 4\/3;border-radius:0px;\" srcset=\"https:\/\/i0.wp.com\/diselva.com\/wp-content\/uploads\/2025\/09\/markus-lukas-teaser.jpg?w=1200&amp;quality=83&amp;ssl=1 1200w, https:\/\/i0.wp.com\/diselva.com\/wp-content\/uploads\/2025\/09\/markus-lukas-teaser.jpg?resize=1024%2C538&amp;quality=83&amp;ssl=1 1024w, https:\/\/i0.wp.com\/diselva.com\/wp-content\/uploads\/2025\/09\/markus-lukas-teaser.jpg?resize=400%2C210&amp;quality=83&amp;ssl=1 400w, https:\/\/i0.wp.com\/diselva.com\/wp-content\/uploads\/2025\/09\/markus-lukas-teaser.jpg?resize=768%2C403&amp;quality=83&amp;ssl=1 768w\" sizes=\"auto, (max-width: 400px) 100vw, 400px\" \/><\/a>\n\n<h3 style=\"margin-top:var(--wp--preset--spacing--30);margin-bottom:var(--wp--preset--spacing--30);\" class=\"ct-dynamic-data wp-elements-0aa14953b05ee7b8636d3dce3fb6e146 wp-elements-6f15e8025864c1789eeb451b1703fa34 has-small-font-size\"><a href=\"https:\/\/diselva.com\/de\/blog\/willkommen-im-team\/\">Willkommen im Team!<\/a><\/h3>\n\n<p style=\"line-height:1.1; margin-bottom:var(--wp--preset--spacing--20);margin-top:0;\" class=\"ct-dynamic-data has-large-font-size\">Willkommen im Team, Markus und Lukas! Diselva stellt zwei neue Mitarbeiter mit Expertise und Unternehmergeist vor.<\/p>\n\n<div style=\"margin-top:0;margin-bottom:0;\" class=\"ct-dynamic-data wp-elements-2fa4f87920d9ad4c1e358aae78a2dcbc has-medium-font-size\">Januar 2025<\/div>\n<\/article><\/div><div class=\"flexy-item\"><article class=\"wp-block-post is-layout-flow post-96950 post type-post status-publish format-standard has-post-thumbnail hentry category-consulting category-blogpost category-enterprise-architecture category-it-strategie category-news\">\n<a style=\"margin-bottom:5px;\" class=\"ct-dynamic-media wp-elements-1da368c1ce799d8d1a95f5a6e147fbb2\" aria-label=\"Bernd Jansen wird Partner der Diselva AG St.Gallen\" href=\"https:\/\/diselva.com\/de\/blog\/bernd-jansen-wird-partner-der-diselva-ag\/\"><img loading=\"lazy\" decoding=\"async\" width=\"400\" height=\"210\" src=\"https:\/\/i0.wp.com\/diselva.com\/wp-content\/uploads\/2025\/09\/bernd-jansen-teaser.jpg?fit=400%2C210&amp;quality=83&amp;ssl=1\" class=\"attachment-thumbnail size-thumbnail\" alt=\"Bernd wird Partner - Teaser\" style=\"width:100%;height:100%;object-fit: cover;aspect-ratio: 4\/3;border-radius:0px;\" srcset=\"https:\/\/i0.wp.com\/diselva.com\/wp-content\/uploads\/2025\/09\/bernd-jansen-teaser.jpg?w=1200&amp;quality=83&amp;ssl=1 1200w, https:\/\/i0.wp.com\/diselva.com\/wp-content\/uploads\/2025\/09\/bernd-jansen-teaser.jpg?resize=1024%2C538&amp;quality=83&amp;ssl=1 1024w, https:\/\/i0.wp.com\/diselva.com\/wp-content\/uploads\/2025\/09\/bernd-jansen-teaser.jpg?resize=400%2C210&amp;quality=83&amp;ssl=1 400w, https:\/\/i0.wp.com\/diselva.com\/wp-content\/uploads\/2025\/09\/bernd-jansen-teaser.jpg?resize=768%2C403&amp;quality=83&amp;ssl=1 768w\" sizes=\"auto, (max-width: 400px) 100vw, 400px\" \/><\/a>\n\n<h3 style=\"margin-top:var(--wp--preset--spacing--30);margin-bottom:var(--wp--preset--spacing--30);\" class=\"ct-dynamic-data wp-elements-0aa14953b05ee7b8636d3dce3fb6e146 wp-elements-6f15e8025864c1789eeb451b1703fa34 has-small-font-size\"><a href=\"https:\/\/diselva.com\/de\/blog\/bernd-jansen-wird-partner-der-diselva-ag\/\">Bernd Jansen wird Partner der Diselva AG St.Gallen<\/a><\/h3>\n\n<p style=\"line-height:1.1; margin-bottom:var(--wp--preset--spacing--20);margin-top:0;\" class=\"ct-dynamic-data has-large-font-size\">Bernd Jansen als neuer Partner bei Diselva &#8211; mehr Expertise f\u00fcr digitale Transformation und innovative L\u00f6sungen.<\/p>\n\n<div style=\"margin-top:0;margin-bottom:0;\" class=\"ct-dynamic-data wp-elements-2fa4f87920d9ad4c1e358aae78a2dcbc has-medium-font-size\">Januar 2025<\/div>\n<\/article><\/div><div class=\"flexy-item\"><article class=\"wp-block-post is-layout-flow post-97825 post type-post status-publish format-standard has-post-thumbnail hentry category-blogpost category-news\">\n<a style=\"margin-bottom:5px;\" class=\"ct-dynamic-media wp-elements-1da368c1ce799d8d1a95f5a6e147fbb2\" aria-label=\"Ein Weihnachtsgruss voller Dankbarkeit &#038; Zuversicht\" href=\"https:\/\/diselva.com\/de\/blog\/ein-weihnachtsgruss-voller-dankbarkeit-zuversicht\/\"><img loading=\"lazy\" decoding=\"async\" width=\"400\" height=\"210\" src=\"https:\/\/i0.wp.com\/diselva.com\/wp-content\/uploads\/2025\/09\/xmas2024-teaser.jpg?fit=400%2C210&amp;quality=83&amp;ssl=1\" class=\"attachment-thumbnail size-thumbnail\" alt=\"Xmas 2024 - Teaser\" style=\"width:100%;height:100%;object-fit: cover;aspect-ratio: 4\/3;border-radius:0px;\" srcset=\"https:\/\/i0.wp.com\/diselva.com\/wp-content\/uploads\/2025\/09\/xmas2024-teaser.jpg?w=1200&amp;quality=83&amp;ssl=1 1200w, https:\/\/i0.wp.com\/diselva.com\/wp-content\/uploads\/2025\/09\/xmas2024-teaser.jpg?resize=1024%2C538&amp;quality=83&amp;ssl=1 1024w, https:\/\/i0.wp.com\/diselva.com\/wp-content\/uploads\/2025\/09\/xmas2024-teaser.jpg?resize=400%2C210&amp;quality=83&amp;ssl=1 400w, https:\/\/i0.wp.com\/diselva.com\/wp-content\/uploads\/2025\/09\/xmas2024-teaser.jpg?resize=768%2C403&amp;quality=83&amp;ssl=1 768w\" sizes=\"auto, (max-width: 400px) 100vw, 400px\" \/><\/a>\n\n<h3 style=\"margin-top:var(--wp--preset--spacing--30);margin-bottom:var(--wp--preset--spacing--30);\" class=\"ct-dynamic-data wp-elements-0aa14953b05ee7b8636d3dce3fb6e146 wp-elements-6f15e8025864c1789eeb451b1703fa34 has-small-font-size\"><a href=\"https:\/\/diselva.com\/de\/blog\/ein-weihnachtsgruss-voller-dankbarkeit-zuversicht\/\">Ein Weihnachtsgruss voller Dankbarkeit &#038; Zuversicht<\/a><\/h3>\n\n<p style=\"line-height:1.1; margin-bottom:var(--wp--preset--spacing--20);margin-top:0;\" class=\"ct-dynamic-data has-large-font-size\">Ein Weihnachtsgruss voller Dankbarkeit &#038; Zuversicht: R\u00fcckblick auf ein inspirierendes Jahr voller Staunen &#038; Ausblick auf neue, nachhaltige Projekte.<\/p>\n\n<div style=\"margin-top:0;margin-bottom:0;\" class=\"ct-dynamic-data wp-elements-2fa4f87920d9ad4c1e358aae78a2dcbc has-medium-font-size\">Dezember 2024<\/div>\n<\/article><\/div><div class=\"flexy-item\"><article class=\"wp-block-post is-layout-flow post-96964 post type-post status-publish format-standard has-post-thumbnail hentry category-blogpost category-news category-weiterbildung\">\n<a style=\"margin-bottom:5px;\" class=\"ct-dynamic-media wp-elements-1da368c1ce799d8d1a95f5a6e147fbb2\" aria-label=\"diselva goes FH Graub\u00fcnden\" href=\"https:\/\/diselva.com\/de\/blog\/diselva-goes-fh-graubuenden\/\"><img loading=\"lazy\" decoding=\"async\" width=\"400\" height=\"210\" src=\"https:\/\/i0.wp.com\/diselva.com\/wp-content\/uploads\/2025\/09\/fhgr-teaser.jpg?fit=400%2C210&amp;quality=83&amp;ssl=1\" class=\"attachment-thumbnail size-thumbnail\" alt=\"FHGR - Teaser\" style=\"width:100%;height:100%;object-fit: cover;aspect-ratio: 4\/3;border-radius:0px;\" srcset=\"https:\/\/i0.wp.com\/diselva.com\/wp-content\/uploads\/2025\/09\/fhgr-teaser.jpg?w=1200&amp;quality=83&amp;ssl=1 1200w, https:\/\/i0.wp.com\/diselva.com\/wp-content\/uploads\/2025\/09\/fhgr-teaser.jpg?resize=1024%2C538&amp;quality=83&amp;ssl=1 1024w, https:\/\/i0.wp.com\/diselva.com\/wp-content\/uploads\/2025\/09\/fhgr-teaser.jpg?resize=400%2C210&amp;quality=83&amp;ssl=1 400w, https:\/\/i0.wp.com\/diselva.com\/wp-content\/uploads\/2025\/09\/fhgr-teaser.jpg?resize=768%2C403&amp;quality=83&amp;ssl=1 768w\" sizes=\"auto, (max-width: 400px) 100vw, 400px\" \/><\/a>\n\n<h3 style=\"margin-top:var(--wp--preset--spacing--30);margin-bottom:var(--wp--preset--spacing--30);\" class=\"ct-dynamic-data wp-elements-0aa14953b05ee7b8636d3dce3fb6e146 wp-elements-6f15e8025864c1789eeb451b1703fa34 has-small-font-size\"><a href=\"https:\/\/diselva.com\/de\/blog\/diselva-goes-fh-graubuenden\/\">diselva goes FH Graub\u00fcnden<\/a><\/h3>\n\n<p style=\"line-height:1.1; margin-bottom:var(--wp--preset--spacing--20);margin-top:0;\" class=\"ct-dynamic-data has-large-font-size\">Erfahren Sie, wie diselva mit der FH Graub\u00fcnden zusammenarbeitet, um die digitale Zukunft aktiv mitzugestalten. Mehr dazu in unserem Blog!<\/p>\n\n<div style=\"margin-top:0;margin-bottom:0;\" class=\"ct-dynamic-data wp-elements-2fa4f87920d9ad4c1e358aae78a2dcbc has-medium-font-size\">November 2024<\/div>\n<\/article><\/div><div class=\"flexy-item\"><article class=\"wp-block-post is-layout-flow post-97137 post type-post status-publish format-standard has-post-thumbnail hentry category-blogpost category-news\">\n<a style=\"margin-bottom:5px;\" class=\"ct-dynamic-media wp-elements-1da368c1ce799d8d1a95f5a6e147fbb2\" aria-label=\"Vom diselva-Urknall bis zum -Mesozoikum (oder &#8211; Wir sind umgezogen!)\" href=\"https:\/\/diselva.com\/de\/blog\/vom-diselva-urknall-bis-zum-mesozoikum\/\"><img loading=\"lazy\" decoding=\"async\" width=\"400\" height=\"210\" src=\"https:\/\/i0.wp.com\/diselva.com\/wp-content\/uploads\/2025\/09\/erker-teaser.jpg?fit=400%2C210&amp;quality=83&amp;ssl=1\" class=\"attachment-thumbnail size-thumbnail\" alt=\"Erker und Leiter - Teaser\" style=\"width:100%;height:100%;object-fit: cover;aspect-ratio: 4\/3;border-radius:0px;\" srcset=\"https:\/\/i0.wp.com\/diselva.com\/wp-content\/uploads\/2025\/09\/erker-teaser.jpg?w=1200&amp;quality=83&amp;ssl=1 1200w, https:\/\/i0.wp.com\/diselva.com\/wp-content\/uploads\/2025\/09\/erker-teaser.jpg?resize=1024%2C538&amp;quality=83&amp;ssl=1 1024w, https:\/\/i0.wp.com\/diselva.com\/wp-content\/uploads\/2025\/09\/erker-teaser.jpg?resize=400%2C210&amp;quality=83&amp;ssl=1 400w, https:\/\/i0.wp.com\/diselva.com\/wp-content\/uploads\/2025\/09\/erker-teaser.jpg?resize=768%2C403&amp;quality=83&amp;ssl=1 768w\" sizes=\"auto, (max-width: 400px) 100vw, 400px\" \/><\/a>\n\n<h3 style=\"margin-top:var(--wp--preset--spacing--30);margin-bottom:var(--wp--preset--spacing--30);\" class=\"ct-dynamic-data wp-elements-0aa14953b05ee7b8636d3dce3fb6e146 wp-elements-6f15e8025864c1789eeb451b1703fa34 has-small-font-size\"><a href=\"https:\/\/diselva.com\/de\/blog\/vom-diselva-urknall-bis-zum-mesozoikum\/\">Vom diselva-Urknall bis zum -Mesozoikum (oder &#8211; Wir sind umgezogen!)<\/a><\/h3>\n\n<p style=\"line-height:1.1; margin-bottom:var(--wp--preset--spacing--20);margin-top:0;\" class=\"ct-dynamic-data has-large-font-size\">diselva zieht um! Neues B\u00fcro, inspirierende Community und viel Raum f\u00fcr Wachstum. Besucht uns in der Unterstrasse 6, St.Gallen, f\u00fcr Kaffee oder Bier!<\/p>\n\n<div style=\"margin-top:0;margin-bottom:0;\" class=\"ct-dynamic-data wp-elements-2fa4f87920d9ad4c1e358aae78a2dcbc has-medium-font-size\">Juni 2024<\/div>\n<\/article><\/div><div class=\"flexy-item\"><article class=\"wp-block-post is-layout-flow post-97151 post type-post status-publish format-standard has-post-thumbnail hentry category-blogpost category-news thema-enterprise-solution-architektur\">\n<a style=\"margin-bottom:5px;\" class=\"ct-dynamic-media wp-elements-1da368c1ce799d8d1a95f5a6e147fbb2\" aria-label=\"Willkommen Celia und Bernd &#8211; mehr Beratungspower und neu auch Enterprise Architecture\" href=\"https:\/\/diselva.com\/de\/blog\/mehr-beratungspower-und-neu-auch-enterprise-architecture\/\"><img loading=\"lazy\" decoding=\"async\" width=\"400\" height=\"210\" src=\"https:\/\/i0.wp.com\/diselva.com\/wp-content\/uploads\/2025\/09\/celia-bernd-teaser.jpg?fit=400%2C210&amp;quality=83&amp;ssl=1\" class=\"attachment-thumbnail size-thumbnail\" alt=\"Celia und Bernd - Teaser\" style=\"width:100%;height:100%;object-fit: cover;aspect-ratio: 4\/3;border-radius:0px;\" srcset=\"https:\/\/i0.wp.com\/diselva.com\/wp-content\/uploads\/2025\/09\/celia-bernd-teaser.jpg?w=1200&amp;quality=83&amp;ssl=1 1200w, https:\/\/i0.wp.com\/diselva.com\/wp-content\/uploads\/2025\/09\/celia-bernd-teaser.jpg?resize=1024%2C538&amp;quality=83&amp;ssl=1 1024w, https:\/\/i0.wp.com\/diselva.com\/wp-content\/uploads\/2025\/09\/celia-bernd-teaser.jpg?resize=400%2C210&amp;quality=83&amp;ssl=1 400w, https:\/\/i0.wp.com\/diselva.com\/wp-content\/uploads\/2025\/09\/celia-bernd-teaser.jpg?resize=768%2C403&amp;quality=83&amp;ssl=1 768w\" sizes=\"auto, (max-width: 400px) 100vw, 400px\" \/><\/a>\n\n<h3 style=\"margin-top:var(--wp--preset--spacing--30);margin-bottom:var(--wp--preset--spacing--30);\" class=\"ct-dynamic-data wp-elements-0aa14953b05ee7b8636d3dce3fb6e146 wp-elements-6f15e8025864c1789eeb451b1703fa34 has-small-font-size\"><a href=\"https:\/\/diselva.com\/de\/blog\/mehr-beratungspower-und-neu-auch-enterprise-architecture\/\">Willkommen Celia und Bernd &#8211; mehr Beratungspower und neu auch Enterprise Architecture<\/a><\/h3>\n\n<p style=\"line-height:1.1; margin-bottom:var(--wp--preset--spacing--20);margin-top:0;\" class=\"ct-dynamic-data has-large-font-size\">Willkommen Celia und Bernd! Ihre Expertise in digitaler Beratung und Enterprise Architecture st\u00e4rkt diselva und bringt uns auf ein neues Level.<\/p>\n\n<div style=\"margin-top:0;margin-bottom:0;\" class=\"ct-dynamic-data wp-elements-2fa4f87920d9ad4c1e358aae78a2dcbc has-medium-font-size\">Juni 2024<\/div>\n<\/article><\/div><div class=\"flexy-item\"><article class=\"wp-block-post is-layout-flow post-97166 post type-post status-publish format-standard has-post-thumbnail hentry category-consulting category-blogpost category-data-driven-customer-centricity category-digitale-organisation category-news thema-business-prozesse-und-governance thema-coaching-sparring-interims-management\">\n<a style=\"margin-bottom:5px;\" class=\"ct-dynamic-media wp-elements-1da368c1ce799d8d1a95f5a6e147fbb2\" aria-label=\"diselva hilft dabei, das digitale Gesch\u00e4ft von flawa iQ zu boosten\" href=\"https:\/\/diselva.com\/de\/blog\/diselva-hilft-digitales-geschaeft-von-flawa-iq-zu-boosten\/\"><img loading=\"lazy\" decoding=\"async\" width=\"400\" height=\"267\" src=\"https:\/\/i0.wp.com\/diselva.com\/wp-content\/uploads\/2025\/09\/flawaiq-hero-teaser.jpg?fit=400%2C267&amp;quality=83&amp;ssl=1\" class=\"attachment-thumbnail size-thumbnail\" alt=\"flawa iQ - Hero Image\" style=\"width:100%;height:100%;object-fit: cover;aspect-ratio: 4\/3;border-radius:0px;\" srcset=\"https:\/\/i0.wp.com\/diselva.com\/wp-content\/uploads\/2025\/09\/flawaiq-hero-teaser.jpg?w=1200&amp;quality=83&amp;ssl=1 1200w, https:\/\/i0.wp.com\/diselva.com\/wp-content\/uploads\/2025\/09\/flawaiq-hero-teaser.jpg?resize=1024%2C683&amp;quality=83&amp;ssl=1 1024w, https:\/\/i0.wp.com\/diselva.com\/wp-content\/uploads\/2025\/09\/flawaiq-hero-teaser.jpg?resize=640%2C427&amp;quality=83&amp;ssl=1 640w, https:\/\/i0.wp.com\/diselva.com\/wp-content\/uploads\/2025\/09\/flawaiq-hero-teaser.jpg?resize=768%2C512&amp;quality=83&amp;ssl=1 768w\" sizes=\"auto, (max-width: 400px) 100vw, 400px\" \/><\/a>\n\n<h3 style=\"margin-top:var(--wp--preset--spacing--30);margin-bottom:var(--wp--preset--spacing--30);\" class=\"ct-dynamic-data wp-elements-0aa14953b05ee7b8636d3dce3fb6e146 wp-elements-6f15e8025864c1789eeb451b1703fa34 has-small-font-size\"><a href=\"https:\/\/diselva.com\/de\/blog\/diselva-hilft-digitales-geschaeft-von-flawa-iq-zu-boosten\/\">diselva hilft dabei, das digitale Gesch\u00e4ft von flawa iQ zu boosten<\/a><\/h3>\n\n<p style=\"line-height:1.1; margin-bottom:var(--wp--preset--spacing--20);margin-top:0;\" class=\"ct-dynamic-data has-large-font-size\">diselva unterst\u00fctzt flawa iQ bei der Skalierung ihres digitalen Gesch\u00e4fts mit einem neuen Portal und einer zukunftssicheren MACH-Architektur.<\/p>\n\n<div style=\"margin-top:0;margin-bottom:0;\" class=\"ct-dynamic-data wp-elements-2fa4f87920d9ad4c1e358aae78a2dcbc has-medium-font-size\">Mai 2024<\/div>\n<\/article><\/div><div class=\"flexy-item\"><article class=\"wp-block-post is-layout-flow post-97284 post type-post status-publish format-standard has-post-thumbnail hentry category-blogpost category-news\">\n<a style=\"margin-bottom:5px;\" class=\"ct-dynamic-media wp-elements-1da368c1ce799d8d1a95f5a6e147fbb2\" aria-label=\"diselva will wachsen\" href=\"https:\/\/diselva.com\/de\/blog\/diselva-will-wachsen\/\"><img loading=\"lazy\" decoding=\"async\" width=\"400\" height=\"210\" src=\"https:\/\/i0.wp.com\/diselva.com\/wp-content\/uploads\/2025\/09\/opengraph-diselva.png?fit=400%2C210&amp;quality=78&amp;ssl=1\" class=\"attachment-thumbnail size-thumbnail\" alt=\"diselva Open Graph Teaser\" style=\"width:100%;height:100%;object-fit: cover;aspect-ratio: 4\/3;border-radius:0px;\" srcset=\"https:\/\/i0.wp.com\/diselva.com\/wp-content\/uploads\/2025\/09\/opengraph-diselva.png?w=1200&amp;quality=78&amp;ssl=1 1200w, https:\/\/i0.wp.com\/diselva.com\/wp-content\/uploads\/2025\/09\/opengraph-diselva.png?resize=1024%2C538&amp;quality=78&amp;ssl=1 1024w, https:\/\/i0.wp.com\/diselva.com\/wp-content\/uploads\/2025\/09\/opengraph-diselva.png?resize=400%2C210&amp;quality=78&amp;ssl=1 400w, https:\/\/i0.wp.com\/diselva.com\/wp-content\/uploads\/2025\/09\/opengraph-diselva.png?resize=768%2C403&amp;quality=78&amp;ssl=1 768w\" sizes=\"auto, (max-width: 400px) 100vw, 400px\" \/><\/a>\n\n<h3 style=\"margin-top:var(--wp--preset--spacing--30);margin-bottom:var(--wp--preset--spacing--30);\" class=\"ct-dynamic-data wp-elements-0aa14953b05ee7b8636d3dce3fb6e146 wp-elements-6f15e8025864c1789eeb451b1703fa34 has-small-font-size\"><a href=\"https:\/\/diselva.com\/de\/blog\/diselva-will-wachsen\/\">diselva will wachsen<\/a><\/h3>\n\n<p style=\"line-height:1.1; margin-bottom:var(--wp--preset--spacing--20);margin-top:0;\" class=\"ct-dynamic-data has-large-font-size\">diselva w\u00e4chst! Wir suchen motivierte Talente, die unsere Werte teilen und mit uns eine grossartige Agentur aufbauen. Jetzt Teil unseres Teams werden!<\/p>\n\n<div style=\"margin-top:0;margin-bottom:0;\" class=\"ct-dynamic-data wp-elements-2fa4f87920d9ad4c1e358aae78a2dcbc has-medium-font-size\">Januar 2024<\/div>\n<\/article><\/div><div class=\"flexy-item\"><article class=\"wp-block-post is-layout-flow post-97331 post type-post status-publish format-standard has-post-thumbnail hentry category-blogpost category-news category-software-data-architect-technology-lead category-solution-software-architecture\">\n<a style=\"margin-bottom:5px;\" class=\"ct-dynamic-media wp-elements-1da368c1ce799d8d1a95f5a6e147fbb2\" aria-label=\"Herzlich willkommen, Petra!\" href=\"https:\/\/diselva.com\/de\/blog\/herzlich-willkommen-petra\/\"><img loading=\"lazy\" decoding=\"async\" width=\"400\" height=\"210\" src=\"https:\/\/i0.wp.com\/diselva.com\/wp-content\/uploads\/2025\/09\/petra-teaser.jpg?fit=400%2C210&amp;quality=83&amp;ssl=1\" class=\"attachment-thumbnail size-thumbnail\" alt=\"Petra - Teaser\" style=\"width:100%;height:100%;object-fit: cover;aspect-ratio: 4\/3;border-radius:0px;\" srcset=\"https:\/\/i0.wp.com\/diselva.com\/wp-content\/uploads\/2025\/09\/petra-teaser.jpg?w=1200&amp;quality=83&amp;ssl=1 1200w, https:\/\/i0.wp.com\/diselva.com\/wp-content\/uploads\/2025\/09\/petra-teaser.jpg?resize=1024%2C538&amp;quality=83&amp;ssl=1 1024w, https:\/\/i0.wp.com\/diselva.com\/wp-content\/uploads\/2025\/09\/petra-teaser.jpg?resize=400%2C210&amp;quality=83&amp;ssl=1 400w, https:\/\/i0.wp.com\/diselva.com\/wp-content\/uploads\/2025\/09\/petra-teaser.jpg?resize=768%2C403&amp;quality=83&amp;ssl=1 768w\" sizes=\"auto, (max-width: 400px) 100vw, 400px\" \/><\/a>\n\n<h3 style=\"margin-top:var(--wp--preset--spacing--30);margin-bottom:var(--wp--preset--spacing--30);\" class=\"ct-dynamic-data wp-elements-0aa14953b05ee7b8636d3dce3fb6e146 wp-elements-6f15e8025864c1789eeb451b1703fa34 has-small-font-size\"><a href=\"https:\/\/diselva.com\/de\/blog\/herzlich-willkommen-petra\/\">Herzlich willkommen, Petra!<\/a><\/h3>\n\n<p style=\"line-height:1.1; margin-bottom:var(--wp--preset--spacing--20);margin-top:0;\" class=\"ct-dynamic-data has-large-font-size\">diselva w\u00e4chst! Mit Petra begr\u00fcssen wir unsere erste Mitarbeiterin und verst\u00e4rken unsere Frontend-Expertise f\u00fcr noch bessere digitale L\u00f6sungen.<\/p>\n\n<div style=\"margin-top:0;margin-bottom:0;\" class=\"ct-dynamic-data wp-elements-2fa4f87920d9ad4c1e358aae78a2dcbc has-medium-font-size\">November 2023<\/div>\n<\/article><\/div><div class=\"flexy-item\"><article class=\"wp-block-post is-layout-flow post-97585 post type-post status-publish format-standard has-post-thumbnail hentry category-blogpost category-news\">\n<a style=\"margin-bottom:5px;\" class=\"ct-dynamic-media wp-elements-1da368c1ce799d8d1a95f5a6e147fbb2\" aria-label=\"100 Tage selbstst\u00e4ndig &#8211;\u00a0es l\u00e4uft nicht immer wie gew\u00fcnscht!\" href=\"https:\/\/diselva.com\/de\/blog\/100-tage-selbststaendig-warum-nicht-alles-so-glatt-laeuft-wie-gewuenscht\/\"><img loading=\"lazy\" decoding=\"async\" width=\"400\" height=\"267\" src=\"https:\/\/i0.wp.com\/diselva.com\/wp-content\/uploads\/2025\/09\/mood-1-pixel-2400.webp?fit=400%2C267&amp;quality=78&amp;ssl=1\" class=\"attachment-thumbnail size-thumbnail\" alt=\"Diselva AG - Mood Image 1 - Forest &amp; Fog\" style=\"width:100%;height:100%;object-fit: cover;aspect-ratio: 4\/3;border-radius:0px;\" srcset=\"https:\/\/i0.wp.com\/diselva.com\/wp-content\/uploads\/2025\/09\/mood-1-pixel-2400.webp?w=2400&amp;quality=78&amp;ssl=1 2400w, https:\/\/i0.wp.com\/diselva.com\/wp-content\/uploads\/2025\/09\/mood-1-pixel-2400.webp?resize=1024%2C683&amp;quality=78&amp;ssl=1 1024w, https:\/\/i0.wp.com\/diselva.com\/wp-content\/uploads\/2025\/09\/mood-1-pixel-2400.webp?resize=2048%2C1365&amp;quality=78&amp;ssl=1 2048w, https:\/\/i0.wp.com\/diselva.com\/wp-content\/uploads\/2025\/09\/mood-1-pixel-2400.webp?resize=400%2C267&amp;quality=78&amp;ssl=1 400w, https:\/\/i0.wp.com\/diselva.com\/wp-content\/uploads\/2025\/09\/mood-1-pixel-2400.webp?resize=768%2C512&amp;quality=78&amp;ssl=1 768w, https:\/\/i0.wp.com\/diselva.com\/wp-content\/uploads\/2025\/09\/mood-1-pixel-2400.webp?resize=1536%2C1024&amp;quality=78&amp;ssl=1 1536w, https:\/\/i0.wp.com\/diselva.com\/wp-content\/uploads\/2025\/09\/mood-1-pixel-2400.webp?resize=1200%2C800&amp;quality=78&amp;ssl=1 1200w\" sizes=\"auto, (max-width: 400px) 100vw, 400px\" \/><\/a>\n\n<h3 style=\"margin-top:var(--wp--preset--spacing--30);margin-bottom:var(--wp--preset--spacing--30);\" class=\"ct-dynamic-data wp-elements-0aa14953b05ee7b8636d3dce3fb6e146 wp-elements-6f15e8025864c1789eeb451b1703fa34 has-small-font-size\"><a href=\"https:\/\/diselva.com\/de\/blog\/100-tage-selbststaendig-warum-nicht-alles-so-glatt-laeuft-wie-gewuenscht\/\">100 Tage selbstst\u00e4ndig &#8211;\u00a0es l\u00e4uft nicht immer wie gew\u00fcnscht!<\/a><\/h3>\n\n<p style=\"line-height:1.1; margin-bottom:var(--wp--preset--spacing--20);margin-top:0;\" class=\"ct-dynamic-data has-large-font-size\">100 Tage diselva: Digitalisierung, Fachkr\u00e4ftemangel &#038; langsame Entscheidungsprozesse \u2013 warum es nicht immer glatt l\u00e4uft und welche Learnings wir mitnehmen.<\/p>\n\n<div style=\"margin-top:0;margin-bottom:0;\" class=\"ct-dynamic-data wp-elements-2fa4f87920d9ad4c1e358aae78a2dcbc has-medium-font-size\">Juni 2023<\/div>\n<\/article><\/div><div class=\"flexy-item\"><article class=\"wp-block-post is-layout-flow post-97577 post type-post status-publish format-standard has-post-thumbnail hentry category-blogpost category-news\">\n<a style=\"margin-bottom:5px;\" class=\"ct-dynamic-media wp-elements-1da368c1ce799d8d1a95f5a6e147fbb2\" aria-label=\"100 Tage selbstst\u00e4ndig &#8211; und die Frage nach der Positionierung?\" href=\"https:\/\/diselva.com\/de\/blog\/100-tage-selbststaendig-und-die-frage-nach-der-positionierung\/\"><img loading=\"lazy\" decoding=\"async\" width=\"400\" height=\"267\" src=\"https:\/\/i0.wp.com\/diselva.com\/wp-content\/uploads\/2025\/09\/mood-1-pixel-2400.webp?fit=400%2C267&amp;quality=78&amp;ssl=1\" class=\"attachment-thumbnail size-thumbnail\" alt=\"Diselva AG - Mood Image 1 - Forest &amp; Fog\" style=\"width:100%;height:100%;object-fit: cover;aspect-ratio: 4\/3;border-radius:0px;\" srcset=\"https:\/\/i0.wp.com\/diselva.com\/wp-content\/uploads\/2025\/09\/mood-1-pixel-2400.webp?w=2400&amp;quality=78&amp;ssl=1 2400w, https:\/\/i0.wp.com\/diselva.com\/wp-content\/uploads\/2025\/09\/mood-1-pixel-2400.webp?resize=1024%2C683&amp;quality=78&amp;ssl=1 1024w, https:\/\/i0.wp.com\/diselva.com\/wp-content\/uploads\/2025\/09\/mood-1-pixel-2400.webp?resize=2048%2C1365&amp;quality=78&amp;ssl=1 2048w, https:\/\/i0.wp.com\/diselva.com\/wp-content\/uploads\/2025\/09\/mood-1-pixel-2400.webp?resize=400%2C267&amp;quality=78&amp;ssl=1 400w, https:\/\/i0.wp.com\/diselva.com\/wp-content\/uploads\/2025\/09\/mood-1-pixel-2400.webp?resize=768%2C512&amp;quality=78&amp;ssl=1 768w, https:\/\/i0.wp.com\/diselva.com\/wp-content\/uploads\/2025\/09\/mood-1-pixel-2400.webp?resize=1536%2C1024&amp;quality=78&amp;ssl=1 1536w, https:\/\/i0.wp.com\/diselva.com\/wp-content\/uploads\/2025\/09\/mood-1-pixel-2400.webp?resize=1200%2C800&amp;quality=78&amp;ssl=1 1200w\" sizes=\"auto, (max-width: 400px) 100vw, 400px\" \/><\/a>\n\n<h3 style=\"margin-top:var(--wp--preset--spacing--30);margin-bottom:var(--wp--preset--spacing--30);\" class=\"ct-dynamic-data wp-elements-0aa14953b05ee7b8636d3dce3fb6e146 wp-elements-6f15e8025864c1789eeb451b1703fa34 has-small-font-size\"><a href=\"https:\/\/diselva.com\/de\/blog\/100-tage-selbststaendig-und-die-frage-nach-der-positionierung\/\">100 Tage selbstst\u00e4ndig &#8211; und die Frage nach der Positionierung?<\/a><\/h3>\n\n<p style=\"line-height:1.1; margin-bottom:var(--wp--preset--spacing--20);margin-top:0;\" class=\"ct-dynamic-data has-large-font-size\">100 Tage diselva: Wie wir unsere Positionierung sch\u00e4rfen, den USP definieren &#038; B2B-Unternehmen durch die digitale Transformation erfolgreich begleiten.<\/p>\n\n<div style=\"margin-top:0;margin-bottom:0;\" class=\"ct-dynamic-data wp-elements-2fa4f87920d9ad4c1e358aae78a2dcbc has-medium-font-size\">Juni 2023<\/div>\n<\/article><\/div><div class=\"flexy-item\"><article class=\"wp-block-post is-layout-flow post-97593 post type-post status-publish format-standard has-post-thumbnail hentry category-blogpost category-news\">\n<a style=\"margin-bottom:5px;\" class=\"ct-dynamic-media wp-elements-1da368c1ce799d8d1a95f5a6e147fbb2\" aria-label=\"100 Tage selbstst\u00e4ndig &#8211; oder die Wiederentdeckung der Achterbahn\" href=\"https:\/\/diselva.com\/de\/blog\/die-ersten-100-tage-selbststaendig-oder-die-wiederentdeckung-der-achterbahn\/\"><img loading=\"lazy\" decoding=\"async\" width=\"400\" height=\"267\" src=\"https:\/\/i0.wp.com\/diselva.com\/wp-content\/uploads\/2025\/09\/mood-1-pixel-2400.webp?fit=400%2C267&amp;quality=78&amp;ssl=1\" class=\"attachment-thumbnail size-thumbnail\" alt=\"Diselva AG - Mood Image 1 - Forest &amp; Fog\" style=\"width:100%;height:100%;object-fit: cover;aspect-ratio: 4\/3;border-radius:0px;\" srcset=\"https:\/\/i0.wp.com\/diselva.com\/wp-content\/uploads\/2025\/09\/mood-1-pixel-2400.webp?w=2400&amp;quality=78&amp;ssl=1 2400w, https:\/\/i0.wp.com\/diselva.com\/wp-content\/uploads\/2025\/09\/mood-1-pixel-2400.webp?resize=1024%2C683&amp;quality=78&amp;ssl=1 1024w, https:\/\/i0.wp.com\/diselva.com\/wp-content\/uploads\/2025\/09\/mood-1-pixel-2400.webp?resize=2048%2C1365&amp;quality=78&amp;ssl=1 2048w, https:\/\/i0.wp.com\/diselva.com\/wp-content\/uploads\/2025\/09\/mood-1-pixel-2400.webp?resize=400%2C267&amp;quality=78&amp;ssl=1 400w, https:\/\/i0.wp.com\/diselva.com\/wp-content\/uploads\/2025\/09\/mood-1-pixel-2400.webp?resize=768%2C512&amp;quality=78&amp;ssl=1 768w, https:\/\/i0.wp.com\/diselva.com\/wp-content\/uploads\/2025\/09\/mood-1-pixel-2400.webp?resize=1536%2C1024&amp;quality=78&amp;ssl=1 1536w, https:\/\/i0.wp.com\/diselva.com\/wp-content\/uploads\/2025\/09\/mood-1-pixel-2400.webp?resize=1200%2C800&amp;quality=78&amp;ssl=1 1200w\" sizes=\"auto, (max-width: 400px) 100vw, 400px\" \/><\/a>\n\n<h3 style=\"margin-top:var(--wp--preset--spacing--30);margin-bottom:var(--wp--preset--spacing--30);\" class=\"ct-dynamic-data wp-elements-0aa14953b05ee7b8636d3dce3fb6e146 wp-elements-6f15e8025864c1789eeb451b1703fa34 has-small-font-size\"><a href=\"https:\/\/diselva.com\/de\/blog\/die-ersten-100-tage-selbststaendig-oder-die-wiederentdeckung-der-achterbahn\/\">100 Tage selbstst\u00e4ndig &#8211; oder die Wiederentdeckung der Achterbahn<\/a><\/h3>\n\n<p style=\"line-height:1.1; margin-bottom:var(--wp--preset--spacing--20);margin-top:0;\" class=\"ct-dynamic-data has-large-font-size\">100 Tage diselva: Selbstst\u00e4ndigkeit als Achterbahnfahrt \u2013 zwischen Euphorie, Herausforderungen und der Suche nach der richtigen Positionierung.<\/p>\n\n<div style=\"margin-top:0;margin-bottom:0;\" class=\"ct-dynamic-data wp-elements-2fa4f87920d9ad4c1e358aae78a2dcbc has-medium-font-size\">Mai 2023<\/div>\n<\/article><\/div><div class=\"flexy-item\"><article class=\"wp-block-post is-layout-flow post-97691 post type-post status-publish format-standard has-post-thumbnail hentry category-blogpost category-news\">\n<a style=\"margin-bottom:5px;\" class=\"ct-dynamic-media wp-elements-1da368c1ce799d8d1a95f5a6e147fbb2\" aria-label=\"\u00abNur nette Worte reichen nicht\u00bb\" href=\"https:\/\/diselva.com\/de\/blog\/nur-nette-worte-reichen-nicht\/\"><img loading=\"lazy\" decoding=\"async\" width=\"400\" height=\"210\" src=\"https:\/\/i0.wp.com\/diselva.com\/wp-content\/uploads\/2025\/09\/gruppe-teaser.jpg?fit=400%2C210&amp;quality=83&amp;ssl=1\" class=\"attachment-thumbnail size-thumbnail\" alt=\"diselva Partner - Teaser\" style=\"width:100%;height:100%;object-fit: cover;aspect-ratio: 4\/3;border-radius:0px;\" srcset=\"https:\/\/i0.wp.com\/diselva.com\/wp-content\/uploads\/2025\/09\/gruppe-teaser.jpg?w=1200&amp;quality=83&amp;ssl=1 1200w, https:\/\/i0.wp.com\/diselva.com\/wp-content\/uploads\/2025\/09\/gruppe-teaser.jpg?resize=1024%2C538&amp;quality=83&amp;ssl=1 1024w, https:\/\/i0.wp.com\/diselva.com\/wp-content\/uploads\/2025\/09\/gruppe-teaser.jpg?resize=400%2C210&amp;quality=83&amp;ssl=1 400w, https:\/\/i0.wp.com\/diselva.com\/wp-content\/uploads\/2025\/09\/gruppe-teaser.jpg?resize=768%2C403&amp;quality=83&amp;ssl=1 768w\" sizes=\"auto, (max-width: 400px) 100vw, 400px\" \/><\/a>\n\n<h3 style=\"margin-top:var(--wp--preset--spacing--30);margin-bottom:var(--wp--preset--spacing--30);\" class=\"ct-dynamic-data wp-elements-0aa14953b05ee7b8636d3dce3fb6e146 wp-elements-6f15e8025864c1789eeb451b1703fa34 has-small-font-size\"><a href=\"https:\/\/diselva.com\/de\/blog\/nur-nette-worte-reichen-nicht\/\">\u00abNur nette Worte reichen nicht\u00bb<\/a><\/h3>\n\n<p style=\"line-height:1.1; margin-bottom:var(--wp--preset--spacing--20);margin-top:0;\" class=\"ct-dynamic-data has-large-font-size\">Diselva: 10 Gr\u00fcnder, eine Vision. Wie das Start-up die Digitale Transformation vorantreibt und Unternehmen nachhaltig unterst\u00fctzt.<\/p>\n\n<div style=\"margin-top:0;margin-bottom:0;\" class=\"ct-dynamic-data wp-elements-2fa4f87920d9ad4c1e358aae78a2dcbc has-medium-font-size\">Februar 2023<\/div>\n<\/article><\/div><div class=\"flexy-item\"><article class=\"wp-block-post is-layout-flow post-97761 post type-post status-publish format-standard has-post-thumbnail hentry category-blogpost category-digitale-transformation-strategie category-enterprise-architecture category-evaluationen-und-ausschreibungen category-it-strategie category-solution-software-architecture\">\n<a style=\"margin-bottom:5px;\" class=\"ct-dynamic-media wp-elements-1da368c1ce799d8d1a95f5a6e147fbb2\" aria-label=\"St.Galler Digitalexperten gr\u00fcnden Digitalagentur diselva\" href=\"https:\/\/diselva.com\/de\/blog\/st-galler-digitalexperten-gruenden-digitalagentur-diselva\/\"><img loading=\"lazy\" decoding=\"async\" width=\"400\" height=\"210\" src=\"https:\/\/i0.wp.com\/diselva.com\/wp-content\/uploads\/2025\/09\/gruppe-teaser.jpg?fit=400%2C210&amp;quality=83&amp;ssl=1\" class=\"attachment-thumbnail size-thumbnail\" alt=\"diselva Partner - Teaser\" style=\"width:100%;height:100%;object-fit: cover;aspect-ratio: 4\/3;border-radius:0px;\" srcset=\"https:\/\/i0.wp.com\/diselva.com\/wp-content\/uploads\/2025\/09\/gruppe-teaser.jpg?w=1200&amp;quality=83&amp;ssl=1 1200w, https:\/\/i0.wp.com\/diselva.com\/wp-content\/uploads\/2025\/09\/gruppe-teaser.jpg?resize=1024%2C538&amp;quality=83&amp;ssl=1 1024w, https:\/\/i0.wp.com\/diselva.com\/wp-content\/uploads\/2025\/09\/gruppe-teaser.jpg?resize=400%2C210&amp;quality=83&amp;ssl=1 400w, https:\/\/i0.wp.com\/diselva.com\/wp-content\/uploads\/2025\/09\/gruppe-teaser.jpg?resize=768%2C403&amp;quality=83&amp;ssl=1 768w\" sizes=\"auto, (max-width: 400px) 100vw, 400px\" \/><\/a>\n\n<h3 style=\"margin-top:var(--wp--preset--spacing--30);margin-bottom:var(--wp--preset--spacing--30);\" class=\"ct-dynamic-data wp-elements-0aa14953b05ee7b8636d3dce3fb6e146 wp-elements-6f15e8025864c1789eeb451b1703fa34 has-small-font-size\"><a href=\"https:\/\/diselva.com\/de\/blog\/st-galler-digitalexperten-gruenden-digitalagentur-diselva\/\">St.Galler Digitalexperten gr\u00fcnden Digitalagentur diselva<\/a><\/h3>\n\n<p style=\"line-height:1.1; margin-bottom:var(--wp--preset--spacing--20);margin-top:0;\" class=\"ct-dynamic-data has-large-font-size\">Zehn Digitalexperten gr\u00fcnden diselva, um mit 150+ Jahren Erfahrung Unternehmen durch digitale Transformation und innovative L\u00f6sungen zu begleiten.<\/p>\n\n<div style=\"margin-top:0;margin-bottom:0;\" class=\"ct-dynamic-data wp-elements-2fa4f87920d9ad4c1e358aae78a2dcbc has-medium-font-size\">Februar 2023<\/div>\n<\/article><\/div><\/div><\/div><span class=\"flexy-arrow-prev\" data-position=\"outside\"><svg width=\"16\" height=\"10\" fill=\"currentColor\" viewBox=\"0 0 16 10\"><path d=\"M15.3 4.3h-13l2.8-3c.3-.3.3-.7 0-1-.3-.3-.6-.3-.9 0l-4 4.2-.2.2v.6c0 .1.1.2.2.2l4 4.2c.3.4.6.4.9 0 .3-.3.3-.7 0-1l-2.8-3h13c.2 0 .4-.1.5-.2s.2-.3.2-.5-.1-.4-.2-.5c-.1-.1-.3-.2-.5-.2z\"><\/path><\/svg><\/span>\n\t\t\t\t\t\t\t\t<span class=\"flexy-arrow-next\" data-position=\"outside\"><svg width=\"16\" height=\"10\" fill=\"currentColor\" viewBox=\"0 0 16 10\"><path d=\"M.2 4.5c-.1.1-.2.3-.2.5s.1.4.2.5c.1.1.3.2.5.2h13l-2.8 3c-.3.3-.3.7 0 1 .3.3.6.3.9 0l4-4.2.2-.2V5v-.3c0-.1-.1-.2-.2-.2l-4-4.2c-.3-.4-.6-.4-.9 0-.3.3-.3.7 0 1l2.8 3H.7c-.2 0-.4.1-.5.2z\"><\/path><\/svg><\/span><\/div><\/div><\/div><style>[data-id='f474cd36'] {--grid-columns-gap:var(--wp--preset--spacing--60);--grid-columns-width:25%;} [data-id='f474cd36'] [data-flexy*=\"no\"] .flexy-item:nth-child(n + 5) {height:1px;}@media (max-width: 999.98px) {[data-id='f474cd36'] {--grid-columns-width:50%;} [data-id='f474cd36'] [data-flexy*=\"no\"] .flexy-item:nth-child(n + 3) {height:1px;}}@media (max-width: 689.98px) {[data-id='f474cd36'] {--grid-columns-width:100%;} [data-id='f474cd36'] [data-flexy*=\"no\"] .flexy-item:nth-child(n + 2) {height:1px;}}<\/style><\/div>\n<\/div>\n\n\n\n<p class=\"wp-block-paragraph\"><\/p>\n","protected":false},"excerpt":{"rendered":"<p>Expertenartikel News<\/p>\n","protected":false},"author":268896775,"featured_media":110821,"parent":0,"menu_order":0,"comment_status":"closed","ping_status":"closed","template":"","meta":{"_acf_changed":false,"_eb_attr":"","_crdt_document":"","advanced_seo_description":"","jetpack_seo_html_title":"","jetpack_seo_noindex":false,"footnotes":""},"folder":[1930],"class_list":["post-82","page","type-page","status-publish","has-post-thumbnail","hentry"],"blocksy_meta":[],"acf":[],"jetpack_sharing_enabled":true,"_links":{"self":[{"href":"https:\/\/diselva.com\/de\/wp-json\/wp\/v2\/pages\/82","targetHints":{"allow":["GET"]}}],"collection":[{"href":"https:\/\/diselva.com\/de\/wp-json\/wp\/v2\/pages"}],"about":[{"href":"https:\/\/diselva.com\/de\/wp-json\/wp\/v2\/types\/page"}],"author":[{"embeddable":true,"href":"https:\/\/diselva.com\/de\/wp-json\/wp\/v2\/users\/268896775"}],"replies":[{"embeddable":true,"href":"https:\/\/diselva.com\/de\/wp-json\/wp\/v2\/comments?post=82"}],"version-history":[{"count":99,"href":"https:\/\/diselva.com\/de\/wp-json\/wp\/v2\/pages\/82\/revisions"}],"predecessor-version":[{"id":116073,"href":"https:\/\/diselva.com\/de\/wp-json\/wp\/v2\/pages\/82\/revisions\/116073"}],"wp:featuredmedia":[{"embeddable":true,"href":"https:\/\/diselva.com\/de\/wp-json\/wp\/v2\/media\/110821"}],"wp:attachment":[{"href":"https:\/\/diselva.com\/de\/wp-json\/wp\/v2\/media?parent=82"}],"wp:term":[{"taxonomy":"folder","embeddable":true,"href":"https:\/\/diselva.com\/de\/wp-json\/wp\/v2\/folder?post=82"}],"curies":[{"name":"wp","href":"https:\/\/api.w.org\/{rel}","templated":true}]}}